{"nbFiches":1,"dataPrest":{"infoPrest":{"pave1":{"libelle":"Pav\u00e9 1 Intro courte","contenu":"\u003Cspan style=\"font-size:16px;\"\u003EDurant l&#39;&eacute;t&eacute; 3 remont&eacute;es m&eacute;caniques vous permettent de prendre de la hauteur . Que ce soit pour d&eacute;valer les pistes du RISOUL VTT CAMP ou pour acc&eacute;der aux sentiers du RISOUL RANDO PARK ou tout simplement faire une pause d&eacute;j&#39; dans un restaurant d&rsquo;altitude.\u003C\/span\u003E","fichiers":[]},"pave2":{"libelle":"Pav\u00e9 2","contenu":"\u003Cdiv\u003E\r\n\u003Cdiv itemprop=\"description\"\u003E\r\n\u003Cdiv style=\"text-align: center;\"\u003E\u003Cu\u003E\u003Cstrong\u003EDU 28 JUIN au 30 AOUT 2025 :\u003C\/strong\u003E\u003C\/u\u003E\u003C\/div\u003E\r\n\r\n\u003Cdiv style=\"text-align: center;\"\u003E\u003Cstrong\u003ER2 T&eacute;l&eacute;si&egrave;ge Clos du Vallon\u003C\/strong\u003E\u003C\/div\u003E\r\n\r\n\u003Cdiv style=\"text-align: center;\"\u003EOuvert : 7J\/7\u003Cbr \/\u003E\r\n\u003Cu\u003EHoraires\u003C\/u\u003E : 9h30 - 16h30 (sens mont&eacute;e uniquement)\u003Cbr \/\u003E\r\n\u003Cu\u003ED&eacute;part\u003C\/u\u003E : Front de neige Risoul 1850\u003Cbr \/\u003E\r\n&nbsp;\u003C\/div\u003E\r\n\r\n\u003Cdiv style=\"text-align: center;\"\u003E\u003Cstrong\u003ER3 - T&eacute;l&eacute;si&egrave;ge Homme de Pierre\u003C\/strong\u003E\u003C\/div\u003E\r\n\r\n\u003Cdiv style=\"text-align: center;\"\u003EOuvert : 7J\/7&nbsp;\u003Cbr \/\u003E\r\n\u003Cu\u003EHoraires\u003C\/u\u003E : 9h30-13h &amp; 13h45-16h30\u003Cbr \/\u003E\r\n\u003Cu\u003ED&eacute;part \u003C\/u\u003E: Front de neige Risoul 1850\u003Cbr \/\u003E\r\n&nbsp;\u003C\/div\u003E\r\n\r\n\u003Cdiv style=\"text-align: center;\"\u003E\u003Cstrong\u003ER6 - T&eacute;l&eacute;si&egrave;ge Peyrefolle\u003C\/strong\u003E\u003C\/div\u003E\r\n\r\n\u003Cdiv style=\"text-align: center;\"\u003E\u003Cu\u003EOuvert \u003C\/u\u003E:\u003Cem\u003E En basse saison\u003C\/em\u003E (du 28\/06 au 12\/07 et du 24\/08 au 30\/08) : 5J\/7 (ferm&eacute; les lundis et mardis)\u003Cbr \/\u003E\r\n\u003Cem\u003EEn haute saison \u003C\/em\u003E(du 13\/07 au 24\/08) : 7J\/7\u003Cbr \/\u003E\r\n\u003Cu\u003EHoraires\u003C\/u\u003E : 9h30-13h00 &amp; 13h45-16h30\u003Cbr \/\u003E\r\n\u003Cu\u003ED&eacute;part\u003C\/u\u003E : Au c&oelig;ur du domaine\u003C\/div\u003E\r\n\r\n\u003Cdiv style=\"text-align: center;\"\u003E\u003Cbr \/\u003E\r\nC\u003Cem\u003Ees horaires peuvent &ecirc;tre modifi&eacute;s sans pr&eacute;avis suivant les conditions m&eacute;t&eacute;o ou pour raisons de s&eacute;curit&eacute;.\u003C\/em\u003E\u003Cbr \/\u003E\r\n&nbsp;\u003C\/div\u003E\r\n&nbsp;\r\n\r\n\u003Cdiv style=\"background: rgb(238, 238, 238); border: 1px solid rgb(204, 204, 204); padding: 5px 10px; text-align: center;\"\u003E\u003Ccite\u003E\u003Cspan style=\"color: rgb(0, 0, 0); font-size: 20.02px; text-align: justify; font-family: arial, helvetica, sans-serif;\"\u003E\u003Cspan style=\"font-size: 12px;\"\u003E\u003Cspan style=\"font-size: 14px;\"\u003EBON PLAN ! Les remont&eacute;es m&eacute;caniques en ilimit&eacute;&nbsp;\u003C\/span\u003E\u003C\/span\u003E\u003C\/span\u003E\u003C\/cite\u003E\u003Cbr \/\u003E\r\n\u003Cbr \/\u003E\r\n\u003Ca href=\"https:\/\/www.risoul.com\/pass-all-inclusive.html\" style=\"font-family: arial, helvetica, sans-serif; font-size: 14px; text-align: justify;\"\u003E\u003Cspan class=\"marker\"\u003Eavec le PASS RISOUL ALL INCLUSIVE\u003C\/span\u003E\u003C\/a\u003E\u003C\/div\u003E\r\n\u003C\/div\u003E\r\n\u003C\/div\u003E\r\n\r\n\u003Cdiv\u003E\r\n\u003Cdiv\u003E&nbsp;\u003C\/div\u003E\r\n\u003C\/div\u003E\r\n","fichiers":[]},"pave3":{"libelle":"Pav\u00e9 3","contenu":"","fichiers":[],"fichiersPave":{"Image":[{"ordre":"2","label":"tarifs forfaits vtt \u00e9t\u00e9 2025","copy":"","lang":"","theme":"","link":"","type_link":"|","nofollow":"N","attr":{"ALT":"tarifs forfaits vtt \u00e9t\u00e9 2025","LIBELLE":"tarifs forfaits vtt \u00e9t\u00e9 2025","TITLE":"tarifs forfaits vtt \u00e9t\u00e9 2025"},"path":"https:\/\/www.risoul.com\/medias\/images\/prestations\/tarifs-forfaits-vtt-ete-2025-1958120.png"},{"ordre":"3","label":"shooting-enduro-2022-cr-dit-photo-glorybox-28-1926195","copy":"","lang":"","theme":"","link":"","type_link":"|","nofollow":"N","attr":{"ALT":"shooting-enduro-2022-cr-dit-photo-glorybox-28-1926195","LIBELLE":"shooting-enduro-2022-cr-dit-photo-glorybox-28-1926195","TITLE":"shooting-enduro-2022-cr-dit-photo-glorybox-28-1926195"},"path":"https:\/\/www.risoul.com\/medias\/images\/prestations\/shooting-enduro-2022-cr-dit-photo-glorybox-28-1926195.jpg"}]}},"pave4":{"libelle":"Pav\u00e9 4","contenu":"\u003Cstrong\u003E\u003Cspan style=\"color: rgb(0, 0, 0); font-family: arial, helvetica, sans-serif; font-size: 14px; text-align: justify;\"\u003EO&ugrave; acheter mes forfaits remont&eacute;es m&eacute;caniques ?\u003C\/span\u003E\u003C\/strong\u003E\r\n\u003Cul\u003E\r\n\t\u003Cli\u003E\u003Cspan style=\"color: rgb(0, 0, 0); font-family: arial, helvetica, sans-serif; font-size: 14px; text-align: justify;\"\u003EEn ligne sur&nbsp;\u003C\/span\u003E\u003Ca href=\"https:\/\/risoul.labellemontagne.com\/fr\/ete\/\" style=\"font-family: arial, helvetica, sans-serif; font-size: 14px; text-align: justify;\"\u003Erisoullabellemontagne.com\u003C\/a\u003E\u003C\/li\u003E\r\n\t\u003Cli\u003E\u003Cspan style=\"color:#000000;\"\u003E\u003Cspan style=\"font-family: arial, helvetica, sans-serif; font-size: 14px; text-align: justify;\"\u003ESur Place, &agrave; la billetterie\u003C\/span\u003E\u003Cspan style=\"font-family: arial, helvetica, sans-serif; font-size: 14px; text-align: justify;\"\u003E&nbsp;\u003C\/span\u003E\u003Cspan style=\"background-color: rgb(255, 255, 255); font-family: arial, helvetica, sans-serif; font-size: 14px; text-align: justify;\"\u003Ede la Luge D&eacute;vale\u003C\/span\u003E\u003Cspan style=\"font-family: sans-serif, Arial, Verdana, &quot;Trebuchet MS&quot;; font-size: 13px; background-color: rgb(255, 255, 255);\"\u003E&nbsp;\u003C\/span\u003E\u003Cspan style=\"background-color: rgb(255, 255, 255); font-family: arial, helvetica, sans-serif; font-size: 14px; text-align: justify;\"\u003Eouverte: 7j\/7 - 9h30 &agrave; 13h et de 13h30 &agrave; 17h45\u003C\/span\u003E\u003C\/span\u003E\u003C\/li\u003E\r\n\t\u003Cli style=\"text-align: justify;\"\u003E\u003Cfont color=\"#000000\" face=\"arial, helvetica, sans-serif\"\u003E\u003Cspan style=\"font-size: 14px;\"\u003ESur Risoul.com dans le cadre du pass all inclusive&nbsp;\u003C\/span\u003E\u003C\/font\u003E\u003C\/li\u003E\r\n\u003C\/ul\u003E\r\n\u003Cbr \/\u003E\r\n\u003Cspan style=\"color: rgb(0, 0, 0); font-family: arial, helvetica, sans-serif; font-size: 14px; text-align: justify;\"\u003E\u003Cu\u003EAnimaux admis&nbsp;\u003C\/u\u003E: Seuls sont autoris&eacute;s les chiens de petite taille dans un sac pr&eacute;vu &agrave; cet effet sur les t&eacute;l&eacute;si&egrave;ges.\u003C\/span\u003E\u003Cbr style=\"color: rgb(0, 0, 0); font-family: arial, helvetica, sans-serif; font-size: 14px; text-align: justify;\" \/\u003E\r\n\u003Cbr style=\"color: rgb(0, 0, 0); font-family: arial, helvetica, sans-serif; font-size: 14px; text-align: justify;\" \/\u003E\r\n\u003Cspan style=\"color: rgb(0, 0, 0); font-family: arial, helvetica, sans-serif; font-size: 14px; text-align: justify;\"\u003EProfitez de nos offres web pour les forfaits VTT &amp; Pi&eacute;ton, sur : risoul.labellemontagne.com\u003C\/span\u003E\r\n\r\n\u003Cdiv\u003E\u003Cspan style=\"color: rgb(0, 0, 0); font-family: arial, helvetica, sans-serif; font-size: 14px; text-align: justify;\"\u003E\u003Cu\u003EContact&nbsp;:\u003C\/u\u003E 04 92 46 07 51\u003C\/span\u003E\u003C\/div\u003E\r\n","fichiers":[]},"pave5":{"libelle":"Pav\u00e9 5","contenu":"","fichiers":[],"fichiersPave":{"Image":[{"ordre":"1","label":"Remont\u00e9es m\u00e9caniques VTT Risoul","copy":"Office de tourisme Risoul 1850","lang":"","theme":"","link":"","type_link":"|","nofollow":"N","attr":{"ALT":"Remont\u00e9es m\u00e9caniques VTT Risoul","LIBELLE":"Remont\u00e9es m\u00e9caniques VTT Risoul","TITLE":"Remont\u00e9es m\u00e9caniques VTT Risoul"},"path":"https:\/\/www.risoul.com\/medias\/images\/prestations\/remontees-mecaniques-vtt-risoul-1926194.jpeg"},{"ordre":"4","label":"Remont\u00e9es m\u00e9caniques VTT Risoul","copy":"Office de tourisme de Risoul","lang":"","theme":"","link":"","type_link":"|","nofollow":"N","attr":{"ALT":"Remont\u00e9es m\u00e9caniques VTT Risoul","LIBELLE":"Remont\u00e9es m\u00e9caniques VTT Risoul","TITLE":"Remont\u00e9es m\u00e9caniques VTT Risoul"},"path":"https:\/\/www.risoul.com\/medias\/images\/prestations\/remontees-mecaniques-vtt-risoul-1926196.jpg"}]}},"pave6":{"libelle":"Pav\u00e9 6","contenu":"","fichiers":[]},"pave7":{"libelle":"Pav\u00e9 7","contenu":"","fichiers":[]},"pave8":{"libelle":"Pav\u00e9 8","contenu":"","fichiers":[]},"pave9":{"libelle":"Pav\u00e9 9","contenu":"","fichiers":[]},"pave10":{"libelle":"Pav\u00e9 10","contenu":"","fichiers":[]},"pave11":{"libelle":"Pav\u00e9 11","contenu":"","fichiers":[]},"pave12":{"libelle":"Pav\u00e9 12","contenu":"","fichiers":[]},"pave13":{"libelle":"Pav\u00e9 13","contenu":"","fichiers":[]},"pave14":{"libelle":"Pav\u00e9 14","contenu":"","fichiers":[]},"pave15":{"libelle":"Pav\u00e9 15","contenu":"","fichiers":[]},"pave16":{"libelle":"Pav\u00e9 16","contenu":"","fichiers":[]},"pave17":{"libelle":"Pav\u00e9 17","contenu":"","fichiers":[]},"pave18":{"libelle":"Pav\u00e9 18","contenu":"","fichiers":[]},"pave19":{"libelle":"Pav\u00e9 19","contenu":"","fichiers":[]},"pave20":{"libelle":"Pav\u00e9 20","contenu":"","fichiers":[]},"pave21":{"libelle":"","contenu":""},"pave22":{"libelle":"","contenu":""},"pave23":{"libelle":"","contenu":""},"pave24":{"libelle":"","contenu":""},"pave25":{"libelle":"","contenu":""},"Libelle":"Remont\u00e9es m\u00e9caniques VTT \u00e9t\u00e9","Reference":"","Reftar":"","Type":"PRESTATION","TypePrestataire":"BLOG","ContexteStat":"PRESTATION-BLOG-OTRISOUL-RM","DateModificationIso":"2025-06-26T17:29:00+02:00","Adresse":{"LigneAdresse1":"","LigneAdresse2":"","LigneAdresse3":"","CodePostal":"","Ville":"","Cedex":"","Etat":"","Pays":"FRA"},"Id":"blog-otrisoul-rm","Code":"BLOG|OTRISOUL|RM","Cle":"BLOG|OTRISOUL|RM","Url":"remontees-mecaniques-vtt-ete.html","Localisation":{"GoogleMap":{"Latitude":"","Longitude":""}},"ZoneGeo":"","Criteres":[],"Prestataire":{"pave1":{"libelle":"Pav\u00e9 1 - Introduction courte \/ Chap\u00f4","contenu":""},"pave2":{"libelle":"Pav\u00e9 2","contenu":""},"pave3":{"libelle":"Pav\u00e9 3","contenu":""},"pave4":{"libelle":"Pav\u00e9 4","contenu":""},"pave5":{"libelle":"Pav\u00e9 5","contenu":""},"pave6":{"libelle":"Pav\u00e9 6","contenu":""},"pave7":{"libelle":"Pav\u00e9 7","contenu":""},"pave8":{"libelle":"Pav\u00e9 8","contenu":""},"pave9":{"libelle":"Pav\u00e9 9","contenu":""},"pave10":{"libelle":"Pav\u00e9 10","contenu":""},"pave11":{"libelle":"Pav\u00e9 11","contenu":""},"pave12":{"libelle":"Pav\u00e9 12","contenu":""},"pave13":{"libelle":"Pav\u00e9 13","contenu":""},"pave14":{"libelle":"Pav\u00e9 14","contenu":""},"pave15":{"libelle":"Pav\u00e9 15","contenu":""},"pave16":{"libelle":"Pav\u00e9 16","contenu":""},"pave17":{"libelle":"Pav\u00e9 17","contenu":""},"pave18":{"libelle":"Pav\u00e9 18","contenu":""},"pave19":{"libelle":"Pav\u00e9 19","contenu":""},"pave20":{"libelle":"Pav\u00e9 20","contenu":""},"pave21":{"libelle":"","contenu":""},"pave22":{"libelle":"","contenu":""},"pave23":{"libelle":"","contenu":""},"pave24":{"libelle":"","contenu":""},"pave25":{"libelle":"","contenu":""},"Libelle":"Office de Tourisme de Risoul","Nom":"Office de Tourisme de Risoul","Prenom":"","NomPrenom":"Office de Tourisme de Risoul ","CiviliteNomPrenom":"Office de Tourisme de Risoul ","Cle":"BLOG|OTRISOUL","PrestataireParent":"","ContexteStat":"PRESTATAIRE-BLOG-OTRISOUL","DateModificationIso":"2023-06-02T15:07:00+02:00","Type":"PRESTATAIRE","TypePrestataire":"BLOG","Adresse":{"LigneAdresse1":"","LigneAdresse2":"","LigneAdresse3":"","CodePostal":"","Ville":"","Cedex":"","Etat":"","Pays":"FRA"},"Email":"","Telephone":"","TelephoneBureau":"","Portable":"","SiteWeb":"","Fax":"","Id":"blog-otrisoul","Code":"BLOG|OTRISOUL","Fichier":[],"Url":"office-de-tourisme-de-risoul.html","Localisation":{"GoogleMap":{"Latitude":"","Longitude":""}},"ZoneGeo":"","Criteres":[],"DateFinPublication":""},"Fichier":{"Image":[{"url":"https:\/\/www.risoul.com\/medias\/images\/prestations\/remontees-mecaniques-vtt-risoul-1926194.jpeg","chemin":"..\/medias\/images\/prestations\/remontees-mecaniques-vtt-risoul-1926194.jpeg","libelle":"Remont\u00e9es m\u00e9caniques VTT Risoul","extension":"jpeg","categorie":"","largeur":2304,"theme":"","hauteur":1536,"type":"Image","origine":"","liaisonPave":"5","langue":"","id":"1926194","urlVignette":"https:\/\/www.risoul.com\/medias\/images\/prestations\/v-remontees-mecaniques-vtt-risoul-1926194.jpeg","alt":"Remont\u00e9es m\u00e9caniques VTT Risoul","title":"Remont\u00e9es m\u00e9caniques VTT Risoul - &copy Office de tourisme Risoul 1850","MultiTaille":{"1920x1440":{"url":"https:\/\/www.risoul.com\/medias\/images\/prestations\/multitailles\/1920x1440_remontees-mecaniques-vtt-risoul-1926194.jpeg"},"1200x900":{"url":"https:\/\/www.risoul.com\/medias\/images\/prestations\/multitailles\/1200x900_remontees-mecaniques-vtt-risoul-1926194.jpeg"},"800x600":{"url":"https:\/\/www.risoul.com\/medias\/images\/prestations\/multitailles\/800x600_remontees-mecaniques-vtt-risoul-1926194.jpeg"},"640x480":{"url":"https:\/\/www.risoul.com\/medias\/images\/prestations\/multitailles\/640x480_remontees-mecaniques-vtt-risoul-1926194.jpeg"},"320x240":{"url":"https:\/\/www.risoul.com\/medias\/images\/prestations\/multitailles\/320x240_remontees-mecaniques-vtt-risoul-1926194.jpeg"},"160x120":{"url":"https:\/\/www.risoul.com\/medias\/images\/prestations\/multitailles\/160x120_remontees-mecaniques-vtt-risoul-1926194.jpeg"},"origine":{"url":"https:\/\/www.risoul.com\/medias\/images\/prestations\/remontees-mecaniques-vtt-risoul-1926194.jpeg"}},"urlLien":"","typeLien":"|","nofollow":"N","copyright":"Office de tourisme Risoul 1850"},{"url":"https:\/\/www.risoul.com\/medias\/images\/prestations\/tarifs-forfaits-vtt-ete-2025-1958120.png","chemin":"..\/medias\/images\/prestations\/tarifs-forfaits-vtt-ete-2025-1958120.png","libelle":"tarifs forfaits vtt \u00e9t\u00e9 2025","extension":"png","categorie":"","largeur":827,"theme":"","hauteur":752,"type":"Image","origine":"","liaisonPave":"3","langue":"","id":"1958120","urlVignette":"https:\/\/www.risoul.com\/medias\/images\/prestations\/v-tarifs-forfaits-vtt-ete-2025-1958120.png","alt":"tarifs forfaits vtt \u00e9t\u00e9 2025","title":"tarifs forfaits vtt \u00e9t\u00e9 2025","MultiTaille":{"1920x1440":{"url":"https:\/\/www.risoul.com\/medias\/images\/prestations\/multitailles\/1920x1440_tarifs-forfaits-vtt-ete-2025-1958120.png"},"1200x900":{"url":"https:\/\/www.risoul.com\/medias\/images\/prestations\/multitailles\/1200x900_tarifs-forfaits-vtt-ete-2025-1958120.png"},"800x600":{"url":"https:\/\/www.risoul.com\/medias\/images\/prestations\/multitailles\/800x600_tarifs-forfaits-vtt-ete-2025-1958120.png"},"640x480":{"url":"https:\/\/www.risoul.com\/medias\/images\/prestations\/multitailles\/640x480_tarifs-forfaits-vtt-ete-2025-1958120.png"},"320x240":{"url":"https:\/\/www.risoul.com\/medias\/images\/prestations\/multitailles\/320x240_tarifs-forfaits-vtt-ete-2025-1958120.png"},"160x120":{"url":"https:\/\/www.risoul.com\/medias\/images\/prestations\/multitailles\/160x120_tarifs-forfaits-vtt-ete-2025-1958120.png"},"origine":{"url":"https:\/\/www.risoul.com\/medias\/images\/prestations\/tarifs-forfaits-vtt-ete-2025-1958120.png"}},"urlLien":"","typeLien":"|","nofollow":"N","copyright":""},{"url":"https:\/\/www.risoul.com\/medias\/images\/prestations\/shooting-enduro-2022-cr-dit-photo-glorybox-28-1926195.jpg","chemin":"..\/medias\/images\/prestations\/shooting-enduro-2022-cr-dit-photo-glorybox-28-1926195.jpg","libelle":"shooting-enduro-2022-cr-dit-photo-glorybox-28-1926195","extension":"jpg","categorie":"","largeur":3000,"theme":"","hauteur":2000,"type":"Image","origine":"","liaisonPave":"3","langue":"","id":"1926195","urlVignette":"https:\/\/www.risoul.com\/medias\/images\/prestations\/v-shooting-enduro-2022-cr-dit-photo-glorybox-28-1926195.jpg","alt":"shooting-enduro-2022-cr-dit-photo-glorybox-28-1926195","title":"shooting-enduro-2022-cr-dit-photo-glorybox-28-1926195","MultiTaille":{"1920x1440":{"url":"https:\/\/www.risoul.com\/medias\/images\/prestations\/multitailles\/1920x1440_shooting-enduro-2022-cr-dit-photo-glorybox-28-1926195.jpg"},"1200x900":{"url":"https:\/\/www.risoul.com\/medias\/images\/prestations\/multitailles\/1200x900_shooting-enduro-2022-cr-dit-photo-glorybox-28-1926195.jpg"},"800x600":{"url":"https:\/\/www.risoul.com\/medias\/images\/prestations\/multitailles\/800x600_shooting-enduro-2022-cr-dit-photo-glorybox-28-1926195.jpg"},"640x480":{"url":"https:\/\/www.risoul.com\/medias\/images\/prestations\/multitailles\/640x480_shooting-enduro-2022-cr-dit-photo-glorybox-28-1926195.jpg"},"320x240":{"url":"https:\/\/www.risoul.com\/medias\/images\/prestations\/multitailles\/320x240_shooting-enduro-2022-cr-dit-photo-glorybox-28-1926195.jpg"},"160x120":{"url":"https:\/\/www.risoul.com\/medias\/images\/prestations\/multitailles\/160x120_shooting-enduro-2022-cr-dit-photo-glorybox-28-1926195.jpg"},"origine":{"url":"https:\/\/www.risoul.com\/medias\/images\/prestations\/shooting-enduro-2022-cr-dit-photo-glorybox-28-1926195.jpg"}},"urlLien":"","typeLien":"|","nofollow":"N","copyright":""},{"url":"https:\/\/www.risoul.com\/medias\/images\/prestations\/remontees-mecaniques-vtt-risoul-1926196.jpg","chemin":"..\/medias\/images\/prestations\/remontees-mecaniques-vtt-risoul-1926196.jpg","libelle":"Remont\u00e9es m\u00e9caniques VTT Risoul","extension":"jpg","categorie":"","largeur":3000,"theme":"","hauteur":2003,"type":"Image","origine":"","liaisonPave":"5","langue":"","id":"1926196","urlVignette":"https:\/\/www.risoul.com\/medias\/images\/prestations\/v-remontees-mecaniques-vtt-risoul-1926196.jpg","alt":"Remont\u00e9es m\u00e9caniques VTT Risoul","title":"Remont\u00e9es m\u00e9caniques VTT Risoul - &copy Office de tourisme de Risoul","MultiTaille":{"1920x1440":{"url":"https:\/\/www.risoul.com\/medias\/images\/prestations\/multitailles\/1920x1440_remontees-mecaniques-vtt-risoul-1926196.jpg"},"1200x900":{"url":"https:\/\/www.risoul.com\/medias\/images\/prestations\/multitailles\/1200x900_remontees-mecaniques-vtt-risoul-1926196.jpg"},"800x600":{"url":"https:\/\/www.risoul.com\/medias\/images\/prestations\/multitailles\/800x600_remontees-mecaniques-vtt-risoul-1926196.jpg"},"640x480":{"url":"https:\/\/www.risoul.com\/medias\/images\/prestations\/multitailles\/640x480_remontees-mecaniques-vtt-risoul-1926196.jpg"},"320x240":{"url":"https:\/\/www.risoul.com\/medias\/images\/prestations\/multitailles\/320x240_remontees-mecaniques-vtt-risoul-1926196.jpg"},"160x120":{"url":"https:\/\/www.risoul.com\/medias\/images\/prestations\/multitailles\/160x120_remontees-mecaniques-vtt-risoul-1926196.jpg"},"origine":{"url":"https:\/\/www.risoul.com\/medias\/images\/prestations\/remontees-mecaniques-vtt-risoul-1926196.jpg"}},"urlLien":"","typeLien":"|","nofollow":"N","copyright":"Office de tourisme de Risoul"}],"ByCategorie":{"":[{"url":"https:\/\/www.risoul.com\/medias\/images\/prestations\/remontees-mecaniques-vtt-risoul-1926194.jpeg","chemin":"..\/medias\/images\/prestations\/remontees-mecaniques-vtt-risoul-1926194.jpeg","libelle":"Remont\u00e9es m\u00e9caniques VTT Risoul","extension":"jpeg","categorie":"","largeur":2304,"theme":"","hauteur":1536,"type":"Image","origine":"","liaisonPave":"5","langue":"","id":"1926194","urlVignette":"https:\/\/www.risoul.com\/medias\/images\/prestations\/v-remontees-mecaniques-vtt-risoul-1926194.jpeg","alt":"Remont\u00e9es m\u00e9caniques VTT Risoul","title":"Remont\u00e9es m\u00e9caniques VTT Risoul - &copy Office de tourisme Risoul 1850","MultiTaille":{"1920x1440":{"url":"https:\/\/www.risoul.com\/medias\/images\/prestations\/multitailles\/1920x1440_remontees-mecaniques-vtt-risoul-1926194.jpeg"},"1200x900":{"url":"https:\/\/www.risoul.com\/medias\/images\/prestations\/multitailles\/1200x900_remontees-mecaniques-vtt-risoul-1926194.jpeg"},"800x600":{"url":"https:\/\/www.risoul.com\/medias\/images\/prestations\/multitailles\/800x600_remontees-mecaniques-vtt-risoul-1926194.jpeg"},"640x480":{"url":"https:\/\/www.risoul.com\/medias\/images\/prestations\/multitailles\/640x480_remontees-mecaniques-vtt-risoul-1926194.jpeg"},"320x240":{"url":"https:\/\/www.risoul.com\/medias\/images\/prestations\/multitailles\/320x240_remontees-mecaniques-vtt-risoul-1926194.jpeg"},"160x120":{"url":"https:\/\/www.risoul.com\/medias\/images\/prestations\/multitailles\/160x120_remontees-mecaniques-vtt-risoul-1926194.jpeg"},"origine":{"url":"https:\/\/www.risoul.com\/medias\/images\/prestations\/remontees-mecaniques-vtt-risoul-1926194.jpeg"}},"urlLien":"","typeLien":"|","nofollow":"N","copyright":"Office de tourisme Risoul 1850"},{"url":"https:\/\/www.risoul.com\/medias\/images\/prestations\/tarifs-forfaits-vtt-ete-2025-1958120.png","chemin":"..\/medias\/images\/prestations\/tarifs-forfaits-vtt-ete-2025-1958120.png","libelle":"tarifs forfaits vtt \u00e9t\u00e9 2025","extension":"png","categorie":"","largeur":827,"theme":"","hauteur":752,"type":"Image","origine":"","liaisonPave":"3","langue":"","id":"1958120","urlVignette":"https:\/\/www.risoul.com\/medias\/images\/prestations\/v-tarifs-forfaits-vtt-ete-2025-1958120.png","alt":"tarifs forfaits vtt \u00e9t\u00e9 2025","title":"tarifs forfaits vtt \u00e9t\u00e9 2025","MultiTaille":{"1920x1440":{"url":"https:\/\/www.risoul.com\/medias\/images\/prestations\/multitailles\/1920x1440_tarifs-forfaits-vtt-ete-2025-1958120.png"},"1200x900":{"url":"https:\/\/www.risoul.com\/medias\/images\/prestations\/multitailles\/1200x900_tarifs-forfaits-vtt-ete-2025-1958120.png"},"800x600":{"url":"https:\/\/www.risoul.com\/medias\/images\/prestations\/multitailles\/800x600_tarifs-forfaits-vtt-ete-2025-1958120.png"},"640x480":{"url":"https:\/\/www.risoul.com\/medias\/images\/prestations\/multitailles\/640x480_tarifs-forfaits-vtt-ete-2025-1958120.png"},"320x240":{"url":"https:\/\/www.risoul.com\/medias\/images\/prestations\/multitailles\/320x240_tarifs-forfaits-vtt-ete-2025-1958120.png"},"160x120":{"url":"https:\/\/www.risoul.com\/medias\/images\/prestations\/multitailles\/160x120_tarifs-forfaits-vtt-ete-2025-1958120.png"},"origine":{"url":"https:\/\/www.risoul.com\/medias\/images\/prestations\/tarifs-forfaits-vtt-ete-2025-1958120.png"}},"urlLien":"","typeLien":"|","nofollow":"N","copyright":""},{"url":"https:\/\/www.risoul.com\/medias\/images\/prestations\/shooting-enduro-2022-cr-dit-photo-glorybox-28-1926195.jpg","chemin":"..\/medias\/images\/prestations\/shooting-enduro-2022-cr-dit-photo-glorybox-28-1926195.jpg","libelle":"shooting-enduro-2022-cr-dit-photo-glorybox-28-1926195","extension":"jpg","categorie":"","largeur":3000,"theme":"","hauteur":2000,"type":"Image","origine":"","liaisonPave":"3","langue":"","id":"1926195","urlVignette":"https:\/\/www.risoul.com\/medias\/images\/prestations\/v-shooting-enduro-2022-cr-dit-photo-glorybox-28-1926195.jpg","alt":"shooting-enduro-2022-cr-dit-photo-glorybox-28-1926195","title":"shooting-enduro-2022-cr-dit-photo-glorybox-28-1926195","MultiTaille":{"1920x1440":{"url":"https:\/\/www.risoul.com\/medias\/images\/prestations\/multitailles\/1920x1440_shooting-enduro-2022-cr-dit-photo-glorybox-28-1926195.jpg"},"1200x900":{"url":"https:\/\/www.risoul.com\/medias\/images\/prestations\/multitailles\/1200x900_shooting-enduro-2022-cr-dit-photo-glorybox-28-1926195.jpg"},"800x600":{"url":"https:\/\/www.risoul.com\/medias\/images\/prestations\/multitailles\/800x600_shooting-enduro-2022-cr-dit-photo-glorybox-28-1926195.jpg"},"640x480":{"url":"https:\/\/www.risoul.com\/medias\/images\/prestations\/multitailles\/640x480_shooting-enduro-2022-cr-dit-photo-glorybox-28-1926195.jpg"},"320x240":{"url":"https:\/\/www.risoul.com\/medias\/images\/prestations\/multitailles\/320x240_shooting-enduro-2022-cr-dit-photo-glorybox-28-1926195.jpg"},"160x120":{"url":"https:\/\/www.risoul.com\/medias\/images\/prestations\/multitailles\/160x120_shooting-enduro-2022-cr-dit-photo-glorybox-28-1926195.jpg"},"origine":{"url":"https:\/\/www.risoul.com\/medias\/images\/prestations\/shooting-enduro-2022-cr-dit-photo-glorybox-28-1926195.jpg"}},"urlLien":"","typeLien":"|","nofollow":"N","copyright":""},{"url":"https:\/\/www.risoul.com\/medias\/images\/prestations\/remontees-mecaniques-vtt-risoul-1926196.jpg","chemin":"..\/medias\/images\/prestations\/remontees-mecaniques-vtt-risoul-1926196.jpg","libelle":"Remont\u00e9es m\u00e9caniques VTT Risoul","extension":"jpg","categorie":"","largeur":3000,"theme":"","hauteur":2003,"type":"Image","origine":"","liaisonPave":"5","langue":"","id":"1926196","urlVignette":"https:\/\/www.risoul.com\/medias\/images\/prestations\/v-remontees-mecaniques-vtt-risoul-1926196.jpg","alt":"Remont\u00e9es m\u00e9caniques VTT Risoul","title":"Remont\u00e9es m\u00e9caniques VTT Risoul - &copy Office de tourisme de Risoul","MultiTaille":{"1920x1440":{"url":"https:\/\/www.risoul.com\/medias\/images\/prestations\/multitailles\/1920x1440_remontees-mecaniques-vtt-risoul-1926196.jpg"},"1200x900":{"url":"https:\/\/www.risoul.com\/medias\/images\/prestations\/multitailles\/1200x900_remontees-mecaniques-vtt-risoul-1926196.jpg"},"800x600":{"url":"https:\/\/www.risoul.com\/medias\/images\/prestations\/multitailles\/800x600_remontees-mecaniques-vtt-risoul-1926196.jpg"},"640x480":{"url":"https:\/\/www.risoul.com\/medias\/images\/prestations\/multitailles\/640x480_remontees-mecaniques-vtt-risoul-1926196.jpg"},"320x240":{"url":"https:\/\/www.risoul.com\/medias\/images\/prestations\/multitailles\/320x240_remontees-mecaniques-vtt-risoul-1926196.jpg"},"160x120":{"url":"https:\/\/www.risoul.com\/medias\/images\/prestations\/multitailles\/160x120_remontees-mecaniques-vtt-risoul-1926196.jpg"},"origine":{"url":"https:\/\/www.risoul.com\/medias\/images\/prestations\/remontees-mecaniques-vtt-risoul-1926196.jpg"}},"urlLien":"","typeLien":"|","nofollow":"N","copyright":"Office de tourisme de Risoul"}]}},"DateDebPublication":"","DateFinPublication":"","PrixAPartirDe":"","PrixPour":"","FicheListeEnCours":"fiche_liste_ing_page_editoriale_blog_prestation","ParametresModele":{"AfficherPhotos":1,"NbPhotosMax":6,"AfficherReserver":0,"AfficherContact":0,"AfficherSalle":1,"AfficherZoneGeo":0,"AfficherEnSavoirPlus":1,"AfficherUneSeuleOuverture":0,"AfficherContactCarte":0,"AfficherTarifsChaudAPartirDe":0,"AfficherTarifChaudSansRecherche":0,"PositionBloc":"GALLERIE|NOM|ZONEPRINCIPALFICHEPRESTA|CRITERESORDONNEES|URL|LIEN_RESERVER_DETAIL","TypePrestataire":"BLOG","TypeSlider":"SWIPER","ComportementResa":false,"ComportementDispo":false},"AffichageCoordonnees":[],"Coordonnees":{"Ville":""},"ContexteId":"PRESTATION|BLOG|OTRISOUL|RM","ContexteIdHtml":"PRESTATION-BLOG-OTRISOUL-RM","cleContexte":"BLOG|OTRISOUL|RM","Bloc":{"texte1":"","texte3":"","critere1":{"libelle":"","contenu":[]},"critere2":{"libelle":"","contenu":[]},"critere3":{"libelle":"","contenu":[]},"critere4":{"libelle":"","contenu":[]},"critere5":{"libelle":"","contenu":[]},"critere6":{"libelle":"","contenu":[]},"critere7":{"libelle":"","contenu":[]},"critere8":{"libelle":"","contenu":[]},"critere9":{"libelle":"","contenu":[]}},"libelleDuPrestataire":"","vuePrestataire":{"pave1":{"libelle":"Pav\u00e9 1 - Introduction courte \/ Chap\u00f4","contenu":""},"pave2":{"libelle":"Pav\u00e9 2","contenu":""},"pave3":{"libelle":"Pav\u00e9 3","contenu":""},"pave4":{"libelle":"Pav\u00e9 4","contenu":""},"pave5":{"libelle":"Pav\u00e9 5","contenu":""},"pave6":{"libelle":"Pav\u00e9 6","contenu":""},"pave7":{"libelle":"Pav\u00e9 7","contenu":""},"pave8":{"libelle":"Pav\u00e9 8","contenu":""},"pave9":{"libelle":"Pav\u00e9 9","contenu":""},"pave10":{"libelle":"Pav\u00e9 10","contenu":""},"pave11":{"libelle":"Pav\u00e9 11","contenu":""},"pave12":{"libelle":"Pav\u00e9 12","contenu":""},"pave13":{"libelle":"Pav\u00e9 13","contenu":""},"pave14":{"libelle":"Pav\u00e9 14","contenu":""},"pave15":{"libelle":"Pav\u00e9 15","contenu":""},"pave16":{"libelle":"Pav\u00e9 16","contenu":""},"pave17":{"libelle":"Pav\u00e9 17","contenu":""},"pave18":{"libelle":"Pav\u00e9 18","contenu":""},"pave19":{"libelle":"Pav\u00e9 19","contenu":""},"pave20":{"libelle":"Pav\u00e9 20","contenu":""},"pave21":{"libelle":"","contenu":""},"pave22":{"libelle":"","contenu":""},"pave23":{"libelle":"","contenu":""},"pave24":{"libelle":"","contenu":""},"pave25":{"libelle":"","contenu":""},"Libelle":"Office de Tourisme de Risoul","Nom":"Office de Tourisme de Risoul","Prenom":"","NomPrenom":"Office de Tourisme de Risoul ","CiviliteNomPrenom":"Office de Tourisme de Risoul ","Cle":"BLOG|OTRISOUL","PrestataireParent":"","ContexteStat":"PRESTATAIRE-BLOG-OTRISOUL","DateModificationIso":"2023-06-02T15:07:00+02:00","Type":"PRESTATAIRE","TypePrestataire":"BLOG","Adresse":{"LigneAdresse1":"","LigneAdresse2":"","LigneAdresse3":"","CodePostal":"","Ville":"","Cedex":"","Etat":"","Pays":"FRA"},"Email":"","Telephone":"","TelephoneBureau":"","Portable":"","SiteWeb":"","Fax":"","Id":"blog-otrisoul","Code":"BLOG|OTRISOUL","Fichier":[],"Url":"office-de-tourisme-de-risoul.html","Localisation":{"GoogleMap":{"Latitude":"","Longitude":""}},"ZoneGeo":"","Criteres":[],"DateFinPublication":"","AffichageCoordonnees":[]},"listeCriteres":[],"dansCarnetVoyage":true,"Ouverture":""},"html":" \n \u003Cdiv id=\"CV-PRESTATION-BLOG-OTRISOUL-RM\" data-contexte-id=\"PRESTATION|BLOG|OTRISOUL|RM\" data-cle=\"BLOG|OTRISOUL|RM\" class=\"fiche-liste\"\u003E\n    \n\n    \u003C!-- partie photo --\u003E\n    \u003Cdiv class=\"photo\"\u003E\t\t\t\t\t\t\t\t\t\t\t\t\t\t\t\t\t\t\t\t\t\n        \u003Cdiv class=\"cadre_photo_principale\"\u003E\t\t\n        \n            \t\t\t\t\t\n                    \u003Ca href=\"remontees-mecaniques-vtt-ete.html?origine=carnet#media\"\u003E\n                        \u003Cimg class=\"photo_principale\" alt=\"Remont\u00e9es m\u00e9caniques VTT Risoul\" src=\"https:\/\/www.risoul.com\/medias\/images\/prestations\/multitailles\/320x240_remontees-mecaniques-vtt-risoul-1926194.jpeg\" itemprop=\"image\"\u003E\n                    \u003C\/a\u003E\t\t\t\t\t\t\n                \n                    \u003C\/div\u003E\t\t\t\t\t\t\t\t\t\t\t\t\t\t\t\t\t\t\t \t\t\n    \u003C\/div\u003E\n    \n    \u003C!-- partie nom prest --\u003E\n    \u003Cdiv class=\"nom\"\u003E\n        \u003Ch2\u003ERemont\u00e9es m\u00e9caniques VTT \u00e9t\u00e9\u003C\/h2\u003E\n        \n            \u003C\/div\u003E\n\n         \n    \u003C!-- partie adresse --\u003E\n    \u003Cdiv class=\"adresse\"\u003E\n    \n          \n    \u003C\/div\u003E\n    \n    \u003C!-- partie liens --\u003E\n    \u003Cdiv class=\"liens\"\u003E\n            \u003Ca class=\"btn-icon btn-view \" title=\"Voir la fiche d\u00e9taill\u00e9e\" href=\"remontees-mecaniques-vtt-ete.html?origine=carnet\"\u003E\u003C\/a\u003E\u003C!--\u003Ca class=\"btn-icon btn-view \" title=\"\" href=\"?origine=carnet#thaut\"\u003E\u003C\/a\u003E--\u003E\n      \u003Ca class=\"btn-icon btn-trash carnet_voyage_supprimer\" title=\"Supprimer cette fiche de mon carnet de voyage\" href=\"carnet-voyage?action=remove&fiche=BLOG|OTRISOUL|RM\"\u003E\u003C\/a\u003E\n    \u003C\/div\u003E\n\n\u003C\/div\u003E\n\n","icon":"https:\/\/static.ingenie.fr\/images\/carnetVoyageV3\/BLOG.png"},"fiche":"BLOG|OTRISOUL|RM","popup":"\u003Cdiv id=\"bloc_popup_ajout_fiche_carnet\"\u003E\n    \u003Cdiv class=\"info_popup_ajout_fiche_carnet\"\u003E\n        Vous venez d'ajouter cet \u00e9l\u00e9ment \u00e0 vos favoris :    \u003C\/div\u003E\n    \u003Cdiv class=\"prest_popup_ajout_fiche_carnet\"\u003E\n        Remont&eacute;es m&eacute;caniques VTT &eacute;t&eacute;    \u003C\/div\u003E\n    \u003Cdiv class=\"bloc_btn_ajout_fiche_carnet form_submit_div\"\u003E\n        \u003Cinput type=\"button\" value=\"Continuer ma s\u00e9lection de favoris\" title=\"Continuer ma s\u00e9lection de favoris\" name=\"btn_close\" class=\"btn_close_popup_carnet form_submit\" onclick=\"$.colorbox.close()\" \/\u003E\n        \u003Cinput type=\"button\" value=\"Voir mes favoris\" title=\"Voir mes favoris\" name=\"btn_panier\" class=\"btn_panier_popup_carnet form_submit\" onclick=\"if(typeof CarnetVoyage != 'undefined') {CarnetVoyage.voirCarnet();}\" \/\u003E\n    \u003C\/div\u003E\n    \u003Cdiv class=\"bloc_btn_ajout_fiche_carnet\"\u003E\n        \u003Cinput type=\"checkbox\" value=\"1\" name=\"desactiver_popup\" id=\"desactiver_popup\" \/\u003E\n        \u003Clabel for=\"desactiver_popup\"\u003ENe plus afficher ce message\u003C\/label\u003E\n    \u003C\/div\u003E\n\u003C\/div\u003E","success":1}