{"nbFiches":1,"dataPrest":{"infoPrest":{"pave1":{"libelle":"Descriptif","contenu":"\u003Cbr\u003E\u003Cbr\u003EBoostez vos vacances \u00e0 la Montagne sur le domaine de la For\u00eat Blanche Vars Risoul avec cet appartement tout confort proposant des belles prestations et situ\u00e9 en front de neige. \u003Cbr\u003E Cet appartement pour 4 personnes comprend :\u003Cbr\u003E- un s\u00e9jour \/ salle \u00e0 manger avec un canap\u00e9 lit double convertible \u003Cbr\u003E- une cuisine ouverte \u00e9quip\u00e9e\u003Cbr\u003E- une chambre, avec un BZ + 1 lit simple en mezzanine\u003Cbr\u003E- une salle d'eau \u003Cbr\u003E- un wc s\u00e9par\u00e9\u003Cbr\u003E- un balcon \u003Cbr\u003E- une connexion wifi par fibre \u003Cbr\u003EA proximit\u00e9 de toutes les commodit\u00e9s\u003Cbr\u003ELinge de lit et serviettes non fournis, et en suppl\u00e9ment.\u003Cbr\u003ETaxes de s\u00e9jour et caution \u00e0 collecter sur place \u00e0 l'arriv\u00e9e, par Carte Bancaire uniquement\u003Cbr\u003E\u003Cbr\u003EPrestations incluses :\u003Cbr\u003EM\u00e9nage de fin de s\u00e9jour\u003Cbr\u003E","fichiers":[]},"pave2":{"libelle":"Descriptif (site web)","contenu":"\u003Cbr\u003E\u003Cbr\u003EBoostez vos vacances \u00e0 la Montagne sur le domaine de la For\u00eat Blanche Vars Risoul avec cet appartement tout confort proposant des belles prestations et situ\u00e9 en front de neige. \u003Cbr\u003E Cet appartement pour 4 personnes comprend :\u003Cbr\u003E- un s\u00e9jour \/...","fichiers":[]},"pave3":{"libelle":"","contenu":""},"pave4":{"libelle":"","contenu":""},"pave5":{"libelle":"","contenu":""},"pave6":{"libelle":"","contenu":""},"pave7":{"libelle":"","contenu":""},"pave8":{"libelle":"","contenu":""},"pave9":{"libelle":"","contenu":""},"pave10":{"libelle":"","contenu":""},"pave11":{"libelle":"","contenu":""},"pave12":{"libelle":"","contenu":""},"pave13":{"libelle":"","contenu":""},"pave14":{"libelle":"","contenu":""},"pave15":{"libelle":"","contenu":""},"pave16":{"libelle":"","contenu":""},"pave17":{"libelle":"","contenu":""},"pave18":{"libelle":"","contenu":""},"pave19":{"libelle":"","contenu":""},"pave20":{"libelle":"","contenu":""},"pave21":{"libelle":"","contenu":""},"pave22":{"libelle":"","contenu":""},"pave23":{"libelle":"","contenu":""},"pave24":{"libelle":"","contenu":""},"pave25":{"libelle":"","contenu":""},"Libelle":"R\u00e9sidence Cesier  :Appartement de standing en front de neige \u00e0 Risoul","Reference":"","Reftar":"","Type":"PRESTATION","TypePrestataire":"G","ContexteStat":"PRESTATION-G-5614438-1596971","DateModificationIso":"2026-01-12T09:43:00+01:00","Adresse":{"LigneAdresse1":"","LigneAdresse2":"","LigneAdresse3":"","CodePostal":"","Ville":"Risoul","Cedex":"","Etat":"","Pays":"FRA"},"Id":"g-5614438-1596971","Code":"G|5614438|1596971","Cle":"G|5614438|1596971","Url":"","Localisation":{"GoogleMap":{"Latitude":"44.62148200","Longitude":"6.63450400"}},"ZoneGeo":"","Criteres":{"PASSERELLE[MAEVA":"","GTYPRE[GAPPTR":"","GTYPAP[GSTUDI":"","GRESID[CESIER":"","GASCEN[GASCEN":"","GBALCO[GBALCO":"","ZONEGEO[FRPAHARISTATT":"","GDISCE[PIEPIS":"","GDISCE[SKIPIE":"","GDISCE[CENTRESTATION":"","GDISCE[GESF":"150","GDISCE[ARRETN":"20","GDISCE[G4ISAH":"150","GCUISI[GCOINC":"","GEQUCU[GQRIGA":"","GEQUCU[GPLAK":"","GEQUCU[GFOUR":"","GEQUCU[MACHINECAFE":"","GEQUCU[GRILLEPAIN":"","GSEJOU[GCV1L":"1","GCHAM1[MEZZLIT":"","GSDB1[G1DWCI":"1","GWC[GWCIND":"1","GEQLOI[WIFIGR":"","GEQLOI[G2QLCS":"","GNOTE1[NOFUMEUR":"","GANIMA[GANIMR":"","DISTANCEPISTES[FRONTDENEIGE":"","DISTANCEPISTES[SKIAUXPIEDS":"","EQUIPEMENTS[WIFI":"","GPIECES[STUDIO":""},"Prestataire":{"pave1":{"libelle":"Descriptif","contenu":"TRANSACTION &ndash; LOCATION\u003Cbr \/\u003E\r\nGESTION &ndash; SYNDIC\u003Cbr \/\u003E\r\nLOCATION VACANCES &amp; CONCIERGERIE\u003Cbr \/\u003E\r\nREMISE DES CL&Eacute;S &amp; &Eacute;TATS DES LIEUX\u003Cbr \/\u003E\r\nM&Eacute;NAGE -BLANCHISSERIE &amp; SERVICES"},"pave2":{"libelle":"Notes Internes","contenu":""},"pave3":{"libelle":"Remise des cl\u00e9s","contenu":"\u003Cdiv data-ogsc=\"black\" data-olk-copy-source=\"MessageBody\" style=\"border: 0px; font-variant-numeric: inherit; font-variant-east-asian: inherit; font-variant-alternates: inherit; font-variant-position: inherit; font-variant-emoji: inherit; font-stretch: inherit; font-size: 11pt; line-height: inherit; font-family: Aptos, Aptos_EmbeddedFont, Aptos_MSFontService, Calibri, Helvetica, sans-serif; font-optical-sizing: inherit; font-size-adjust: inherit; font-kerning: inherit; font-feature-settings: inherit; font-variation-settings: inherit; margin: 0px; padding: 0px; vertical-align: baseline; color: black !important;\"\u003E\u003Cu\u003E\u003Cstrong\u003ERemise des cl&eacute;s:\u003C\/strong\u003E\u003C\/u\u003E\u003Cbr \/\u003E\r\nNotre partenaire conciergerie Les Cl&eacute;s de Risoul vous remettra les clefs.\u003Cbr \/\u003E\r\n06 51 65 91 13 -&nbsp;\u003Cspan data-ogsc=\"rgb(18, 100, 163)\" style=\"border: 0px; font: inherit; margin: 0px; padding: 0px; vertical-align: baseline; color: rgb(18, 100, 163) !important;\"\u003E\u003Ca data-linkindex=\"0\" data-ogsc=\"rgb(18, 100, 163)\" data-sk=\"tooltip_parent\" data-stringify-link=\"mailto:lesclesderisoul@gmail.com\" href=\"mailto:lesclesderisoul@gmail.com\" id=\"OWA4ee49846-319c-22a3-7e74-ca3b986d0bc3\" rel=\"noopener noreferrer\" style=\"border: 0px; font: inherit; margin: 0px; padding: 0px; vertical-align: baseline; color: rgb(18, 100, 163) !important;\" title=\"mailto:lesclesderisoul@gmail.com\"\u003Elesclesderisoul@gmail.com\u003C\/a\u003E\u003C\/span\u003E\u003Cbr \/\u003E\r\nPendant votre s&eacute;jour, pour toute demande ou en cas d&rsquo;urgence, vous pouvez joindre la conciergerie au : 06 51 65 91 13\u003Cbr \/\u003E\r\nSi vous arrivez en dehors des horaires, une bo&icirc;te &agrave; code sera &agrave; votre disposition.\u003C\/div\u003E\r\n\r\n\u003Cdiv data-ogsc=\"black\" style=\"border: 0px; font-variant-numeric: inherit; font-variant-east-asian: inherit; font-variant-alternates: inherit; font-variant-position: inherit; font-variant-emoji: inherit; font-stretch: inherit; font-size: 11pt; line-height: inherit; font-family: Aptos, Aptos_EmbeddedFont, Aptos_MSFontService, Calibri, Helvetica, sans-serif; font-optical-sizing: inherit; font-size-adjust: inherit; font-kerning: inherit; font-feature-settings: inherit; font-variation-settings: inherit; margin: 0px; padding: 0px; vertical-align: baseline; color: black !important;\"\u003E&nbsp;\u003C\/div\u003E\r\n\r\n\u003Cdiv data-ogsc=\"black\" style=\"border: 0px; font-variant-numeric: inherit; font-variant-east-asian: inherit; font-variant-alternates: inherit; font-variant-position: inherit; font-variant-emoji: inherit; font-stretch: inherit; font-size: 11pt; line-height: inherit; font-family: Aptos, Aptos_EmbeddedFont, Aptos_MSFontService, Calibri, Helvetica, sans-serif; font-optical-sizing: inherit; font-size-adjust: inherit; font-kerning: inherit; font-feature-settings: inherit; font-variation-settings: inherit; margin: 0px; padding: 0px; vertical-align: baseline; color: black !important;\"\u003E\u003Cspan data-ogsc=\"\" style=\"border: 0px; font-style: inherit; font-variant: inherit; font-weight: 700; font-stretch: inherit; font-size: inherit; line-height: inherit; font-family: inherit; font-optical-sizing: inherit; font-size-adjust: inherit; font-kerning: inherit; font-feature-settings: inherit; font-variation-settings: inherit; margin: 0px; padding: 0px; vertical-align: baseline; color: inherit;\"\u003EHoraire de remise des clefs :\u003C\/span\u003E\u003C\/div\u003E\r\n\r\n\u003Cdiv data-ogsc=\"black\" style=\"border: 0px; font-variant-numeric: inherit; font-variant-east-asian: inherit; font-variant-alternates: inherit; font-variant-position: inherit; font-variant-emoji: inherit; font-stretch: inherit; font-size: 11pt; line-height: inherit; font-family: Aptos, Aptos_EmbeddedFont, Aptos_MSFontService, Calibri, Helvetica, sans-serif; font-optical-sizing: inherit; font-size-adjust: inherit; font-kerning: inherit; font-feature-settings: inherit; font-variation-settings: inherit; margin: 0px; padding: 0px; vertical-align: baseline; color: black !important;\"\u003EArriv&eacute;es : entre 16h00 et 19h00 (18h en &eacute;t&eacute;)\u003Cbr \/\u003E\r\nD&eacute;parts : avant 10h\u003Cbr \/\u003E\r\nEn cas d&#39;arriv&eacute;e tardive, vous r&eacute;cup&eacute;rez les clefs dans une boite &agrave; cl&eacute; s&eacute;curis&eacute;e.\u003C\/div\u003E\r\n\r\n\u003Cdiv data-ogsc=\"black\" style=\"border: 0px; font-variant-numeric: inherit; font-variant-east-asian: inherit; font-variant-alternates: inherit; font-variant-position: inherit; font-variant-emoji: inherit; font-stretch: inherit; font-size: 11pt; line-height: inherit; font-family: Aptos, Aptos_EmbeddedFont, Aptos_MSFontService, Calibri, Helvetica, sans-serif; font-optical-sizing: inherit; font-size-adjust: inherit; font-kerning: inherit; font-feature-settings: inherit; font-variation-settings: inherit; margin: 0px; padding: 0px; vertical-align: baseline; color: black !important;\"\u003E&nbsp;\u003C\/div\u003E\r\n\r\n\u003Cdiv data-ogsc=\"black\" style=\"border: 0px; font-variant-numeric: inherit; font-variant-east-asian: inherit; font-variant-alternates: inherit; font-variant-position: inherit; font-variant-emoji: inherit; font-stretch: inherit; font-size: 11pt; line-height: inherit; font-family: Aptos, Aptos_EmbeddedFont, Aptos_MSFontService, Calibri, Helvetica, sans-serif; font-optical-sizing: inherit; font-size-adjust: inherit; font-kerning: inherit; font-feature-settings: inherit; font-variation-settings: inherit; margin: 0px; padding: 0px; vertical-align: baseline; color: black !important;\"\u003E\u003Cspan data-ogsc=\"\" style=\"border: 0px; font-style: inherit; font-variant: inherit; font-weight: 700; font-stretch: inherit; font-size: inherit; line-height: inherit; font-family: inherit; font-optical-sizing: inherit; font-size-adjust: inherit; font-kerning: inherit; font-feature-settings: inherit; font-variation-settings: inherit; margin: 0px; padding: 0px; vertical-align: baseline; color: inherit;\"\u003EServices inclus dans la location :\u003C\/span\u003E\u003Cbr \/\u003E\r\n- Kit entretien (1 &eacute;ponge, 1 lavette, 1 flacon de produit multi-usages, 1 flacon de produit liquide vaisselle main, 1 tablette lave-vaisselle et 1 torchon : peut varier selon les r&eacute;sidences).\u003C\/div\u003E\r\n\r\n\u003Cdiv data-ogsc=\"black\" style=\"border: 0px; font-variant-numeric: inherit; font-variant-east-asian: inherit; font-variant-alternates: inherit; font-variant-position: inherit; font-variant-emoji: inherit; font-stretch: inherit; font-size: 11pt; line-height: inherit; font-family: Aptos, Aptos_EmbeddedFont, Aptos_MSFontService, Calibri, Helvetica, sans-serif; font-optical-sizing: inherit; font-size-adjust: inherit; font-kerning: inherit; font-feature-settings: inherit; font-variation-settings: inherit; margin: 0px; padding: 0px; vertical-align: baseline; color: black !important;\"\u003E\u003Cspan data-ogsc=\"\" style=\"border: 0px; font-style: inherit; font-variant: inherit; font-weight: 700; font-stretch: inherit; font-size: inherit; line-height: inherit; font-family: inherit; font-optical-sizing: inherit; font-size-adjust: inherit; font-kerning: inherit; font-feature-settings: inherit; font-variation-settings: inherit; margin: 0px; padding: 0px; vertical-align: baseline; color: inherit;\"\u003EServices en suppl&eacute;ment :\u003C\/span\u003E\u003Cbr \/\u003E\r\n- M&eacute;nage : En suppl&eacute;ment. A r&eacute;aliser obligatoirement en fin de s&eacute;jour, soit par le client soit en payant la prestation lors de la r&eacute;servation, au pr&eacute;check-in.\u003Cbr \/\u003E\r\n- Linge de lit sur demande, en suppl&eacute;ment\u003C\/div\u003E\r\n"},"pave4":{"libelle":"Lien photo","contenu":""},"pave5":{"libelle":"Descriptif d\u00e9taill\u00e9","contenu":""},"pave6":{"libelle":"Bons plans","contenu":""},"pave7":{"libelle":"Compl\u00e9ment localisation","contenu":""},"pave8":{"libelle":"Compl\u00e9ment accueil","contenu":""},"pave9":{"libelle":"P\u00e9riode(s) d'ouverture","contenu":""},"pave10":{"libelle":"Tarifs en clair","contenu":""},"pave11":{"libelle":"Compl\u00e9ment Tarifs","contenu":""},"pave12":{"libelle":"Compl\u00e9ment R\u00e9servation","contenu":""},"pave13":{"libelle":"Descriptif court","contenu":""},"pave14":{"libelle":"Descriptif court","contenu":""},"pave15":{"libelle":"Descriptif d\u00e9taill\u00e9","contenu":""},"pave16":{"libelle":"Descriptif d\u00e9taill\u00e9","contenu":""},"pave17":{"libelle":"Compl\u00e9ment localisation","contenu":""},"pave18":{"libelle":"Compl\u00e9ment localisation","contenu":""},"pave19":{"libelle":"P\u00e9riode(s) d'ouverture","contenu":""},"pave20":{"libelle":"P\u00e9riode(s) d'ouverture","contenu":""},"pave21":{"libelle":"Tarifs en clair","contenu":""},"pave22":{"libelle":"Tarifs en clair","contenu":""},"pave23":{"libelle":"Compl\u00e9ment Tarifs","contenu":""},"pave24":{"libelle":"Compl\u00e9ment Tarifs","contenu":""},"pave25":{"libelle":"","contenu":""},"ContactsParType":{"GEST":{"17561":{"id_contact":"17561","type_contact":"GEST","categorie_contact":"PRESTATAIRE","societe_contact":"","fonction_contact":"","civilite_nom_prenom_contact":"Boost Your Immo ","adresse1_contact":"Immeuble Le C\u00e9sier","adresse2_contact":"","adresse3_contact":"","cpostal_contact":"05600","ville_contact":"Risoul","teldom_contact":"04 94 62 02 06","telbur_contact":"","fax_contact":"","portable_contact":"","email_contact":"contact@boostyourimmo.com","siteweb_contact":"https:\/\/www.boostyourimmo.com","commentaire_contact":"","langue_contact":"","autre_moyen_com":[]}}},"ZoneGeoLibelle":"Risoul Station","Libelle":"MAEVA HOME","Nom":"MAEVA HOME","Prenom":"","NomPrenom":"MAEVA HOME ","CiviliteNomPrenom":"MAEVA HOME ","Cle":"G|5614438","PrestataireParent":"","ContexteStat":"PRESTATAIRE-G-5614438","DateModificationIso":"2026-03-17T11:01:00+01:00","Type":"PRESTATAIRE","TypePrestataire":"G","Adresse":{"LigneAdresse1":"165 CHEMIN DES NEGADOUX","LigneAdresse2":"","LigneAdresse3":"","CodePostal":"83140","Ville":"SIX FOURS LES PLAGES","Cedex":"","Etat":"","Pays":"FRA"},"Email":"vacances@boostyourimmo.com","Telephone":"04.83.73.96.34","TelephoneBureau":"04.94.27.81.97","Portable":"","SiteWeb":"https:\/\/www.boostyourimmo.com","Fax":"","Id":"g-5614438","Code":"G|5614438","Fichier":[],"Url":"","Localisation":{"GoogleMap":{"Latitude":"","Longitude":""},"PlanStation":{"idPlan":"7","nomPlan":"Plan Station 2023","carte":"\/plan\/plan_station_2020[HIVER_FR[.jpg","PositionAbs":"795","PositionOrd":"362"}},"ZoneGeo":"FRPAHARISTATT","Criteres":{"LANGUE_PARLEE[ANGLAIS":"","GRESAAGENCE[RISOULRESA":"","LANGUE_PARLEE[ESPAGNOL":"","ADHERENT[OUI":"","ORDRE[1POS":"","TYPE_AGENCE[MONTAGNE":"","GRESAAGENCE[GOUI":"","LANGUE_PARLEE[FRANAIS":""},"DateFinPublication":""},"Fichier":{"Image":[{"url":"https:\/\/www.risoul.com\/medias\/images\/prestations\/_ws-photos_FRANCE_risoul_residences_residence-cesier_35696f1dd3bb638ff12b2e432ac9ae82_2384168.jpg","chemin":"..\/medias\/images\/prestations\/_ws-photos_FRANCE_risoul_residences_residence-cesier_35696f1dd3bb638ff12b2e432ac9ae82_2384168.jpg","libelle":"_ws-photos_FRANCE_risoul_residences_residence-cesier_35696f1dd3bb638ff12b2e432ac9ae82_2384168","extension":"jpg","categorie":"","largeur":800,"theme":"","hauteur":480,"type":"Image","origine":"","liaisonPave":"","langue":"","id":"2384168","urlVignette":"https:\/\/www.risoul.com\/medias\/images\/prestations\/v-_ws-photos_FRANCE_risoul_residences_residence-cesier_35696f1dd3bb638ff12b2e432ac9ae82_2384168.jpg","alt":"_ws-photos_FRANCE_risoul_residences_residence-cesier_35696f1dd3bb638ff12b2e432ac9ae82_2384168","title":"_ws-photos_FRANCE_risoul_residences_residence-cesier_35696f1dd3bb638ff12b2e432ac9ae82_2384168","MultiTaille":{"1920x1440":{"url":"https:\/\/www.risoul.com\/medias\/images\/prestations\/multitailles\/1920x1440__ws-photos_FRANCE_risoul_residences_residence-cesier_35696f1dd3bb638ff12b2e432ac9ae82_2384168.jpg"},"1200x900":{"url":"https:\/\/www.risoul.com\/medias\/images\/prestations\/multitailles\/1200x900__ws-photos_FRANCE_risoul_residences_residence-cesier_35696f1dd3bb638ff12b2e432ac9ae82_2384168.jpg"},"800x600":{"url":"https:\/\/www.risoul.com\/medias\/images\/prestations\/multitailles\/800x600__ws-photos_FRANCE_risoul_residences_residence-cesier_35696f1dd3bb638ff12b2e432ac9ae82_2384168.jpg"},"640x480":{"url":"https:\/\/www.risoul.com\/medias\/images\/prestations\/multitailles\/640x480__ws-photos_FRANCE_risoul_residences_residence-cesier_35696f1dd3bb638ff12b2e432ac9ae82_2384168.jpg"},"320x240":{"url":"https:\/\/www.risoul.com\/medias\/images\/prestations\/multitailles\/320x240__ws-photos_FRANCE_risoul_residences_residence-cesier_35696f1dd3bb638ff12b2e432ac9ae82_2384168.jpg"},"160x120":{"url":"https:\/\/www.risoul.com\/medias\/images\/prestations\/multitailles\/160x120__ws-photos_FRANCE_risoul_residences_residence-cesier_35696f1dd3bb638ff12b2e432ac9ae82_2384168.jpg"},"origine":{"url":"https:\/\/www.risoul.com\/medias\/images\/prestations\/_ws-photos_FRANCE_risoul_residences_residence-cesier_35696f1dd3bb638ff12b2e432ac9ae82_2384168.jpg"}},"urlLien":"","typeLien":"","nofollow":"N","copyright":""},{"url":"https:\/\/www.risoul.com\/medias\/images\/prestations\/_ws-photos_FRANCE_risoul_residences_residence-cesier_69060c6c38a7f8716cf19f543c89291f_2384169.jpg","chemin":"..\/medias\/images\/prestations\/_ws-photos_FRANCE_risoul_residences_residence-cesier_69060c6c38a7f8716cf19f543c89291f_2384169.jpg","libelle":"_ws-photos_FRANCE_risoul_residences_residence-cesier_69060c6c38a7f8716cf19f543c89291f_2384169","extension":"jpg","categorie":"","largeur":800,"theme":"","hauteur":480,"type":"Image","origine":"","liaisonPave":"","langue":"","id":"2384169","urlVignette":"https:\/\/www.risoul.com\/medias\/images\/prestations\/v-_ws-photos_FRANCE_risoul_residences_residence-cesier_69060c6c38a7f8716cf19f543c89291f_2384169.jpg","alt":"_ws-photos_FRANCE_risoul_residences_residence-cesier_69060c6c38a7f8716cf19f543c89291f_2384169","title":"_ws-photos_FRANCE_risoul_residences_residence-cesier_69060c6c38a7f8716cf19f543c89291f_2384169","MultiTaille":{"1920x1440":{"url":"https:\/\/www.risoul.com\/medias\/images\/prestations\/multitailles\/1920x1440__ws-photos_FRANCE_risoul_residences_residence-cesier_69060c6c38a7f8716cf19f543c89291f_2384169.jpg"},"1200x900":{"url":"https:\/\/www.risoul.com\/medias\/images\/prestations\/multitailles\/1200x900__ws-photos_FRANCE_risoul_residences_residence-cesier_69060c6c38a7f8716cf19f543c89291f_2384169.jpg"},"800x600":{"url":"https:\/\/www.risoul.com\/medias\/images\/prestations\/multitailles\/800x600__ws-photos_FRANCE_risoul_residences_residence-cesier_69060c6c38a7f8716cf19f543c89291f_2384169.jpg"},"640x480":{"url":"https:\/\/www.risoul.com\/medias\/images\/prestations\/multitailles\/640x480__ws-photos_FRANCE_risoul_residences_residence-cesier_69060c6c38a7f8716cf19f543c89291f_2384169.jpg"},"320x240":{"url":"https:\/\/www.risoul.com\/medias\/images\/prestations\/multitailles\/320x240__ws-photos_FRANCE_risoul_residences_residence-cesier_69060c6c38a7f8716cf19f543c89291f_2384169.jpg"},"160x120":{"url":"https:\/\/www.risoul.com\/medias\/images\/prestations\/multitailles\/160x120__ws-photos_FRANCE_risoul_residences_residence-cesier_69060c6c38a7f8716cf19f543c89291f_2384169.jpg"},"origine":{"url":"https:\/\/www.risoul.com\/medias\/images\/prestations\/_ws-photos_FRANCE_risoul_residences_residence-cesier_69060c6c38a7f8716cf19f543c89291f_2384169.jpg"}},"urlLien":"","typeLien":"","nofollow":"N","copyright":""},{"url":"https:\/\/www.risoul.com\/medias\/images\/prestations\/_ws-photos_FRANCE_risoul_residences_residence-cesier_a34c531c26d763200a5dc572f8f5dbdd_2384170.jpg","chemin":"..\/medias\/images\/prestations\/_ws-photos_FRANCE_risoul_residences_residence-cesier_a34c531c26d763200a5dc572f8f5dbdd_2384170.jpg","libelle":"_ws-photos_FRANCE_risoul_residences_residence-cesier_a34c531c26d763200a5dc572f8f5dbdd_2384170","extension":"jpg","categorie":"","largeur":800,"theme":"","hauteur":480,"type":"Image","origine":"","liaisonPave":"","langue":"","id":"2384170","urlVignette":"https:\/\/www.risoul.com\/medias\/images\/prestations\/v-_ws-photos_FRANCE_risoul_residences_residence-cesier_a34c531c26d763200a5dc572f8f5dbdd_2384170.jpg","alt":"_ws-photos_FRANCE_risoul_residences_residence-cesier_a34c531c26d763200a5dc572f8f5dbdd_2384170","title":"_ws-photos_FRANCE_risoul_residences_residence-cesier_a34c531c26d763200a5dc572f8f5dbdd_2384170","MultiTaille":{"1920x1440":{"url":"https:\/\/www.risoul.com\/medias\/images\/prestations\/multitailles\/1920x1440__ws-photos_FRANCE_risoul_residences_residence-cesier_a34c531c26d763200a5dc572f8f5dbdd_2384170.jpg"},"1200x900":{"url":"https:\/\/www.risoul.com\/medias\/images\/prestations\/multitailles\/1200x900__ws-photos_FRANCE_risoul_residences_residence-cesier_a34c531c26d763200a5dc572f8f5dbdd_2384170.jpg"},"800x600":{"url":"https:\/\/www.risoul.com\/medias\/images\/prestations\/multitailles\/800x600__ws-photos_FRANCE_risoul_residences_residence-cesier_a34c531c26d763200a5dc572f8f5dbdd_2384170.jpg"},"640x480":{"url":"https:\/\/www.risoul.com\/medias\/images\/prestations\/multitailles\/640x480__ws-photos_FRANCE_risoul_residences_residence-cesier_a34c531c26d763200a5dc572f8f5dbdd_2384170.jpg"},"320x240":{"url":"https:\/\/www.risoul.com\/medias\/images\/prestations\/multitailles\/320x240__ws-photos_FRANCE_risoul_residences_residence-cesier_a34c531c26d763200a5dc572f8f5dbdd_2384170.jpg"},"160x120":{"url":"https:\/\/www.risoul.com\/medias\/images\/prestations\/multitailles\/160x120__ws-photos_FRANCE_risoul_residences_residence-cesier_a34c531c26d763200a5dc572f8f5dbdd_2384170.jpg"},"origine":{"url":"https:\/\/www.risoul.com\/medias\/images\/prestations\/_ws-photos_FRANCE_risoul_residences_residence-cesier_a34c531c26d763200a5dc572f8f5dbdd_2384170.jpg"}},"urlLien":"","typeLien":"","nofollow":"N","copyright":""},{"url":"https:\/\/www.risoul.com\/medias\/images\/prestations\/_ws-photos_FRANCE_risoul_residences_residence-cesier_32bd97b8276cdb9174faf4a9d7cacf23_2384171.jpg","chemin":"..\/medias\/images\/prestations\/_ws-photos_FRANCE_risoul_residences_residence-cesier_32bd97b8276cdb9174faf4a9d7cacf23_2384171.jpg","libelle":"_ws-photos_FRANCE_risoul_residences_residence-cesier_32bd97b8276cdb9174faf4a9d7cacf23_2384171","extension":"jpg","categorie":"","largeur":800,"theme":"","hauteur":480,"type":"Image","origine":"","liaisonPave":"","langue":"","id":"2384171","urlVignette":"https:\/\/www.risoul.com\/medias\/images\/prestations\/v-_ws-photos_FRANCE_risoul_residences_residence-cesier_32bd97b8276cdb9174faf4a9d7cacf23_2384171.jpg","alt":"_ws-photos_FRANCE_risoul_residences_residence-cesier_32bd97b8276cdb9174faf4a9d7cacf23_2384171","title":"_ws-photos_FRANCE_risoul_residences_residence-cesier_32bd97b8276cdb9174faf4a9d7cacf23_2384171","MultiTaille":{"1920x1440":{"url":"https:\/\/www.risoul.com\/medias\/images\/prestations\/multitailles\/1920x1440__ws-photos_FRANCE_risoul_residences_residence-cesier_32bd97b8276cdb9174faf4a9d7cacf23_2384171.jpg"},"1200x900":{"url":"https:\/\/www.risoul.com\/medias\/images\/prestations\/multitailles\/1200x900__ws-photos_FRANCE_risoul_residences_residence-cesier_32bd97b8276cdb9174faf4a9d7cacf23_2384171.jpg"},"800x600":{"url":"https:\/\/www.risoul.com\/medias\/images\/prestations\/multitailles\/800x600__ws-photos_FRANCE_risoul_residences_residence-cesier_32bd97b8276cdb9174faf4a9d7cacf23_2384171.jpg"},"640x480":{"url":"https:\/\/www.risoul.com\/medias\/images\/prestations\/multitailles\/640x480__ws-photos_FRANCE_risoul_residences_residence-cesier_32bd97b8276cdb9174faf4a9d7cacf23_2384171.jpg"},"320x240":{"url":"https:\/\/www.risoul.com\/medias\/images\/prestations\/multitailles\/320x240__ws-photos_FRANCE_risoul_residences_residence-cesier_32bd97b8276cdb9174faf4a9d7cacf23_2384171.jpg"},"160x120":{"url":"https:\/\/www.risoul.com\/medias\/images\/prestations\/multitailles\/160x120__ws-photos_FRANCE_risoul_residences_residence-cesier_32bd97b8276cdb9174faf4a9d7cacf23_2384171.jpg"},"origine":{"url":"https:\/\/www.risoul.com\/medias\/images\/prestations\/_ws-photos_FRANCE_risoul_residences_residence-cesier_32bd97b8276cdb9174faf4a9d7cacf23_2384171.jpg"}},"urlLien":"","typeLien":"","nofollow":"N","copyright":""},{"url":"https:\/\/www.risoul.com\/medias\/images\/prestations\/_ws-photos_FRANCE_risoul_residences_residence-cesier_d96d7ae119a80bab212290171a5078c7_2384172.jpg","chemin":"..\/medias\/images\/prestations\/_ws-photos_FRANCE_risoul_residences_residence-cesier_d96d7ae119a80bab212290171a5078c7_2384172.jpg","libelle":"_ws-photos_FRANCE_risoul_residences_residence-cesier_d96d7ae119a80bab212290171a5078c7_2384172","extension":"jpg","categorie":"","largeur":800,"theme":"","hauteur":480,"type":"Image","origine":"","liaisonPave":"","langue":"","id":"2384172","urlVignette":"https:\/\/www.risoul.com\/medias\/images\/prestations\/v-_ws-photos_FRANCE_risoul_residences_residence-cesier_d96d7ae119a80bab212290171a5078c7_2384172.jpg","alt":"_ws-photos_FRANCE_risoul_residences_residence-cesier_d96d7ae119a80bab212290171a5078c7_2384172","title":"_ws-photos_FRANCE_risoul_residences_residence-cesier_d96d7ae119a80bab212290171a5078c7_2384172","MultiTaille":{"1920x1440":{"url":"https:\/\/www.risoul.com\/medias\/images\/prestations\/multitailles\/1920x1440__ws-photos_FRANCE_risoul_residences_residence-cesier_d96d7ae119a80bab212290171a5078c7_2384172.jpg"},"1200x900":{"url":"https:\/\/www.risoul.com\/medias\/images\/prestations\/multitailles\/1200x900__ws-photos_FRANCE_risoul_residences_residence-cesier_d96d7ae119a80bab212290171a5078c7_2384172.jpg"},"800x600":{"url":"https:\/\/www.risoul.com\/medias\/images\/prestations\/multitailles\/800x600__ws-photos_FRANCE_risoul_residences_residence-cesier_d96d7ae119a80bab212290171a5078c7_2384172.jpg"},"640x480":{"url":"https:\/\/www.risoul.com\/medias\/images\/prestations\/multitailles\/640x480__ws-photos_FRANCE_risoul_residences_residence-cesier_d96d7ae119a80bab212290171a5078c7_2384172.jpg"},"320x240":{"url":"https:\/\/www.risoul.com\/medias\/images\/prestations\/multitailles\/320x240__ws-photos_FRANCE_risoul_residences_residence-cesier_d96d7ae119a80bab212290171a5078c7_2384172.jpg"},"160x120":{"url":"https:\/\/www.risoul.com\/medias\/images\/prestations\/multitailles\/160x120__ws-photos_FRANCE_risoul_residences_residence-cesier_d96d7ae119a80bab212290171a5078c7_2384172.jpg"},"origine":{"url":"https:\/\/www.risoul.com\/medias\/images\/prestations\/_ws-photos_FRANCE_risoul_residences_residence-cesier_d96d7ae119a80bab212290171a5078c7_2384172.jpg"}},"urlLien":"","typeLien":"","nofollow":"N","copyright":""},{"url":"https:\/\/www.risoul.com\/medias\/images\/prestations\/_ws-photos_FRANCE_risoul_residences_residence-cesier_423759c6e3473e467b6fbe13e4804556_2384173.jpg","chemin":"..\/medias\/images\/prestations\/_ws-photos_FRANCE_risoul_residences_residence-cesier_423759c6e3473e467b6fbe13e4804556_2384173.jpg","libelle":"_ws-photos_FRANCE_risoul_residences_residence-cesier_423759c6e3473e467b6fbe13e4804556_2384173","extension":"jpg","categorie":"","largeur":800,"theme":"","hauteur":480,"type":"Image","origine":"","liaisonPave":"","langue":"","id":"2384173","urlVignette":"https:\/\/www.risoul.com\/medias\/images\/prestations\/v-_ws-photos_FRANCE_risoul_residences_residence-cesier_423759c6e3473e467b6fbe13e4804556_2384173.jpg","alt":"_ws-photos_FRANCE_risoul_residences_residence-cesier_423759c6e3473e467b6fbe13e4804556_2384173","title":"_ws-photos_FRANCE_risoul_residences_residence-cesier_423759c6e3473e467b6fbe13e4804556_2384173","MultiTaille":{"1920x1440":{"url":"https:\/\/www.risoul.com\/medias\/images\/prestations\/multitailles\/1920x1440__ws-photos_FRANCE_risoul_residences_residence-cesier_423759c6e3473e467b6fbe13e4804556_2384173.jpg"},"1200x900":{"url":"https:\/\/www.risoul.com\/medias\/images\/prestations\/multitailles\/1200x900__ws-photos_FRANCE_risoul_residences_residence-cesier_423759c6e3473e467b6fbe13e4804556_2384173.jpg"},"800x600":{"url":"https:\/\/www.risoul.com\/medias\/images\/prestations\/multitailles\/800x600__ws-photos_FRANCE_risoul_residences_residence-cesier_423759c6e3473e467b6fbe13e4804556_2384173.jpg"},"640x480":{"url":"https:\/\/www.risoul.com\/medias\/images\/prestations\/multitailles\/640x480__ws-photos_FRANCE_risoul_residences_residence-cesier_423759c6e3473e467b6fbe13e4804556_2384173.jpg"},"320x240":{"url":"https:\/\/www.risoul.com\/medias\/images\/prestations\/multitailles\/320x240__ws-photos_FRANCE_risoul_residences_residence-cesier_423759c6e3473e467b6fbe13e4804556_2384173.jpg"},"160x120":{"url":"https:\/\/www.risoul.com\/medias\/images\/prestations\/multitailles\/160x120__ws-photos_FRANCE_risoul_residences_residence-cesier_423759c6e3473e467b6fbe13e4804556_2384173.jpg"},"origine":{"url":"https:\/\/www.risoul.com\/medias\/images\/prestations\/_ws-photos_FRANCE_risoul_residences_residence-cesier_423759c6e3473e467b6fbe13e4804556_2384173.jpg"}},"urlLien":"","typeLien":"","nofollow":"N","copyright":""},{"url":"https:\/\/www.risoul.com\/medias\/images\/prestations\/_ws-photos_FRANCE_risoul_residences_residence-cesier_6c4218f5b134fe0b1eaa0a5292dc08eb_2384174.jpg","chemin":"..\/medias\/images\/prestations\/_ws-photos_FRANCE_risoul_residences_residence-cesier_6c4218f5b134fe0b1eaa0a5292dc08eb_2384174.jpg","libelle":"_ws-photos_FRANCE_risoul_residences_residence-cesier_6c4218f5b134fe0b1eaa0a5292dc08eb_2384174","extension":"jpg","categorie":"","largeur":800,"theme":"","hauteur":480,"type":"Image","origine":"","liaisonPave":"","langue":"","id":"2384174","urlVignette":"https:\/\/www.risoul.com\/medias\/images\/prestations\/v-_ws-photos_FRANCE_risoul_residences_residence-cesier_6c4218f5b134fe0b1eaa0a5292dc08eb_2384174.jpg","alt":"_ws-photos_FRANCE_risoul_residences_residence-cesier_6c4218f5b134fe0b1eaa0a5292dc08eb_2384174","title":"_ws-photos_FRANCE_risoul_residences_residence-cesier_6c4218f5b134fe0b1eaa0a5292dc08eb_2384174","MultiTaille":{"1920x1440":{"url":"https:\/\/www.risoul.com\/medias\/images\/prestations\/multitailles\/1920x1440__ws-photos_FRANCE_risoul_residences_residence-cesier_6c4218f5b134fe0b1eaa0a5292dc08eb_2384174.jpg"},"1200x900":{"url":"https:\/\/www.risoul.com\/medias\/images\/prestations\/multitailles\/1200x900__ws-photos_FRANCE_risoul_residences_residence-cesier_6c4218f5b134fe0b1eaa0a5292dc08eb_2384174.jpg"},"800x600":{"url":"https:\/\/www.risoul.com\/medias\/images\/prestations\/multitailles\/800x600__ws-photos_FRANCE_risoul_residences_residence-cesier_6c4218f5b134fe0b1eaa0a5292dc08eb_2384174.jpg"},"640x480":{"url":"https:\/\/www.risoul.com\/medias\/images\/prestations\/multitailles\/640x480__ws-photos_FRANCE_risoul_residences_residence-cesier_6c4218f5b134fe0b1eaa0a5292dc08eb_2384174.jpg"},"320x240":{"url":"https:\/\/www.risoul.com\/medias\/images\/prestations\/multitailles\/320x240__ws-photos_FRANCE_risoul_residences_residence-cesier_6c4218f5b134fe0b1eaa0a5292dc08eb_2384174.jpg"},"160x120":{"url":"https:\/\/www.risoul.com\/medias\/images\/prestations\/multitailles\/160x120__ws-photos_FRANCE_risoul_residences_residence-cesier_6c4218f5b134fe0b1eaa0a5292dc08eb_2384174.jpg"},"origine":{"url":"https:\/\/www.risoul.com\/medias\/images\/prestations\/_ws-photos_FRANCE_risoul_residences_residence-cesier_6c4218f5b134fe0b1eaa0a5292dc08eb_2384174.jpg"}},"urlLien":"","typeLien":"","nofollow":"N","copyright":""},{"url":"https:\/\/www.risoul.com\/medias\/images\/prestations\/_ws-photos_FRANCE_risoul_residences_residence-cesier_ed2074a07a9ee8561c66bd4092574894_2384175.jpg","chemin":"..\/medias\/images\/prestations\/_ws-photos_FRANCE_risoul_residences_residence-cesier_ed2074a07a9ee8561c66bd4092574894_2384175.jpg","libelle":"_ws-photos_FRANCE_risoul_residences_residence-cesier_ed2074a07a9ee8561c66bd4092574894_2384175","extension":"jpg","categorie":"","largeur":800,"theme":"","hauteur":480,"type":"Image","origine":"","liaisonPave":"","langue":"","id":"2384175","urlVignette":"https:\/\/www.risoul.com\/medias\/images\/prestations\/v-_ws-photos_FRANCE_risoul_residences_residence-cesier_ed2074a07a9ee8561c66bd4092574894_2384175.jpg","alt":"_ws-photos_FRANCE_risoul_residences_residence-cesier_ed2074a07a9ee8561c66bd4092574894_2384175","title":"_ws-photos_FRANCE_risoul_residences_residence-cesier_ed2074a07a9ee8561c66bd4092574894_2384175","MultiTaille":{"1920x1440":{"url":"https:\/\/www.risoul.com\/medias\/images\/prestations\/multitailles\/1920x1440__ws-photos_FRANCE_risoul_residences_residence-cesier_ed2074a07a9ee8561c66bd4092574894_2384175.jpg"},"1200x900":{"url":"https:\/\/www.risoul.com\/medias\/images\/prestations\/multitailles\/1200x900__ws-photos_FRANCE_risoul_residences_residence-cesier_ed2074a07a9ee8561c66bd4092574894_2384175.jpg"},"800x600":{"url":"https:\/\/www.risoul.com\/medias\/images\/prestations\/multitailles\/800x600__ws-photos_FRANCE_risoul_residences_residence-cesier_ed2074a07a9ee8561c66bd4092574894_2384175.jpg"},"640x480":{"url":"https:\/\/www.risoul.com\/medias\/images\/prestations\/multitailles\/640x480__ws-photos_FRANCE_risoul_residences_residence-cesier_ed2074a07a9ee8561c66bd4092574894_2384175.jpg"},"320x240":{"url":"https:\/\/www.risoul.com\/medias\/images\/prestations\/multitailles\/320x240__ws-photos_FRANCE_risoul_residences_residence-cesier_ed2074a07a9ee8561c66bd4092574894_2384175.jpg"},"160x120":{"url":"https:\/\/www.risoul.com\/medias\/images\/prestations\/multitailles\/160x120__ws-photos_FRANCE_risoul_residences_residence-cesier_ed2074a07a9ee8561c66bd4092574894_2384175.jpg"},"origine":{"url":"https:\/\/www.risoul.com\/medias\/images\/prestations\/_ws-photos_FRANCE_risoul_residences_residence-cesier_ed2074a07a9ee8561c66bd4092574894_2384175.jpg"}},"urlLien":"","typeLien":"","nofollow":"N","copyright":""},{"url":"https:\/\/www.risoul.com\/medias\/images\/prestations\/_ws-photos_FRANCE_risoul_residences_residence-cesier_8cb4c68106eac376c397a5148c293f8f_2384176.jpg","chemin":"..\/medias\/images\/prestations\/_ws-photos_FRANCE_risoul_residences_residence-cesier_8cb4c68106eac376c397a5148c293f8f_2384176.jpg","libelle":"_ws-photos_FRANCE_risoul_residences_residence-cesier_8cb4c68106eac376c397a5148c293f8f_2384176","extension":"jpg","categorie":"","largeur":800,"theme":"","hauteur":480,"type":"Image","origine":"","liaisonPave":"","langue":"","id":"2384176","urlVignette":"https:\/\/www.risoul.com\/medias\/images\/prestations\/v-_ws-photos_FRANCE_risoul_residences_residence-cesier_8cb4c68106eac376c397a5148c293f8f_2384176.jpg","alt":"_ws-photos_FRANCE_risoul_residences_residence-cesier_8cb4c68106eac376c397a5148c293f8f_2384176","title":"_ws-photos_FRANCE_risoul_residences_residence-cesier_8cb4c68106eac376c397a5148c293f8f_2384176","MultiTaille":{"1920x1440":{"url":"https:\/\/www.risoul.com\/medias\/images\/prestations\/multitailles\/1920x1440__ws-photos_FRANCE_risoul_residences_residence-cesier_8cb4c68106eac376c397a5148c293f8f_2384176.jpg"},"1200x900":{"url":"https:\/\/www.risoul.com\/medias\/images\/prestations\/multitailles\/1200x900__ws-photos_FRANCE_risoul_residences_residence-cesier_8cb4c68106eac376c397a5148c293f8f_2384176.jpg"},"800x600":{"url":"https:\/\/www.risoul.com\/medias\/images\/prestations\/multitailles\/800x600__ws-photos_FRANCE_risoul_residences_residence-cesier_8cb4c68106eac376c397a5148c293f8f_2384176.jpg"},"640x480":{"url":"https:\/\/www.risoul.com\/medias\/images\/prestations\/multitailles\/640x480__ws-photos_FRANCE_risoul_residences_residence-cesier_8cb4c68106eac376c397a5148c293f8f_2384176.jpg"},"320x240":{"url":"https:\/\/www.risoul.com\/medias\/images\/prestations\/multitailles\/320x240__ws-photos_FRANCE_risoul_residences_residence-cesier_8cb4c68106eac376c397a5148c293f8f_2384176.jpg"},"160x120":{"url":"https:\/\/www.risoul.com\/medias\/images\/prestations\/multitailles\/160x120__ws-photos_FRANCE_risoul_residences_residence-cesier_8cb4c68106eac376c397a5148c293f8f_2384176.jpg"},"origine":{"url":"https:\/\/www.risoul.com\/medias\/images\/prestations\/_ws-photos_FRANCE_risoul_residences_residence-cesier_8cb4c68106eac376c397a5148c293f8f_2384176.jpg"}},"urlLien":"","typeLien":"","nofollow":"N","copyright":""},{"url":"https:\/\/www.risoul.com\/medias\/images\/prestations\/_ws-photos_FRANCE_risoul_residences_residence-cesier_e9ce381cfe227cb000a80e6db72ed67d_2384177.jpg","chemin":"..\/medias\/images\/prestations\/_ws-photos_FRANCE_risoul_residences_residence-cesier_e9ce381cfe227cb000a80e6db72ed67d_2384177.jpg","libelle":"_ws-photos_FRANCE_risoul_residences_residence-cesier_e9ce381cfe227cb000a80e6db72ed67d_2384177","extension":"jpg","categorie":"","largeur":800,"theme":"","hauteur":480,"type":"Image","origine":"","liaisonPave":"","langue":"","id":"2384177","urlVignette":"https:\/\/www.risoul.com\/medias\/images\/prestations\/v-_ws-photos_FRANCE_risoul_residences_residence-cesier_e9ce381cfe227cb000a80e6db72ed67d_2384177.jpg","alt":"_ws-photos_FRANCE_risoul_residences_residence-cesier_e9ce381cfe227cb000a80e6db72ed67d_2384177","title":"_ws-photos_FRANCE_risoul_residences_residence-cesier_e9ce381cfe227cb000a80e6db72ed67d_2384177","MultiTaille":{"1920x1440":{"url":"https:\/\/www.risoul.com\/medias\/images\/prestations\/multitailles\/1920x1440__ws-photos_FRANCE_risoul_residences_residence-cesier_e9ce381cfe227cb000a80e6db72ed67d_2384177.jpg"},"1200x900":{"url":"https:\/\/www.risoul.com\/medias\/images\/prestations\/multitailles\/1200x900__ws-photos_FRANCE_risoul_residences_residence-cesier_e9ce381cfe227cb000a80e6db72ed67d_2384177.jpg"},"800x600":{"url":"https:\/\/www.risoul.com\/medias\/images\/prestations\/multitailles\/800x600__ws-photos_FRANCE_risoul_residences_residence-cesier_e9ce381cfe227cb000a80e6db72ed67d_2384177.jpg"},"640x480":{"url":"https:\/\/www.risoul.com\/medias\/images\/prestations\/multitailles\/640x480__ws-photos_FRANCE_risoul_residences_residence-cesier_e9ce381cfe227cb000a80e6db72ed67d_2384177.jpg"},"320x240":{"url":"https:\/\/www.risoul.com\/medias\/images\/prestations\/multitailles\/320x240__ws-photos_FRANCE_risoul_residences_residence-cesier_e9ce381cfe227cb000a80e6db72ed67d_2384177.jpg"},"160x120":{"url":"https:\/\/www.risoul.com\/medias\/images\/prestations\/multitailles\/160x120__ws-photos_FRANCE_risoul_residences_residence-cesier_e9ce381cfe227cb000a80e6db72ed67d_2384177.jpg"},"origine":{"url":"https:\/\/www.risoul.com\/medias\/images\/prestations\/_ws-photos_FRANCE_risoul_residences_residence-cesier_e9ce381cfe227cb000a80e6db72ed67d_2384177.jpg"}},"urlLien":"","typeLien":"","nofollow":"N","copyright":""}],"ByCategorie":{"":[{"url":"https:\/\/www.risoul.com\/medias\/images\/prestations\/_ws-photos_FRANCE_risoul_residences_residence-cesier_35696f1dd3bb638ff12b2e432ac9ae82_2384168.jpg","chemin":"..\/medias\/images\/prestations\/_ws-photos_FRANCE_risoul_residences_residence-cesier_35696f1dd3bb638ff12b2e432ac9ae82_2384168.jpg","libelle":"_ws-photos_FRANCE_risoul_residences_residence-cesier_35696f1dd3bb638ff12b2e432ac9ae82_2384168","extension":"jpg","categorie":"","largeur":800,"theme":"","hauteur":480,"type":"Image","origine":"","liaisonPave":"","langue":"","id":"2384168","urlVignette":"https:\/\/www.risoul.com\/medias\/images\/prestations\/v-_ws-photos_FRANCE_risoul_residences_residence-cesier_35696f1dd3bb638ff12b2e432ac9ae82_2384168.jpg","alt":"_ws-photos_FRANCE_risoul_residences_residence-cesier_35696f1dd3bb638ff12b2e432ac9ae82_2384168","title":"_ws-photos_FRANCE_risoul_residences_residence-cesier_35696f1dd3bb638ff12b2e432ac9ae82_2384168","MultiTaille":{"1920x1440":{"url":"https:\/\/www.risoul.com\/medias\/images\/prestations\/multitailles\/1920x1440__ws-photos_FRANCE_risoul_residences_residence-cesier_35696f1dd3bb638ff12b2e432ac9ae82_2384168.jpg"},"1200x900":{"url":"https:\/\/www.risoul.com\/medias\/images\/prestations\/multitailles\/1200x900__ws-photos_FRANCE_risoul_residences_residence-cesier_35696f1dd3bb638ff12b2e432ac9ae82_2384168.jpg"},"800x600":{"url":"https:\/\/www.risoul.com\/medias\/images\/prestations\/multitailles\/800x600__ws-photos_FRANCE_risoul_residences_residence-cesier_35696f1dd3bb638ff12b2e432ac9ae82_2384168.jpg"},"640x480":{"url":"https:\/\/www.risoul.com\/medias\/images\/prestations\/multitailles\/640x480__ws-photos_FRANCE_risoul_residences_residence-cesier_35696f1dd3bb638ff12b2e432ac9ae82_2384168.jpg"},"320x240":{"url":"https:\/\/www.risoul.com\/medias\/images\/prestations\/multitailles\/320x240__ws-photos_FRANCE_risoul_residences_residence-cesier_35696f1dd3bb638ff12b2e432ac9ae82_2384168.jpg"},"160x120":{"url":"https:\/\/www.risoul.com\/medias\/images\/prestations\/multitailles\/160x120__ws-photos_FRANCE_risoul_residences_residence-cesier_35696f1dd3bb638ff12b2e432ac9ae82_2384168.jpg"},"origine":{"url":"https:\/\/www.risoul.com\/medias\/images\/prestations\/_ws-photos_FRANCE_risoul_residences_residence-cesier_35696f1dd3bb638ff12b2e432ac9ae82_2384168.jpg"}},"urlLien":"","typeLien":"","nofollow":"N","copyright":""},{"url":"https:\/\/www.risoul.com\/medias\/images\/prestations\/_ws-photos_FRANCE_risoul_residences_residence-cesier_69060c6c38a7f8716cf19f543c89291f_2384169.jpg","chemin":"..\/medias\/images\/prestations\/_ws-photos_FRANCE_risoul_residences_residence-cesier_69060c6c38a7f8716cf19f543c89291f_2384169.jpg","libelle":"_ws-photos_FRANCE_risoul_residences_residence-cesier_69060c6c38a7f8716cf19f543c89291f_2384169","extension":"jpg","categorie":"","largeur":800,"theme":"","hauteur":480,"type":"Image","origine":"","liaisonPave":"","langue":"","id":"2384169","urlVignette":"https:\/\/www.risoul.com\/medias\/images\/prestations\/v-_ws-photos_FRANCE_risoul_residences_residence-cesier_69060c6c38a7f8716cf19f543c89291f_2384169.jpg","alt":"_ws-photos_FRANCE_risoul_residences_residence-cesier_69060c6c38a7f8716cf19f543c89291f_2384169","title":"_ws-photos_FRANCE_risoul_residences_residence-cesier_69060c6c38a7f8716cf19f543c89291f_2384169","MultiTaille":{"1920x1440":{"url":"https:\/\/www.risoul.com\/medias\/images\/prestations\/multitailles\/1920x1440__ws-photos_FRANCE_risoul_residences_residence-cesier_69060c6c38a7f8716cf19f543c89291f_2384169.jpg"},"1200x900":{"url":"https:\/\/www.risoul.com\/medias\/images\/prestations\/multitailles\/1200x900__ws-photos_FRANCE_risoul_residences_residence-cesier_69060c6c38a7f8716cf19f543c89291f_2384169.jpg"},"800x600":{"url":"https:\/\/www.risoul.com\/medias\/images\/prestations\/multitailles\/800x600__ws-photos_FRANCE_risoul_residences_residence-cesier_69060c6c38a7f8716cf19f543c89291f_2384169.jpg"},"640x480":{"url":"https:\/\/www.risoul.com\/medias\/images\/prestations\/multitailles\/640x480__ws-photos_FRANCE_risoul_residences_residence-cesier_69060c6c38a7f8716cf19f543c89291f_2384169.jpg"},"320x240":{"url":"https:\/\/www.risoul.com\/medias\/images\/prestations\/multitailles\/320x240__ws-photos_FRANCE_risoul_residences_residence-cesier_69060c6c38a7f8716cf19f543c89291f_2384169.jpg"},"160x120":{"url":"https:\/\/www.risoul.com\/medias\/images\/prestations\/multitailles\/160x120__ws-photos_FRANCE_risoul_residences_residence-cesier_69060c6c38a7f8716cf19f543c89291f_2384169.jpg"},"origine":{"url":"https:\/\/www.risoul.com\/medias\/images\/prestations\/_ws-photos_FRANCE_risoul_residences_residence-cesier_69060c6c38a7f8716cf19f543c89291f_2384169.jpg"}},"urlLien":"","typeLien":"","nofollow":"N","copyright":""},{"url":"https:\/\/www.risoul.com\/medias\/images\/prestations\/_ws-photos_FRANCE_risoul_residences_residence-cesier_a34c531c26d763200a5dc572f8f5dbdd_2384170.jpg","chemin":"..\/medias\/images\/prestations\/_ws-photos_FRANCE_risoul_residences_residence-cesier_a34c531c26d763200a5dc572f8f5dbdd_2384170.jpg","libelle":"_ws-photos_FRANCE_risoul_residences_residence-cesier_a34c531c26d763200a5dc572f8f5dbdd_2384170","extension":"jpg","categorie":"","largeur":800,"theme":"","hauteur":480,"type":"Image","origine":"","liaisonPave":"","langue":"","id":"2384170","urlVignette":"https:\/\/www.risoul.com\/medias\/images\/prestations\/v-_ws-photos_FRANCE_risoul_residences_residence-cesier_a34c531c26d763200a5dc572f8f5dbdd_2384170.jpg","alt":"_ws-photos_FRANCE_risoul_residences_residence-cesier_a34c531c26d763200a5dc572f8f5dbdd_2384170","title":"_ws-photos_FRANCE_risoul_residences_residence-cesier_a34c531c26d763200a5dc572f8f5dbdd_2384170","MultiTaille":{"1920x1440":{"url":"https:\/\/www.risoul.com\/medias\/images\/prestations\/multitailles\/1920x1440__ws-photos_FRANCE_risoul_residences_residence-cesier_a34c531c26d763200a5dc572f8f5dbdd_2384170.jpg"},"1200x900":{"url":"https:\/\/www.risoul.com\/medias\/images\/prestations\/multitailles\/1200x900__ws-photos_FRANCE_risoul_residences_residence-cesier_a34c531c26d763200a5dc572f8f5dbdd_2384170.jpg"},"800x600":{"url":"https:\/\/www.risoul.com\/medias\/images\/prestations\/multitailles\/800x600__ws-photos_FRANCE_risoul_residences_residence-cesier_a34c531c26d763200a5dc572f8f5dbdd_2384170.jpg"},"640x480":{"url":"https:\/\/www.risoul.com\/medias\/images\/prestations\/multitailles\/640x480__ws-photos_FRANCE_risoul_residences_residence-cesier_a34c531c26d763200a5dc572f8f5dbdd_2384170.jpg"},"320x240":{"url":"https:\/\/www.risoul.com\/medias\/images\/prestations\/multitailles\/320x240__ws-photos_FRANCE_risoul_residences_residence-cesier_a34c531c26d763200a5dc572f8f5dbdd_2384170.jpg"},"160x120":{"url":"https:\/\/www.risoul.com\/medias\/images\/prestations\/multitailles\/160x120__ws-photos_FRANCE_risoul_residences_residence-cesier_a34c531c26d763200a5dc572f8f5dbdd_2384170.jpg"},"origine":{"url":"https:\/\/www.risoul.com\/medias\/images\/prestations\/_ws-photos_FRANCE_risoul_residences_residence-cesier_a34c531c26d763200a5dc572f8f5dbdd_2384170.jpg"}},"urlLien":"","typeLien":"","nofollow":"N","copyright":""},{"url":"https:\/\/www.risoul.com\/medias\/images\/prestations\/_ws-photos_FRANCE_risoul_residences_residence-cesier_32bd97b8276cdb9174faf4a9d7cacf23_2384171.jpg","chemin":"..\/medias\/images\/prestations\/_ws-photos_FRANCE_risoul_residences_residence-cesier_32bd97b8276cdb9174faf4a9d7cacf23_2384171.jpg","libelle":"_ws-photos_FRANCE_risoul_residences_residence-cesier_32bd97b8276cdb9174faf4a9d7cacf23_2384171","extension":"jpg","categorie":"","largeur":800,"theme":"","hauteur":480,"type":"Image","origine":"","liaisonPave":"","langue":"","id":"2384171","urlVignette":"https:\/\/www.risoul.com\/medias\/images\/prestations\/v-_ws-photos_FRANCE_risoul_residences_residence-cesier_32bd97b8276cdb9174faf4a9d7cacf23_2384171.jpg","alt":"_ws-photos_FRANCE_risoul_residences_residence-cesier_32bd97b8276cdb9174faf4a9d7cacf23_2384171","title":"_ws-photos_FRANCE_risoul_residences_residence-cesier_32bd97b8276cdb9174faf4a9d7cacf23_2384171","MultiTaille":{"1920x1440":{"url":"https:\/\/www.risoul.com\/medias\/images\/prestations\/multitailles\/1920x1440__ws-photos_FRANCE_risoul_residences_residence-cesier_32bd97b8276cdb9174faf4a9d7cacf23_2384171.jpg"},"1200x900":{"url":"https:\/\/www.risoul.com\/medias\/images\/prestations\/multitailles\/1200x900__ws-photos_FRANCE_risoul_residences_residence-cesier_32bd97b8276cdb9174faf4a9d7cacf23_2384171.jpg"},"800x600":{"url":"https:\/\/www.risoul.com\/medias\/images\/prestations\/multitailles\/800x600__ws-photos_FRANCE_risoul_residences_residence-cesier_32bd97b8276cdb9174faf4a9d7cacf23_2384171.jpg"},"640x480":{"url":"https:\/\/www.risoul.com\/medias\/images\/prestations\/multitailles\/640x480__ws-photos_FRANCE_risoul_residences_residence-cesier_32bd97b8276cdb9174faf4a9d7cacf23_2384171.jpg"},"320x240":{"url":"https:\/\/www.risoul.com\/medias\/images\/prestations\/multitailles\/320x240__ws-photos_FRANCE_risoul_residences_residence-cesier_32bd97b8276cdb9174faf4a9d7cacf23_2384171.jpg"},"160x120":{"url":"https:\/\/www.risoul.com\/medias\/images\/prestations\/multitailles\/160x120__ws-photos_FRANCE_risoul_residences_residence-cesier_32bd97b8276cdb9174faf4a9d7cacf23_2384171.jpg"},"origine":{"url":"https:\/\/www.risoul.com\/medias\/images\/prestations\/_ws-photos_FRANCE_risoul_residences_residence-cesier_32bd97b8276cdb9174faf4a9d7cacf23_2384171.jpg"}},"urlLien":"","typeLien":"","nofollow":"N","copyright":""},{"url":"https:\/\/www.risoul.com\/medias\/images\/prestations\/_ws-photos_FRANCE_risoul_residences_residence-cesier_d96d7ae119a80bab212290171a5078c7_2384172.jpg","chemin":"..\/medias\/images\/prestations\/_ws-photos_FRANCE_risoul_residences_residence-cesier_d96d7ae119a80bab212290171a5078c7_2384172.jpg","libelle":"_ws-photos_FRANCE_risoul_residences_residence-cesier_d96d7ae119a80bab212290171a5078c7_2384172","extension":"jpg","categorie":"","largeur":800,"theme":"","hauteur":480,"type":"Image","origine":"","liaisonPave":"","langue":"","id":"2384172","urlVignette":"https:\/\/www.risoul.com\/medias\/images\/prestations\/v-_ws-photos_FRANCE_risoul_residences_residence-cesier_d96d7ae119a80bab212290171a5078c7_2384172.jpg","alt":"_ws-photos_FRANCE_risoul_residences_residence-cesier_d96d7ae119a80bab212290171a5078c7_2384172","title":"_ws-photos_FRANCE_risoul_residences_residence-cesier_d96d7ae119a80bab212290171a5078c7_2384172","MultiTaille":{"1920x1440":{"url":"https:\/\/www.risoul.com\/medias\/images\/prestations\/multitailles\/1920x1440__ws-photos_FRANCE_risoul_residences_residence-cesier_d96d7ae119a80bab212290171a5078c7_2384172.jpg"},"1200x900":{"url":"https:\/\/www.risoul.com\/medias\/images\/prestations\/multitailles\/1200x900__ws-photos_FRANCE_risoul_residences_residence-cesier_d96d7ae119a80bab212290171a5078c7_2384172.jpg"},"800x600":{"url":"https:\/\/www.risoul.com\/medias\/images\/prestations\/multitailles\/800x600__ws-photos_FRANCE_risoul_residences_residence-cesier_d96d7ae119a80bab212290171a5078c7_2384172.jpg"},"640x480":{"url":"https:\/\/www.risoul.com\/medias\/images\/prestations\/multitailles\/640x480__ws-photos_FRANCE_risoul_residences_residence-cesier_d96d7ae119a80bab212290171a5078c7_2384172.jpg"},"320x240":{"url":"https:\/\/www.risoul.com\/medias\/images\/prestations\/multitailles\/320x240__ws-photos_FRANCE_risoul_residences_residence-cesier_d96d7ae119a80bab212290171a5078c7_2384172.jpg"},"160x120":{"url":"https:\/\/www.risoul.com\/medias\/images\/prestations\/multitailles\/160x120__ws-photos_FRANCE_risoul_residences_residence-cesier_d96d7ae119a80bab212290171a5078c7_2384172.jpg"},"origine":{"url":"https:\/\/www.risoul.com\/medias\/images\/prestations\/_ws-photos_FRANCE_risoul_residences_residence-cesier_d96d7ae119a80bab212290171a5078c7_2384172.jpg"}},"urlLien":"","typeLien":"","nofollow":"N","copyright":""},{"url":"https:\/\/www.risoul.com\/medias\/images\/prestations\/_ws-photos_FRANCE_risoul_residences_residence-cesier_423759c6e3473e467b6fbe13e4804556_2384173.jpg","chemin":"..\/medias\/images\/prestations\/_ws-photos_FRANCE_risoul_residences_residence-cesier_423759c6e3473e467b6fbe13e4804556_2384173.jpg","libelle":"_ws-photos_FRANCE_risoul_residences_residence-cesier_423759c6e3473e467b6fbe13e4804556_2384173","extension":"jpg","categorie":"","largeur":800,"theme":"","hauteur":480,"type":"Image","origine":"","liaisonPave":"","langue":"","id":"2384173","urlVignette":"https:\/\/www.risoul.com\/medias\/images\/prestations\/v-_ws-photos_FRANCE_risoul_residences_residence-cesier_423759c6e3473e467b6fbe13e4804556_2384173.jpg","alt":"_ws-photos_FRANCE_risoul_residences_residence-cesier_423759c6e3473e467b6fbe13e4804556_2384173","title":"_ws-photos_FRANCE_risoul_residences_residence-cesier_423759c6e3473e467b6fbe13e4804556_2384173","MultiTaille":{"1920x1440":{"url":"https:\/\/www.risoul.com\/medias\/images\/prestations\/multitailles\/1920x1440__ws-photos_FRANCE_risoul_residences_residence-cesier_423759c6e3473e467b6fbe13e4804556_2384173.jpg"},"1200x900":{"url":"https:\/\/www.risoul.com\/medias\/images\/prestations\/multitailles\/1200x900__ws-photos_FRANCE_risoul_residences_residence-cesier_423759c6e3473e467b6fbe13e4804556_2384173.jpg"},"800x600":{"url":"https:\/\/www.risoul.com\/medias\/images\/prestations\/multitailles\/800x600__ws-photos_FRANCE_risoul_residences_residence-cesier_423759c6e3473e467b6fbe13e4804556_2384173.jpg"},"640x480":{"url":"https:\/\/www.risoul.com\/medias\/images\/prestations\/multitailles\/640x480__ws-photos_FRANCE_risoul_residences_residence-cesier_423759c6e3473e467b6fbe13e4804556_2384173.jpg"},"320x240":{"url":"https:\/\/www.risoul.com\/medias\/images\/prestations\/multitailles\/320x240__ws-photos_FRANCE_risoul_residences_residence-cesier_423759c6e3473e467b6fbe13e4804556_2384173.jpg"},"160x120":{"url":"https:\/\/www.risoul.com\/medias\/images\/prestations\/multitailles\/160x120__ws-photos_FRANCE_risoul_residences_residence-cesier_423759c6e3473e467b6fbe13e4804556_2384173.jpg"},"origine":{"url":"https:\/\/www.risoul.com\/medias\/images\/prestations\/_ws-photos_FRANCE_risoul_residences_residence-cesier_423759c6e3473e467b6fbe13e4804556_2384173.jpg"}},"urlLien":"","typeLien":"","nofollow":"N","copyright":""},{"url":"https:\/\/www.risoul.com\/medias\/images\/prestations\/_ws-photos_FRANCE_risoul_residences_residence-cesier_6c4218f5b134fe0b1eaa0a5292dc08eb_2384174.jpg","chemin":"..\/medias\/images\/prestations\/_ws-photos_FRANCE_risoul_residences_residence-cesier_6c4218f5b134fe0b1eaa0a5292dc08eb_2384174.jpg","libelle":"_ws-photos_FRANCE_risoul_residences_residence-cesier_6c4218f5b134fe0b1eaa0a5292dc08eb_2384174","extension":"jpg","categorie":"","largeur":800,"theme":"","hauteur":480,"type":"Image","origine":"","liaisonPave":"","langue":"","id":"2384174","urlVignette":"https:\/\/www.risoul.com\/medias\/images\/prestations\/v-_ws-photos_FRANCE_risoul_residences_residence-cesier_6c4218f5b134fe0b1eaa0a5292dc08eb_2384174.jpg","alt":"_ws-photos_FRANCE_risoul_residences_residence-cesier_6c4218f5b134fe0b1eaa0a5292dc08eb_2384174","title":"_ws-photos_FRANCE_risoul_residences_residence-cesier_6c4218f5b134fe0b1eaa0a5292dc08eb_2384174","MultiTaille":{"1920x1440":{"url":"https:\/\/www.risoul.com\/medias\/images\/prestations\/multitailles\/1920x1440__ws-photos_FRANCE_risoul_residences_residence-cesier_6c4218f5b134fe0b1eaa0a5292dc08eb_2384174.jpg"},"1200x900":{"url":"https:\/\/www.risoul.com\/medias\/images\/prestations\/multitailles\/1200x900__ws-photos_FRANCE_risoul_residences_residence-cesier_6c4218f5b134fe0b1eaa0a5292dc08eb_2384174.jpg"},"800x600":{"url":"https:\/\/www.risoul.com\/medias\/images\/prestations\/multitailles\/800x600__ws-photos_FRANCE_risoul_residences_residence-cesier_6c4218f5b134fe0b1eaa0a5292dc08eb_2384174.jpg"},"640x480":{"url":"https:\/\/www.risoul.com\/medias\/images\/prestations\/multitailles\/640x480__ws-photos_FRANCE_risoul_residences_residence-cesier_6c4218f5b134fe0b1eaa0a5292dc08eb_2384174.jpg"},"320x240":{"url":"https:\/\/www.risoul.com\/medias\/images\/prestations\/multitailles\/320x240__ws-photos_FRANCE_risoul_residences_residence-cesier_6c4218f5b134fe0b1eaa0a5292dc08eb_2384174.jpg"},"160x120":{"url":"https:\/\/www.risoul.com\/medias\/images\/prestations\/multitailles\/160x120__ws-photos_FRANCE_risoul_residences_residence-cesier_6c4218f5b134fe0b1eaa0a5292dc08eb_2384174.jpg"},"origine":{"url":"https:\/\/www.risoul.com\/medias\/images\/prestations\/_ws-photos_FRANCE_risoul_residences_residence-cesier_6c4218f5b134fe0b1eaa0a5292dc08eb_2384174.jpg"}},"urlLien":"","typeLien":"","nofollow":"N","copyright":""},{"url":"https:\/\/www.risoul.com\/medias\/images\/prestations\/_ws-photos_FRANCE_risoul_residences_residence-cesier_ed2074a07a9ee8561c66bd4092574894_2384175.jpg","chemin":"..\/medias\/images\/prestations\/_ws-photos_FRANCE_risoul_residences_residence-cesier_ed2074a07a9ee8561c66bd4092574894_2384175.jpg","libelle":"_ws-photos_FRANCE_risoul_residences_residence-cesier_ed2074a07a9ee8561c66bd4092574894_2384175","extension":"jpg","categorie":"","largeur":800,"theme":"","hauteur":480,"type":"Image","origine":"","liaisonPave":"","langue":"","id":"2384175","urlVignette":"https:\/\/www.risoul.com\/medias\/images\/prestations\/v-_ws-photos_FRANCE_risoul_residences_residence-cesier_ed2074a07a9ee8561c66bd4092574894_2384175.jpg","alt":"_ws-photos_FRANCE_risoul_residences_residence-cesier_ed2074a07a9ee8561c66bd4092574894_2384175","title":"_ws-photos_FRANCE_risoul_residences_residence-cesier_ed2074a07a9ee8561c66bd4092574894_2384175","MultiTaille":{"1920x1440":{"url":"https:\/\/www.risoul.com\/medias\/images\/prestations\/multitailles\/1920x1440__ws-photos_FRANCE_risoul_residences_residence-cesier_ed2074a07a9ee8561c66bd4092574894_2384175.jpg"},"1200x900":{"url":"https:\/\/www.risoul.com\/medias\/images\/prestations\/multitailles\/1200x900__ws-photos_FRANCE_risoul_residences_residence-cesier_ed2074a07a9ee8561c66bd4092574894_2384175.jpg"},"800x600":{"url":"https:\/\/www.risoul.com\/medias\/images\/prestations\/multitailles\/800x600__ws-photos_FRANCE_risoul_residences_residence-cesier_ed2074a07a9ee8561c66bd4092574894_2384175.jpg"},"640x480":{"url":"https:\/\/www.risoul.com\/medias\/images\/prestations\/multitailles\/640x480__ws-photos_FRANCE_risoul_residences_residence-cesier_ed2074a07a9ee8561c66bd4092574894_2384175.jpg"},"320x240":{"url":"https:\/\/www.risoul.com\/medias\/images\/prestations\/multitailles\/320x240__ws-photos_FRANCE_risoul_residences_residence-cesier_ed2074a07a9ee8561c66bd4092574894_2384175.jpg"},"160x120":{"url":"https:\/\/www.risoul.com\/medias\/images\/prestations\/multitailles\/160x120__ws-photos_FRANCE_risoul_residences_residence-cesier_ed2074a07a9ee8561c66bd4092574894_2384175.jpg"},"origine":{"url":"https:\/\/www.risoul.com\/medias\/images\/prestations\/_ws-photos_FRANCE_risoul_residences_residence-cesier_ed2074a07a9ee8561c66bd4092574894_2384175.jpg"}},"urlLien":"","typeLien":"","nofollow":"N","copyright":""},{"url":"https:\/\/www.risoul.com\/medias\/images\/prestations\/_ws-photos_FRANCE_risoul_residences_residence-cesier_8cb4c68106eac376c397a5148c293f8f_2384176.jpg","chemin":"..\/medias\/images\/prestations\/_ws-photos_FRANCE_risoul_residences_residence-cesier_8cb4c68106eac376c397a5148c293f8f_2384176.jpg","libelle":"_ws-photos_FRANCE_risoul_residences_residence-cesier_8cb4c68106eac376c397a5148c293f8f_2384176","extension":"jpg","categorie":"","largeur":800,"theme":"","hauteur":480,"type":"Image","origine":"","liaisonPave":"","langue":"","id":"2384176","urlVignette":"https:\/\/www.risoul.com\/medias\/images\/prestations\/v-_ws-photos_FRANCE_risoul_residences_residence-cesier_8cb4c68106eac376c397a5148c293f8f_2384176.jpg","alt":"_ws-photos_FRANCE_risoul_residences_residence-cesier_8cb4c68106eac376c397a5148c293f8f_2384176","title":"_ws-photos_FRANCE_risoul_residences_residence-cesier_8cb4c68106eac376c397a5148c293f8f_2384176","MultiTaille":{"1920x1440":{"url":"https:\/\/www.risoul.com\/medias\/images\/prestations\/multitailles\/1920x1440__ws-photos_FRANCE_risoul_residences_residence-cesier_8cb4c68106eac376c397a5148c293f8f_2384176.jpg"},"1200x900":{"url":"https:\/\/www.risoul.com\/medias\/images\/prestations\/multitailles\/1200x900__ws-photos_FRANCE_risoul_residences_residence-cesier_8cb4c68106eac376c397a5148c293f8f_2384176.jpg"},"800x600":{"url":"https:\/\/www.risoul.com\/medias\/images\/prestations\/multitailles\/800x600__ws-photos_FRANCE_risoul_residences_residence-cesier_8cb4c68106eac376c397a5148c293f8f_2384176.jpg"},"640x480":{"url":"https:\/\/www.risoul.com\/medias\/images\/prestations\/multitailles\/640x480__ws-photos_FRANCE_risoul_residences_residence-cesier_8cb4c68106eac376c397a5148c293f8f_2384176.jpg"},"320x240":{"url":"https:\/\/www.risoul.com\/medias\/images\/prestations\/multitailles\/320x240__ws-photos_FRANCE_risoul_residences_residence-cesier_8cb4c68106eac376c397a5148c293f8f_2384176.jpg"},"160x120":{"url":"https:\/\/www.risoul.com\/medias\/images\/prestations\/multitailles\/160x120__ws-photos_FRANCE_risoul_residences_residence-cesier_8cb4c68106eac376c397a5148c293f8f_2384176.jpg"},"origine":{"url":"https:\/\/www.risoul.com\/medias\/images\/prestations\/_ws-photos_FRANCE_risoul_residences_residence-cesier_8cb4c68106eac376c397a5148c293f8f_2384176.jpg"}},"urlLien":"","typeLien":"","nofollow":"N","copyright":""},{"url":"https:\/\/www.risoul.com\/medias\/images\/prestations\/_ws-photos_FRANCE_risoul_residences_residence-cesier_e9ce381cfe227cb000a80e6db72ed67d_2384177.jpg","chemin":"..\/medias\/images\/prestations\/_ws-photos_FRANCE_risoul_residences_residence-cesier_e9ce381cfe227cb000a80e6db72ed67d_2384177.jpg","libelle":"_ws-photos_FRANCE_risoul_residences_residence-cesier_e9ce381cfe227cb000a80e6db72ed67d_2384177","extension":"jpg","categorie":"","largeur":800,"theme":"","hauteur":480,"type":"Image","origine":"","liaisonPave":"","langue":"","id":"2384177","urlVignette":"https:\/\/www.risoul.com\/medias\/images\/prestations\/v-_ws-photos_FRANCE_risoul_residences_residence-cesier_e9ce381cfe227cb000a80e6db72ed67d_2384177.jpg","alt":"_ws-photos_FRANCE_risoul_residences_residence-cesier_e9ce381cfe227cb000a80e6db72ed67d_2384177","title":"_ws-photos_FRANCE_risoul_residences_residence-cesier_e9ce381cfe227cb000a80e6db72ed67d_2384177","MultiTaille":{"1920x1440":{"url":"https:\/\/www.risoul.com\/medias\/images\/prestations\/multitailles\/1920x1440__ws-photos_FRANCE_risoul_residences_residence-cesier_e9ce381cfe227cb000a80e6db72ed67d_2384177.jpg"},"1200x900":{"url":"https:\/\/www.risoul.com\/medias\/images\/prestations\/multitailles\/1200x900__ws-photos_FRANCE_risoul_residences_residence-cesier_e9ce381cfe227cb000a80e6db72ed67d_2384177.jpg"},"800x600":{"url":"https:\/\/www.risoul.com\/medias\/images\/prestations\/multitailles\/800x600__ws-photos_FRANCE_risoul_residences_residence-cesier_e9ce381cfe227cb000a80e6db72ed67d_2384177.jpg"},"640x480":{"url":"https:\/\/www.risoul.com\/medias\/images\/prestations\/multitailles\/640x480__ws-photos_FRANCE_risoul_residences_residence-cesier_e9ce381cfe227cb000a80e6db72ed67d_2384177.jpg"},"320x240":{"url":"https:\/\/www.risoul.com\/medias\/images\/prestations\/multitailles\/320x240__ws-photos_FRANCE_risoul_residences_residence-cesier_e9ce381cfe227cb000a80e6db72ed67d_2384177.jpg"},"160x120":{"url":"https:\/\/www.risoul.com\/medias\/images\/prestations\/multitailles\/160x120__ws-photos_FRANCE_risoul_residences_residence-cesier_e9ce381cfe227cb000a80e6db72ed67d_2384177.jpg"},"origine":{"url":"https:\/\/www.risoul.com\/medias\/images\/prestations\/_ws-photos_FRANCE_risoul_residences_residence-cesier_e9ce381cfe227cb000a80e6db72ed67d_2384177.jpg"}},"urlLien":"","typeLien":"","nofollow":"N","copyright":""}]}},"DateDebPublication":"","DateFinPublication":"","PrixAPartirDe":"","PrixPour":"","FicheListeEnCours":"","ParametresModele":{"AfficherPhotos":1,"NbPhotosMax":6,"AfficherReserver":0,"AfficherContact":0,"AfficherSalle":1,"AfficherZoneGeo":0,"AfficherEnSavoirPlus":1,"AfficherUneSeuleOuverture":0,"AfficherContactCarte":1,"AfficherTarifsChaudAPartirDe":0,"AfficherTarifChaudSansRecherche":0,"AfficherTypeCarte":["GOOGLE_MAPS"],"ComportementResa":false,"ComportementDispo":false},"AffichageCoordonnees":[],"Coordonnees":{"Ville":"Risoul"},"ContexteId":"PRESTATION|G|5614438|1596971","ContexteIdHtml":"PRESTATION-G-5614438-1596971","cleContexte":"G|5614438|1596971","Bloc":{"texte1":"","texte3":"","critere1":{"libelle":"","contenu":[]},"critere2":{"libelle":"","contenu":[]},"critere3":{"libelle":"","contenu":[]},"critere4":{"libelle":"","contenu":[]},"critere5":{"libelle":"","contenu":[]},"critere6":{"libelle":"","contenu":[]},"critere7":{"libelle":"","contenu":[]},"critere8":{"libelle":"","contenu":[]},"critere9":{"libelle":"","contenu":[]}},"LocalisationGps":{"Latitude":"44.62148200","Longitude":"6.63450400"},"libelleDuPrestataire":"","vuePrestataire":{"pave1":{"libelle":"Descriptif","contenu":"TRANSACTION &ndash; LOCATION\u003Cbr \/\u003E\r\nGESTION &ndash; SYNDIC\u003Cbr \/\u003E\r\nLOCATION VACANCES &amp; CONCIERGERIE\u003Cbr \/\u003E\r\nREMISE DES CL&Eacute;S &amp; &Eacute;TATS DES LIEUX\u003Cbr \/\u003E\r\nM&Eacute;NAGE -BLANCHISSERIE &amp; SERVICES"},"pave2":{"libelle":"Notes Internes","contenu":""},"pave3":{"libelle":"Remise des cl\u00e9s","contenu":"\u003Cdiv data-ogsc=\"black\" data-olk-copy-source=\"MessageBody\" style=\"border: 0px; font-variant-numeric: inherit; font-variant-east-asian: inherit; font-variant-alternates: inherit; font-variant-position: inherit; font-variant-emoji: inherit; font-stretch: inherit; font-size: 11pt; line-height: inherit; font-family: Aptos, Aptos_EmbeddedFont, Aptos_MSFontService, Calibri, Helvetica, sans-serif; font-optical-sizing: inherit; font-size-adjust: inherit; font-kerning: inherit; font-feature-settings: inherit; font-variation-settings: inherit; margin: 0px; padding: 0px; vertical-align: baseline; color: black !important;\"\u003E\u003Cu\u003E\u003Cstrong\u003ERemise des cl&eacute;s:\u003C\/strong\u003E\u003C\/u\u003E\u003Cbr \/\u003E\r\nNotre partenaire conciergerie Les Cl&eacute;s de Risoul vous remettra les clefs.\u003Cbr \/\u003E\r\n06 51 65 91 13 -&nbsp;\u003Cspan data-ogsc=\"rgb(18, 100, 163)\" style=\"border: 0px; font: inherit; margin: 0px; padding: 0px; vertical-align: baseline; color: rgb(18, 100, 163) !important;\"\u003E\u003Ca data-linkindex=\"0\" data-ogsc=\"rgb(18, 100, 163)\" data-sk=\"tooltip_parent\" data-stringify-link=\"mailto:lesclesderisoul@gmail.com\" href=\"mailto:lesclesderisoul@gmail.com\" id=\"OWA4ee49846-319c-22a3-7e74-ca3b986d0bc3\" rel=\"noopener noreferrer\" style=\"border: 0px; font: inherit; margin: 0px; padding: 0px; vertical-align: baseline; color: rgb(18, 100, 163) !important;\" title=\"mailto:lesclesderisoul@gmail.com\"\u003Elesclesderisoul@gmail.com\u003C\/a\u003E\u003C\/span\u003E\u003Cbr \/\u003E\r\nPendant votre s&eacute;jour, pour toute demande ou en cas d&rsquo;urgence, vous pouvez joindre la conciergerie au : 06 51 65 91 13\u003Cbr \/\u003E\r\nSi vous arrivez en dehors des horaires, une bo&icirc;te &agrave; code sera &agrave; votre disposition.\u003C\/div\u003E\r\n\r\n\u003Cdiv data-ogsc=\"black\" style=\"border: 0px; font-variant-numeric: inherit; font-variant-east-asian: inherit; font-variant-alternates: inherit; font-variant-position: inherit; font-variant-emoji: inherit; font-stretch: inherit; font-size: 11pt; line-height: inherit; font-family: Aptos, Aptos_EmbeddedFont, Aptos_MSFontService, Calibri, Helvetica, sans-serif; font-optical-sizing: inherit; font-size-adjust: inherit; font-kerning: inherit; font-feature-settings: inherit; font-variation-settings: inherit; margin: 0px; padding: 0px; vertical-align: baseline; color: black !important;\"\u003E&nbsp;\u003C\/div\u003E\r\n\r\n\u003Cdiv data-ogsc=\"black\" style=\"border: 0px; font-variant-numeric: inherit; font-variant-east-asian: inherit; font-variant-alternates: inherit; font-variant-position: inherit; font-variant-emoji: inherit; font-stretch: inherit; font-size: 11pt; line-height: inherit; font-family: Aptos, Aptos_EmbeddedFont, Aptos_MSFontService, Calibri, Helvetica, sans-serif; font-optical-sizing: inherit; font-size-adjust: inherit; font-kerning: inherit; font-feature-settings: inherit; font-variation-settings: inherit; margin: 0px; padding: 0px; vertical-align: baseline; color: black !important;\"\u003E\u003Cspan data-ogsc=\"\" style=\"border: 0px; font-style: inherit; font-variant: inherit; font-weight: 700; font-stretch: inherit; font-size: inherit; line-height: inherit; font-family: inherit; font-optical-sizing: inherit; font-size-adjust: inherit; font-kerning: inherit; font-feature-settings: inherit; font-variation-settings: inherit; margin: 0px; padding: 0px; vertical-align: baseline; color: inherit;\"\u003EHoraire de remise des clefs :\u003C\/span\u003E\u003C\/div\u003E\r\n\r\n\u003Cdiv data-ogsc=\"black\" style=\"border: 0px; font-variant-numeric: inherit; font-variant-east-asian: inherit; font-variant-alternates: inherit; font-variant-position: inherit; font-variant-emoji: inherit; font-stretch: inherit; font-size: 11pt; line-height: inherit; font-family: Aptos, Aptos_EmbeddedFont, Aptos_MSFontService, Calibri, Helvetica, sans-serif; font-optical-sizing: inherit; font-size-adjust: inherit; font-kerning: inherit; font-feature-settings: inherit; font-variation-settings: inherit; margin: 0px; padding: 0px; vertical-align: baseline; color: black !important;\"\u003EArriv&eacute;es : entre 16h00 et 19h00 (18h en &eacute;t&eacute;)\u003Cbr \/\u003E\r\nD&eacute;parts : avant 10h\u003Cbr \/\u003E\r\nEn cas d&#39;arriv&eacute;e tardive, vous r&eacute;cup&eacute;rez les clefs dans une boite &agrave; cl&eacute; s&eacute;curis&eacute;e.\u003C\/div\u003E\r\n\r\n\u003Cdiv data-ogsc=\"black\" style=\"border: 0px; font-variant-numeric: inherit; font-variant-east-asian: inherit; font-variant-alternates: inherit; font-variant-position: inherit; font-variant-emoji: inherit; font-stretch: inherit; font-size: 11pt; line-height: inherit; font-family: Aptos, Aptos_EmbeddedFont, Aptos_MSFontService, Calibri, Helvetica, sans-serif; font-optical-sizing: inherit; font-size-adjust: inherit; font-kerning: inherit; font-feature-settings: inherit; font-variation-settings: inherit; margin: 0px; padding: 0px; vertical-align: baseline; color: black !important;\"\u003E&nbsp;\u003C\/div\u003E\r\n\r\n\u003Cdiv data-ogsc=\"black\" style=\"border: 0px; font-variant-numeric: inherit; font-variant-east-asian: inherit; font-variant-alternates: inherit; font-variant-position: inherit; font-variant-emoji: inherit; font-stretch: inherit; font-size: 11pt; line-height: inherit; font-family: Aptos, Aptos_EmbeddedFont, Aptos_MSFontService, Calibri, Helvetica, sans-serif; font-optical-sizing: inherit; font-size-adjust: inherit; font-kerning: inherit; font-feature-settings: inherit; font-variation-settings: inherit; margin: 0px; padding: 0px; vertical-align: baseline; color: black !important;\"\u003E\u003Cspan data-ogsc=\"\" style=\"border: 0px; font-style: inherit; font-variant: inherit; font-weight: 700; font-stretch: inherit; font-size: inherit; line-height: inherit; font-family: inherit; font-optical-sizing: inherit; font-size-adjust: inherit; font-kerning: inherit; font-feature-settings: inherit; font-variation-settings: inherit; margin: 0px; padding: 0px; vertical-align: baseline; color: inherit;\"\u003EServices inclus dans la location :\u003C\/span\u003E\u003Cbr \/\u003E\r\n- Kit entretien (1 &eacute;ponge, 1 lavette, 1 flacon de produit multi-usages, 1 flacon de produit liquide vaisselle main, 1 tablette lave-vaisselle et 1 torchon : peut varier selon les r&eacute;sidences).\u003C\/div\u003E\r\n\r\n\u003Cdiv data-ogsc=\"black\" style=\"border: 0px; font-variant-numeric: inherit; font-variant-east-asian: inherit; font-variant-alternates: inherit; font-variant-position: inherit; font-variant-emoji: inherit; font-stretch: inherit; font-size: 11pt; line-height: inherit; font-family: Aptos, Aptos_EmbeddedFont, Aptos_MSFontService, Calibri, Helvetica, sans-serif; font-optical-sizing: inherit; font-size-adjust: inherit; font-kerning: inherit; font-feature-settings: inherit; font-variation-settings: inherit; margin: 0px; padding: 0px; vertical-align: baseline; color: black !important;\"\u003E\u003Cspan data-ogsc=\"\" style=\"border: 0px; font-style: inherit; font-variant: inherit; font-weight: 700; font-stretch: inherit; font-size: inherit; line-height: inherit; font-family: inherit; font-optical-sizing: inherit; font-size-adjust: inherit; font-kerning: inherit; font-feature-settings: inherit; font-variation-settings: inherit; margin: 0px; padding: 0px; vertical-align: baseline; color: inherit;\"\u003EServices en suppl&eacute;ment :\u003C\/span\u003E\u003Cbr \/\u003E\r\n- M&eacute;nage : En suppl&eacute;ment. A r&eacute;aliser obligatoirement en fin de s&eacute;jour, soit par le client soit en payant la prestation lors de la r&eacute;servation, au pr&eacute;check-in.\u003Cbr \/\u003E\r\n- Linge de lit sur demande, en suppl&eacute;ment\u003C\/div\u003E\r\n"},"pave4":{"libelle":"Lien photo","contenu":""},"pave5":{"libelle":"Descriptif d\u00e9taill\u00e9","contenu":""},"pave6":{"libelle":"Bons plans","contenu":""},"pave7":{"libelle":"Compl\u00e9ment localisation","contenu":""},"pave8":{"libelle":"Compl\u00e9ment accueil","contenu":""},"pave9":{"libelle":"P\u00e9riode(s) d'ouverture","contenu":""},"pave10":{"libelle":"Tarifs en clair","contenu":""},"pave11":{"libelle":"Compl\u00e9ment Tarifs","contenu":""},"pave12":{"libelle":"Compl\u00e9ment R\u00e9servation","contenu":""},"pave13":{"libelle":"Descriptif court","contenu":""},"pave14":{"libelle":"Descriptif court","contenu":""},"pave15":{"libelle":"Descriptif d\u00e9taill\u00e9","contenu":""},"pave16":{"libelle":"Descriptif d\u00e9taill\u00e9","contenu":""},"pave17":{"libelle":"Compl\u00e9ment localisation","contenu":""},"pave18":{"libelle":"Compl\u00e9ment localisation","contenu":""},"pave19":{"libelle":"P\u00e9riode(s) d'ouverture","contenu":""},"pave20":{"libelle":"P\u00e9riode(s) d'ouverture","contenu":""},"pave21":{"libelle":"Tarifs en clair","contenu":""},"pave22":{"libelle":"Tarifs en clair","contenu":""},"pave23":{"libelle":"Compl\u00e9ment Tarifs","contenu":""},"pave24":{"libelle":"Compl\u00e9ment Tarifs","contenu":""},"pave25":{"libelle":"","contenu":""},"ContactsParType":{"GEST":{"17561":{"id_contact":"17561","type_contact":"GEST","categorie_contact":"PRESTATAIRE","societe_contact":"","fonction_contact":"","civilite_nom_prenom_contact":"Boost Your Immo ","adresse1_contact":"Immeuble Le C\u00e9sier","adresse2_contact":"","adresse3_contact":"","cpostal_contact":"05600","ville_contact":"Risoul","teldom_contact":"04 94 62 02 06","telbur_contact":"","fax_contact":"","portable_contact":"","email_contact":"contact@boostyourimmo.com","siteweb_contact":"https:\/\/www.boostyourimmo.com","commentaire_contact":"","langue_contact":"","autre_moyen_com":[]}}},"ZoneGeoLibelle":"Risoul Station","Libelle":"MAEVA HOME","Nom":"MAEVA HOME","Prenom":"","NomPrenom":"MAEVA HOME ","CiviliteNomPrenom":"MAEVA HOME ","Cle":"G|5614438","PrestataireParent":"","ContexteStat":"PRESTATAIRE-G-5614438","DateModificationIso":"2026-03-17T11:01:00+01:00","Type":"PRESTATAIRE","TypePrestataire":"G","Adresse":{"LigneAdresse1":"165 CHEMIN DES NEGADOUX","LigneAdresse2":"","LigneAdresse3":"","CodePostal":"83140","Ville":"SIX FOURS LES PLAGES","Cedex":"","Etat":"","Pays":"FRA"},"Email":"vacances@boostyourimmo.com","Telephone":"04.83.73.96.34","TelephoneBureau":"04.94.27.81.97","Portable":"","SiteWeb":"https:\/\/www.boostyourimmo.com","Fax":"","Id":"g-5614438","Code":"G|5614438","Fichier":[],"Url":"","Localisation":{"GoogleMap":{"Latitude":"","Longitude":""},"PlanStation":{"idPlan":"7","nomPlan":"Plan Station 2023","carte":"\/plan\/plan_station_2020[HIVER_FR[.jpg","PositionAbs":"795","PositionOrd":"362"}},"ZoneGeo":"FRPAHARISTATT","Criteres":{"LANGUE_PARLEE[ANGLAIS":"","GRESAAGENCE[RISOULRESA":"","LANGUE_PARLEE[ESPAGNOL":"","ADHERENT[OUI":"","ORDRE[1POS":"","TYPE_AGENCE[MONTAGNE":"","GRESAAGENCE[GOUI":"","LANGUE_PARLEE[FRANAIS":""},"DateFinPublication":"","AffichageCoordonnees":[]},"listeCriteres":{"PASSERELLE":{"MAEVA":""},"GTYPRE":{"GAPPTR":""},"GTYPAP":{"GSTUDI":""},"GRESID":{"CESIER":""},"GASCEN":{"GASCEN":""},"GBALCO":{"GBALCO":""},"ZONEGEO":{"FRPAHARISTATT":""},"GDISCE":{"PIEPIS":"","SKIPIE":"","CENTRESTATION":"","GESF":"150","ARRETN":"20","G4ISAH":"150"},"GCUISI":{"GCOINC":""},"GEQUCU":{"GQRIGA":"","GPLAK":"","GFOUR":"","MACHINECAFE":"","GRILLEPAIN":""},"GSEJOU":{"GCV1L":"1"},"GCHAM1":{"MEZZLIT":""},"GSDB1":{"G1DWCI":"1"},"GWC":{"GWCIND":"1"},"GEQLOI":{"WIFIGR":"","G2QLCS":""},"GNOTE1":{"NOFUMEUR":""},"GANIMA":{"GANIMR":""},"DISTANCEPISTES":{"FRONTDENEIGE":"","SKIAUXPIEDS":""},"EQUIPEMENTS":{"WIFI":""},"GPIECES":{"STUDIO":""},"LANGUE_PARLEE":{"ANGLAIS":"","ESPAGNOL":"","FRANAIS":""},"GRESAAGENCE":{"RISOULRESA":"","GOUI":""},"ADHERENT":{"OUI":""},"ORDRE":{"1POS":""},"TYPE_AGENCE":{"MONTAGNE":""}},"dansCarnetVoyage":true,"Ouverture":""},"html":" \n \u003Cdiv id=\"CV-PRESTATION-G-5614438-1596971\" data-contexte-id=\"PRESTATION|G|5614438|1596971\" data-cle=\"G|5614438|1596971\" class=\"fiche-liste\"\u003E\n    \n\n    \u003C!-- partie photo --\u003E\n    \u003Cdiv class=\"photo\"\u003E\t\t\t\t\t\t\t\t\t\t\t\t\t\t\t\t\t\t\t\t\t\n        \u003Cdiv class=\"cadre_photo_principale\"\u003E\t\t\n        \n            \t\t\t\t\t\n                    \u003Ca href=\"?origine=carnet#media\"\u003E\n                        \u003Cimg class=\"photo_principale\" alt=\"_ws-photos_FRANCE_risoul_residences_residence-cesier_35696f1dd3bb638ff12b2e432ac9ae82_2384168\" src=\"https:\/\/www.risoul.com\/medias\/images\/prestations\/multitailles\/320x240__ws-photos_FRANCE_risoul_residences_residence-cesier_35696f1dd3bb638ff12b2e432ac9ae82_2384168.jpg\" itemprop=\"image\"\u003E\n                    \u003C\/a\u003E\t\t\t\t\t\t\n                \n                    \u003C\/div\u003E\t\t\t\t\t\t\t\t\t\t\t\t\t\t\t\t\t\t\t \t\t\n    \u003C\/div\u003E\n    \n    \u003C!-- partie nom prest --\u003E\n    \u003Cdiv class=\"nom\"\u003E\n        \u003Ch2\u003ER\u00e9sidence Cesier  :Appartement de standing en front de neige \u00e0 Risoul\u003C\/h2\u003E\n        \n            \u003C\/div\u003E\n\n         \n    \u003C!-- partie adresse --\u003E\n    \u003Cdiv class=\"adresse\"\u003E\n    \n          \n    \u003C\/div\u003E\n    \n    \u003C!-- partie liens --\u003E\n    \u003Cdiv class=\"liens\"\u003E\n            \u003Ca class=\"btn-icon btn-view \" title=\"Voir la fiche d\u00e9taill\u00e9e\" href=\"?origine=carnet\"\u003E\u003C\/a\u003E\u003C!--\u003Ca class=\"btn-icon btn-view \" title=\"\" href=\"?origine=carnet#thaut\"\u003E\u003C\/a\u003E--\u003E\n      \u003Ca class=\"btn-icon btn-trash carnet_voyage_supprimer\" title=\"Supprimer cette fiche de mon carnet de voyage\" href=\"carnet-voyage?action=remove&fiche=G|5614438|1596971\"\u003E\u003C\/a\u003E\n    \u003C\/div\u003E\n\n\u003C\/div\u003E\n\n","icon":"https:\/\/static.ingenie.fr\/images\/carnetVoyageV3\/G.png"},"fiche":"G|5614438|1596971","popup":"\u003Cdiv id=\"bloc_popup_ajout_fiche_carnet\"\u003E\n    \u003Cdiv class=\"info_popup_ajout_fiche_carnet\"\u003E\n        Vous venez d'ajouter cet \u00e9l\u00e9ment \u00e0 vos favoris :    \u003C\/div\u003E\n    \u003Cdiv class=\"prest_popup_ajout_fiche_carnet\"\u003E\n        R&eacute;sidence Cesier  :Appartement de standing en front de neige &agrave; Risoul    \u003C\/div\u003E\n    \u003Cdiv class=\"bloc_btn_ajout_fiche_carnet form_submit_div\"\u003E\n        \u003Cinput type=\"button\" value=\"Continuer ma s\u00e9lection de favoris\" title=\"Continuer ma s\u00e9lection de favoris\" name=\"btn_close\" class=\"btn_close_popup_carnet form_submit\" onclick=\"$.colorbox.close()\" \/\u003E\n        \u003Cinput type=\"button\" value=\"Voir mes favoris\" title=\"Voir mes favoris\" name=\"btn_panier\" class=\"btn_panier_popup_carnet form_submit\" onclick=\"if(typeof CarnetVoyage != 'undefined') {CarnetVoyage.voirCarnet();}\" \/\u003E\n    \u003C\/div\u003E\n    \u003Cdiv class=\"bloc_btn_ajout_fiche_carnet\"\u003E\n        \u003Cinput type=\"checkbox\" value=\"1\" name=\"desactiver_popup\" id=\"desactiver_popup\" \/\u003E\n        \u003Clabel for=\"desactiver_popup\"\u003ENe plus afficher ce message\u003C\/label\u003E\n    \u003C\/div\u003E\n\u003C\/div\u003E","success":1}