{"nbFiches":1,"dataPrest":{"infoPrest":{"pave1":{"libelle":"Descriptif","contenu":"\u003Cbr\u003E\u003Cbr\u003EBoostez vos vacances \u00e0 la Montagne sur le domaine de la For\u00eat Blanche Vars Risoul avec cet appartement de type T4 tout confort r\u00e9sidence Antares qui comprend piscine et spa (sous r\u00e9serve d'ouverture)\u003Cbr\u003EA 50m des pistes profitez de cet appartement de 60m tout confort avec son balcon donnant sur les montagnes.\u003Cbr\u003E1 chambre avec 4 lits superpos\u00e9s\u003Cbr\u003E2 chambres doubles dont une avec commode et tv\u003Cbr\u003E1 salle de bain\u003Cbr\u003E1 salle d 'eau\u003Cbr\u003E2 WC s\u00e9par\u00e9s\u003Cbr\u003EUn s\u00e9jour salle \u00e0 manger avec un canap\u00e9 lit\u003Cbr\u003ECuisine ouverte enti\u00e8rement \u00e9quip\u00e9e\u003Cbr\u003ELinge de lit et serviettes non fournis, et en suppl\u00e9ment.\u003Cbr\u003ETaxes de s\u00e9jour et caution \u00e0 collecter sur place \u00e0 l'arriv\u00e9e, par Carte Bancaire uniquement\u003Cbr\u003E\u003Cbr\u003E\u003Cbr\u003EPrestations incluses :\u003Cbr\u003EM\u00e9nage de fin de s\u00e9jour\u003Cbr\u003E","fichiers":[]},"pave2":{"libelle":"Descriptif (site web)","contenu":"\u003Cbr\u003E\u003Cbr\u003EBoostez vos vacances \u00e0 la Montagne sur le domaine de la For\u00eat Blanche Vars Risoul avec cet appartement de type T4 tout confort r\u00e9sidence Antares qui comprend piscine et spa (sous r\u00e9serve d'ouverture)\u003Cbr\u003EA 50m des pistes profitez de cet appartement...","fichiers":[]},"pave3":{"libelle":"","contenu":""},"pave4":{"libelle":"","contenu":""},"pave5":{"libelle":"","contenu":""},"pave6":{"libelle":"","contenu":""},"pave7":{"libelle":"","contenu":""},"pave8":{"libelle":"","contenu":""},"pave9":{"libelle":"","contenu":""},"pave10":{"libelle":"","contenu":""},"pave11":{"libelle":"","contenu":""},"pave12":{"libelle":"","contenu":""},"pave13":{"libelle":"","contenu":""},"pave14":{"libelle":"","contenu":""},"pave15":{"libelle":"","contenu":""},"pave16":{"libelle":"","contenu":""},"pave17":{"libelle":"","contenu":""},"pave18":{"libelle":"","contenu":""},"pave19":{"libelle":"","contenu":""},"pave20":{"libelle":"","contenu":""},"pave21":{"libelle":"","contenu":""},"pave22":{"libelle":"","contenu":""},"pave23":{"libelle":"","contenu":""},"pave24":{"libelle":"","contenu":""},"pave25":{"libelle":"","contenu":""},"Libelle":"R\u00e9sidence Antares :Beau T4 \u00e0 Risoul 50m des pistes dans r\u00e9sidence avec piscine et spa","Reference":"","Reftar":"","Type":"PRESTATION","TypePrestataire":"G","ContexteStat":"PRESTATION-G-5614438-1596991","DateModificationIso":"2026-01-12T09:43:00+01:00","Adresse":{"LigneAdresse1":"","LigneAdresse2":"","LigneAdresse3":"","CodePostal":"","Ville":"Risoul","Cedex":"","Etat":"","Pays":"FRA"},"Id":"g-5614438-1596991","Code":"G|5614438|1596991","Cle":"G|5614438|1596991","Url":"","Localisation":{"GoogleMap":{"Latitude":"44.62183500","Longitude":"6.62920600"}},"ZoneGeo":"","Criteres":{"COMMUNE[RISOUL":"","PASSERELLE[MAEVA":"","GTYPRE[GAPPTR":"","GTYPAP[G4PIEC":"","GRESID[ANTAR":"","GASCEN[GASCEN":"","GBALCO[GBALCO":"","ZONEGEO[FRPAHARISTATT":"","GDISCE[DISTCENTRESTATION":"450","GDISCE[G1ISAL":"50","GDISCE[GESF":"250","GDISCE[GSHOP":"50","GDISCE[CRECHEDISTANCE":"450","GDISCE[ARRETN":"10","GDISCE[PROGAR":"250","GDISCE[G4ISAH":"500","GCUISI[GCOINC":"","GEQUCU[GQRIGA":"","GEQUCU[GPLAK":"","GEQUCU[GQAVEV":"","GEQUCU[GFOURO":"","GSEJOU[CANAPLIT":"","GCHAM1[G11L33":"2","GCHAM2[GC1L1P":"1","GCHAM3[G1L2PG":"1","GSDB1[G1BWCI":"1","GSDB1[G1DWCI":"1","GWC[GWCIND":"2","GEQSAN[G0QLLI":"","GEQLOI[TVPLAT":"","GEQLOI[G2QLCS":"","GEQLOI[GEQSAU":"","GEQLOI[GEQPIS":"","GNOTE1[NOFUMEUR":"","GANIMA[GANIMR":"","GCAUT[GCAUT":"1500\u20ac","GPIECES[4PIECES":"","EQUIPEMENTS[PISCINE":"","EQUIPEMENTS[LAVEVAISSELLE":"","EQUIPEMENTS[LINGE":""},"Prestataire":{"pave1":{"libelle":"Descriptif","contenu":"TRANSACTION &ndash; LOCATION\u003Cbr \/\u003E\r\nGESTION &ndash; SYNDIC\u003Cbr \/\u003E\r\nLOCATION VACANCES &amp; CONCIERGERIE\u003Cbr \/\u003E\r\nREMISE DES CL&Eacute;S &amp; &Eacute;TATS DES LIEUX\u003Cbr \/\u003E\r\nM&Eacute;NAGE -BLANCHISSERIE &amp; SERVICES"},"pave2":{"libelle":"Notes Internes","contenu":""},"pave3":{"libelle":"Remise des cl\u00e9s","contenu":"\u003Cdiv data-ogsc=\"black\" data-olk-copy-source=\"MessageBody\" style=\"border: 0px; font-variant-numeric: inherit; font-variant-east-asian: inherit; font-variant-alternates: inherit; font-variant-position: inherit; font-variant-emoji: inherit; font-stretch: inherit; font-size: 11pt; line-height: inherit; font-family: Aptos, Aptos_EmbeddedFont, Aptos_MSFontService, Calibri, Helvetica, sans-serif; font-optical-sizing: inherit; font-size-adjust: inherit; font-kerning: inherit; font-feature-settings: inherit; font-variation-settings: inherit; margin: 0px; padding: 0px; vertical-align: baseline; color: black !important;\"\u003E\u003Cu\u003E\u003Cstrong\u003ERemise des cl&eacute;s:\u003C\/strong\u003E\u003C\/u\u003E\u003Cbr \/\u003E\r\nNotre partenaire conciergerie Les Cl&eacute;s de Risoul vous remettra les clefs.\u003Cbr \/\u003E\r\n06 51 65 91 13 -&nbsp;\u003Cspan data-ogsc=\"rgb(18, 100, 163)\" style=\"border: 0px; font: inherit; margin: 0px; padding: 0px; vertical-align: baseline; color: rgb(18, 100, 163) !important;\"\u003E\u003Ca data-linkindex=\"0\" data-ogsc=\"rgb(18, 100, 163)\" data-sk=\"tooltip_parent\" data-stringify-link=\"mailto:lesclesderisoul@gmail.com\" href=\"mailto:lesclesderisoul@gmail.com\" id=\"OWA4ee49846-319c-22a3-7e74-ca3b986d0bc3\" rel=\"noopener noreferrer\" style=\"border: 0px; font: inherit; margin: 0px; padding: 0px; vertical-align: baseline; color: rgb(18, 100, 163) !important;\" title=\"mailto:lesclesderisoul@gmail.com\"\u003Elesclesderisoul@gmail.com\u003C\/a\u003E\u003C\/span\u003E\u003Cbr \/\u003E\r\nPendant votre s&eacute;jour, pour toute demande ou en cas d&rsquo;urgence, vous pouvez joindre la conciergerie au : 06 51 65 91 13\u003Cbr \/\u003E\r\nSi vous arrivez en dehors des horaires, une bo&icirc;te &agrave; code sera &agrave; votre disposition.\u003C\/div\u003E\r\n\r\n\u003Cdiv data-ogsc=\"black\" style=\"border: 0px; font-variant-numeric: inherit; font-variant-east-asian: inherit; font-variant-alternates: inherit; font-variant-position: inherit; font-variant-emoji: inherit; font-stretch: inherit; font-size: 11pt; line-height: inherit; font-family: Aptos, Aptos_EmbeddedFont, Aptos_MSFontService, Calibri, Helvetica, sans-serif; font-optical-sizing: inherit; font-size-adjust: inherit; font-kerning: inherit; font-feature-settings: inherit; font-variation-settings: inherit; margin: 0px; padding: 0px; vertical-align: baseline; color: black !important;\"\u003E&nbsp;\u003C\/div\u003E\r\n\r\n\u003Cdiv data-ogsc=\"black\" style=\"border: 0px; font-variant-numeric: inherit; font-variant-east-asian: inherit; font-variant-alternates: inherit; font-variant-position: inherit; font-variant-emoji: inherit; font-stretch: inherit; font-size: 11pt; line-height: inherit; font-family: Aptos, Aptos_EmbeddedFont, Aptos_MSFontService, Calibri, Helvetica, sans-serif; font-optical-sizing: inherit; font-size-adjust: inherit; font-kerning: inherit; font-feature-settings: inherit; font-variation-settings: inherit; margin: 0px; padding: 0px; vertical-align: baseline; color: black !important;\"\u003E\u003Cspan data-ogsc=\"\" style=\"border: 0px; font-style: inherit; font-variant: inherit; font-weight: 700; font-stretch: inherit; font-size: inherit; line-height: inherit; font-family: inherit; font-optical-sizing: inherit; font-size-adjust: inherit; font-kerning: inherit; font-feature-settings: inherit; font-variation-settings: inherit; margin: 0px; padding: 0px; vertical-align: baseline; color: inherit;\"\u003EHoraire de remise des clefs :\u003C\/span\u003E\u003C\/div\u003E\r\n\r\n\u003Cdiv data-ogsc=\"black\" style=\"border: 0px; font-variant-numeric: inherit; font-variant-east-asian: inherit; font-variant-alternates: inherit; font-variant-position: inherit; font-variant-emoji: inherit; font-stretch: inherit; font-size: 11pt; line-height: inherit; font-family: Aptos, Aptos_EmbeddedFont, Aptos_MSFontService, Calibri, Helvetica, sans-serif; font-optical-sizing: inherit; font-size-adjust: inherit; font-kerning: inherit; font-feature-settings: inherit; font-variation-settings: inherit; margin: 0px; padding: 0px; vertical-align: baseline; color: black !important;\"\u003EArriv&eacute;es : entre 16h00 et 19h00 (18h en &eacute;t&eacute;)\u003Cbr \/\u003E\r\nD&eacute;parts : avant 10h\u003Cbr \/\u003E\r\nEn cas d&#39;arriv&eacute;e tardive, vous r&eacute;cup&eacute;rez les clefs dans une boite &agrave; cl&eacute; s&eacute;curis&eacute;e.\u003C\/div\u003E\r\n\r\n\u003Cdiv data-ogsc=\"black\" style=\"border: 0px; font-variant-numeric: inherit; font-variant-east-asian: inherit; font-variant-alternates: inherit; font-variant-position: inherit; font-variant-emoji: inherit; font-stretch: inherit; font-size: 11pt; line-height: inherit; font-family: Aptos, Aptos_EmbeddedFont, Aptos_MSFontService, Calibri, Helvetica, sans-serif; font-optical-sizing: inherit; font-size-adjust: inherit; font-kerning: inherit; font-feature-settings: inherit; font-variation-settings: inherit; margin: 0px; padding: 0px; vertical-align: baseline; color: black !important;\"\u003E&nbsp;\u003C\/div\u003E\r\n\r\n\u003Cdiv data-ogsc=\"black\" style=\"border: 0px; font-variant-numeric: inherit; font-variant-east-asian: inherit; font-variant-alternates: inherit; font-variant-position: inherit; font-variant-emoji: inherit; font-stretch: inherit; font-size: 11pt; line-height: inherit; font-family: Aptos, Aptos_EmbeddedFont, Aptos_MSFontService, Calibri, Helvetica, sans-serif; font-optical-sizing: inherit; font-size-adjust: inherit; font-kerning: inherit; font-feature-settings: inherit; font-variation-settings: inherit; margin: 0px; padding: 0px; vertical-align: baseline; color: black !important;\"\u003E\u003Cspan data-ogsc=\"\" style=\"border: 0px; font-style: inherit; font-variant: inherit; font-weight: 700; font-stretch: inherit; font-size: inherit; line-height: inherit; font-family: inherit; font-optical-sizing: inherit; font-size-adjust: inherit; font-kerning: inherit; font-feature-settings: inherit; font-variation-settings: inherit; margin: 0px; padding: 0px; vertical-align: baseline; color: inherit;\"\u003EServices inclus dans la location :\u003C\/span\u003E\u003Cbr \/\u003E\r\n- Kit entretien (1 &eacute;ponge, 1 lavette, 1 flacon de produit multi-usages, 1 flacon de produit liquide vaisselle main, 1 tablette lave-vaisselle et 1 torchon : peut varier selon les r&eacute;sidences).\u003C\/div\u003E\r\n\r\n\u003Cdiv data-ogsc=\"black\" style=\"border: 0px; font-variant-numeric: inherit; font-variant-east-asian: inherit; font-variant-alternates: inherit; font-variant-position: inherit; font-variant-emoji: inherit; font-stretch: inherit; font-size: 11pt; line-height: inherit; font-family: Aptos, Aptos_EmbeddedFont, Aptos_MSFontService, Calibri, Helvetica, sans-serif; font-optical-sizing: inherit; font-size-adjust: inherit; font-kerning: inherit; font-feature-settings: inherit; font-variation-settings: inherit; margin: 0px; padding: 0px; vertical-align: baseline; color: black !important;\"\u003E\u003Cspan data-ogsc=\"\" style=\"border: 0px; font-style: inherit; font-variant: inherit; font-weight: 700; font-stretch: inherit; font-size: inherit; line-height: inherit; font-family: inherit; font-optical-sizing: inherit; font-size-adjust: inherit; font-kerning: inherit; font-feature-settings: inherit; font-variation-settings: inherit; margin: 0px; padding: 0px; vertical-align: baseline; color: inherit;\"\u003EServices en suppl&eacute;ment :\u003C\/span\u003E\u003Cbr \/\u003E\r\n- M&eacute;nage : En suppl&eacute;ment. A r&eacute;aliser obligatoirement en fin de s&eacute;jour, soit par le client soit en payant la prestation lors de la r&eacute;servation, au pr&eacute;check-in.\u003Cbr \/\u003E\r\n- Linge de lit sur demande, en suppl&eacute;ment\u003C\/div\u003E\r\n"},"pave4":{"libelle":"Lien photo","contenu":""},"pave5":{"libelle":"Descriptif d\u00e9taill\u00e9","contenu":""},"pave6":{"libelle":"Bons plans","contenu":""},"pave7":{"libelle":"Compl\u00e9ment localisation","contenu":""},"pave8":{"libelle":"Compl\u00e9ment accueil","contenu":""},"pave9":{"libelle":"P\u00e9riode(s) d'ouverture","contenu":""},"pave10":{"libelle":"Tarifs en clair","contenu":""},"pave11":{"libelle":"Compl\u00e9ment Tarifs","contenu":""},"pave12":{"libelle":"Compl\u00e9ment R\u00e9servation","contenu":""},"pave13":{"libelle":"Descriptif court","contenu":""},"pave14":{"libelle":"Descriptif court","contenu":""},"pave15":{"libelle":"Descriptif d\u00e9taill\u00e9","contenu":""},"pave16":{"libelle":"Descriptif d\u00e9taill\u00e9","contenu":""},"pave17":{"libelle":"Compl\u00e9ment localisation","contenu":""},"pave18":{"libelle":"Compl\u00e9ment localisation","contenu":""},"pave19":{"libelle":"P\u00e9riode(s) d'ouverture","contenu":""},"pave20":{"libelle":"P\u00e9riode(s) d'ouverture","contenu":""},"pave21":{"libelle":"Tarifs en clair","contenu":""},"pave22":{"libelle":"Tarifs en clair","contenu":""},"pave23":{"libelle":"Compl\u00e9ment Tarifs","contenu":""},"pave24":{"libelle":"Compl\u00e9ment Tarifs","contenu":""},"pave25":{"libelle":"","contenu":""},"ContactsParType":{"GEST":{"17561":{"id_contact":"17561","type_contact":"GEST","categorie_contact":"PRESTATAIRE","societe_contact":"","fonction_contact":"","civilite_nom_prenom_contact":"Boost Your Immo ","adresse1_contact":"Immeuble Le C\u00e9sier","adresse2_contact":"","adresse3_contact":"","cpostal_contact":"05600","ville_contact":"Risoul","teldom_contact":"04 94 62 02 06","telbur_contact":"","fax_contact":"","portable_contact":"","email_contact":"contact@boostyourimmo.com","siteweb_contact":"https:\/\/www.boostyourimmo.com","commentaire_contact":"","langue_contact":"","autre_moyen_com":[]}}},"ZoneGeoLibelle":"Risoul Station","Libelle":"MAEVA HOME","Nom":"MAEVA HOME","Prenom":"","NomPrenom":"MAEVA HOME ","CiviliteNomPrenom":"MAEVA HOME ","Cle":"G|5614438","PrestataireParent":"","ContexteStat":"PRESTATAIRE-G-5614438","DateModificationIso":"2026-03-17T11:01:00+01:00","Type":"PRESTATAIRE","TypePrestataire":"G","Adresse":{"LigneAdresse1":"165 CHEMIN DES NEGADOUX","LigneAdresse2":"","LigneAdresse3":"","CodePostal":"83140","Ville":"SIX FOURS LES PLAGES","Cedex":"","Etat":"","Pays":"FRA"},"Email":"vacances@boostyourimmo.com","Telephone":"04.83.73.96.34","TelephoneBureau":"04.94.27.81.97","Portable":"","SiteWeb":"https:\/\/www.boostyourimmo.com","Fax":"","Id":"g-5614438","Code":"G|5614438","Fichier":[],"Url":"","Localisation":{"GoogleMap":{"Latitude":"","Longitude":""},"PlanStation":{"idPlan":"7","nomPlan":"Plan Station 2023","carte":"\/plan\/plan_station_2020[HIVER_FR[.jpg","PositionAbs":"795","PositionOrd":"362"}},"ZoneGeo":"FRPAHARISTATT","Criteres":{"LANGUE_PARLEE[ANGLAIS":"","GRESAAGENCE[RISOULRESA":"","LANGUE_PARLEE[ESPAGNOL":"","ADHERENT[OUI":"","ORDRE[1POS":"","TYPE_AGENCE[MONTAGNE":"","GRESAAGENCE[GOUI":"","LANGUE_PARLEE[FRANAIS":""},"DateFinPublication":""},"Fichier":{"Image":[{"url":"https:\/\/www.risoul.com\/medias\/images\/prestations\/_ws-photos_FRANCE_risoul_residences_residence-antares_747372cd4525818df5312f7ea7a60792_2384178.jpg","chemin":"..\/medias\/images\/prestations\/_ws-photos_FRANCE_risoul_residences_residence-antares_747372cd4525818df5312f7ea7a60792_2384178.jpg","libelle":"_ws-photos_FRANCE_risoul_residences_residence-antares_747372cd4525818df5312f7ea7a60792_2384178","extension":"jpg","categorie":"","largeur":800,"theme":"","hauteur":480,"type":"Image","origine":"","liaisonPave":"","langue":"","id":"2384178","urlVignette":"https:\/\/www.risoul.com\/medias\/images\/prestations\/v-_ws-photos_FRANCE_risoul_residences_residence-antares_747372cd4525818df5312f7ea7a60792_2384178.jpg","alt":"_ws-photos_FRANCE_risoul_residences_residence-antares_747372cd4525818df5312f7ea7a60792_2384178","title":"_ws-photos_FRANCE_risoul_residences_residence-antares_747372cd4525818df5312f7ea7a60792_2384178","MultiTaille":{"1920x1440":{"url":"https:\/\/www.risoul.com\/medias\/images\/prestations\/multitailles\/1920x1440__ws-photos_FRANCE_risoul_residences_residence-antares_747372cd4525818df5312f7ea7a60792_2384178.jpg"},"1200x900":{"url":"https:\/\/www.risoul.com\/medias\/images\/prestations\/multitailles\/1200x900__ws-photos_FRANCE_risoul_residences_residence-antares_747372cd4525818df5312f7ea7a60792_2384178.jpg"},"800x600":{"url":"https:\/\/www.risoul.com\/medias\/images\/prestations\/multitailles\/800x600__ws-photos_FRANCE_risoul_residences_residence-antares_747372cd4525818df5312f7ea7a60792_2384178.jpg"},"640x480":{"url":"https:\/\/www.risoul.com\/medias\/images\/prestations\/multitailles\/640x480__ws-photos_FRANCE_risoul_residences_residence-antares_747372cd4525818df5312f7ea7a60792_2384178.jpg"},"320x240":{"url":"https:\/\/www.risoul.com\/medias\/images\/prestations\/multitailles\/320x240__ws-photos_FRANCE_risoul_residences_residence-antares_747372cd4525818df5312f7ea7a60792_2384178.jpg"},"160x120":{"url":"https:\/\/www.risoul.com\/medias\/images\/prestations\/multitailles\/160x120__ws-photos_FRANCE_risoul_residences_residence-antares_747372cd4525818df5312f7ea7a60792_2384178.jpg"},"origine":{"url":"https:\/\/www.risoul.com\/medias\/images\/prestations\/_ws-photos_FRANCE_risoul_residences_residence-antares_747372cd4525818df5312f7ea7a60792_2384178.jpg"}},"urlLien":"","typeLien":"","nofollow":"N","copyright":""},{"url":"https:\/\/www.risoul.com\/medias\/images\/prestations\/_ws-photos_FRANCE_risoul_residences_residence-antares_5cd04dd63b797a5580b6c68d2e802b4b_2384179.jpg","chemin":"..\/medias\/images\/prestations\/_ws-photos_FRANCE_risoul_residences_residence-antares_5cd04dd63b797a5580b6c68d2e802b4b_2384179.jpg","libelle":"_ws-photos_FRANCE_risoul_residences_residence-antares_5cd04dd63b797a5580b6c68d2e802b4b_2384179","extension":"jpg","categorie":"","largeur":800,"theme":"","hauteur":480,"type":"Image","origine":"","liaisonPave":"","langue":"","id":"2384179","urlVignette":"https:\/\/www.risoul.com\/medias\/images\/prestations\/v-_ws-photos_FRANCE_risoul_residences_residence-antares_5cd04dd63b797a5580b6c68d2e802b4b_2384179.jpg","alt":"_ws-photos_FRANCE_risoul_residences_residence-antares_5cd04dd63b797a5580b6c68d2e802b4b_2384179","title":"_ws-photos_FRANCE_risoul_residences_residence-antares_5cd04dd63b797a5580b6c68d2e802b4b_2384179","MultiTaille":{"1920x1440":{"url":"https:\/\/www.risoul.com\/medias\/images\/prestations\/multitailles\/1920x1440__ws-photos_FRANCE_risoul_residences_residence-antares_5cd04dd63b797a5580b6c68d2e802b4b_2384179.jpg"},"1200x900":{"url":"https:\/\/www.risoul.com\/medias\/images\/prestations\/multitailles\/1200x900__ws-photos_FRANCE_risoul_residences_residence-antares_5cd04dd63b797a5580b6c68d2e802b4b_2384179.jpg"},"800x600":{"url":"https:\/\/www.risoul.com\/medias\/images\/prestations\/multitailles\/800x600__ws-photos_FRANCE_risoul_residences_residence-antares_5cd04dd63b797a5580b6c68d2e802b4b_2384179.jpg"},"640x480":{"url":"https:\/\/www.risoul.com\/medias\/images\/prestations\/multitailles\/640x480__ws-photos_FRANCE_risoul_residences_residence-antares_5cd04dd63b797a5580b6c68d2e802b4b_2384179.jpg"},"320x240":{"url":"https:\/\/www.risoul.com\/medias\/images\/prestations\/multitailles\/320x240__ws-photos_FRANCE_risoul_residences_residence-antares_5cd04dd63b797a5580b6c68d2e802b4b_2384179.jpg"},"160x120":{"url":"https:\/\/www.risoul.com\/medias\/images\/prestations\/multitailles\/160x120__ws-photos_FRANCE_risoul_residences_residence-antares_5cd04dd63b797a5580b6c68d2e802b4b_2384179.jpg"},"origine":{"url":"https:\/\/www.risoul.com\/medias\/images\/prestations\/_ws-photos_FRANCE_risoul_residences_residence-antares_5cd04dd63b797a5580b6c68d2e802b4b_2384179.jpg"}},"urlLien":"","typeLien":"","nofollow":"N","copyright":""},{"url":"https:\/\/www.risoul.com\/medias\/images\/prestations\/_ws-photos_FRANCE_risoul_residences_residence-antares_e92dda624c3e267d5b9b9c9b24eab888_2384180.jpg","chemin":"..\/medias\/images\/prestations\/_ws-photos_FRANCE_risoul_residences_residence-antares_e92dda624c3e267d5b9b9c9b24eab888_2384180.jpg","libelle":"_ws-photos_FRANCE_risoul_residences_residence-antares_e92dda624c3e267d5b9b9c9b24eab888_2384180","extension":"jpg","categorie":"","largeur":800,"theme":"","hauteur":480,"type":"Image","origine":"","liaisonPave":"","langue":"","id":"2384180","urlVignette":"https:\/\/www.risoul.com\/medias\/images\/prestations\/v-_ws-photos_FRANCE_risoul_residences_residence-antares_e92dda624c3e267d5b9b9c9b24eab888_2384180.jpg","alt":"_ws-photos_FRANCE_risoul_residences_residence-antares_e92dda624c3e267d5b9b9c9b24eab888_2384180","title":"_ws-photos_FRANCE_risoul_residences_residence-antares_e92dda624c3e267d5b9b9c9b24eab888_2384180","MultiTaille":{"1920x1440":{"url":"https:\/\/www.risoul.com\/medias\/images\/prestations\/multitailles\/1920x1440__ws-photos_FRANCE_risoul_residences_residence-antares_e92dda624c3e267d5b9b9c9b24eab888_2384180.jpg"},"1200x900":{"url":"https:\/\/www.risoul.com\/medias\/images\/prestations\/multitailles\/1200x900__ws-photos_FRANCE_risoul_residences_residence-antares_e92dda624c3e267d5b9b9c9b24eab888_2384180.jpg"},"800x600":{"url":"https:\/\/www.risoul.com\/medias\/images\/prestations\/multitailles\/800x600__ws-photos_FRANCE_risoul_residences_residence-antares_e92dda624c3e267d5b9b9c9b24eab888_2384180.jpg"},"640x480":{"url":"https:\/\/www.risoul.com\/medias\/images\/prestations\/multitailles\/640x480__ws-photos_FRANCE_risoul_residences_residence-antares_e92dda624c3e267d5b9b9c9b24eab888_2384180.jpg"},"320x240":{"url":"https:\/\/www.risoul.com\/medias\/images\/prestations\/multitailles\/320x240__ws-photos_FRANCE_risoul_residences_residence-antares_e92dda624c3e267d5b9b9c9b24eab888_2384180.jpg"},"160x120":{"url":"https:\/\/www.risoul.com\/medias\/images\/prestations\/multitailles\/160x120__ws-photos_FRANCE_risoul_residences_residence-antares_e92dda624c3e267d5b9b9c9b24eab888_2384180.jpg"},"origine":{"url":"https:\/\/www.risoul.com\/medias\/images\/prestations\/_ws-photos_FRANCE_risoul_residences_residence-antares_e92dda624c3e267d5b9b9c9b24eab888_2384180.jpg"}},"urlLien":"","typeLien":"","nofollow":"N","copyright":""},{"url":"https:\/\/www.risoul.com\/medias\/images\/prestations\/_ws-photos_FRANCE_risoul_residences_residence-antares_b0bf62758cea45c7a67bf7fa8c7802d8_2384181.jpg","chemin":"..\/medias\/images\/prestations\/_ws-photos_FRANCE_risoul_residences_residence-antares_b0bf62758cea45c7a67bf7fa8c7802d8_2384181.jpg","libelle":"_ws-photos_FRANCE_risoul_residences_residence-antares_b0bf62758cea45c7a67bf7fa8c7802d8_2384181","extension":"jpg","categorie":"","largeur":800,"theme":"","hauteur":480,"type":"Image","origine":"","liaisonPave":"","langue":"","id":"2384181","urlVignette":"https:\/\/www.risoul.com\/medias\/images\/prestations\/v-_ws-photos_FRANCE_risoul_residences_residence-antares_b0bf62758cea45c7a67bf7fa8c7802d8_2384181.jpg","alt":"_ws-photos_FRANCE_risoul_residences_residence-antares_b0bf62758cea45c7a67bf7fa8c7802d8_2384181","title":"_ws-photos_FRANCE_risoul_residences_residence-antares_b0bf62758cea45c7a67bf7fa8c7802d8_2384181","MultiTaille":{"1920x1440":{"url":"https:\/\/www.risoul.com\/medias\/images\/prestations\/multitailles\/1920x1440__ws-photos_FRANCE_risoul_residences_residence-antares_b0bf62758cea45c7a67bf7fa8c7802d8_2384181.jpg"},"1200x900":{"url":"https:\/\/www.risoul.com\/medias\/images\/prestations\/multitailles\/1200x900__ws-photos_FRANCE_risoul_residences_residence-antares_b0bf62758cea45c7a67bf7fa8c7802d8_2384181.jpg"},"800x600":{"url":"https:\/\/www.risoul.com\/medias\/images\/prestations\/multitailles\/800x600__ws-photos_FRANCE_risoul_residences_residence-antares_b0bf62758cea45c7a67bf7fa8c7802d8_2384181.jpg"},"640x480":{"url":"https:\/\/www.risoul.com\/medias\/images\/prestations\/multitailles\/640x480__ws-photos_FRANCE_risoul_residences_residence-antares_b0bf62758cea45c7a67bf7fa8c7802d8_2384181.jpg"},"320x240":{"url":"https:\/\/www.risoul.com\/medias\/images\/prestations\/multitailles\/320x240__ws-photos_FRANCE_risoul_residences_residence-antares_b0bf62758cea45c7a67bf7fa8c7802d8_2384181.jpg"},"160x120":{"url":"https:\/\/www.risoul.com\/medias\/images\/prestations\/multitailles\/160x120__ws-photos_FRANCE_risoul_residences_residence-antares_b0bf62758cea45c7a67bf7fa8c7802d8_2384181.jpg"},"origine":{"url":"https:\/\/www.risoul.com\/medias\/images\/prestations\/_ws-photos_FRANCE_risoul_residences_residence-antares_b0bf62758cea45c7a67bf7fa8c7802d8_2384181.jpg"}},"urlLien":"","typeLien":"","nofollow":"N","copyright":""},{"url":"https:\/\/www.risoul.com\/medias\/images\/prestations\/_ws-photos_FRANCE_risoul_residences_residence-antares_03def29b02648558ad03792958e141f7_2384182.jpg","chemin":"..\/medias\/images\/prestations\/_ws-photos_FRANCE_risoul_residences_residence-antares_03def29b02648558ad03792958e141f7_2384182.jpg","libelle":"_ws-photos_FRANCE_risoul_residences_residence-antares_03def29b02648558ad03792958e141f7_2384182","extension":"jpg","categorie":"","largeur":800,"theme":"","hauteur":480,"type":"Image","origine":"","liaisonPave":"","langue":"","id":"2384182","urlVignette":"https:\/\/www.risoul.com\/medias\/images\/prestations\/v-_ws-photos_FRANCE_risoul_residences_residence-antares_03def29b02648558ad03792958e141f7_2384182.jpg","alt":"_ws-photos_FRANCE_risoul_residences_residence-antares_03def29b02648558ad03792958e141f7_2384182","title":"_ws-photos_FRANCE_risoul_residences_residence-antares_03def29b02648558ad03792958e141f7_2384182","MultiTaille":{"1920x1440":{"url":"https:\/\/www.risoul.com\/medias\/images\/prestations\/multitailles\/1920x1440__ws-photos_FRANCE_risoul_residences_residence-antares_03def29b02648558ad03792958e141f7_2384182.jpg"},"1200x900":{"url":"https:\/\/www.risoul.com\/medias\/images\/prestations\/multitailles\/1200x900__ws-photos_FRANCE_risoul_residences_residence-antares_03def29b02648558ad03792958e141f7_2384182.jpg"},"800x600":{"url":"https:\/\/www.risoul.com\/medias\/images\/prestations\/multitailles\/800x600__ws-photos_FRANCE_risoul_residences_residence-antares_03def29b02648558ad03792958e141f7_2384182.jpg"},"640x480":{"url":"https:\/\/www.risoul.com\/medias\/images\/prestations\/multitailles\/640x480__ws-photos_FRANCE_risoul_residences_residence-antares_03def29b02648558ad03792958e141f7_2384182.jpg"},"320x240":{"url":"https:\/\/www.risoul.com\/medias\/images\/prestations\/multitailles\/320x240__ws-photos_FRANCE_risoul_residences_residence-antares_03def29b02648558ad03792958e141f7_2384182.jpg"},"160x120":{"url":"https:\/\/www.risoul.com\/medias\/images\/prestations\/multitailles\/160x120__ws-photos_FRANCE_risoul_residences_residence-antares_03def29b02648558ad03792958e141f7_2384182.jpg"},"origine":{"url":"https:\/\/www.risoul.com\/medias\/images\/prestations\/_ws-photos_FRANCE_risoul_residences_residence-antares_03def29b02648558ad03792958e141f7_2384182.jpg"}},"urlLien":"","typeLien":"","nofollow":"N","copyright":""},{"url":"https:\/\/www.risoul.com\/medias\/images\/prestations\/_ws-photos_FRANCE_risoul_residences_residence-antares_60ea51a7318c69eca060fea570bdfa88_2384183.jpg","chemin":"..\/medias\/images\/prestations\/_ws-photos_FRANCE_risoul_residences_residence-antares_60ea51a7318c69eca060fea570bdfa88_2384183.jpg","libelle":"_ws-photos_FRANCE_risoul_residences_residence-antares_60ea51a7318c69eca060fea570bdfa88_2384183","extension":"jpg","categorie":"","largeur":800,"theme":"","hauteur":480,"type":"Image","origine":"","liaisonPave":"","langue":"","id":"2384183","urlVignette":"https:\/\/www.risoul.com\/medias\/images\/prestations\/v-_ws-photos_FRANCE_risoul_residences_residence-antares_60ea51a7318c69eca060fea570bdfa88_2384183.jpg","alt":"_ws-photos_FRANCE_risoul_residences_residence-antares_60ea51a7318c69eca060fea570bdfa88_2384183","title":"_ws-photos_FRANCE_risoul_residences_residence-antares_60ea51a7318c69eca060fea570bdfa88_2384183","MultiTaille":{"1920x1440":{"url":"https:\/\/www.risoul.com\/medias\/images\/prestations\/multitailles\/1920x1440__ws-photos_FRANCE_risoul_residences_residence-antares_60ea51a7318c69eca060fea570bdfa88_2384183.jpg"},"1200x900":{"url":"https:\/\/www.risoul.com\/medias\/images\/prestations\/multitailles\/1200x900__ws-photos_FRANCE_risoul_residences_residence-antares_60ea51a7318c69eca060fea570bdfa88_2384183.jpg"},"800x600":{"url":"https:\/\/www.risoul.com\/medias\/images\/prestations\/multitailles\/800x600__ws-photos_FRANCE_risoul_residences_residence-antares_60ea51a7318c69eca060fea570bdfa88_2384183.jpg"},"640x480":{"url":"https:\/\/www.risoul.com\/medias\/images\/prestations\/multitailles\/640x480__ws-photos_FRANCE_risoul_residences_residence-antares_60ea51a7318c69eca060fea570bdfa88_2384183.jpg"},"320x240":{"url":"https:\/\/www.risoul.com\/medias\/images\/prestations\/multitailles\/320x240__ws-photos_FRANCE_risoul_residences_residence-antares_60ea51a7318c69eca060fea570bdfa88_2384183.jpg"},"160x120":{"url":"https:\/\/www.risoul.com\/medias\/images\/prestations\/multitailles\/160x120__ws-photos_FRANCE_risoul_residences_residence-antares_60ea51a7318c69eca060fea570bdfa88_2384183.jpg"},"origine":{"url":"https:\/\/www.risoul.com\/medias\/images\/prestations\/_ws-photos_FRANCE_risoul_residences_residence-antares_60ea51a7318c69eca060fea570bdfa88_2384183.jpg"}},"urlLien":"","typeLien":"","nofollow":"N","copyright":""},{"url":"https:\/\/www.risoul.com\/medias\/images\/prestations\/_ws-photos_FRANCE_risoul_residences_residence-antares_6e0ecee1b3efa3895dcf48a3f9e15253_2384184.jpg","chemin":"..\/medias\/images\/prestations\/_ws-photos_FRANCE_risoul_residences_residence-antares_6e0ecee1b3efa3895dcf48a3f9e15253_2384184.jpg","libelle":"_ws-photos_FRANCE_risoul_residences_residence-antares_6e0ecee1b3efa3895dcf48a3f9e15253_2384184","extension":"jpg","categorie":"","largeur":800,"theme":"","hauteur":480,"type":"Image","origine":"","liaisonPave":"","langue":"","id":"2384184","urlVignette":"https:\/\/www.risoul.com\/medias\/images\/prestations\/v-_ws-photos_FRANCE_risoul_residences_residence-antares_6e0ecee1b3efa3895dcf48a3f9e15253_2384184.jpg","alt":"_ws-photos_FRANCE_risoul_residences_residence-antares_6e0ecee1b3efa3895dcf48a3f9e15253_2384184","title":"_ws-photos_FRANCE_risoul_residences_residence-antares_6e0ecee1b3efa3895dcf48a3f9e15253_2384184","MultiTaille":{"1920x1440":{"url":"https:\/\/www.risoul.com\/medias\/images\/prestations\/multitailles\/1920x1440__ws-photos_FRANCE_risoul_residences_residence-antares_6e0ecee1b3efa3895dcf48a3f9e15253_2384184.jpg"},"1200x900":{"url":"https:\/\/www.risoul.com\/medias\/images\/prestations\/multitailles\/1200x900__ws-photos_FRANCE_risoul_residences_residence-antares_6e0ecee1b3efa3895dcf48a3f9e15253_2384184.jpg"},"800x600":{"url":"https:\/\/www.risoul.com\/medias\/images\/prestations\/multitailles\/800x600__ws-photos_FRANCE_risoul_residences_residence-antares_6e0ecee1b3efa3895dcf48a3f9e15253_2384184.jpg"},"640x480":{"url":"https:\/\/www.risoul.com\/medias\/images\/prestations\/multitailles\/640x480__ws-photos_FRANCE_risoul_residences_residence-antares_6e0ecee1b3efa3895dcf48a3f9e15253_2384184.jpg"},"320x240":{"url":"https:\/\/www.risoul.com\/medias\/images\/prestations\/multitailles\/320x240__ws-photos_FRANCE_risoul_residences_residence-antares_6e0ecee1b3efa3895dcf48a3f9e15253_2384184.jpg"},"160x120":{"url":"https:\/\/www.risoul.com\/medias\/images\/prestations\/multitailles\/160x120__ws-photos_FRANCE_risoul_residences_residence-antares_6e0ecee1b3efa3895dcf48a3f9e15253_2384184.jpg"},"origine":{"url":"https:\/\/www.risoul.com\/medias\/images\/prestations\/_ws-photos_FRANCE_risoul_residences_residence-antares_6e0ecee1b3efa3895dcf48a3f9e15253_2384184.jpg"}},"urlLien":"","typeLien":"","nofollow":"N","copyright":""},{"url":"https:\/\/www.risoul.com\/medias\/images\/prestations\/_ws-photos_FRANCE_risoul_residences_residence-antares_f56f422dc616348f9221b69c62a1a4fb_2384185.jpg","chemin":"..\/medias\/images\/prestations\/_ws-photos_FRANCE_risoul_residences_residence-antares_f56f422dc616348f9221b69c62a1a4fb_2384185.jpg","libelle":"_ws-photos_FRANCE_risoul_residences_residence-antares_f56f422dc616348f9221b69c62a1a4fb_2384185","extension":"jpg","categorie":"","largeur":800,"theme":"","hauteur":480,"type":"Image","origine":"","liaisonPave":"","langue":"","id":"2384185","urlVignette":"https:\/\/www.risoul.com\/medias\/images\/prestations\/v-_ws-photos_FRANCE_risoul_residences_residence-antares_f56f422dc616348f9221b69c62a1a4fb_2384185.jpg","alt":"_ws-photos_FRANCE_risoul_residences_residence-antares_f56f422dc616348f9221b69c62a1a4fb_2384185","title":"_ws-photos_FRANCE_risoul_residences_residence-antares_f56f422dc616348f9221b69c62a1a4fb_2384185","MultiTaille":{"1920x1440":{"url":"https:\/\/www.risoul.com\/medias\/images\/prestations\/multitailles\/1920x1440__ws-photos_FRANCE_risoul_residences_residence-antares_f56f422dc616348f9221b69c62a1a4fb_2384185.jpg"},"1200x900":{"url":"https:\/\/www.risoul.com\/medias\/images\/prestations\/multitailles\/1200x900__ws-photos_FRANCE_risoul_residences_residence-antares_f56f422dc616348f9221b69c62a1a4fb_2384185.jpg"},"800x600":{"url":"https:\/\/www.risoul.com\/medias\/images\/prestations\/multitailles\/800x600__ws-photos_FRANCE_risoul_residences_residence-antares_f56f422dc616348f9221b69c62a1a4fb_2384185.jpg"},"640x480":{"url":"https:\/\/www.risoul.com\/medias\/images\/prestations\/multitailles\/640x480__ws-photos_FRANCE_risoul_residences_residence-antares_f56f422dc616348f9221b69c62a1a4fb_2384185.jpg"},"320x240":{"url":"https:\/\/www.risoul.com\/medias\/images\/prestations\/multitailles\/320x240__ws-photos_FRANCE_risoul_residences_residence-antares_f56f422dc616348f9221b69c62a1a4fb_2384185.jpg"},"160x120":{"url":"https:\/\/www.risoul.com\/medias\/images\/prestations\/multitailles\/160x120__ws-photos_FRANCE_risoul_residences_residence-antares_f56f422dc616348f9221b69c62a1a4fb_2384185.jpg"},"origine":{"url":"https:\/\/www.risoul.com\/medias\/images\/prestations\/_ws-photos_FRANCE_risoul_residences_residence-antares_f56f422dc616348f9221b69c62a1a4fb_2384185.jpg"}},"urlLien":"","typeLien":"","nofollow":"N","copyright":""},{"url":"https:\/\/www.risoul.com\/medias\/images\/prestations\/_ws-photos_FRANCE_risoul_residences_residence-antares_dd57b225e7c593816eb990a115f42c51_2384186.jpg","chemin":"..\/medias\/images\/prestations\/_ws-photos_FRANCE_risoul_residences_residence-antares_dd57b225e7c593816eb990a115f42c51_2384186.jpg","libelle":"_ws-photos_FRANCE_risoul_residences_residence-antares_dd57b225e7c593816eb990a115f42c51_2384186","extension":"jpg","categorie":"","largeur":800,"theme":"","hauteur":480,"type":"Image","origine":"","liaisonPave":"","langue":"","id":"2384186","urlVignette":"https:\/\/www.risoul.com\/medias\/images\/prestations\/v-_ws-photos_FRANCE_risoul_residences_residence-antares_dd57b225e7c593816eb990a115f42c51_2384186.jpg","alt":"_ws-photos_FRANCE_risoul_residences_residence-antares_dd57b225e7c593816eb990a115f42c51_2384186","title":"_ws-photos_FRANCE_risoul_residences_residence-antares_dd57b225e7c593816eb990a115f42c51_2384186","MultiTaille":{"1920x1440":{"url":"https:\/\/www.risoul.com\/medias\/images\/prestations\/multitailles\/1920x1440__ws-photos_FRANCE_risoul_residences_residence-antares_dd57b225e7c593816eb990a115f42c51_2384186.jpg"},"1200x900":{"url":"https:\/\/www.risoul.com\/medias\/images\/prestations\/multitailles\/1200x900__ws-photos_FRANCE_risoul_residences_residence-antares_dd57b225e7c593816eb990a115f42c51_2384186.jpg"},"800x600":{"url":"https:\/\/www.risoul.com\/medias\/images\/prestations\/multitailles\/800x600__ws-photos_FRANCE_risoul_residences_residence-antares_dd57b225e7c593816eb990a115f42c51_2384186.jpg"},"640x480":{"url":"https:\/\/www.risoul.com\/medias\/images\/prestations\/multitailles\/640x480__ws-photos_FRANCE_risoul_residences_residence-antares_dd57b225e7c593816eb990a115f42c51_2384186.jpg"},"320x240":{"url":"https:\/\/www.risoul.com\/medias\/images\/prestations\/multitailles\/320x240__ws-photos_FRANCE_risoul_residences_residence-antares_dd57b225e7c593816eb990a115f42c51_2384186.jpg"},"160x120":{"url":"https:\/\/www.risoul.com\/medias\/images\/prestations\/multitailles\/160x120__ws-photos_FRANCE_risoul_residences_residence-antares_dd57b225e7c593816eb990a115f42c51_2384186.jpg"},"origine":{"url":"https:\/\/www.risoul.com\/medias\/images\/prestations\/_ws-photos_FRANCE_risoul_residences_residence-antares_dd57b225e7c593816eb990a115f42c51_2384186.jpg"}},"urlLien":"","typeLien":"","nofollow":"N","copyright":""},{"url":"https:\/\/www.risoul.com\/medias\/images\/prestations\/_ws-photos_FRANCE_risoul_residences_residence-antares_1c3151054b4a07e284647f43febea84c_2384187.jpg","chemin":"..\/medias\/images\/prestations\/_ws-photos_FRANCE_risoul_residences_residence-antares_1c3151054b4a07e284647f43febea84c_2384187.jpg","libelle":"_ws-photos_FRANCE_risoul_residences_residence-antares_1c3151054b4a07e284647f43febea84c_2384187","extension":"jpg","categorie":"","largeur":800,"theme":"","hauteur":480,"type":"Image","origine":"","liaisonPave":"","langue":"","id":"2384187","urlVignette":"https:\/\/www.risoul.com\/medias\/images\/prestations\/v-_ws-photos_FRANCE_risoul_residences_residence-antares_1c3151054b4a07e284647f43febea84c_2384187.jpg","alt":"_ws-photos_FRANCE_risoul_residences_residence-antares_1c3151054b4a07e284647f43febea84c_2384187","title":"_ws-photos_FRANCE_risoul_residences_residence-antares_1c3151054b4a07e284647f43febea84c_2384187","MultiTaille":{"1920x1440":{"url":"https:\/\/www.risoul.com\/medias\/images\/prestations\/multitailles\/1920x1440__ws-photos_FRANCE_risoul_residences_residence-antares_1c3151054b4a07e284647f43febea84c_2384187.jpg"},"1200x900":{"url":"https:\/\/www.risoul.com\/medias\/images\/prestations\/multitailles\/1200x900__ws-photos_FRANCE_risoul_residences_residence-antares_1c3151054b4a07e284647f43febea84c_2384187.jpg"},"800x600":{"url":"https:\/\/www.risoul.com\/medias\/images\/prestations\/multitailles\/800x600__ws-photos_FRANCE_risoul_residences_residence-antares_1c3151054b4a07e284647f43febea84c_2384187.jpg"},"640x480":{"url":"https:\/\/www.risoul.com\/medias\/images\/prestations\/multitailles\/640x480__ws-photos_FRANCE_risoul_residences_residence-antares_1c3151054b4a07e284647f43febea84c_2384187.jpg"},"320x240":{"url":"https:\/\/www.risoul.com\/medias\/images\/prestations\/multitailles\/320x240__ws-photos_FRANCE_risoul_residences_residence-antares_1c3151054b4a07e284647f43febea84c_2384187.jpg"},"160x120":{"url":"https:\/\/www.risoul.com\/medias\/images\/prestations\/multitailles\/160x120__ws-photos_FRANCE_risoul_residences_residence-antares_1c3151054b4a07e284647f43febea84c_2384187.jpg"},"origine":{"url":"https:\/\/www.risoul.com\/medias\/images\/prestations\/_ws-photos_FRANCE_risoul_residences_residence-antares_1c3151054b4a07e284647f43febea84c_2384187.jpg"}},"urlLien":"","typeLien":"","nofollow":"N","copyright":""}],"ByCategorie":{"":[{"url":"https:\/\/www.risoul.com\/medias\/images\/prestations\/_ws-photos_FRANCE_risoul_residences_residence-antares_747372cd4525818df5312f7ea7a60792_2384178.jpg","chemin":"..\/medias\/images\/prestations\/_ws-photos_FRANCE_risoul_residences_residence-antares_747372cd4525818df5312f7ea7a60792_2384178.jpg","libelle":"_ws-photos_FRANCE_risoul_residences_residence-antares_747372cd4525818df5312f7ea7a60792_2384178","extension":"jpg","categorie":"","largeur":800,"theme":"","hauteur":480,"type":"Image","origine":"","liaisonPave":"","langue":"","id":"2384178","urlVignette":"https:\/\/www.risoul.com\/medias\/images\/prestations\/v-_ws-photos_FRANCE_risoul_residences_residence-antares_747372cd4525818df5312f7ea7a60792_2384178.jpg","alt":"_ws-photos_FRANCE_risoul_residences_residence-antares_747372cd4525818df5312f7ea7a60792_2384178","title":"_ws-photos_FRANCE_risoul_residences_residence-antares_747372cd4525818df5312f7ea7a60792_2384178","MultiTaille":{"1920x1440":{"url":"https:\/\/www.risoul.com\/medias\/images\/prestations\/multitailles\/1920x1440__ws-photos_FRANCE_risoul_residences_residence-antares_747372cd4525818df5312f7ea7a60792_2384178.jpg"},"1200x900":{"url":"https:\/\/www.risoul.com\/medias\/images\/prestations\/multitailles\/1200x900__ws-photos_FRANCE_risoul_residences_residence-antares_747372cd4525818df5312f7ea7a60792_2384178.jpg"},"800x600":{"url":"https:\/\/www.risoul.com\/medias\/images\/prestations\/multitailles\/800x600__ws-photos_FRANCE_risoul_residences_residence-antares_747372cd4525818df5312f7ea7a60792_2384178.jpg"},"640x480":{"url":"https:\/\/www.risoul.com\/medias\/images\/prestations\/multitailles\/640x480__ws-photos_FRANCE_risoul_residences_residence-antares_747372cd4525818df5312f7ea7a60792_2384178.jpg"},"320x240":{"url":"https:\/\/www.risoul.com\/medias\/images\/prestations\/multitailles\/320x240__ws-photos_FRANCE_risoul_residences_residence-antares_747372cd4525818df5312f7ea7a60792_2384178.jpg"},"160x120":{"url":"https:\/\/www.risoul.com\/medias\/images\/prestations\/multitailles\/160x120__ws-photos_FRANCE_risoul_residences_residence-antares_747372cd4525818df5312f7ea7a60792_2384178.jpg"},"origine":{"url":"https:\/\/www.risoul.com\/medias\/images\/prestations\/_ws-photos_FRANCE_risoul_residences_residence-antares_747372cd4525818df5312f7ea7a60792_2384178.jpg"}},"urlLien":"","typeLien":"","nofollow":"N","copyright":""},{"url":"https:\/\/www.risoul.com\/medias\/images\/prestations\/_ws-photos_FRANCE_risoul_residences_residence-antares_5cd04dd63b797a5580b6c68d2e802b4b_2384179.jpg","chemin":"..\/medias\/images\/prestations\/_ws-photos_FRANCE_risoul_residences_residence-antares_5cd04dd63b797a5580b6c68d2e802b4b_2384179.jpg","libelle":"_ws-photos_FRANCE_risoul_residences_residence-antares_5cd04dd63b797a5580b6c68d2e802b4b_2384179","extension":"jpg","categorie":"","largeur":800,"theme":"","hauteur":480,"type":"Image","origine":"","liaisonPave":"","langue":"","id":"2384179","urlVignette":"https:\/\/www.risoul.com\/medias\/images\/prestations\/v-_ws-photos_FRANCE_risoul_residences_residence-antares_5cd04dd63b797a5580b6c68d2e802b4b_2384179.jpg","alt":"_ws-photos_FRANCE_risoul_residences_residence-antares_5cd04dd63b797a5580b6c68d2e802b4b_2384179","title":"_ws-photos_FRANCE_risoul_residences_residence-antares_5cd04dd63b797a5580b6c68d2e802b4b_2384179","MultiTaille":{"1920x1440":{"url":"https:\/\/www.risoul.com\/medias\/images\/prestations\/multitailles\/1920x1440__ws-photos_FRANCE_risoul_residences_residence-antares_5cd04dd63b797a5580b6c68d2e802b4b_2384179.jpg"},"1200x900":{"url":"https:\/\/www.risoul.com\/medias\/images\/prestations\/multitailles\/1200x900__ws-photos_FRANCE_risoul_residences_residence-antares_5cd04dd63b797a5580b6c68d2e802b4b_2384179.jpg"},"800x600":{"url":"https:\/\/www.risoul.com\/medias\/images\/prestations\/multitailles\/800x600__ws-photos_FRANCE_risoul_residences_residence-antares_5cd04dd63b797a5580b6c68d2e802b4b_2384179.jpg"},"640x480":{"url":"https:\/\/www.risoul.com\/medias\/images\/prestations\/multitailles\/640x480__ws-photos_FRANCE_risoul_residences_residence-antares_5cd04dd63b797a5580b6c68d2e802b4b_2384179.jpg"},"320x240":{"url":"https:\/\/www.risoul.com\/medias\/images\/prestations\/multitailles\/320x240__ws-photos_FRANCE_risoul_residences_residence-antares_5cd04dd63b797a5580b6c68d2e802b4b_2384179.jpg"},"160x120":{"url":"https:\/\/www.risoul.com\/medias\/images\/prestations\/multitailles\/160x120__ws-photos_FRANCE_risoul_residences_residence-antares_5cd04dd63b797a5580b6c68d2e802b4b_2384179.jpg"},"origine":{"url":"https:\/\/www.risoul.com\/medias\/images\/prestations\/_ws-photos_FRANCE_risoul_residences_residence-antares_5cd04dd63b797a5580b6c68d2e802b4b_2384179.jpg"}},"urlLien":"","typeLien":"","nofollow":"N","copyright":""},{"url":"https:\/\/www.risoul.com\/medias\/images\/prestations\/_ws-photos_FRANCE_risoul_residences_residence-antares_e92dda624c3e267d5b9b9c9b24eab888_2384180.jpg","chemin":"..\/medias\/images\/prestations\/_ws-photos_FRANCE_risoul_residences_residence-antares_e92dda624c3e267d5b9b9c9b24eab888_2384180.jpg","libelle":"_ws-photos_FRANCE_risoul_residences_residence-antares_e92dda624c3e267d5b9b9c9b24eab888_2384180","extension":"jpg","categorie":"","largeur":800,"theme":"","hauteur":480,"type":"Image","origine":"","liaisonPave":"","langue":"","id":"2384180","urlVignette":"https:\/\/www.risoul.com\/medias\/images\/prestations\/v-_ws-photos_FRANCE_risoul_residences_residence-antares_e92dda624c3e267d5b9b9c9b24eab888_2384180.jpg","alt":"_ws-photos_FRANCE_risoul_residences_residence-antares_e92dda624c3e267d5b9b9c9b24eab888_2384180","title":"_ws-photos_FRANCE_risoul_residences_residence-antares_e92dda624c3e267d5b9b9c9b24eab888_2384180","MultiTaille":{"1920x1440":{"url":"https:\/\/www.risoul.com\/medias\/images\/prestations\/multitailles\/1920x1440__ws-photos_FRANCE_risoul_residences_residence-antares_e92dda624c3e267d5b9b9c9b24eab888_2384180.jpg"},"1200x900":{"url":"https:\/\/www.risoul.com\/medias\/images\/prestations\/multitailles\/1200x900__ws-photos_FRANCE_risoul_residences_residence-antares_e92dda624c3e267d5b9b9c9b24eab888_2384180.jpg"},"800x600":{"url":"https:\/\/www.risoul.com\/medias\/images\/prestations\/multitailles\/800x600__ws-photos_FRANCE_risoul_residences_residence-antares_e92dda624c3e267d5b9b9c9b24eab888_2384180.jpg"},"640x480":{"url":"https:\/\/www.risoul.com\/medias\/images\/prestations\/multitailles\/640x480__ws-photos_FRANCE_risoul_residences_residence-antares_e92dda624c3e267d5b9b9c9b24eab888_2384180.jpg"},"320x240":{"url":"https:\/\/www.risoul.com\/medias\/images\/prestations\/multitailles\/320x240__ws-photos_FRANCE_risoul_residences_residence-antares_e92dda624c3e267d5b9b9c9b24eab888_2384180.jpg"},"160x120":{"url":"https:\/\/www.risoul.com\/medias\/images\/prestations\/multitailles\/160x120__ws-photos_FRANCE_risoul_residences_residence-antares_e92dda624c3e267d5b9b9c9b24eab888_2384180.jpg"},"origine":{"url":"https:\/\/www.risoul.com\/medias\/images\/prestations\/_ws-photos_FRANCE_risoul_residences_residence-antares_e92dda624c3e267d5b9b9c9b24eab888_2384180.jpg"}},"urlLien":"","typeLien":"","nofollow":"N","copyright":""},{"url":"https:\/\/www.risoul.com\/medias\/images\/prestations\/_ws-photos_FRANCE_risoul_residences_residence-antares_b0bf62758cea45c7a67bf7fa8c7802d8_2384181.jpg","chemin":"..\/medias\/images\/prestations\/_ws-photos_FRANCE_risoul_residences_residence-antares_b0bf62758cea45c7a67bf7fa8c7802d8_2384181.jpg","libelle":"_ws-photos_FRANCE_risoul_residences_residence-antares_b0bf62758cea45c7a67bf7fa8c7802d8_2384181","extension":"jpg","categorie":"","largeur":800,"theme":"","hauteur":480,"type":"Image","origine":"","liaisonPave":"","langue":"","id":"2384181","urlVignette":"https:\/\/www.risoul.com\/medias\/images\/prestations\/v-_ws-photos_FRANCE_risoul_residences_residence-antares_b0bf62758cea45c7a67bf7fa8c7802d8_2384181.jpg","alt":"_ws-photos_FRANCE_risoul_residences_residence-antares_b0bf62758cea45c7a67bf7fa8c7802d8_2384181","title":"_ws-photos_FRANCE_risoul_residences_residence-antares_b0bf62758cea45c7a67bf7fa8c7802d8_2384181","MultiTaille":{"1920x1440":{"url":"https:\/\/www.risoul.com\/medias\/images\/prestations\/multitailles\/1920x1440__ws-photos_FRANCE_risoul_residences_residence-antares_b0bf62758cea45c7a67bf7fa8c7802d8_2384181.jpg"},"1200x900":{"url":"https:\/\/www.risoul.com\/medias\/images\/prestations\/multitailles\/1200x900__ws-photos_FRANCE_risoul_residences_residence-antares_b0bf62758cea45c7a67bf7fa8c7802d8_2384181.jpg"},"800x600":{"url":"https:\/\/www.risoul.com\/medias\/images\/prestations\/multitailles\/800x600__ws-photos_FRANCE_risoul_residences_residence-antares_b0bf62758cea45c7a67bf7fa8c7802d8_2384181.jpg"},"640x480":{"url":"https:\/\/www.risoul.com\/medias\/images\/prestations\/multitailles\/640x480__ws-photos_FRANCE_risoul_residences_residence-antares_b0bf62758cea45c7a67bf7fa8c7802d8_2384181.jpg"},"320x240":{"url":"https:\/\/www.risoul.com\/medias\/images\/prestations\/multitailles\/320x240__ws-photos_FRANCE_risoul_residences_residence-antares_b0bf62758cea45c7a67bf7fa8c7802d8_2384181.jpg"},"160x120":{"url":"https:\/\/www.risoul.com\/medias\/images\/prestations\/multitailles\/160x120__ws-photos_FRANCE_risoul_residences_residence-antares_b0bf62758cea45c7a67bf7fa8c7802d8_2384181.jpg"},"origine":{"url":"https:\/\/www.risoul.com\/medias\/images\/prestations\/_ws-photos_FRANCE_risoul_residences_residence-antares_b0bf62758cea45c7a67bf7fa8c7802d8_2384181.jpg"}},"urlLien":"","typeLien":"","nofollow":"N","copyright":""},{"url":"https:\/\/www.risoul.com\/medias\/images\/prestations\/_ws-photos_FRANCE_risoul_residences_residence-antares_03def29b02648558ad03792958e141f7_2384182.jpg","chemin":"..\/medias\/images\/prestations\/_ws-photos_FRANCE_risoul_residences_residence-antares_03def29b02648558ad03792958e141f7_2384182.jpg","libelle":"_ws-photos_FRANCE_risoul_residences_residence-antares_03def29b02648558ad03792958e141f7_2384182","extension":"jpg","categorie":"","largeur":800,"theme":"","hauteur":480,"type":"Image","origine":"","liaisonPave":"","langue":"","id":"2384182","urlVignette":"https:\/\/www.risoul.com\/medias\/images\/prestations\/v-_ws-photos_FRANCE_risoul_residences_residence-antares_03def29b02648558ad03792958e141f7_2384182.jpg","alt":"_ws-photos_FRANCE_risoul_residences_residence-antares_03def29b02648558ad03792958e141f7_2384182","title":"_ws-photos_FRANCE_risoul_residences_residence-antares_03def29b02648558ad03792958e141f7_2384182","MultiTaille":{"1920x1440":{"url":"https:\/\/www.risoul.com\/medias\/images\/prestations\/multitailles\/1920x1440__ws-photos_FRANCE_risoul_residences_residence-antares_03def29b02648558ad03792958e141f7_2384182.jpg"},"1200x900":{"url":"https:\/\/www.risoul.com\/medias\/images\/prestations\/multitailles\/1200x900__ws-photos_FRANCE_risoul_residences_residence-antares_03def29b02648558ad03792958e141f7_2384182.jpg"},"800x600":{"url":"https:\/\/www.risoul.com\/medias\/images\/prestations\/multitailles\/800x600__ws-photos_FRANCE_risoul_residences_residence-antares_03def29b02648558ad03792958e141f7_2384182.jpg"},"640x480":{"url":"https:\/\/www.risoul.com\/medias\/images\/prestations\/multitailles\/640x480__ws-photos_FRANCE_risoul_residences_residence-antares_03def29b02648558ad03792958e141f7_2384182.jpg"},"320x240":{"url":"https:\/\/www.risoul.com\/medias\/images\/prestations\/multitailles\/320x240__ws-photos_FRANCE_risoul_residences_residence-antares_03def29b02648558ad03792958e141f7_2384182.jpg"},"160x120":{"url":"https:\/\/www.risoul.com\/medias\/images\/prestations\/multitailles\/160x120__ws-photos_FRANCE_risoul_residences_residence-antares_03def29b02648558ad03792958e141f7_2384182.jpg"},"origine":{"url":"https:\/\/www.risoul.com\/medias\/images\/prestations\/_ws-photos_FRANCE_risoul_residences_residence-antares_03def29b02648558ad03792958e141f7_2384182.jpg"}},"urlLien":"","typeLien":"","nofollow":"N","copyright":""},{"url":"https:\/\/www.risoul.com\/medias\/images\/prestations\/_ws-photos_FRANCE_risoul_residences_residence-antares_60ea51a7318c69eca060fea570bdfa88_2384183.jpg","chemin":"..\/medias\/images\/prestations\/_ws-photos_FRANCE_risoul_residences_residence-antares_60ea51a7318c69eca060fea570bdfa88_2384183.jpg","libelle":"_ws-photos_FRANCE_risoul_residences_residence-antares_60ea51a7318c69eca060fea570bdfa88_2384183","extension":"jpg","categorie":"","largeur":800,"theme":"","hauteur":480,"type":"Image","origine":"","liaisonPave":"","langue":"","id":"2384183","urlVignette":"https:\/\/www.risoul.com\/medias\/images\/prestations\/v-_ws-photos_FRANCE_risoul_residences_residence-antares_60ea51a7318c69eca060fea570bdfa88_2384183.jpg","alt":"_ws-photos_FRANCE_risoul_residences_residence-antares_60ea51a7318c69eca060fea570bdfa88_2384183","title":"_ws-photos_FRANCE_risoul_residences_residence-antares_60ea51a7318c69eca060fea570bdfa88_2384183","MultiTaille":{"1920x1440":{"url":"https:\/\/www.risoul.com\/medias\/images\/prestations\/multitailles\/1920x1440__ws-photos_FRANCE_risoul_residences_residence-antares_60ea51a7318c69eca060fea570bdfa88_2384183.jpg"},"1200x900":{"url":"https:\/\/www.risoul.com\/medias\/images\/prestations\/multitailles\/1200x900__ws-photos_FRANCE_risoul_residences_residence-antares_60ea51a7318c69eca060fea570bdfa88_2384183.jpg"},"800x600":{"url":"https:\/\/www.risoul.com\/medias\/images\/prestations\/multitailles\/800x600__ws-photos_FRANCE_risoul_residences_residence-antares_60ea51a7318c69eca060fea570bdfa88_2384183.jpg"},"640x480":{"url":"https:\/\/www.risoul.com\/medias\/images\/prestations\/multitailles\/640x480__ws-photos_FRANCE_risoul_residences_residence-antares_60ea51a7318c69eca060fea570bdfa88_2384183.jpg"},"320x240":{"url":"https:\/\/www.risoul.com\/medias\/images\/prestations\/multitailles\/320x240__ws-photos_FRANCE_risoul_residences_residence-antares_60ea51a7318c69eca060fea570bdfa88_2384183.jpg"},"160x120":{"url":"https:\/\/www.risoul.com\/medias\/images\/prestations\/multitailles\/160x120__ws-photos_FRANCE_risoul_residences_residence-antares_60ea51a7318c69eca060fea570bdfa88_2384183.jpg"},"origine":{"url":"https:\/\/www.risoul.com\/medias\/images\/prestations\/_ws-photos_FRANCE_risoul_residences_residence-antares_60ea51a7318c69eca060fea570bdfa88_2384183.jpg"}},"urlLien":"","typeLien":"","nofollow":"N","copyright":""},{"url":"https:\/\/www.risoul.com\/medias\/images\/prestations\/_ws-photos_FRANCE_risoul_residences_residence-antares_6e0ecee1b3efa3895dcf48a3f9e15253_2384184.jpg","chemin":"..\/medias\/images\/prestations\/_ws-photos_FRANCE_risoul_residences_residence-antares_6e0ecee1b3efa3895dcf48a3f9e15253_2384184.jpg","libelle":"_ws-photos_FRANCE_risoul_residences_residence-antares_6e0ecee1b3efa3895dcf48a3f9e15253_2384184","extension":"jpg","categorie":"","largeur":800,"theme":"","hauteur":480,"type":"Image","origine":"","liaisonPave":"","langue":"","id":"2384184","urlVignette":"https:\/\/www.risoul.com\/medias\/images\/prestations\/v-_ws-photos_FRANCE_risoul_residences_residence-antares_6e0ecee1b3efa3895dcf48a3f9e15253_2384184.jpg","alt":"_ws-photos_FRANCE_risoul_residences_residence-antares_6e0ecee1b3efa3895dcf48a3f9e15253_2384184","title":"_ws-photos_FRANCE_risoul_residences_residence-antares_6e0ecee1b3efa3895dcf48a3f9e15253_2384184","MultiTaille":{"1920x1440":{"url":"https:\/\/www.risoul.com\/medias\/images\/prestations\/multitailles\/1920x1440__ws-photos_FRANCE_risoul_residences_residence-antares_6e0ecee1b3efa3895dcf48a3f9e15253_2384184.jpg"},"1200x900":{"url":"https:\/\/www.risoul.com\/medias\/images\/prestations\/multitailles\/1200x900__ws-photos_FRANCE_risoul_residences_residence-antares_6e0ecee1b3efa3895dcf48a3f9e15253_2384184.jpg"},"800x600":{"url":"https:\/\/www.risoul.com\/medias\/images\/prestations\/multitailles\/800x600__ws-photos_FRANCE_risoul_residences_residence-antares_6e0ecee1b3efa3895dcf48a3f9e15253_2384184.jpg"},"640x480":{"url":"https:\/\/www.risoul.com\/medias\/images\/prestations\/multitailles\/640x480__ws-photos_FRANCE_risoul_residences_residence-antares_6e0ecee1b3efa3895dcf48a3f9e15253_2384184.jpg"},"320x240":{"url":"https:\/\/www.risoul.com\/medias\/images\/prestations\/multitailles\/320x240__ws-photos_FRANCE_risoul_residences_residence-antares_6e0ecee1b3efa3895dcf48a3f9e15253_2384184.jpg"},"160x120":{"url":"https:\/\/www.risoul.com\/medias\/images\/prestations\/multitailles\/160x120__ws-photos_FRANCE_risoul_residences_residence-antares_6e0ecee1b3efa3895dcf48a3f9e15253_2384184.jpg"},"origine":{"url":"https:\/\/www.risoul.com\/medias\/images\/prestations\/_ws-photos_FRANCE_risoul_residences_residence-antares_6e0ecee1b3efa3895dcf48a3f9e15253_2384184.jpg"}},"urlLien":"","typeLien":"","nofollow":"N","copyright":""},{"url":"https:\/\/www.risoul.com\/medias\/images\/prestations\/_ws-photos_FRANCE_risoul_residences_residence-antares_f56f422dc616348f9221b69c62a1a4fb_2384185.jpg","chemin":"..\/medias\/images\/prestations\/_ws-photos_FRANCE_risoul_residences_residence-antares_f56f422dc616348f9221b69c62a1a4fb_2384185.jpg","libelle":"_ws-photos_FRANCE_risoul_residences_residence-antares_f56f422dc616348f9221b69c62a1a4fb_2384185","extension":"jpg","categorie":"","largeur":800,"theme":"","hauteur":480,"type":"Image","origine":"","liaisonPave":"","langue":"","id":"2384185","urlVignette":"https:\/\/www.risoul.com\/medias\/images\/prestations\/v-_ws-photos_FRANCE_risoul_residences_residence-antares_f56f422dc616348f9221b69c62a1a4fb_2384185.jpg","alt":"_ws-photos_FRANCE_risoul_residences_residence-antares_f56f422dc616348f9221b69c62a1a4fb_2384185","title":"_ws-photos_FRANCE_risoul_residences_residence-antares_f56f422dc616348f9221b69c62a1a4fb_2384185","MultiTaille":{"1920x1440":{"url":"https:\/\/www.risoul.com\/medias\/images\/prestations\/multitailles\/1920x1440__ws-photos_FRANCE_risoul_residences_residence-antares_f56f422dc616348f9221b69c62a1a4fb_2384185.jpg"},"1200x900":{"url":"https:\/\/www.risoul.com\/medias\/images\/prestations\/multitailles\/1200x900__ws-photos_FRANCE_risoul_residences_residence-antares_f56f422dc616348f9221b69c62a1a4fb_2384185.jpg"},"800x600":{"url":"https:\/\/www.risoul.com\/medias\/images\/prestations\/multitailles\/800x600__ws-photos_FRANCE_risoul_residences_residence-antares_f56f422dc616348f9221b69c62a1a4fb_2384185.jpg"},"640x480":{"url":"https:\/\/www.risoul.com\/medias\/images\/prestations\/multitailles\/640x480__ws-photos_FRANCE_risoul_residences_residence-antares_f56f422dc616348f9221b69c62a1a4fb_2384185.jpg"},"320x240":{"url":"https:\/\/www.risoul.com\/medias\/images\/prestations\/multitailles\/320x240__ws-photos_FRANCE_risoul_residences_residence-antares_f56f422dc616348f9221b69c62a1a4fb_2384185.jpg"},"160x120":{"url":"https:\/\/www.risoul.com\/medias\/images\/prestations\/multitailles\/160x120__ws-photos_FRANCE_risoul_residences_residence-antares_f56f422dc616348f9221b69c62a1a4fb_2384185.jpg"},"origine":{"url":"https:\/\/www.risoul.com\/medias\/images\/prestations\/_ws-photos_FRANCE_risoul_residences_residence-antares_f56f422dc616348f9221b69c62a1a4fb_2384185.jpg"}},"urlLien":"","typeLien":"","nofollow":"N","copyright":""},{"url":"https:\/\/www.risoul.com\/medias\/images\/prestations\/_ws-photos_FRANCE_risoul_residences_residence-antares_dd57b225e7c593816eb990a115f42c51_2384186.jpg","chemin":"..\/medias\/images\/prestations\/_ws-photos_FRANCE_risoul_residences_residence-antares_dd57b225e7c593816eb990a115f42c51_2384186.jpg","libelle":"_ws-photos_FRANCE_risoul_residences_residence-antares_dd57b225e7c593816eb990a115f42c51_2384186","extension":"jpg","categorie":"","largeur":800,"theme":"","hauteur":480,"type":"Image","origine":"","liaisonPave":"","langue":"","id":"2384186","urlVignette":"https:\/\/www.risoul.com\/medias\/images\/prestations\/v-_ws-photos_FRANCE_risoul_residences_residence-antares_dd57b225e7c593816eb990a115f42c51_2384186.jpg","alt":"_ws-photos_FRANCE_risoul_residences_residence-antares_dd57b225e7c593816eb990a115f42c51_2384186","title":"_ws-photos_FRANCE_risoul_residences_residence-antares_dd57b225e7c593816eb990a115f42c51_2384186","MultiTaille":{"1920x1440":{"url":"https:\/\/www.risoul.com\/medias\/images\/prestations\/multitailles\/1920x1440__ws-photos_FRANCE_risoul_residences_residence-antares_dd57b225e7c593816eb990a115f42c51_2384186.jpg"},"1200x900":{"url":"https:\/\/www.risoul.com\/medias\/images\/prestations\/multitailles\/1200x900__ws-photos_FRANCE_risoul_residences_residence-antares_dd57b225e7c593816eb990a115f42c51_2384186.jpg"},"800x600":{"url":"https:\/\/www.risoul.com\/medias\/images\/prestations\/multitailles\/800x600__ws-photos_FRANCE_risoul_residences_residence-antares_dd57b225e7c593816eb990a115f42c51_2384186.jpg"},"640x480":{"url":"https:\/\/www.risoul.com\/medias\/images\/prestations\/multitailles\/640x480__ws-photos_FRANCE_risoul_residences_residence-antares_dd57b225e7c593816eb990a115f42c51_2384186.jpg"},"320x240":{"url":"https:\/\/www.risoul.com\/medias\/images\/prestations\/multitailles\/320x240__ws-photos_FRANCE_risoul_residences_residence-antares_dd57b225e7c593816eb990a115f42c51_2384186.jpg"},"160x120":{"url":"https:\/\/www.risoul.com\/medias\/images\/prestations\/multitailles\/160x120__ws-photos_FRANCE_risoul_residences_residence-antares_dd57b225e7c593816eb990a115f42c51_2384186.jpg"},"origine":{"url":"https:\/\/www.risoul.com\/medias\/images\/prestations\/_ws-photos_FRANCE_risoul_residences_residence-antares_dd57b225e7c593816eb990a115f42c51_2384186.jpg"}},"urlLien":"","typeLien":"","nofollow":"N","copyright":""},{"url":"https:\/\/www.risoul.com\/medias\/images\/prestations\/_ws-photos_FRANCE_risoul_residences_residence-antares_1c3151054b4a07e284647f43febea84c_2384187.jpg","chemin":"..\/medias\/images\/prestations\/_ws-photos_FRANCE_risoul_residences_residence-antares_1c3151054b4a07e284647f43febea84c_2384187.jpg","libelle":"_ws-photos_FRANCE_risoul_residences_residence-antares_1c3151054b4a07e284647f43febea84c_2384187","extension":"jpg","categorie":"","largeur":800,"theme":"","hauteur":480,"type":"Image","origine":"","liaisonPave":"","langue":"","id":"2384187","urlVignette":"https:\/\/www.risoul.com\/medias\/images\/prestations\/v-_ws-photos_FRANCE_risoul_residences_residence-antares_1c3151054b4a07e284647f43febea84c_2384187.jpg","alt":"_ws-photos_FRANCE_risoul_residences_residence-antares_1c3151054b4a07e284647f43febea84c_2384187","title":"_ws-photos_FRANCE_risoul_residences_residence-antares_1c3151054b4a07e284647f43febea84c_2384187","MultiTaille":{"1920x1440":{"url":"https:\/\/www.risoul.com\/medias\/images\/prestations\/multitailles\/1920x1440__ws-photos_FRANCE_risoul_residences_residence-antares_1c3151054b4a07e284647f43febea84c_2384187.jpg"},"1200x900":{"url":"https:\/\/www.risoul.com\/medias\/images\/prestations\/multitailles\/1200x900__ws-photos_FRANCE_risoul_residences_residence-antares_1c3151054b4a07e284647f43febea84c_2384187.jpg"},"800x600":{"url":"https:\/\/www.risoul.com\/medias\/images\/prestations\/multitailles\/800x600__ws-photos_FRANCE_risoul_residences_residence-antares_1c3151054b4a07e284647f43febea84c_2384187.jpg"},"640x480":{"url":"https:\/\/www.risoul.com\/medias\/images\/prestations\/multitailles\/640x480__ws-photos_FRANCE_risoul_residences_residence-antares_1c3151054b4a07e284647f43febea84c_2384187.jpg"},"320x240":{"url":"https:\/\/www.risoul.com\/medias\/images\/prestations\/multitailles\/320x240__ws-photos_FRANCE_risoul_residences_residence-antares_1c3151054b4a07e284647f43febea84c_2384187.jpg"},"160x120":{"url":"https:\/\/www.risoul.com\/medias\/images\/prestations\/multitailles\/160x120__ws-photos_FRANCE_risoul_residences_residence-antares_1c3151054b4a07e284647f43febea84c_2384187.jpg"},"origine":{"url":"https:\/\/www.risoul.com\/medias\/images\/prestations\/_ws-photos_FRANCE_risoul_residences_residence-antares_1c3151054b4a07e284647f43febea84c_2384187.jpg"}},"urlLien":"","typeLien":"","nofollow":"N","copyright":""}]}},"DateDebPublication":"","DateFinPublication":"","PrixAPartirDe":"","PrixPour":"","FicheListeEnCours":"","ParametresModele":{"AfficherPhotos":1,"NbPhotosMax":6,"AfficherReserver":0,"AfficherContact":0,"AfficherSalle":1,"AfficherZoneGeo":0,"AfficherEnSavoirPlus":1,"AfficherUneSeuleOuverture":0,"AfficherContactCarte":1,"AfficherTarifsChaudAPartirDe":0,"AfficherTarifChaudSansRecherche":0,"AfficherTypeCarte":["GOOGLE_MAPS"],"ComportementResa":false,"ComportementDispo":false},"AffichageCoordonnees":[],"Coordonnees":{"Ville":"Risoul"},"ContexteId":"PRESTATION|G|5614438|1596991","ContexteIdHtml":"PRESTATION-G-5614438-1596991","cleContexte":"G|5614438|1596991","Bloc":{"texte1":"","texte3":"","critere1":{"libelle":"","contenu":[]},"critere2":{"libelle":"","contenu":[]},"critere3":{"libelle":"","contenu":[]},"critere4":{"libelle":"","contenu":[]},"critere5":{"libelle":"","contenu":[]},"critere6":{"libelle":"","contenu":[]},"critere7":{"libelle":"","contenu":[]},"critere8":{"libelle":"","contenu":[]},"critere9":{"libelle":"","contenu":[]}},"LocalisationGps":{"Latitude":"44.62183500","Longitude":"6.62920600"},"libelleDuPrestataire":"","vuePrestataire":{"pave1":{"libelle":"Descriptif","contenu":"TRANSACTION &ndash; LOCATION\u003Cbr \/\u003E\r\nGESTION &ndash; SYNDIC\u003Cbr \/\u003E\r\nLOCATION VACANCES &amp; CONCIERGERIE\u003Cbr \/\u003E\r\nREMISE DES CL&Eacute;S &amp; &Eacute;TATS DES LIEUX\u003Cbr \/\u003E\r\nM&Eacute;NAGE -BLANCHISSERIE &amp; SERVICES"},"pave2":{"libelle":"Notes Internes","contenu":""},"pave3":{"libelle":"Remise des cl\u00e9s","contenu":"\u003Cdiv data-ogsc=\"black\" data-olk-copy-source=\"MessageBody\" style=\"border: 0px; font-variant-numeric: inherit; font-variant-east-asian: inherit; font-variant-alternates: inherit; font-variant-position: inherit; font-variant-emoji: inherit; font-stretch: inherit; font-size: 11pt; line-height: inherit; font-family: Aptos, Aptos_EmbeddedFont, Aptos_MSFontService, Calibri, Helvetica, sans-serif; font-optical-sizing: inherit; font-size-adjust: inherit; font-kerning: inherit; font-feature-settings: inherit; font-variation-settings: inherit; margin: 0px; padding: 0px; vertical-align: baseline; color: black !important;\"\u003E\u003Cu\u003E\u003Cstrong\u003ERemise des cl&eacute;s:\u003C\/strong\u003E\u003C\/u\u003E\u003Cbr \/\u003E\r\nNotre partenaire conciergerie Les Cl&eacute;s de Risoul vous remettra les clefs.\u003Cbr \/\u003E\r\n06 51 65 91 13 -&nbsp;\u003Cspan data-ogsc=\"rgb(18, 100, 163)\" style=\"border: 0px; font: inherit; margin: 0px; padding: 0px; vertical-align: baseline; color: rgb(18, 100, 163) !important;\"\u003E\u003Ca data-linkindex=\"0\" data-ogsc=\"rgb(18, 100, 163)\" data-sk=\"tooltip_parent\" data-stringify-link=\"mailto:lesclesderisoul@gmail.com\" href=\"mailto:lesclesderisoul@gmail.com\" id=\"OWA4ee49846-319c-22a3-7e74-ca3b986d0bc3\" rel=\"noopener noreferrer\" style=\"border: 0px; font: inherit; margin: 0px; padding: 0px; vertical-align: baseline; color: rgb(18, 100, 163) !important;\" title=\"mailto:lesclesderisoul@gmail.com\"\u003Elesclesderisoul@gmail.com\u003C\/a\u003E\u003C\/span\u003E\u003Cbr \/\u003E\r\nPendant votre s&eacute;jour, pour toute demande ou en cas d&rsquo;urgence, vous pouvez joindre la conciergerie au : 06 51 65 91 13\u003Cbr \/\u003E\r\nSi vous arrivez en dehors des horaires, une bo&icirc;te &agrave; code sera &agrave; votre disposition.\u003C\/div\u003E\r\n\r\n\u003Cdiv data-ogsc=\"black\" style=\"border: 0px; font-variant-numeric: inherit; font-variant-east-asian: inherit; font-variant-alternates: inherit; font-variant-position: inherit; font-variant-emoji: inherit; font-stretch: inherit; font-size: 11pt; line-height: inherit; font-family: Aptos, Aptos_EmbeddedFont, Aptos_MSFontService, Calibri, Helvetica, sans-serif; font-optical-sizing: inherit; font-size-adjust: inherit; font-kerning: inherit; font-feature-settings: inherit; font-variation-settings: inherit; margin: 0px; padding: 0px; vertical-align: baseline; color: black !important;\"\u003E&nbsp;\u003C\/div\u003E\r\n\r\n\u003Cdiv data-ogsc=\"black\" style=\"border: 0px; font-variant-numeric: inherit; font-variant-east-asian: inherit; font-variant-alternates: inherit; font-variant-position: inherit; font-variant-emoji: inherit; font-stretch: inherit; font-size: 11pt; line-height: inherit; font-family: Aptos, Aptos_EmbeddedFont, Aptos_MSFontService, Calibri, Helvetica, sans-serif; font-optical-sizing: inherit; font-size-adjust: inherit; font-kerning: inherit; font-feature-settings: inherit; font-variation-settings: inherit; margin: 0px; padding: 0px; vertical-align: baseline; color: black !important;\"\u003E\u003Cspan data-ogsc=\"\" style=\"border: 0px; font-style: inherit; font-variant: inherit; font-weight: 700; font-stretch: inherit; font-size: inherit; line-height: inherit; font-family: inherit; font-optical-sizing: inherit; font-size-adjust: inherit; font-kerning: inherit; font-feature-settings: inherit; font-variation-settings: inherit; margin: 0px; padding: 0px; vertical-align: baseline; color: inherit;\"\u003EHoraire de remise des clefs :\u003C\/span\u003E\u003C\/div\u003E\r\n\r\n\u003Cdiv data-ogsc=\"black\" style=\"border: 0px; font-variant-numeric: inherit; font-variant-east-asian: inherit; font-variant-alternates: inherit; font-variant-position: inherit; font-variant-emoji: inherit; font-stretch: inherit; font-size: 11pt; line-height: inherit; font-family: Aptos, Aptos_EmbeddedFont, Aptos_MSFontService, Calibri, Helvetica, sans-serif; font-optical-sizing: inherit; font-size-adjust: inherit; font-kerning: inherit; font-feature-settings: inherit; font-variation-settings: inherit; margin: 0px; padding: 0px; vertical-align: baseline; color: black !important;\"\u003EArriv&eacute;es : entre 16h00 et 19h00 (18h en &eacute;t&eacute;)\u003Cbr \/\u003E\r\nD&eacute;parts : avant 10h\u003Cbr \/\u003E\r\nEn cas d&#39;arriv&eacute;e tardive, vous r&eacute;cup&eacute;rez les clefs dans une boite &agrave; cl&eacute; s&eacute;curis&eacute;e.\u003C\/div\u003E\r\n\r\n\u003Cdiv data-ogsc=\"black\" style=\"border: 0px; font-variant-numeric: inherit; font-variant-east-asian: inherit; font-variant-alternates: inherit; font-variant-position: inherit; font-variant-emoji: inherit; font-stretch: inherit; font-size: 11pt; line-height: inherit; font-family: Aptos, Aptos_EmbeddedFont, Aptos_MSFontService, Calibri, Helvetica, sans-serif; font-optical-sizing: inherit; font-size-adjust: inherit; font-kerning: inherit; font-feature-settings: inherit; font-variation-settings: inherit; margin: 0px; padding: 0px; vertical-align: baseline; color: black !important;\"\u003E&nbsp;\u003C\/div\u003E\r\n\r\n\u003Cdiv data-ogsc=\"black\" style=\"border: 0px; font-variant-numeric: inherit; font-variant-east-asian: inherit; font-variant-alternates: inherit; font-variant-position: inherit; font-variant-emoji: inherit; font-stretch: inherit; font-size: 11pt; line-height: inherit; font-family: Aptos, Aptos_EmbeddedFont, Aptos_MSFontService, Calibri, Helvetica, sans-serif; font-optical-sizing: inherit; font-size-adjust: inherit; font-kerning: inherit; font-feature-settings: inherit; font-variation-settings: inherit; margin: 0px; padding: 0px; vertical-align: baseline; color: black !important;\"\u003E\u003Cspan data-ogsc=\"\" style=\"border: 0px; font-style: inherit; font-variant: inherit; font-weight: 700; font-stretch: inherit; font-size: inherit; line-height: inherit; font-family: inherit; font-optical-sizing: inherit; font-size-adjust: inherit; font-kerning: inherit; font-feature-settings: inherit; font-variation-settings: inherit; margin: 0px; padding: 0px; vertical-align: baseline; color: inherit;\"\u003EServices inclus dans la location :\u003C\/span\u003E\u003Cbr \/\u003E\r\n- Kit entretien (1 &eacute;ponge, 1 lavette, 1 flacon de produit multi-usages, 1 flacon de produit liquide vaisselle main, 1 tablette lave-vaisselle et 1 torchon : peut varier selon les r&eacute;sidences).\u003C\/div\u003E\r\n\r\n\u003Cdiv data-ogsc=\"black\" style=\"border: 0px; font-variant-numeric: inherit; font-variant-east-asian: inherit; font-variant-alternates: inherit; font-variant-position: inherit; font-variant-emoji: inherit; font-stretch: inherit; font-size: 11pt; line-height: inherit; font-family: Aptos, Aptos_EmbeddedFont, Aptos_MSFontService, Calibri, Helvetica, sans-serif; font-optical-sizing: inherit; font-size-adjust: inherit; font-kerning: inherit; font-feature-settings: inherit; font-variation-settings: inherit; margin: 0px; padding: 0px; vertical-align: baseline; color: black !important;\"\u003E\u003Cspan data-ogsc=\"\" style=\"border: 0px; font-style: inherit; font-variant: inherit; font-weight: 700; font-stretch: inherit; font-size: inherit; line-height: inherit; font-family: inherit; font-optical-sizing: inherit; font-size-adjust: inherit; font-kerning: inherit; font-feature-settings: inherit; font-variation-settings: inherit; margin: 0px; padding: 0px; vertical-align: baseline; color: inherit;\"\u003EServices en suppl&eacute;ment :\u003C\/span\u003E\u003Cbr \/\u003E\r\n- M&eacute;nage : En suppl&eacute;ment. A r&eacute;aliser obligatoirement en fin de s&eacute;jour, soit par le client soit en payant la prestation lors de la r&eacute;servation, au pr&eacute;check-in.\u003Cbr \/\u003E\r\n- Linge de lit sur demande, en suppl&eacute;ment\u003C\/div\u003E\r\n"},"pave4":{"libelle":"Lien photo","contenu":""},"pave5":{"libelle":"Descriptif d\u00e9taill\u00e9","contenu":""},"pave6":{"libelle":"Bons plans","contenu":""},"pave7":{"libelle":"Compl\u00e9ment localisation","contenu":""},"pave8":{"libelle":"Compl\u00e9ment accueil","contenu":""},"pave9":{"libelle":"P\u00e9riode(s) d'ouverture","contenu":""},"pave10":{"libelle":"Tarifs en clair","contenu":""},"pave11":{"libelle":"Compl\u00e9ment Tarifs","contenu":""},"pave12":{"libelle":"Compl\u00e9ment R\u00e9servation","contenu":""},"pave13":{"libelle":"Descriptif court","contenu":""},"pave14":{"libelle":"Descriptif court","contenu":""},"pave15":{"libelle":"Descriptif d\u00e9taill\u00e9","contenu":""},"pave16":{"libelle":"Descriptif d\u00e9taill\u00e9","contenu":""},"pave17":{"libelle":"Compl\u00e9ment localisation","contenu":""},"pave18":{"libelle":"Compl\u00e9ment localisation","contenu":""},"pave19":{"libelle":"P\u00e9riode(s) d'ouverture","contenu":""},"pave20":{"libelle":"P\u00e9riode(s) d'ouverture","contenu":""},"pave21":{"libelle":"Tarifs en clair","contenu":""},"pave22":{"libelle":"Tarifs en clair","contenu":""},"pave23":{"libelle":"Compl\u00e9ment Tarifs","contenu":""},"pave24":{"libelle":"Compl\u00e9ment Tarifs","contenu":""},"pave25":{"libelle":"","contenu":""},"ContactsParType":{"GEST":{"17561":{"id_contact":"17561","type_contact":"GEST","categorie_contact":"PRESTATAIRE","societe_contact":"","fonction_contact":"","civilite_nom_prenom_contact":"Boost Your Immo ","adresse1_contact":"Immeuble Le C\u00e9sier","adresse2_contact":"","adresse3_contact":"","cpostal_contact":"05600","ville_contact":"Risoul","teldom_contact":"04 94 62 02 06","telbur_contact":"","fax_contact":"","portable_contact":"","email_contact":"contact@boostyourimmo.com","siteweb_contact":"https:\/\/www.boostyourimmo.com","commentaire_contact":"","langue_contact":"","autre_moyen_com":[]}}},"ZoneGeoLibelle":"Risoul Station","Libelle":"MAEVA HOME","Nom":"MAEVA HOME","Prenom":"","NomPrenom":"MAEVA HOME ","CiviliteNomPrenom":"MAEVA HOME ","Cle":"G|5614438","PrestataireParent":"","ContexteStat":"PRESTATAIRE-G-5614438","DateModificationIso":"2026-03-17T11:01:00+01:00","Type":"PRESTATAIRE","TypePrestataire":"G","Adresse":{"LigneAdresse1":"165 CHEMIN DES NEGADOUX","LigneAdresse2":"","LigneAdresse3":"","CodePostal":"83140","Ville":"SIX FOURS LES PLAGES","Cedex":"","Etat":"","Pays":"FRA"},"Email":"vacances@boostyourimmo.com","Telephone":"04.83.73.96.34","TelephoneBureau":"04.94.27.81.97","Portable":"","SiteWeb":"https:\/\/www.boostyourimmo.com","Fax":"","Id":"g-5614438","Code":"G|5614438","Fichier":[],"Url":"","Localisation":{"GoogleMap":{"Latitude":"","Longitude":""},"PlanStation":{"idPlan":"7","nomPlan":"Plan Station 2023","carte":"\/plan\/plan_station_2020[HIVER_FR[.jpg","PositionAbs":"795","PositionOrd":"362"}},"ZoneGeo":"FRPAHARISTATT","Criteres":{"LANGUE_PARLEE[ANGLAIS":"","GRESAAGENCE[RISOULRESA":"","LANGUE_PARLEE[ESPAGNOL":"","ADHERENT[OUI":"","ORDRE[1POS":"","TYPE_AGENCE[MONTAGNE":"","GRESAAGENCE[GOUI":"","LANGUE_PARLEE[FRANAIS":""},"DateFinPublication":"","AffichageCoordonnees":[]},"listeCriteres":{"COMMUNE":{"RISOUL":""},"PASSERELLE":{"MAEVA":""},"GTYPRE":{"GAPPTR":""},"GTYPAP":{"G4PIEC":""},"GRESID":{"ANTAR":""},"GASCEN":{"GASCEN":""},"GBALCO":{"GBALCO":""},"ZONEGEO":{"FRPAHARISTATT":""},"GDISCE":{"DISTCENTRESTATION":"450","G1ISAL":"50","GESF":"250","GSHOP":"50","CRECHEDISTANCE":"450","ARRETN":"10","PROGAR":"250","G4ISAH":"500"},"GCUISI":{"GCOINC":""},"GEQUCU":{"GQRIGA":"","GPLAK":"","GQAVEV":"","GFOURO":""},"GSEJOU":{"CANAPLIT":""},"GCHAM1":{"G11L33":"2"},"GCHAM2":{"GC1L1P":"1"},"GCHAM3":{"G1L2PG":"1"},"GSDB1":{"G1BWCI":"1","G1DWCI":"1"},"GWC":{"GWCIND":"2"},"GEQSAN":{"G0QLLI":""},"GEQLOI":{"TVPLAT":"","G2QLCS":"","GEQSAU":"","GEQPIS":""},"GNOTE1":{"NOFUMEUR":""},"GANIMA":{"GANIMR":""},"GCAUT":{"GCAUT":"1500\u20ac"},"GPIECES":{"4PIECES":""},"EQUIPEMENTS":{"PISCINE":"","LAVEVAISSELLE":"","LINGE":""},"LANGUE_PARLEE":{"ANGLAIS":"","ESPAGNOL":"","FRANAIS":""},"GRESAAGENCE":{"RISOULRESA":"","GOUI":""},"ADHERENT":{"OUI":""},"ORDRE":{"1POS":""},"TYPE_AGENCE":{"MONTAGNE":""}},"dansCarnetVoyage":true,"Ouverture":""},"html":" \n \u003Cdiv id=\"CV-PRESTATION-G-5614438-1596991\" data-contexte-id=\"PRESTATION|G|5614438|1596991\" data-cle=\"G|5614438|1596991\" class=\"fiche-liste\"\u003E\n    \n\n    \u003C!-- partie photo --\u003E\n    \u003Cdiv class=\"photo\"\u003E\t\t\t\t\t\t\t\t\t\t\t\t\t\t\t\t\t\t\t\t\t\n        \u003Cdiv class=\"cadre_photo_principale\"\u003E\t\t\n        \n            \t\t\t\t\t\n                    \u003Ca href=\"?origine=carnet#media\"\u003E\n                        \u003Cimg class=\"photo_principale\" alt=\"_ws-photos_FRANCE_risoul_residences_residence-antares_747372cd4525818df5312f7ea7a60792_2384178\" src=\"https:\/\/www.risoul.com\/medias\/images\/prestations\/multitailles\/320x240__ws-photos_FRANCE_risoul_residences_residence-antares_747372cd4525818df5312f7ea7a60792_2384178.jpg\" itemprop=\"image\"\u003E\n                    \u003C\/a\u003E\t\t\t\t\t\t\n                \n                    \u003C\/div\u003E\t\t\t\t\t\t\t\t\t\t\t\t\t\t\t\t\t\t\t \t\t\n    \u003C\/div\u003E\n    \n    \u003C!-- partie nom prest --\u003E\n    \u003Cdiv class=\"nom\"\u003E\n        \u003Ch2\u003ER\u00e9sidence Antares :Beau T4 \u00e0 Risoul 50m des pistes dans r\u00e9sidence avec piscine et spa\u003C\/h2\u003E\n        \n            \u003C\/div\u003E\n\n         \n    \u003C!-- partie adresse --\u003E\n    \u003Cdiv class=\"adresse\"\u003E\n    \n          \n    \u003C\/div\u003E\n    \n    \u003C!-- partie liens --\u003E\n    \u003Cdiv class=\"liens\"\u003E\n            \u003Ca class=\"btn-icon btn-view \" title=\"Voir la fiche d\u00e9taill\u00e9e\" href=\"?origine=carnet\"\u003E\u003C\/a\u003E\u003C!--\u003Ca class=\"btn-icon btn-view \" title=\"\" href=\"?origine=carnet#thaut\"\u003E\u003C\/a\u003E--\u003E\n      \u003Ca class=\"btn-icon btn-trash carnet_voyage_supprimer\" title=\"Supprimer cette fiche de mon carnet de voyage\" href=\"carnet-voyage?action=remove&fiche=G|5614438|1596991\"\u003E\u003C\/a\u003E\n    \u003C\/div\u003E\n\n\u003C\/div\u003E\n\n","icon":"https:\/\/static.ingenie.fr\/images\/carnetVoyageV3\/G.png"},"fiche":"G|5614438|1596991","popup":"\u003Cdiv id=\"bloc_popup_ajout_fiche_carnet\"\u003E\n    \u003Cdiv class=\"info_popup_ajout_fiche_carnet\"\u003E\n        Vous venez d'ajouter cet \u00e9l\u00e9ment \u00e0 vos favoris :    \u003C\/div\u003E\n    \u003Cdiv class=\"prest_popup_ajout_fiche_carnet\"\u003E\n        R&eacute;sidence Antares :Beau T4 &agrave; Risoul 50m des pistes dans r&eacute;sidence avec piscine et spa    \u003C\/div\u003E\n    \u003Cdiv class=\"bloc_btn_ajout_fiche_carnet form_submit_div\"\u003E\n        \u003Cinput type=\"button\" value=\"Continuer ma s\u00e9lection de favoris\" title=\"Continuer ma s\u00e9lection de favoris\" name=\"btn_close\" class=\"btn_close_popup_carnet form_submit\" onclick=\"$.colorbox.close()\" \/\u003E\n        \u003Cinput type=\"button\" value=\"Voir mes favoris\" title=\"Voir mes favoris\" name=\"btn_panier\" class=\"btn_panier_popup_carnet form_submit\" onclick=\"if(typeof CarnetVoyage != 'undefined') {CarnetVoyage.voirCarnet();}\" \/\u003E\n    \u003C\/div\u003E\n    \u003Cdiv class=\"bloc_btn_ajout_fiche_carnet\"\u003E\n        \u003Cinput type=\"checkbox\" value=\"1\" name=\"desactiver_popup\" id=\"desactiver_popup\" \/\u003E\n        \u003Clabel for=\"desactiver_popup\"\u003ENe plus afficher ce message\u003C\/label\u003E\n    \u003C\/div\u003E\n\u003C\/div\u003E","success":1}