{"nbFiches":2,"dataPrest":{"infoPrest":{"pave1":{"libelle":"Descriptif","contenu":"Id&eacute;alement situ&eacute;e au c&oelig;ur de Risoul 1850, la r&eacute;sidence Le C&eacute;sier - maeva Home&nbsp;b&eacute;n&eacute;ficie d&rsquo;un emplacement privil&eacute;gi&eacute; en front de neige. Depuis la r&eacute;sidence, vous profitez d&rsquo;un acc&egrave;s direct aux pistes, aux &eacute;coles de ski et aux commerces de la station, le tout dans une atmosph&egrave;re conviviale et familiale.\u003Cbr \/\u003E\r\n\u003Cbr \/\u003E\r\nSon exposition ensoleill&eacute;e et sa proximit&eacute; avec toutes les animations de la station en font un point de d&eacute;part parfait pour vos vacances d&rsquo;hiver comme d&rsquo;&eacute;t&eacute;, entre ski, randonn&eacute;es et activit&eacute;s de montagne.\u003Cbr \/\u003E\r\n\u003Cbr \/\u003E\r\nLes atouts de votre location :&nbsp;Situ&eacute; au 4e&nbsp;&eacute;tage avec ascenseur, ce logement&nbsp;expos&eacute; plein sud offre une vue sur les montagnes depuis son balcon. Id&eacute;alement plac&eacute; au pied des pistes et au c&oelig;ur du village, il permet de profiter pleinement des commerces et activit&eacute;s &agrave; moins de 100 m. L&rsquo;appartement dispose&nbsp;d&rsquo;une cuisine am&eacute;ricaine &eacute;quip&eacute;e (four, micro-ondes, lave-vaisselle, grand r&eacute;frig&eacute;rateur), et d&rsquo;une salle d&rsquo;eau avec douche. Parfait pour un s&eacute;jour confortable &agrave; la montagne, alliant praticit&eacute;, clart&eacute; et emplacement id&eacute;al.\u003Cbr \/\u003E\r\n&nbsp;\u003Cbr \/\u003E\r\n\u003Cbr \/\u003E\r\nVotre location de vacances comporte : 1&nbsp;s&eacute;jour&nbsp;1&nbsp;cuisine, 1&nbsp;chambre, 1&nbsp;salle&nbsp;de bain, 1&nbsp;WC s&eacute;par&eacute;, 1&nbsp;balcon.\u003Cbr \/\u003E\r\n&nbsp;\u003Cbr \/\u003E\r\n\u003Cbr \/\u003E\r\n\u003Cstrong\u003EEmplacement :\u003C\/strong\u003E\u003Cbr \/\u003E\r\nEtage du logement : 4eme &eacute;tage\u003Cbr \/\u003E\r\nCentre ville ou village : Centre-village\u003Cbr \/\u003E\r\nDistance pistes \/ mer : &lt;100m\u003Cbr \/\u003E\r\nDistance commerces : &lt;100m\u003Cbr \/\u003E\r\nDistance activit&eacute;s : &lt;100m\u003Cbr \/\u003E\r\n\u003Cbr \/\u003E\r\n\u003Cbr \/\u003E\r\n\u003Cstrong\u003ECouchages :&nbsp;\u003C\/strong\u003E\u003Cbr \/\u003E\r\nSalon : 1 canap&eacute; lit\u003Cbr \/\u003E\r\nChambre 1 : Lits superpos&eacute;s (2 couchages)\u003Cbr \/\u003E\r\n\u003Cbr \/\u003E\r\n\u003Cbr \/\u003E\r\n&nbsp;","fichiers":[]},"pave2":{"libelle":"Descriptif (site web)","contenu":"\u003Cbr \/\u003E\r\n&nbsp;","fichiers":[]},"pave3":{"libelle":"","contenu":""},"pave4":{"libelle":"","contenu":""},"pave5":{"libelle":"","contenu":""},"pave6":{"libelle":"","contenu":""},"pave7":{"libelle":"","contenu":""},"pave8":{"libelle":"","contenu":""},"pave9":{"libelle":"","contenu":""},"pave10":{"libelle":"","contenu":""},"pave11":{"libelle":"","contenu":""},"pave12":{"libelle":"","contenu":""},"pave13":{"libelle":"","contenu":""},"pave14":{"libelle":"","contenu":""},"pave15":{"libelle":"","contenu":""},"pave16":{"libelle":"","contenu":""},"pave17":{"libelle":"","contenu":""},"pave18":{"libelle":"","contenu":""},"pave19":{"libelle":"","contenu":""},"pave20":{"libelle":"","contenu":""},"pave21":{"libelle":"","contenu":""},"pave22":{"libelle":"","contenu":""},"pave23":{"libelle":"","contenu":""},"pave24":{"libelle":"","contenu":""},"pave25":{"libelle":"","contenu":""},"Libelle":"R\u00e9sidence Le C\u00e9sier - maeva Home :Appartement au pied des pistes vue montagne 2 pi\u00e8ces 4 personnes - S\u00e9lection","Reference":"","Reftar":"","Type":"PRESTATION","TypePrestataire":"G","ContexteStat":"PRESTATION-G-5614438-2074043","DateModificationIso":"2026-04-29T14:52:00+02:00","Adresse":{"LigneAdresse1":"","LigneAdresse2":"","LigneAdresse3":"","CodePostal":"","Ville":"Risoul","Cedex":"","Etat":"","Pays":""},"Id":"g-5614438-2074043","Code":"G|5614438|2074043","Cle":"G|5614438|2074043","Url":"","Localisation":{"GoogleMap":{"Latitude":"44.62154760","Longitude":"6.63463640"}},"ZoneGeo":"","Criteres":{"PASSERELLE[MAEVA":""},"Prestataire":{"pave1":{"libelle":"Descriptif","contenu":"TRANSACTION &ndash; LOCATION\u003Cbr \/\u003E\r\nGESTION &ndash; SYNDIC\u003Cbr \/\u003E\r\nLOCATION VACANCES &amp; CONCIERGERIE\u003Cbr \/\u003E\r\nREMISE DES CL&Eacute;S &amp; &Eacute;TATS DES LIEUX\u003Cbr \/\u003E\r\nM&Eacute;NAGE -BLANCHISSERIE &amp; SERVICES"},"pave2":{"libelle":"Notes Internes","contenu":""},"pave3":{"libelle":"Remise des cl\u00e9s","contenu":"\u003Cdiv data-ogsc=\"black\" data-olk-copy-source=\"MessageBody\" style=\"border: 0px; font-variant-numeric: inherit; font-variant-east-asian: inherit; font-variant-alternates: inherit; font-variant-position: inherit; font-variant-emoji: inherit; font-stretch: inherit; font-size: 11pt; line-height: inherit; font-family: Aptos, Aptos_EmbeddedFont, Aptos_MSFontService, Calibri, Helvetica, sans-serif; font-optical-sizing: inherit; font-size-adjust: inherit; font-kerning: inherit; font-feature-settings: inherit; font-variation-settings: inherit; margin: 0px; padding: 0px; vertical-align: baseline; color: black !important;\"\u003E\u003Cu\u003E\u003Cstrong\u003ERemise des cl&eacute;s:\u003C\/strong\u003E\u003C\/u\u003E\u003Cbr \/\u003E\r\nNotre partenaire conciergerie Les Cl&eacute;s de Risoul vous remettra les clefs.\u003Cbr \/\u003E\r\n06 51 65 91 13 -&nbsp;\u003Cspan data-ogsc=\"rgb(18, 100, 163)\" style=\"border: 0px; font: inherit; margin: 0px; padding: 0px; vertical-align: baseline; color: rgb(18, 100, 163) !important;\"\u003E\u003Ca data-linkindex=\"0\" data-ogsc=\"rgb(18, 100, 163)\" data-sk=\"tooltip_parent\" data-stringify-link=\"mailto:lesclesderisoul@gmail.com\" href=\"mailto:lesclesderisoul@gmail.com\" id=\"OWA4ee49846-319c-22a3-7e74-ca3b986d0bc3\" rel=\"noopener noreferrer\" style=\"border: 0px; font: inherit; margin: 0px; padding: 0px; vertical-align: baseline; color: rgb(18, 100, 163) !important;\" title=\"mailto:lesclesderisoul@gmail.com\"\u003Elesclesderisoul@gmail.com\u003C\/a\u003E\u003C\/span\u003E\u003Cbr \/\u003E\r\nPendant votre s&eacute;jour, pour toute demande ou en cas d&rsquo;urgence, vous pouvez joindre la conciergerie au : 06 51 65 91 13\u003Cbr \/\u003E\r\nSi vous arrivez en dehors des horaires, une bo&icirc;te &agrave; code sera &agrave; votre disposition.\u003C\/div\u003E\r\n\r\n\u003Cdiv data-ogsc=\"black\" style=\"border: 0px; font-variant-numeric: inherit; font-variant-east-asian: inherit; font-variant-alternates: inherit; font-variant-position: inherit; font-variant-emoji: inherit; font-stretch: inherit; font-size: 11pt; line-height: inherit; font-family: Aptos, Aptos_EmbeddedFont, Aptos_MSFontService, Calibri, Helvetica, sans-serif; font-optical-sizing: inherit; font-size-adjust: inherit; font-kerning: inherit; font-feature-settings: inherit; font-variation-settings: inherit; margin: 0px; padding: 0px; vertical-align: baseline; color: black !important;\"\u003E&nbsp;\u003C\/div\u003E\r\n\r\n\u003Cdiv data-ogsc=\"black\" style=\"border: 0px; font-variant-numeric: inherit; font-variant-east-asian: inherit; font-variant-alternates: inherit; font-variant-position: inherit; font-variant-emoji: inherit; font-stretch: inherit; font-size: 11pt; line-height: inherit; font-family: Aptos, Aptos_EmbeddedFont, Aptos_MSFontService, Calibri, Helvetica, sans-serif; font-optical-sizing: inherit; font-size-adjust: inherit; font-kerning: inherit; font-feature-settings: inherit; font-variation-settings: inherit; margin: 0px; padding: 0px; vertical-align: baseline; color: black !important;\"\u003E\u003Cspan data-ogsc=\"\" style=\"border: 0px; font-style: inherit; font-variant: inherit; font-weight: 700; font-stretch: inherit; font-size: inherit; line-height: inherit; font-family: inherit; font-optical-sizing: inherit; font-size-adjust: inherit; font-kerning: inherit; font-feature-settings: inherit; font-variation-settings: inherit; margin: 0px; padding: 0px; vertical-align: baseline; color: inherit;\"\u003EHoraire de remise des clefs :\u003C\/span\u003E\u003C\/div\u003E\r\n\r\n\u003Cdiv data-ogsc=\"black\" style=\"border: 0px; font-variant-numeric: inherit; font-variant-east-asian: inherit; font-variant-alternates: inherit; font-variant-position: inherit; font-variant-emoji: inherit; font-stretch: inherit; font-size: 11pt; line-height: inherit; font-family: Aptos, Aptos_EmbeddedFont, Aptos_MSFontService, Calibri, Helvetica, sans-serif; font-optical-sizing: inherit; font-size-adjust: inherit; font-kerning: inherit; font-feature-settings: inherit; font-variation-settings: inherit; margin: 0px; padding: 0px; vertical-align: baseline; color: black !important;\"\u003EArriv&eacute;es : entre 16h00 et 19h00 (18h en &eacute;t&eacute;)\u003Cbr \/\u003E\r\nD&eacute;parts : avant 10h\u003Cbr \/\u003E\r\nEn cas d&#39;arriv&eacute;e tardive, vous r&eacute;cup&eacute;rez les clefs dans une boite &agrave; cl&eacute; s&eacute;curis&eacute;e.\u003C\/div\u003E\r\n\r\n\u003Cdiv data-ogsc=\"black\" style=\"border: 0px; font-variant-numeric: inherit; font-variant-east-asian: inherit; font-variant-alternates: inherit; font-variant-position: inherit; font-variant-emoji: inherit; font-stretch: inherit; font-size: 11pt; line-height: inherit; font-family: Aptos, Aptos_EmbeddedFont, Aptos_MSFontService, Calibri, Helvetica, sans-serif; font-optical-sizing: inherit; font-size-adjust: inherit; font-kerning: inherit; font-feature-settings: inherit; font-variation-settings: inherit; margin: 0px; padding: 0px; vertical-align: baseline; color: black !important;\"\u003E&nbsp;\u003C\/div\u003E\r\n\r\n\u003Cdiv data-ogsc=\"black\" style=\"border: 0px; font-variant-numeric: inherit; font-variant-east-asian: inherit; font-variant-alternates: inherit; font-variant-position: inherit; font-variant-emoji: inherit; font-stretch: inherit; font-size: 11pt; line-height: inherit; font-family: Aptos, Aptos_EmbeddedFont, Aptos_MSFontService, Calibri, Helvetica, sans-serif; font-optical-sizing: inherit; font-size-adjust: inherit; font-kerning: inherit; font-feature-settings: inherit; font-variation-settings: inherit; margin: 0px; padding: 0px; vertical-align: baseline; color: black !important;\"\u003E\u003Cspan data-ogsc=\"\" style=\"border: 0px; font-style: inherit; font-variant: inherit; font-weight: 700; font-stretch: inherit; font-size: inherit; line-height: inherit; font-family: inherit; font-optical-sizing: inherit; font-size-adjust: inherit; font-kerning: inherit; font-feature-settings: inherit; font-variation-settings: inherit; margin: 0px; padding: 0px; vertical-align: baseline; color: inherit;\"\u003EServices inclus dans la location :\u003C\/span\u003E\u003Cbr \/\u003E\r\n- Kit entretien (1 &eacute;ponge, 1 lavette, 1 flacon de produit multi-usages, 1 flacon de produit liquide vaisselle main, 1 tablette lave-vaisselle et 1 torchon : peut varier selon les r&eacute;sidences).\u003C\/div\u003E\r\n\r\n\u003Cdiv data-ogsc=\"black\" style=\"border: 0px; font-variant-numeric: inherit; font-variant-east-asian: inherit; font-variant-alternates: inherit; font-variant-position: inherit; font-variant-emoji: inherit; font-stretch: inherit; font-size: 11pt; line-height: inherit; font-family: Aptos, Aptos_EmbeddedFont, Aptos_MSFontService, Calibri, Helvetica, sans-serif; font-optical-sizing: inherit; font-size-adjust: inherit; font-kerning: inherit; font-feature-settings: inherit; font-variation-settings: inherit; margin: 0px; padding: 0px; vertical-align: baseline; color: black !important;\"\u003E\u003Cspan data-ogsc=\"\" style=\"border: 0px; font-style: inherit; font-variant: inherit; font-weight: 700; font-stretch: inherit; font-size: inherit; line-height: inherit; font-family: inherit; font-optical-sizing: inherit; font-size-adjust: inherit; font-kerning: inherit; font-feature-settings: inherit; font-variation-settings: inherit; margin: 0px; padding: 0px; vertical-align: baseline; color: inherit;\"\u003EServices en suppl&eacute;ment :\u003C\/span\u003E\u003Cbr \/\u003E\r\n- M&eacute;nage : En suppl&eacute;ment. A r&eacute;aliser obligatoirement en fin de s&eacute;jour, soit par le client soit en payant la prestation lors de la r&eacute;servation, au pr&eacute;check-in.\u003Cbr \/\u003E\r\n- Linge de lit sur demande, en suppl&eacute;ment\u003C\/div\u003E\r\n"},"pave4":{"libelle":"Lien photo","contenu":""},"pave5":{"libelle":"Descriptif d\u00e9taill\u00e9","contenu":""},"pave6":{"libelle":"Bons plans","contenu":""},"pave7":{"libelle":"Compl\u00e9ment localisation","contenu":""},"pave8":{"libelle":"Compl\u00e9ment accueil","contenu":""},"pave9":{"libelle":"P\u00e9riode(s) d'ouverture","contenu":""},"pave10":{"libelle":"Tarifs en clair","contenu":""},"pave11":{"libelle":"Compl\u00e9ment Tarifs","contenu":""},"pave12":{"libelle":"Compl\u00e9ment R\u00e9servation","contenu":""},"pave13":{"libelle":"Descriptif court","contenu":""},"pave14":{"libelle":"Descriptif court","contenu":""},"pave15":{"libelle":"Descriptif d\u00e9taill\u00e9","contenu":""},"pave16":{"libelle":"Descriptif d\u00e9taill\u00e9","contenu":""},"pave17":{"libelle":"Compl\u00e9ment localisation","contenu":""},"pave18":{"libelle":"Compl\u00e9ment localisation","contenu":""},"pave19":{"libelle":"P\u00e9riode(s) d'ouverture","contenu":""},"pave20":{"libelle":"P\u00e9riode(s) d'ouverture","contenu":""},"pave21":{"libelle":"Tarifs en clair","contenu":""},"pave22":{"libelle":"Tarifs en clair","contenu":""},"pave23":{"libelle":"Compl\u00e9ment Tarifs","contenu":""},"pave24":{"libelle":"Compl\u00e9ment Tarifs","contenu":""},"pave25":{"libelle":"","contenu":""},"ContactsParType":{"GEST":{"17561":{"id_contact":"17561","type_contact":"GEST","categorie_contact":"PRESTATAIRE","societe_contact":"","fonction_contact":"","civilite_nom_prenom_contact":"Boost Your Immo ","adresse1_contact":"Immeuble Le C\u00e9sier","adresse2_contact":"","adresse3_contact":"","cpostal_contact":"05600","ville_contact":"Risoul","teldom_contact":"04 94 62 02 06","telbur_contact":"","fax_contact":"","portable_contact":"","email_contact":"contact@boostyourimmo.com","siteweb_contact":"https:\/\/www.boostyourimmo.com","commentaire_contact":"","langue_contact":"","autre_moyen_com":[]}}},"ZoneGeoLibelle":"Risoul Station","Libelle":"MAEVA HOME","Nom":"MAEVA HOME","Prenom":"","NomPrenom":"MAEVA HOME ","CiviliteNomPrenom":"MAEVA HOME ","Cle":"G|5614438","PrestataireParent":"","ContexteStat":"PRESTATAIRE-G-5614438","DateModificationIso":"2026-03-17T11:01:00+01:00","Type":"PRESTATAIRE","TypePrestataire":"G","Adresse":{"LigneAdresse1":"165 CHEMIN DES NEGADOUX","LigneAdresse2":"","LigneAdresse3":"","CodePostal":"83140","Ville":"SIX FOURS LES PLAGES","Cedex":"","Etat":"","Pays":"FRA"},"Email":"vacances@boostyourimmo.com","Telephone":"04.83.73.96.34","TelephoneBureau":"04.94.27.81.97","Portable":"","SiteWeb":"https:\/\/www.boostyourimmo.com","Fax":"","Id":"g-5614438","Code":"G|5614438","Fichier":[],"Url":"","Localisation":{"GoogleMap":{"Latitude":"","Longitude":""},"PlanStation":{"idPlan":"7","nomPlan":"Plan Station 2023","carte":"\/plan\/plan_station_2020[HIVER_FR[.jpg","PositionAbs":"795","PositionOrd":"362"}},"ZoneGeo":"FRPAHARISTATT","Criteres":{"LANGUE_PARLEE[ANGLAIS":"","GRESAAGENCE[RISOULRESA":"","LANGUE_PARLEE[ESPAGNOL":"","ADHERENT[OUI":"","ORDRE[1POS":"","TYPE_AGENCE[MONTAGNE":"","GRESAAGENCE[GOUI":"","LANGUE_PARLEE[FRANAIS":""},"DateFinPublication":""},"Fichier":{"Image":[{"url":"https:\/\/www.risoul.com\/medias\/images\/prestations\/_ws-photos_FRANCE_risoul_residences_residence-le-cesier-maeva-home_appartement-au-pied-des-pistes-vue-montagne-2-pieces-4-personnes-selection_7_2793673.jpeg","chemin":"..\/medias\/images\/prestations\/_ws-photos_FRANCE_risoul_residences_residence-le-cesier-maeva-home_appartement-au-pied-des-pistes-vue-montagne-2-pieces-4-personnes-selection_7_2793673.jpeg","libelle":"_ws-photos_FRANCE_risoul_residences_residence-le-cesier-maeva-home_appartement-au-pied-des-pistes-vue-montagne-2-pieces-4-personnes-selection_7_2793673","extension":"jpeg","categorie":"","largeur":800,"theme":"","hauteur":480,"type":"Image","origine":"","liaisonPave":"","langue":"","id":"2793673","urlVignette":"https:\/\/www.risoul.com\/medias\/images\/prestations\/v-_ws-photos_FRANCE_risoul_residences_residence-le-cesier-maeva-home_appartement-au-pied-des-pistes-vue-montagne-2-pieces-4-personnes-selection_7_2793673.jpeg","alt":"_ws-photos_FRANCE_risoul_residences_residence-le-cesier-maeva-home_appartement-au-pied-des-pistes-vue-montagne-2-pieces-4-personnes-selection_7_2793673","title":"_ws-photos_FRANCE_risoul_residences_residence-le-cesier-maeva-home_appartement-au-pied-des-pistes-vue-montagne-2-pieces-4-personnes-selection_7_2793673","MultiTaille":{"1920x1440":{"url":"https:\/\/www.risoul.com\/medias\/images\/prestations\/multitailles\/1920x1440__ws-photos_FRANCE_risoul_residences_residence-le-cesier-maeva-home_appartement-au-pied-des-pistes-vue-montagne-2-pieces-4-personnes-selection_7_2793673.jpeg"},"1200x900":{"url":"https:\/\/www.risoul.com\/medias\/images\/prestations\/multitailles\/1200x900__ws-photos_FRANCE_risoul_residences_residence-le-cesier-maeva-home_appartement-au-pied-des-pistes-vue-montagne-2-pieces-4-personnes-selection_7_2793673.jpeg"},"800x600":{"url":"https:\/\/www.risoul.com\/medias\/images\/prestations\/multitailles\/800x600__ws-photos_FRANCE_risoul_residences_residence-le-cesier-maeva-home_appartement-au-pied-des-pistes-vue-montagne-2-pieces-4-personnes-selection_7_2793673.jpeg"},"640x480":{"url":"https:\/\/www.risoul.com\/medias\/images\/prestations\/multitailles\/640x480__ws-photos_FRANCE_risoul_residences_residence-le-cesier-maeva-home_appartement-au-pied-des-pistes-vue-montagne-2-pieces-4-personnes-selection_7_2793673.jpeg"},"320x240":{"url":"https:\/\/www.risoul.com\/medias\/images\/prestations\/multitailles\/320x240__ws-photos_FRANCE_risoul_residences_residence-le-cesier-maeva-home_appartement-au-pied-des-pistes-vue-montagne-2-pieces-4-personnes-selection_7_2793673.jpeg"},"160x120":{"url":"https:\/\/www.risoul.com\/medias\/images\/prestations\/multitailles\/160x120__ws-photos_FRANCE_risoul_residences_residence-le-cesier-maeva-home_appartement-au-pied-des-pistes-vue-montagne-2-pieces-4-personnes-selection_7_2793673.jpeg"},"origine":{"url":"https:\/\/www.risoul.com\/medias\/images\/prestations\/_ws-photos_FRANCE_risoul_residences_residence-le-cesier-maeva-home_appartement-au-pied-des-pistes-vue-montagne-2-pieces-4-personnes-selection_7_2793673.jpeg"}},"urlLien":"","typeLien":"","nofollow":"N","copyright":""},{"url":"https:\/\/www.risoul.com\/medias\/images\/prestations\/_ws-photos_FRANCE_risoul_residences_residence-le-cesier-maeva-home_appartement-au-pied-des-pistes-vue-montagne-2-pieces-4-personnes-selection_8_2793674.jpeg","chemin":"..\/medias\/images\/prestations\/_ws-photos_FRANCE_risoul_residences_residence-le-cesier-maeva-home_appartement-au-pied-des-pistes-vue-montagne-2-pieces-4-personnes-selection_8_2793674.jpeg","libelle":"_ws-photos_FRANCE_risoul_residences_residence-le-cesier-maeva-home_appartement-au-pied-des-pistes-vue-montagne-2-pieces-4-personnes-selection_8_2793674","extension":"jpeg","categorie":"","largeur":800,"theme":"","hauteur":480,"type":"Image","origine":"","liaisonPave":"","langue":"","id":"2793674","urlVignette":"https:\/\/www.risoul.com\/medias\/images\/prestations\/v-_ws-photos_FRANCE_risoul_residences_residence-le-cesier-maeva-home_appartement-au-pied-des-pistes-vue-montagne-2-pieces-4-personnes-selection_8_2793674.jpeg","alt":"_ws-photos_FRANCE_risoul_residences_residence-le-cesier-maeva-home_appartement-au-pied-des-pistes-vue-montagne-2-pieces-4-personnes-selection_8_2793674","title":"_ws-photos_FRANCE_risoul_residences_residence-le-cesier-maeva-home_appartement-au-pied-des-pistes-vue-montagne-2-pieces-4-personnes-selection_8_2793674","MultiTaille":{"1920x1440":{"url":"https:\/\/www.risoul.com\/medias\/images\/prestations\/multitailles\/1920x1440__ws-photos_FRANCE_risoul_residences_residence-le-cesier-maeva-home_appartement-au-pied-des-pistes-vue-montagne-2-pieces-4-personnes-selection_8_2793674.jpeg"},"1200x900":{"url":"https:\/\/www.risoul.com\/medias\/images\/prestations\/multitailles\/1200x900__ws-photos_FRANCE_risoul_residences_residence-le-cesier-maeva-home_appartement-au-pied-des-pistes-vue-montagne-2-pieces-4-personnes-selection_8_2793674.jpeg"},"800x600":{"url":"https:\/\/www.risoul.com\/medias\/images\/prestations\/multitailles\/800x600__ws-photos_FRANCE_risoul_residences_residence-le-cesier-maeva-home_appartement-au-pied-des-pistes-vue-montagne-2-pieces-4-personnes-selection_8_2793674.jpeg"},"640x480":{"url":"https:\/\/www.risoul.com\/medias\/images\/prestations\/multitailles\/640x480__ws-photos_FRANCE_risoul_residences_residence-le-cesier-maeva-home_appartement-au-pied-des-pistes-vue-montagne-2-pieces-4-personnes-selection_8_2793674.jpeg"},"320x240":{"url":"https:\/\/www.risoul.com\/medias\/images\/prestations\/multitailles\/320x240__ws-photos_FRANCE_risoul_residences_residence-le-cesier-maeva-home_appartement-au-pied-des-pistes-vue-montagne-2-pieces-4-personnes-selection_8_2793674.jpeg"},"160x120":{"url":"https:\/\/www.risoul.com\/medias\/images\/prestations\/multitailles\/160x120__ws-photos_FRANCE_risoul_residences_residence-le-cesier-maeva-home_appartement-au-pied-des-pistes-vue-montagne-2-pieces-4-personnes-selection_8_2793674.jpeg"},"origine":{"url":"https:\/\/www.risoul.com\/medias\/images\/prestations\/_ws-photos_FRANCE_risoul_residences_residence-le-cesier-maeva-home_appartement-au-pied-des-pistes-vue-montagne-2-pieces-4-personnes-selection_8_2793674.jpeg"}},"urlLien":"","typeLien":"","nofollow":"N","copyright":""},{"url":"https:\/\/www.risoul.com\/medias\/images\/prestations\/_ws-photos_FRANCE_risoul_residences_residence-le-cesier-maeva-home_appartement-au-pied-des-pistes-vue-montagne-2-pieces-4-personnes-selection_6_2793675.jpeg","chemin":"..\/medias\/images\/prestations\/_ws-photos_FRANCE_risoul_residences_residence-le-cesier-maeva-home_appartement-au-pied-des-pistes-vue-montagne-2-pieces-4-personnes-selection_6_2793675.jpeg","libelle":"_ws-photos_FRANCE_risoul_residences_residence-le-cesier-maeva-home_appartement-au-pied-des-pistes-vue-montagne-2-pieces-4-personnes-selection_6_2793675","extension":"jpeg","categorie":"","largeur":800,"theme":"","hauteur":480,"type":"Image","origine":"","liaisonPave":"","langue":"","id":"2793675","urlVignette":"https:\/\/www.risoul.com\/medias\/images\/prestations\/v-_ws-photos_FRANCE_risoul_residences_residence-le-cesier-maeva-home_appartement-au-pied-des-pistes-vue-montagne-2-pieces-4-personnes-selection_6_2793675.jpeg","alt":"_ws-photos_FRANCE_risoul_residences_residence-le-cesier-maeva-home_appartement-au-pied-des-pistes-vue-montagne-2-pieces-4-personnes-selection_6_2793675","title":"_ws-photos_FRANCE_risoul_residences_residence-le-cesier-maeva-home_appartement-au-pied-des-pistes-vue-montagne-2-pieces-4-personnes-selection_6_2793675","MultiTaille":{"1920x1440":{"url":"https:\/\/www.risoul.com\/medias\/images\/prestations\/multitailles\/1920x1440__ws-photos_FRANCE_risoul_residences_residence-le-cesier-maeva-home_appartement-au-pied-des-pistes-vue-montagne-2-pieces-4-personnes-selection_6_2793675.jpeg"},"1200x900":{"url":"https:\/\/www.risoul.com\/medias\/images\/prestations\/multitailles\/1200x900__ws-photos_FRANCE_risoul_residences_residence-le-cesier-maeva-home_appartement-au-pied-des-pistes-vue-montagne-2-pieces-4-personnes-selection_6_2793675.jpeg"},"800x600":{"url":"https:\/\/www.risoul.com\/medias\/images\/prestations\/multitailles\/800x600__ws-photos_FRANCE_risoul_residences_residence-le-cesier-maeva-home_appartement-au-pied-des-pistes-vue-montagne-2-pieces-4-personnes-selection_6_2793675.jpeg"},"640x480":{"url":"https:\/\/www.risoul.com\/medias\/images\/prestations\/multitailles\/640x480__ws-photos_FRANCE_risoul_residences_residence-le-cesier-maeva-home_appartement-au-pied-des-pistes-vue-montagne-2-pieces-4-personnes-selection_6_2793675.jpeg"},"320x240":{"url":"https:\/\/www.risoul.com\/medias\/images\/prestations\/multitailles\/320x240__ws-photos_FRANCE_risoul_residences_residence-le-cesier-maeva-home_appartement-au-pied-des-pistes-vue-montagne-2-pieces-4-personnes-selection_6_2793675.jpeg"},"160x120":{"url":"https:\/\/www.risoul.com\/medias\/images\/prestations\/multitailles\/160x120__ws-photos_FRANCE_risoul_residences_residence-le-cesier-maeva-home_appartement-au-pied-des-pistes-vue-montagne-2-pieces-4-personnes-selection_6_2793675.jpeg"},"origine":{"url":"https:\/\/www.risoul.com\/medias\/images\/prestations\/_ws-photos_FRANCE_risoul_residences_residence-le-cesier-maeva-home_appartement-au-pied-des-pistes-vue-montagne-2-pieces-4-personnes-selection_6_2793675.jpeg"}},"urlLien":"","typeLien":"","nofollow":"N","copyright":""},{"url":"https:\/\/www.risoul.com\/medias\/images\/prestations\/_ws-photos_FRANCE_risoul_residences_residence-le-cesier-maeva-home_appartement-au-pied-des-pistes-vue-montagne-2-pieces-4-personnes-selection_5_2793676.jpeg","chemin":"..\/medias\/images\/prestations\/_ws-photos_FRANCE_risoul_residences_residence-le-cesier-maeva-home_appartement-au-pied-des-pistes-vue-montagne-2-pieces-4-personnes-selection_5_2793676.jpeg","libelle":"_ws-photos_FRANCE_risoul_residences_residence-le-cesier-maeva-home_appartement-au-pied-des-pistes-vue-montagne-2-pieces-4-personnes-selection_5_2793676","extension":"jpeg","categorie":"","largeur":800,"theme":"","hauteur":480,"type":"Image","origine":"","liaisonPave":"","langue":"","id":"2793676","urlVignette":"https:\/\/www.risoul.com\/medias\/images\/prestations\/v-_ws-photos_FRANCE_risoul_residences_residence-le-cesier-maeva-home_appartement-au-pied-des-pistes-vue-montagne-2-pieces-4-personnes-selection_5_2793676.jpeg","alt":"_ws-photos_FRANCE_risoul_residences_residence-le-cesier-maeva-home_appartement-au-pied-des-pistes-vue-montagne-2-pieces-4-personnes-selection_5_2793676","title":"_ws-photos_FRANCE_risoul_residences_residence-le-cesier-maeva-home_appartement-au-pied-des-pistes-vue-montagne-2-pieces-4-personnes-selection_5_2793676","MultiTaille":{"1920x1440":{"url":"https:\/\/www.risoul.com\/medias\/images\/prestations\/multitailles\/1920x1440__ws-photos_FRANCE_risoul_residences_residence-le-cesier-maeva-home_appartement-au-pied-des-pistes-vue-montagne-2-pieces-4-personnes-selection_5_2793676.jpeg"},"1200x900":{"url":"https:\/\/www.risoul.com\/medias\/images\/prestations\/multitailles\/1200x900__ws-photos_FRANCE_risoul_residences_residence-le-cesier-maeva-home_appartement-au-pied-des-pistes-vue-montagne-2-pieces-4-personnes-selection_5_2793676.jpeg"},"800x600":{"url":"https:\/\/www.risoul.com\/medias\/images\/prestations\/multitailles\/800x600__ws-photos_FRANCE_risoul_residences_residence-le-cesier-maeva-home_appartement-au-pied-des-pistes-vue-montagne-2-pieces-4-personnes-selection_5_2793676.jpeg"},"640x480":{"url":"https:\/\/www.risoul.com\/medias\/images\/prestations\/multitailles\/640x480__ws-photos_FRANCE_risoul_residences_residence-le-cesier-maeva-home_appartement-au-pied-des-pistes-vue-montagne-2-pieces-4-personnes-selection_5_2793676.jpeg"},"320x240":{"url":"https:\/\/www.risoul.com\/medias\/images\/prestations\/multitailles\/320x240__ws-photos_FRANCE_risoul_residences_residence-le-cesier-maeva-home_appartement-au-pied-des-pistes-vue-montagne-2-pieces-4-personnes-selection_5_2793676.jpeg"},"160x120":{"url":"https:\/\/www.risoul.com\/medias\/images\/prestations\/multitailles\/160x120__ws-photos_FRANCE_risoul_residences_residence-le-cesier-maeva-home_appartement-au-pied-des-pistes-vue-montagne-2-pieces-4-personnes-selection_5_2793676.jpeg"},"origine":{"url":"https:\/\/www.risoul.com\/medias\/images\/prestations\/_ws-photos_FRANCE_risoul_residences_residence-le-cesier-maeva-home_appartement-au-pied-des-pistes-vue-montagne-2-pieces-4-personnes-selection_5_2793676.jpeg"}},"urlLien":"","typeLien":"","nofollow":"N","copyright":""},{"url":"https:\/\/www.risoul.com\/medias\/images\/prestations\/_ws-photos_FRANCE_risoul_residences_residence-le-cesier-maeva-home_appartement-au-pied-des-pistes-vue-montagne-2-pieces-4-personnes-selection_2_2793677.jpeg","chemin":"..\/medias\/images\/prestations\/_ws-photos_FRANCE_risoul_residences_residence-le-cesier-maeva-home_appartement-au-pied-des-pistes-vue-montagne-2-pieces-4-personnes-selection_2_2793677.jpeg","libelle":"_ws-photos_FRANCE_risoul_residences_residence-le-cesier-maeva-home_appartement-au-pied-des-pistes-vue-montagne-2-pieces-4-personnes-selection_2_2793677","extension":"jpeg","categorie":"","largeur":800,"theme":"","hauteur":480,"type":"Image","origine":"","liaisonPave":"","langue":"","id":"2793677","urlVignette":"https:\/\/www.risoul.com\/medias\/images\/prestations\/v-_ws-photos_FRANCE_risoul_residences_residence-le-cesier-maeva-home_appartement-au-pied-des-pistes-vue-montagne-2-pieces-4-personnes-selection_2_2793677.jpeg","alt":"_ws-photos_FRANCE_risoul_residences_residence-le-cesier-maeva-home_appartement-au-pied-des-pistes-vue-montagne-2-pieces-4-personnes-selection_2_2793677","title":"_ws-photos_FRANCE_risoul_residences_residence-le-cesier-maeva-home_appartement-au-pied-des-pistes-vue-montagne-2-pieces-4-personnes-selection_2_2793677","MultiTaille":{"1920x1440":{"url":"https:\/\/www.risoul.com\/medias\/images\/prestations\/multitailles\/1920x1440__ws-photos_FRANCE_risoul_residences_residence-le-cesier-maeva-home_appartement-au-pied-des-pistes-vue-montagne-2-pieces-4-personnes-selection_2_2793677.jpeg"},"1200x900":{"url":"https:\/\/www.risoul.com\/medias\/images\/prestations\/multitailles\/1200x900__ws-photos_FRANCE_risoul_residences_residence-le-cesier-maeva-home_appartement-au-pied-des-pistes-vue-montagne-2-pieces-4-personnes-selection_2_2793677.jpeg"},"800x600":{"url":"https:\/\/www.risoul.com\/medias\/images\/prestations\/multitailles\/800x600__ws-photos_FRANCE_risoul_residences_residence-le-cesier-maeva-home_appartement-au-pied-des-pistes-vue-montagne-2-pieces-4-personnes-selection_2_2793677.jpeg"},"640x480":{"url":"https:\/\/www.risoul.com\/medias\/images\/prestations\/multitailles\/640x480__ws-photos_FRANCE_risoul_residences_residence-le-cesier-maeva-home_appartement-au-pied-des-pistes-vue-montagne-2-pieces-4-personnes-selection_2_2793677.jpeg"},"320x240":{"url":"https:\/\/www.risoul.com\/medias\/images\/prestations\/multitailles\/320x240__ws-photos_FRANCE_risoul_residences_residence-le-cesier-maeva-home_appartement-au-pied-des-pistes-vue-montagne-2-pieces-4-personnes-selection_2_2793677.jpeg"},"160x120":{"url":"https:\/\/www.risoul.com\/medias\/images\/prestations\/multitailles\/160x120__ws-photos_FRANCE_risoul_residences_residence-le-cesier-maeva-home_appartement-au-pied-des-pistes-vue-montagne-2-pieces-4-personnes-selection_2_2793677.jpeg"},"origine":{"url":"https:\/\/www.risoul.com\/medias\/images\/prestations\/_ws-photos_FRANCE_risoul_residences_residence-le-cesier-maeva-home_appartement-au-pied-des-pistes-vue-montagne-2-pieces-4-personnes-selection_2_2793677.jpeg"}},"urlLien":"","typeLien":"","nofollow":"N","copyright":""},{"url":"https:\/\/www.risoul.com\/medias\/images\/prestations\/_ws-photos_FRANCE_risoul_residences_residence-le-cesier-maeva-home_appartement-au-pied-des-pistes-vue-montagne-2-pieces-4-personnes-selection_4_2793678.jpeg","chemin":"..\/medias\/images\/prestations\/_ws-photos_FRANCE_risoul_residences_residence-le-cesier-maeva-home_appartement-au-pied-des-pistes-vue-montagne-2-pieces-4-personnes-selection_4_2793678.jpeg","libelle":"_ws-photos_FRANCE_risoul_residences_residence-le-cesier-maeva-home_appartement-au-pied-des-pistes-vue-montagne-2-pieces-4-personnes-selection_4_2793678","extension":"jpeg","categorie":"","largeur":800,"theme":"","hauteur":480,"type":"Image","origine":"","liaisonPave":"","langue":"","id":"2793678","urlVignette":"https:\/\/www.risoul.com\/medias\/images\/prestations\/v-_ws-photos_FRANCE_risoul_residences_residence-le-cesier-maeva-home_appartement-au-pied-des-pistes-vue-montagne-2-pieces-4-personnes-selection_4_2793678.jpeg","alt":"_ws-photos_FRANCE_risoul_residences_residence-le-cesier-maeva-home_appartement-au-pied-des-pistes-vue-montagne-2-pieces-4-personnes-selection_4_2793678","title":"_ws-photos_FRANCE_risoul_residences_residence-le-cesier-maeva-home_appartement-au-pied-des-pistes-vue-montagne-2-pieces-4-personnes-selection_4_2793678","MultiTaille":{"1920x1440":{"url":"https:\/\/www.risoul.com\/medias\/images\/prestations\/multitailles\/1920x1440__ws-photos_FRANCE_risoul_residences_residence-le-cesier-maeva-home_appartement-au-pied-des-pistes-vue-montagne-2-pieces-4-personnes-selection_4_2793678.jpeg"},"1200x900":{"url":"https:\/\/www.risoul.com\/medias\/images\/prestations\/multitailles\/1200x900__ws-photos_FRANCE_risoul_residences_residence-le-cesier-maeva-home_appartement-au-pied-des-pistes-vue-montagne-2-pieces-4-personnes-selection_4_2793678.jpeg"},"800x600":{"url":"https:\/\/www.risoul.com\/medias\/images\/prestations\/multitailles\/800x600__ws-photos_FRANCE_risoul_residences_residence-le-cesier-maeva-home_appartement-au-pied-des-pistes-vue-montagne-2-pieces-4-personnes-selection_4_2793678.jpeg"},"640x480":{"url":"https:\/\/www.risoul.com\/medias\/images\/prestations\/multitailles\/640x480__ws-photos_FRANCE_risoul_residences_residence-le-cesier-maeva-home_appartement-au-pied-des-pistes-vue-montagne-2-pieces-4-personnes-selection_4_2793678.jpeg"},"320x240":{"url":"https:\/\/www.risoul.com\/medias\/images\/prestations\/multitailles\/320x240__ws-photos_FRANCE_risoul_residences_residence-le-cesier-maeva-home_appartement-au-pied-des-pistes-vue-montagne-2-pieces-4-personnes-selection_4_2793678.jpeg"},"160x120":{"url":"https:\/\/www.risoul.com\/medias\/images\/prestations\/multitailles\/160x120__ws-photos_FRANCE_risoul_residences_residence-le-cesier-maeva-home_appartement-au-pied-des-pistes-vue-montagne-2-pieces-4-personnes-selection_4_2793678.jpeg"},"origine":{"url":"https:\/\/www.risoul.com\/medias\/images\/prestations\/_ws-photos_FRANCE_risoul_residences_residence-le-cesier-maeva-home_appartement-au-pied-des-pistes-vue-montagne-2-pieces-4-personnes-selection_4_2793678.jpeg"}},"urlLien":"","typeLien":"","nofollow":"N","copyright":""},{"url":"https:\/\/www.risoul.com\/medias\/images\/prestations\/_ws-photos_FRANCE_risoul_residences_residence-le-cesier-maeva-home_appartement-au-pied-des-pistes-vue-montagne-2-pieces-4-personnes-selection_3_2793679.jpeg","chemin":"..\/medias\/images\/prestations\/_ws-photos_FRANCE_risoul_residences_residence-le-cesier-maeva-home_appartement-au-pied-des-pistes-vue-montagne-2-pieces-4-personnes-selection_3_2793679.jpeg","libelle":"_ws-photos_FRANCE_risoul_residences_residence-le-cesier-maeva-home_appartement-au-pied-des-pistes-vue-montagne-2-pieces-4-personnes-selection_3_2793679","extension":"jpeg","categorie":"","largeur":800,"theme":"","hauteur":480,"type":"Image","origine":"","liaisonPave":"","langue":"","id":"2793679","urlVignette":"https:\/\/www.risoul.com\/medias\/images\/prestations\/v-_ws-photos_FRANCE_risoul_residences_residence-le-cesier-maeva-home_appartement-au-pied-des-pistes-vue-montagne-2-pieces-4-personnes-selection_3_2793679.jpeg","alt":"_ws-photos_FRANCE_risoul_residences_residence-le-cesier-maeva-home_appartement-au-pied-des-pistes-vue-montagne-2-pieces-4-personnes-selection_3_2793679","title":"_ws-photos_FRANCE_risoul_residences_residence-le-cesier-maeva-home_appartement-au-pied-des-pistes-vue-montagne-2-pieces-4-personnes-selection_3_2793679","MultiTaille":{"1920x1440":{"url":"https:\/\/www.risoul.com\/medias\/images\/prestations\/multitailles\/1920x1440__ws-photos_FRANCE_risoul_residences_residence-le-cesier-maeva-home_appartement-au-pied-des-pistes-vue-montagne-2-pieces-4-personnes-selection_3_2793679.jpeg"},"1200x900":{"url":"https:\/\/www.risoul.com\/medias\/images\/prestations\/multitailles\/1200x900__ws-photos_FRANCE_risoul_residences_residence-le-cesier-maeva-home_appartement-au-pied-des-pistes-vue-montagne-2-pieces-4-personnes-selection_3_2793679.jpeg"},"800x600":{"url":"https:\/\/www.risoul.com\/medias\/images\/prestations\/multitailles\/800x600__ws-photos_FRANCE_risoul_residences_residence-le-cesier-maeva-home_appartement-au-pied-des-pistes-vue-montagne-2-pieces-4-personnes-selection_3_2793679.jpeg"},"640x480":{"url":"https:\/\/www.risoul.com\/medias\/images\/prestations\/multitailles\/640x480__ws-photos_FRANCE_risoul_residences_residence-le-cesier-maeva-home_appartement-au-pied-des-pistes-vue-montagne-2-pieces-4-personnes-selection_3_2793679.jpeg"},"320x240":{"url":"https:\/\/www.risoul.com\/medias\/images\/prestations\/multitailles\/320x240__ws-photos_FRANCE_risoul_residences_residence-le-cesier-maeva-home_appartement-au-pied-des-pistes-vue-montagne-2-pieces-4-personnes-selection_3_2793679.jpeg"},"160x120":{"url":"https:\/\/www.risoul.com\/medias\/images\/prestations\/multitailles\/160x120__ws-photos_FRANCE_risoul_residences_residence-le-cesier-maeva-home_appartement-au-pied-des-pistes-vue-montagne-2-pieces-4-personnes-selection_3_2793679.jpeg"},"origine":{"url":"https:\/\/www.risoul.com\/medias\/images\/prestations\/_ws-photos_FRANCE_risoul_residences_residence-le-cesier-maeva-home_appartement-au-pied-des-pistes-vue-montagne-2-pieces-4-personnes-selection_3_2793679.jpeg"}},"urlLien":"","typeLien":"","nofollow":"N","copyright":""},{"url":"https:\/\/www.risoul.com\/medias\/images\/prestations\/_ws-photos_FRANCE_risoul_residences_residence-le-cesier-maeva-home_appartement-au-pied-des-pistes-vue-montagne-2-pieces-4-personnes-selection_1_2793680.jpeg","chemin":"..\/medias\/images\/prestations\/_ws-photos_FRANCE_risoul_residences_residence-le-cesier-maeva-home_appartement-au-pied-des-pistes-vue-montagne-2-pieces-4-personnes-selection_1_2793680.jpeg","libelle":"_ws-photos_FRANCE_risoul_residences_residence-le-cesier-maeva-home_appartement-au-pied-des-pistes-vue-montagne-2-pieces-4-personnes-selection_1_2793680","extension":"jpeg","categorie":"","largeur":800,"theme":"","hauteur":480,"type":"Image","origine":"","liaisonPave":"","langue":"","id":"2793680","urlVignette":"https:\/\/www.risoul.com\/medias\/images\/prestations\/v-_ws-photos_FRANCE_risoul_residences_residence-le-cesier-maeva-home_appartement-au-pied-des-pistes-vue-montagne-2-pieces-4-personnes-selection_1_2793680.jpeg","alt":"_ws-photos_FRANCE_risoul_residences_residence-le-cesier-maeva-home_appartement-au-pied-des-pistes-vue-montagne-2-pieces-4-personnes-selection_1_2793680","title":"_ws-photos_FRANCE_risoul_residences_residence-le-cesier-maeva-home_appartement-au-pied-des-pistes-vue-montagne-2-pieces-4-personnes-selection_1_2793680","MultiTaille":{"1920x1440":{"url":"https:\/\/www.risoul.com\/medias\/images\/prestations\/multitailles\/1920x1440__ws-photos_FRANCE_risoul_residences_residence-le-cesier-maeva-home_appartement-au-pied-des-pistes-vue-montagne-2-pieces-4-personnes-selection_1_2793680.jpeg"},"1200x900":{"url":"https:\/\/www.risoul.com\/medias\/images\/prestations\/multitailles\/1200x900__ws-photos_FRANCE_risoul_residences_residence-le-cesier-maeva-home_appartement-au-pied-des-pistes-vue-montagne-2-pieces-4-personnes-selection_1_2793680.jpeg"},"800x600":{"url":"https:\/\/www.risoul.com\/medias\/images\/prestations\/multitailles\/800x600__ws-photos_FRANCE_risoul_residences_residence-le-cesier-maeva-home_appartement-au-pied-des-pistes-vue-montagne-2-pieces-4-personnes-selection_1_2793680.jpeg"},"640x480":{"url":"https:\/\/www.risoul.com\/medias\/images\/prestations\/multitailles\/640x480__ws-photos_FRANCE_risoul_residences_residence-le-cesier-maeva-home_appartement-au-pied-des-pistes-vue-montagne-2-pieces-4-personnes-selection_1_2793680.jpeg"},"320x240":{"url":"https:\/\/www.risoul.com\/medias\/images\/prestations\/multitailles\/320x240__ws-photos_FRANCE_risoul_residences_residence-le-cesier-maeva-home_appartement-au-pied-des-pistes-vue-montagne-2-pieces-4-personnes-selection_1_2793680.jpeg"},"160x120":{"url":"https:\/\/www.risoul.com\/medias\/images\/prestations\/multitailles\/160x120__ws-photos_FRANCE_risoul_residences_residence-le-cesier-maeva-home_appartement-au-pied-des-pistes-vue-montagne-2-pieces-4-personnes-selection_1_2793680.jpeg"},"origine":{"url":"https:\/\/www.risoul.com\/medias\/images\/prestations\/_ws-photos_FRANCE_risoul_residences_residence-le-cesier-maeva-home_appartement-au-pied-des-pistes-vue-montagne-2-pieces-4-personnes-selection_1_2793680.jpeg"}},"urlLien":"","typeLien":"","nofollow":"N","copyright":""},{"url":"https:\/\/www.risoul.com\/medias\/images\/prestations\/_ws-photos_FRANCE_risoul_residences_residence-le-cesier-maeva-home_appartement-au-pied-des-pistes-vue-montagne-2-pieces-4-personnes-selection_0_2793681.jpeg","chemin":"..\/medias\/images\/prestations\/_ws-photos_FRANCE_risoul_residences_residence-le-cesier-maeva-home_appartement-au-pied-des-pistes-vue-montagne-2-pieces-4-personnes-selection_0_2793681.jpeg","libelle":"_ws-photos_FRANCE_risoul_residences_residence-le-cesier-maeva-home_appartement-au-pied-des-pistes-vue-montagne-2-pieces-4-personnes-selection_0_2793681","extension":"jpeg","categorie":"","largeur":800,"theme":"","hauteur":480,"type":"Image","origine":"","liaisonPave":"","langue":"","id":"2793681","urlVignette":"https:\/\/www.risoul.com\/medias\/images\/prestations\/v-_ws-photos_FRANCE_risoul_residences_residence-le-cesier-maeva-home_appartement-au-pied-des-pistes-vue-montagne-2-pieces-4-personnes-selection_0_2793681.jpeg","alt":"_ws-photos_FRANCE_risoul_residences_residence-le-cesier-maeva-home_appartement-au-pied-des-pistes-vue-montagne-2-pieces-4-personnes-selection_0_2793681","title":"_ws-photos_FRANCE_risoul_residences_residence-le-cesier-maeva-home_appartement-au-pied-des-pistes-vue-montagne-2-pieces-4-personnes-selection_0_2793681","MultiTaille":{"1920x1440":{"url":"https:\/\/www.risoul.com\/medias\/images\/prestations\/multitailles\/1920x1440__ws-photos_FRANCE_risoul_residences_residence-le-cesier-maeva-home_appartement-au-pied-des-pistes-vue-montagne-2-pieces-4-personnes-selection_0_2793681.jpeg"},"1200x900":{"url":"https:\/\/www.risoul.com\/medias\/images\/prestations\/multitailles\/1200x900__ws-photos_FRANCE_risoul_residences_residence-le-cesier-maeva-home_appartement-au-pied-des-pistes-vue-montagne-2-pieces-4-personnes-selection_0_2793681.jpeg"},"800x600":{"url":"https:\/\/www.risoul.com\/medias\/images\/prestations\/multitailles\/800x600__ws-photos_FRANCE_risoul_residences_residence-le-cesier-maeva-home_appartement-au-pied-des-pistes-vue-montagne-2-pieces-4-personnes-selection_0_2793681.jpeg"},"640x480":{"url":"https:\/\/www.risoul.com\/medias\/images\/prestations\/multitailles\/640x480__ws-photos_FRANCE_risoul_residences_residence-le-cesier-maeva-home_appartement-au-pied-des-pistes-vue-montagne-2-pieces-4-personnes-selection_0_2793681.jpeg"},"320x240":{"url":"https:\/\/www.risoul.com\/medias\/images\/prestations\/multitailles\/320x240__ws-photos_FRANCE_risoul_residences_residence-le-cesier-maeva-home_appartement-au-pied-des-pistes-vue-montagne-2-pieces-4-personnes-selection_0_2793681.jpeg"},"160x120":{"url":"https:\/\/www.risoul.com\/medias\/images\/prestations\/multitailles\/160x120__ws-photos_FRANCE_risoul_residences_residence-le-cesier-maeva-home_appartement-au-pied-des-pistes-vue-montagne-2-pieces-4-personnes-selection_0_2793681.jpeg"},"origine":{"url":"https:\/\/www.risoul.com\/medias\/images\/prestations\/_ws-photos_FRANCE_risoul_residences_residence-le-cesier-maeva-home_appartement-au-pied-des-pistes-vue-montagne-2-pieces-4-personnes-selection_0_2793681.jpeg"}},"urlLien":"","typeLien":"","nofollow":"N","copyright":""}],"ByCategorie":{"":[{"url":"https:\/\/www.risoul.com\/medias\/images\/prestations\/_ws-photos_FRANCE_risoul_residences_residence-le-cesier-maeva-home_appartement-au-pied-des-pistes-vue-montagne-2-pieces-4-personnes-selection_7_2793673.jpeg","chemin":"..\/medias\/images\/prestations\/_ws-photos_FRANCE_risoul_residences_residence-le-cesier-maeva-home_appartement-au-pied-des-pistes-vue-montagne-2-pieces-4-personnes-selection_7_2793673.jpeg","libelle":"_ws-photos_FRANCE_risoul_residences_residence-le-cesier-maeva-home_appartement-au-pied-des-pistes-vue-montagne-2-pieces-4-personnes-selection_7_2793673","extension":"jpeg","categorie":"","largeur":800,"theme":"","hauteur":480,"type":"Image","origine":"","liaisonPave":"","langue":"","id":"2793673","urlVignette":"https:\/\/www.risoul.com\/medias\/images\/prestations\/v-_ws-photos_FRANCE_risoul_residences_residence-le-cesier-maeva-home_appartement-au-pied-des-pistes-vue-montagne-2-pieces-4-personnes-selection_7_2793673.jpeg","alt":"_ws-photos_FRANCE_risoul_residences_residence-le-cesier-maeva-home_appartement-au-pied-des-pistes-vue-montagne-2-pieces-4-personnes-selection_7_2793673","title":"_ws-photos_FRANCE_risoul_residences_residence-le-cesier-maeva-home_appartement-au-pied-des-pistes-vue-montagne-2-pieces-4-personnes-selection_7_2793673","MultiTaille":{"1920x1440":{"url":"https:\/\/www.risoul.com\/medias\/images\/prestations\/multitailles\/1920x1440__ws-photos_FRANCE_risoul_residences_residence-le-cesier-maeva-home_appartement-au-pied-des-pistes-vue-montagne-2-pieces-4-personnes-selection_7_2793673.jpeg"},"1200x900":{"url":"https:\/\/www.risoul.com\/medias\/images\/prestations\/multitailles\/1200x900__ws-photos_FRANCE_risoul_residences_residence-le-cesier-maeva-home_appartement-au-pied-des-pistes-vue-montagne-2-pieces-4-personnes-selection_7_2793673.jpeg"},"800x600":{"url":"https:\/\/www.risoul.com\/medias\/images\/prestations\/multitailles\/800x600__ws-photos_FRANCE_risoul_residences_residence-le-cesier-maeva-home_appartement-au-pied-des-pistes-vue-montagne-2-pieces-4-personnes-selection_7_2793673.jpeg"},"640x480":{"url":"https:\/\/www.risoul.com\/medias\/images\/prestations\/multitailles\/640x480__ws-photos_FRANCE_risoul_residences_residence-le-cesier-maeva-home_appartement-au-pied-des-pistes-vue-montagne-2-pieces-4-personnes-selection_7_2793673.jpeg"},"320x240":{"url":"https:\/\/www.risoul.com\/medias\/images\/prestations\/multitailles\/320x240__ws-photos_FRANCE_risoul_residences_residence-le-cesier-maeva-home_appartement-au-pied-des-pistes-vue-montagne-2-pieces-4-personnes-selection_7_2793673.jpeg"},"160x120":{"url":"https:\/\/www.risoul.com\/medias\/images\/prestations\/multitailles\/160x120__ws-photos_FRANCE_risoul_residences_residence-le-cesier-maeva-home_appartement-au-pied-des-pistes-vue-montagne-2-pieces-4-personnes-selection_7_2793673.jpeg"},"origine":{"url":"https:\/\/www.risoul.com\/medias\/images\/prestations\/_ws-photos_FRANCE_risoul_residences_residence-le-cesier-maeva-home_appartement-au-pied-des-pistes-vue-montagne-2-pieces-4-personnes-selection_7_2793673.jpeg"}},"urlLien":"","typeLien":"","nofollow":"N","copyright":""},{"url":"https:\/\/www.risoul.com\/medias\/images\/prestations\/_ws-photos_FRANCE_risoul_residences_residence-le-cesier-maeva-home_appartement-au-pied-des-pistes-vue-montagne-2-pieces-4-personnes-selection_8_2793674.jpeg","chemin":"..\/medias\/images\/prestations\/_ws-photos_FRANCE_risoul_residences_residence-le-cesier-maeva-home_appartement-au-pied-des-pistes-vue-montagne-2-pieces-4-personnes-selection_8_2793674.jpeg","libelle":"_ws-photos_FRANCE_risoul_residences_residence-le-cesier-maeva-home_appartement-au-pied-des-pistes-vue-montagne-2-pieces-4-personnes-selection_8_2793674","extension":"jpeg","categorie":"","largeur":800,"theme":"","hauteur":480,"type":"Image","origine":"","liaisonPave":"","langue":"","id":"2793674","urlVignette":"https:\/\/www.risoul.com\/medias\/images\/prestations\/v-_ws-photos_FRANCE_risoul_residences_residence-le-cesier-maeva-home_appartement-au-pied-des-pistes-vue-montagne-2-pieces-4-personnes-selection_8_2793674.jpeg","alt":"_ws-photos_FRANCE_risoul_residences_residence-le-cesier-maeva-home_appartement-au-pied-des-pistes-vue-montagne-2-pieces-4-personnes-selection_8_2793674","title":"_ws-photos_FRANCE_risoul_residences_residence-le-cesier-maeva-home_appartement-au-pied-des-pistes-vue-montagne-2-pieces-4-personnes-selection_8_2793674","MultiTaille":{"1920x1440":{"url":"https:\/\/www.risoul.com\/medias\/images\/prestations\/multitailles\/1920x1440__ws-photos_FRANCE_risoul_residences_residence-le-cesier-maeva-home_appartement-au-pied-des-pistes-vue-montagne-2-pieces-4-personnes-selection_8_2793674.jpeg"},"1200x900":{"url":"https:\/\/www.risoul.com\/medias\/images\/prestations\/multitailles\/1200x900__ws-photos_FRANCE_risoul_residences_residence-le-cesier-maeva-home_appartement-au-pied-des-pistes-vue-montagne-2-pieces-4-personnes-selection_8_2793674.jpeg"},"800x600":{"url":"https:\/\/www.risoul.com\/medias\/images\/prestations\/multitailles\/800x600__ws-photos_FRANCE_risoul_residences_residence-le-cesier-maeva-home_appartement-au-pied-des-pistes-vue-montagne-2-pieces-4-personnes-selection_8_2793674.jpeg"},"640x480":{"url":"https:\/\/www.risoul.com\/medias\/images\/prestations\/multitailles\/640x480__ws-photos_FRANCE_risoul_residences_residence-le-cesier-maeva-home_appartement-au-pied-des-pistes-vue-montagne-2-pieces-4-personnes-selection_8_2793674.jpeg"},"320x240":{"url":"https:\/\/www.risoul.com\/medias\/images\/prestations\/multitailles\/320x240__ws-photos_FRANCE_risoul_residences_residence-le-cesier-maeva-home_appartement-au-pied-des-pistes-vue-montagne-2-pieces-4-personnes-selection_8_2793674.jpeg"},"160x120":{"url":"https:\/\/www.risoul.com\/medias\/images\/prestations\/multitailles\/160x120__ws-photos_FRANCE_risoul_residences_residence-le-cesier-maeva-home_appartement-au-pied-des-pistes-vue-montagne-2-pieces-4-personnes-selection_8_2793674.jpeg"},"origine":{"url":"https:\/\/www.risoul.com\/medias\/images\/prestations\/_ws-photos_FRANCE_risoul_residences_residence-le-cesier-maeva-home_appartement-au-pied-des-pistes-vue-montagne-2-pieces-4-personnes-selection_8_2793674.jpeg"}},"urlLien":"","typeLien":"","nofollow":"N","copyright":""},{"url":"https:\/\/www.risoul.com\/medias\/images\/prestations\/_ws-photos_FRANCE_risoul_residences_residence-le-cesier-maeva-home_appartement-au-pied-des-pistes-vue-montagne-2-pieces-4-personnes-selection_6_2793675.jpeg","chemin":"..\/medias\/images\/prestations\/_ws-photos_FRANCE_risoul_residences_residence-le-cesier-maeva-home_appartement-au-pied-des-pistes-vue-montagne-2-pieces-4-personnes-selection_6_2793675.jpeg","libelle":"_ws-photos_FRANCE_risoul_residences_residence-le-cesier-maeva-home_appartement-au-pied-des-pistes-vue-montagne-2-pieces-4-personnes-selection_6_2793675","extension":"jpeg","categorie":"","largeur":800,"theme":"","hauteur":480,"type":"Image","origine":"","liaisonPave":"","langue":"","id":"2793675","urlVignette":"https:\/\/www.risoul.com\/medias\/images\/prestations\/v-_ws-photos_FRANCE_risoul_residences_residence-le-cesier-maeva-home_appartement-au-pied-des-pistes-vue-montagne-2-pieces-4-personnes-selection_6_2793675.jpeg","alt":"_ws-photos_FRANCE_risoul_residences_residence-le-cesier-maeva-home_appartement-au-pied-des-pistes-vue-montagne-2-pieces-4-personnes-selection_6_2793675","title":"_ws-photos_FRANCE_risoul_residences_residence-le-cesier-maeva-home_appartement-au-pied-des-pistes-vue-montagne-2-pieces-4-personnes-selection_6_2793675","MultiTaille":{"1920x1440":{"url":"https:\/\/www.risoul.com\/medias\/images\/prestations\/multitailles\/1920x1440__ws-photos_FRANCE_risoul_residences_residence-le-cesier-maeva-home_appartement-au-pied-des-pistes-vue-montagne-2-pieces-4-personnes-selection_6_2793675.jpeg"},"1200x900":{"url":"https:\/\/www.risoul.com\/medias\/images\/prestations\/multitailles\/1200x900__ws-photos_FRANCE_risoul_residences_residence-le-cesier-maeva-home_appartement-au-pied-des-pistes-vue-montagne-2-pieces-4-personnes-selection_6_2793675.jpeg"},"800x600":{"url":"https:\/\/www.risoul.com\/medias\/images\/prestations\/multitailles\/800x600__ws-photos_FRANCE_risoul_residences_residence-le-cesier-maeva-home_appartement-au-pied-des-pistes-vue-montagne-2-pieces-4-personnes-selection_6_2793675.jpeg"},"640x480":{"url":"https:\/\/www.risoul.com\/medias\/images\/prestations\/multitailles\/640x480__ws-photos_FRANCE_risoul_residences_residence-le-cesier-maeva-home_appartement-au-pied-des-pistes-vue-montagne-2-pieces-4-personnes-selection_6_2793675.jpeg"},"320x240":{"url":"https:\/\/www.risoul.com\/medias\/images\/prestations\/multitailles\/320x240__ws-photos_FRANCE_risoul_residences_residence-le-cesier-maeva-home_appartement-au-pied-des-pistes-vue-montagne-2-pieces-4-personnes-selection_6_2793675.jpeg"},"160x120":{"url":"https:\/\/www.risoul.com\/medias\/images\/prestations\/multitailles\/160x120__ws-photos_FRANCE_risoul_residences_residence-le-cesier-maeva-home_appartement-au-pied-des-pistes-vue-montagne-2-pieces-4-personnes-selection_6_2793675.jpeg"},"origine":{"url":"https:\/\/www.risoul.com\/medias\/images\/prestations\/_ws-photos_FRANCE_risoul_residences_residence-le-cesier-maeva-home_appartement-au-pied-des-pistes-vue-montagne-2-pieces-4-personnes-selection_6_2793675.jpeg"}},"urlLien":"","typeLien":"","nofollow":"N","copyright":""},{"url":"https:\/\/www.risoul.com\/medias\/images\/prestations\/_ws-photos_FRANCE_risoul_residences_residence-le-cesier-maeva-home_appartement-au-pied-des-pistes-vue-montagne-2-pieces-4-personnes-selection_5_2793676.jpeg","chemin":"..\/medias\/images\/prestations\/_ws-photos_FRANCE_risoul_residences_residence-le-cesier-maeva-home_appartement-au-pied-des-pistes-vue-montagne-2-pieces-4-personnes-selection_5_2793676.jpeg","libelle":"_ws-photos_FRANCE_risoul_residences_residence-le-cesier-maeva-home_appartement-au-pied-des-pistes-vue-montagne-2-pieces-4-personnes-selection_5_2793676","extension":"jpeg","categorie":"","largeur":800,"theme":"","hauteur":480,"type":"Image","origine":"","liaisonPave":"","langue":"","id":"2793676","urlVignette":"https:\/\/www.risoul.com\/medias\/images\/prestations\/v-_ws-photos_FRANCE_risoul_residences_residence-le-cesier-maeva-home_appartement-au-pied-des-pistes-vue-montagne-2-pieces-4-personnes-selection_5_2793676.jpeg","alt":"_ws-photos_FRANCE_risoul_residences_residence-le-cesier-maeva-home_appartement-au-pied-des-pistes-vue-montagne-2-pieces-4-personnes-selection_5_2793676","title":"_ws-photos_FRANCE_risoul_residences_residence-le-cesier-maeva-home_appartement-au-pied-des-pistes-vue-montagne-2-pieces-4-personnes-selection_5_2793676","MultiTaille":{"1920x1440":{"url":"https:\/\/www.risoul.com\/medias\/images\/prestations\/multitailles\/1920x1440__ws-photos_FRANCE_risoul_residences_residence-le-cesier-maeva-home_appartement-au-pied-des-pistes-vue-montagne-2-pieces-4-personnes-selection_5_2793676.jpeg"},"1200x900":{"url":"https:\/\/www.risoul.com\/medias\/images\/prestations\/multitailles\/1200x900__ws-photos_FRANCE_risoul_residences_residence-le-cesier-maeva-home_appartement-au-pied-des-pistes-vue-montagne-2-pieces-4-personnes-selection_5_2793676.jpeg"},"800x600":{"url":"https:\/\/www.risoul.com\/medias\/images\/prestations\/multitailles\/800x600__ws-photos_FRANCE_risoul_residences_residence-le-cesier-maeva-home_appartement-au-pied-des-pistes-vue-montagne-2-pieces-4-personnes-selection_5_2793676.jpeg"},"640x480":{"url":"https:\/\/www.risoul.com\/medias\/images\/prestations\/multitailles\/640x480__ws-photos_FRANCE_risoul_residences_residence-le-cesier-maeva-home_appartement-au-pied-des-pistes-vue-montagne-2-pieces-4-personnes-selection_5_2793676.jpeg"},"320x240":{"url":"https:\/\/www.risoul.com\/medias\/images\/prestations\/multitailles\/320x240__ws-photos_FRANCE_risoul_residences_residence-le-cesier-maeva-home_appartement-au-pied-des-pistes-vue-montagne-2-pieces-4-personnes-selection_5_2793676.jpeg"},"160x120":{"url":"https:\/\/www.risoul.com\/medias\/images\/prestations\/multitailles\/160x120__ws-photos_FRANCE_risoul_residences_residence-le-cesier-maeva-home_appartement-au-pied-des-pistes-vue-montagne-2-pieces-4-personnes-selection_5_2793676.jpeg"},"origine":{"url":"https:\/\/www.risoul.com\/medias\/images\/prestations\/_ws-photos_FRANCE_risoul_residences_residence-le-cesier-maeva-home_appartement-au-pied-des-pistes-vue-montagne-2-pieces-4-personnes-selection_5_2793676.jpeg"}},"urlLien":"","typeLien":"","nofollow":"N","copyright":""},{"url":"https:\/\/www.risoul.com\/medias\/images\/prestations\/_ws-photos_FRANCE_risoul_residences_residence-le-cesier-maeva-home_appartement-au-pied-des-pistes-vue-montagne-2-pieces-4-personnes-selection_2_2793677.jpeg","chemin":"..\/medias\/images\/prestations\/_ws-photos_FRANCE_risoul_residences_residence-le-cesier-maeva-home_appartement-au-pied-des-pistes-vue-montagne-2-pieces-4-personnes-selection_2_2793677.jpeg","libelle":"_ws-photos_FRANCE_risoul_residences_residence-le-cesier-maeva-home_appartement-au-pied-des-pistes-vue-montagne-2-pieces-4-personnes-selection_2_2793677","extension":"jpeg","categorie":"","largeur":800,"theme":"","hauteur":480,"type":"Image","origine":"","liaisonPave":"","langue":"","id":"2793677","urlVignette":"https:\/\/www.risoul.com\/medias\/images\/prestations\/v-_ws-photos_FRANCE_risoul_residences_residence-le-cesier-maeva-home_appartement-au-pied-des-pistes-vue-montagne-2-pieces-4-personnes-selection_2_2793677.jpeg","alt":"_ws-photos_FRANCE_risoul_residences_residence-le-cesier-maeva-home_appartement-au-pied-des-pistes-vue-montagne-2-pieces-4-personnes-selection_2_2793677","title":"_ws-photos_FRANCE_risoul_residences_residence-le-cesier-maeva-home_appartement-au-pied-des-pistes-vue-montagne-2-pieces-4-personnes-selection_2_2793677","MultiTaille":{"1920x1440":{"url":"https:\/\/www.risoul.com\/medias\/images\/prestations\/multitailles\/1920x1440__ws-photos_FRANCE_risoul_residences_residence-le-cesier-maeva-home_appartement-au-pied-des-pistes-vue-montagne-2-pieces-4-personnes-selection_2_2793677.jpeg"},"1200x900":{"url":"https:\/\/www.risoul.com\/medias\/images\/prestations\/multitailles\/1200x900__ws-photos_FRANCE_risoul_residences_residence-le-cesier-maeva-home_appartement-au-pied-des-pistes-vue-montagne-2-pieces-4-personnes-selection_2_2793677.jpeg"},"800x600":{"url":"https:\/\/www.risoul.com\/medias\/images\/prestations\/multitailles\/800x600__ws-photos_FRANCE_risoul_residences_residence-le-cesier-maeva-home_appartement-au-pied-des-pistes-vue-montagne-2-pieces-4-personnes-selection_2_2793677.jpeg"},"640x480":{"url":"https:\/\/www.risoul.com\/medias\/images\/prestations\/multitailles\/640x480__ws-photos_FRANCE_risoul_residences_residence-le-cesier-maeva-home_appartement-au-pied-des-pistes-vue-montagne-2-pieces-4-personnes-selection_2_2793677.jpeg"},"320x240":{"url":"https:\/\/www.risoul.com\/medias\/images\/prestations\/multitailles\/320x240__ws-photos_FRANCE_risoul_residences_residence-le-cesier-maeva-home_appartement-au-pied-des-pistes-vue-montagne-2-pieces-4-personnes-selection_2_2793677.jpeg"},"160x120":{"url":"https:\/\/www.risoul.com\/medias\/images\/prestations\/multitailles\/160x120__ws-photos_FRANCE_risoul_residences_residence-le-cesier-maeva-home_appartement-au-pied-des-pistes-vue-montagne-2-pieces-4-personnes-selection_2_2793677.jpeg"},"origine":{"url":"https:\/\/www.risoul.com\/medias\/images\/prestations\/_ws-photos_FRANCE_risoul_residences_residence-le-cesier-maeva-home_appartement-au-pied-des-pistes-vue-montagne-2-pieces-4-personnes-selection_2_2793677.jpeg"}},"urlLien":"","typeLien":"","nofollow":"N","copyright":""},{"url":"https:\/\/www.risoul.com\/medias\/images\/prestations\/_ws-photos_FRANCE_risoul_residences_residence-le-cesier-maeva-home_appartement-au-pied-des-pistes-vue-montagne-2-pieces-4-personnes-selection_4_2793678.jpeg","chemin":"..\/medias\/images\/prestations\/_ws-photos_FRANCE_risoul_residences_residence-le-cesier-maeva-home_appartement-au-pied-des-pistes-vue-montagne-2-pieces-4-personnes-selection_4_2793678.jpeg","libelle":"_ws-photos_FRANCE_risoul_residences_residence-le-cesier-maeva-home_appartement-au-pied-des-pistes-vue-montagne-2-pieces-4-personnes-selection_4_2793678","extension":"jpeg","categorie":"","largeur":800,"theme":"","hauteur":480,"type":"Image","origine":"","liaisonPave":"","langue":"","id":"2793678","urlVignette":"https:\/\/www.risoul.com\/medias\/images\/prestations\/v-_ws-photos_FRANCE_risoul_residences_residence-le-cesier-maeva-home_appartement-au-pied-des-pistes-vue-montagne-2-pieces-4-personnes-selection_4_2793678.jpeg","alt":"_ws-photos_FRANCE_risoul_residences_residence-le-cesier-maeva-home_appartement-au-pied-des-pistes-vue-montagne-2-pieces-4-personnes-selection_4_2793678","title":"_ws-photos_FRANCE_risoul_residences_residence-le-cesier-maeva-home_appartement-au-pied-des-pistes-vue-montagne-2-pieces-4-personnes-selection_4_2793678","MultiTaille":{"1920x1440":{"url":"https:\/\/www.risoul.com\/medias\/images\/prestations\/multitailles\/1920x1440__ws-photos_FRANCE_risoul_residences_residence-le-cesier-maeva-home_appartement-au-pied-des-pistes-vue-montagne-2-pieces-4-personnes-selection_4_2793678.jpeg"},"1200x900":{"url":"https:\/\/www.risoul.com\/medias\/images\/prestations\/multitailles\/1200x900__ws-photos_FRANCE_risoul_residences_residence-le-cesier-maeva-home_appartement-au-pied-des-pistes-vue-montagne-2-pieces-4-personnes-selection_4_2793678.jpeg"},"800x600":{"url":"https:\/\/www.risoul.com\/medias\/images\/prestations\/multitailles\/800x600__ws-photos_FRANCE_risoul_residences_residence-le-cesier-maeva-home_appartement-au-pied-des-pistes-vue-montagne-2-pieces-4-personnes-selection_4_2793678.jpeg"},"640x480":{"url":"https:\/\/www.risoul.com\/medias\/images\/prestations\/multitailles\/640x480__ws-photos_FRANCE_risoul_residences_residence-le-cesier-maeva-home_appartement-au-pied-des-pistes-vue-montagne-2-pieces-4-personnes-selection_4_2793678.jpeg"},"320x240":{"url":"https:\/\/www.risoul.com\/medias\/images\/prestations\/multitailles\/320x240__ws-photos_FRANCE_risoul_residences_residence-le-cesier-maeva-home_appartement-au-pied-des-pistes-vue-montagne-2-pieces-4-personnes-selection_4_2793678.jpeg"},"160x120":{"url":"https:\/\/www.risoul.com\/medias\/images\/prestations\/multitailles\/160x120__ws-photos_FRANCE_risoul_residences_residence-le-cesier-maeva-home_appartement-au-pied-des-pistes-vue-montagne-2-pieces-4-personnes-selection_4_2793678.jpeg"},"origine":{"url":"https:\/\/www.risoul.com\/medias\/images\/prestations\/_ws-photos_FRANCE_risoul_residences_residence-le-cesier-maeva-home_appartement-au-pied-des-pistes-vue-montagne-2-pieces-4-personnes-selection_4_2793678.jpeg"}},"urlLien":"","typeLien":"","nofollow":"N","copyright":""},{"url":"https:\/\/www.risoul.com\/medias\/images\/prestations\/_ws-photos_FRANCE_risoul_residences_residence-le-cesier-maeva-home_appartement-au-pied-des-pistes-vue-montagne-2-pieces-4-personnes-selection_3_2793679.jpeg","chemin":"..\/medias\/images\/prestations\/_ws-photos_FRANCE_risoul_residences_residence-le-cesier-maeva-home_appartement-au-pied-des-pistes-vue-montagne-2-pieces-4-personnes-selection_3_2793679.jpeg","libelle":"_ws-photos_FRANCE_risoul_residences_residence-le-cesier-maeva-home_appartement-au-pied-des-pistes-vue-montagne-2-pieces-4-personnes-selection_3_2793679","extension":"jpeg","categorie":"","largeur":800,"theme":"","hauteur":480,"type":"Image","origine":"","liaisonPave":"","langue":"","id":"2793679","urlVignette":"https:\/\/www.risoul.com\/medias\/images\/prestations\/v-_ws-photos_FRANCE_risoul_residences_residence-le-cesier-maeva-home_appartement-au-pied-des-pistes-vue-montagne-2-pieces-4-personnes-selection_3_2793679.jpeg","alt":"_ws-photos_FRANCE_risoul_residences_residence-le-cesier-maeva-home_appartement-au-pied-des-pistes-vue-montagne-2-pieces-4-personnes-selection_3_2793679","title":"_ws-photos_FRANCE_risoul_residences_residence-le-cesier-maeva-home_appartement-au-pied-des-pistes-vue-montagne-2-pieces-4-personnes-selection_3_2793679","MultiTaille":{"1920x1440":{"url":"https:\/\/www.risoul.com\/medias\/images\/prestations\/multitailles\/1920x1440__ws-photos_FRANCE_risoul_residences_residence-le-cesier-maeva-home_appartement-au-pied-des-pistes-vue-montagne-2-pieces-4-personnes-selection_3_2793679.jpeg"},"1200x900":{"url":"https:\/\/www.risoul.com\/medias\/images\/prestations\/multitailles\/1200x900__ws-photos_FRANCE_risoul_residences_residence-le-cesier-maeva-home_appartement-au-pied-des-pistes-vue-montagne-2-pieces-4-personnes-selection_3_2793679.jpeg"},"800x600":{"url":"https:\/\/www.risoul.com\/medias\/images\/prestations\/multitailles\/800x600__ws-photos_FRANCE_risoul_residences_residence-le-cesier-maeva-home_appartement-au-pied-des-pistes-vue-montagne-2-pieces-4-personnes-selection_3_2793679.jpeg"},"640x480":{"url":"https:\/\/www.risoul.com\/medias\/images\/prestations\/multitailles\/640x480__ws-photos_FRANCE_risoul_residences_residence-le-cesier-maeva-home_appartement-au-pied-des-pistes-vue-montagne-2-pieces-4-personnes-selection_3_2793679.jpeg"},"320x240":{"url":"https:\/\/www.risoul.com\/medias\/images\/prestations\/multitailles\/320x240__ws-photos_FRANCE_risoul_residences_residence-le-cesier-maeva-home_appartement-au-pied-des-pistes-vue-montagne-2-pieces-4-personnes-selection_3_2793679.jpeg"},"160x120":{"url":"https:\/\/www.risoul.com\/medias\/images\/prestations\/multitailles\/160x120__ws-photos_FRANCE_risoul_residences_residence-le-cesier-maeva-home_appartement-au-pied-des-pistes-vue-montagne-2-pieces-4-personnes-selection_3_2793679.jpeg"},"origine":{"url":"https:\/\/www.risoul.com\/medias\/images\/prestations\/_ws-photos_FRANCE_risoul_residences_residence-le-cesier-maeva-home_appartement-au-pied-des-pistes-vue-montagne-2-pieces-4-personnes-selection_3_2793679.jpeg"}},"urlLien":"","typeLien":"","nofollow":"N","copyright":""},{"url":"https:\/\/www.risoul.com\/medias\/images\/prestations\/_ws-photos_FRANCE_risoul_residences_residence-le-cesier-maeva-home_appartement-au-pied-des-pistes-vue-montagne-2-pieces-4-personnes-selection_1_2793680.jpeg","chemin":"..\/medias\/images\/prestations\/_ws-photos_FRANCE_risoul_residences_residence-le-cesier-maeva-home_appartement-au-pied-des-pistes-vue-montagne-2-pieces-4-personnes-selection_1_2793680.jpeg","libelle":"_ws-photos_FRANCE_risoul_residences_residence-le-cesier-maeva-home_appartement-au-pied-des-pistes-vue-montagne-2-pieces-4-personnes-selection_1_2793680","extension":"jpeg","categorie":"","largeur":800,"theme":"","hauteur":480,"type":"Image","origine":"","liaisonPave":"","langue":"","id":"2793680","urlVignette":"https:\/\/www.risoul.com\/medias\/images\/prestations\/v-_ws-photos_FRANCE_risoul_residences_residence-le-cesier-maeva-home_appartement-au-pied-des-pistes-vue-montagne-2-pieces-4-personnes-selection_1_2793680.jpeg","alt":"_ws-photos_FRANCE_risoul_residences_residence-le-cesier-maeva-home_appartement-au-pied-des-pistes-vue-montagne-2-pieces-4-personnes-selection_1_2793680","title":"_ws-photos_FRANCE_risoul_residences_residence-le-cesier-maeva-home_appartement-au-pied-des-pistes-vue-montagne-2-pieces-4-personnes-selection_1_2793680","MultiTaille":{"1920x1440":{"url":"https:\/\/www.risoul.com\/medias\/images\/prestations\/multitailles\/1920x1440__ws-photos_FRANCE_risoul_residences_residence-le-cesier-maeva-home_appartement-au-pied-des-pistes-vue-montagne-2-pieces-4-personnes-selection_1_2793680.jpeg"},"1200x900":{"url":"https:\/\/www.risoul.com\/medias\/images\/prestations\/multitailles\/1200x900__ws-photos_FRANCE_risoul_residences_residence-le-cesier-maeva-home_appartement-au-pied-des-pistes-vue-montagne-2-pieces-4-personnes-selection_1_2793680.jpeg"},"800x600":{"url":"https:\/\/www.risoul.com\/medias\/images\/prestations\/multitailles\/800x600__ws-photos_FRANCE_risoul_residences_residence-le-cesier-maeva-home_appartement-au-pied-des-pistes-vue-montagne-2-pieces-4-personnes-selection_1_2793680.jpeg"},"640x480":{"url":"https:\/\/www.risoul.com\/medias\/images\/prestations\/multitailles\/640x480__ws-photos_FRANCE_risoul_residences_residence-le-cesier-maeva-home_appartement-au-pied-des-pistes-vue-montagne-2-pieces-4-personnes-selection_1_2793680.jpeg"},"320x240":{"url":"https:\/\/www.risoul.com\/medias\/images\/prestations\/multitailles\/320x240__ws-photos_FRANCE_risoul_residences_residence-le-cesier-maeva-home_appartement-au-pied-des-pistes-vue-montagne-2-pieces-4-personnes-selection_1_2793680.jpeg"},"160x120":{"url":"https:\/\/www.risoul.com\/medias\/images\/prestations\/multitailles\/160x120__ws-photos_FRANCE_risoul_residences_residence-le-cesier-maeva-home_appartement-au-pied-des-pistes-vue-montagne-2-pieces-4-personnes-selection_1_2793680.jpeg"},"origine":{"url":"https:\/\/www.risoul.com\/medias\/images\/prestations\/_ws-photos_FRANCE_risoul_residences_residence-le-cesier-maeva-home_appartement-au-pied-des-pistes-vue-montagne-2-pieces-4-personnes-selection_1_2793680.jpeg"}},"urlLien":"","typeLien":"","nofollow":"N","copyright":""},{"url":"https:\/\/www.risoul.com\/medias\/images\/prestations\/_ws-photos_FRANCE_risoul_residences_residence-le-cesier-maeva-home_appartement-au-pied-des-pistes-vue-montagne-2-pieces-4-personnes-selection_0_2793681.jpeg","chemin":"..\/medias\/images\/prestations\/_ws-photos_FRANCE_risoul_residences_residence-le-cesier-maeva-home_appartement-au-pied-des-pistes-vue-montagne-2-pieces-4-personnes-selection_0_2793681.jpeg","libelle":"_ws-photos_FRANCE_risoul_residences_residence-le-cesier-maeva-home_appartement-au-pied-des-pistes-vue-montagne-2-pieces-4-personnes-selection_0_2793681","extension":"jpeg","categorie":"","largeur":800,"theme":"","hauteur":480,"type":"Image","origine":"","liaisonPave":"","langue":"","id":"2793681","urlVignette":"https:\/\/www.risoul.com\/medias\/images\/prestations\/v-_ws-photos_FRANCE_risoul_residences_residence-le-cesier-maeva-home_appartement-au-pied-des-pistes-vue-montagne-2-pieces-4-personnes-selection_0_2793681.jpeg","alt":"_ws-photos_FRANCE_risoul_residences_residence-le-cesier-maeva-home_appartement-au-pied-des-pistes-vue-montagne-2-pieces-4-personnes-selection_0_2793681","title":"_ws-photos_FRANCE_risoul_residences_residence-le-cesier-maeva-home_appartement-au-pied-des-pistes-vue-montagne-2-pieces-4-personnes-selection_0_2793681","MultiTaille":{"1920x1440":{"url":"https:\/\/www.risoul.com\/medias\/images\/prestations\/multitailles\/1920x1440__ws-photos_FRANCE_risoul_residences_residence-le-cesier-maeva-home_appartement-au-pied-des-pistes-vue-montagne-2-pieces-4-personnes-selection_0_2793681.jpeg"},"1200x900":{"url":"https:\/\/www.risoul.com\/medias\/images\/prestations\/multitailles\/1200x900__ws-photos_FRANCE_risoul_residences_residence-le-cesier-maeva-home_appartement-au-pied-des-pistes-vue-montagne-2-pieces-4-personnes-selection_0_2793681.jpeg"},"800x600":{"url":"https:\/\/www.risoul.com\/medias\/images\/prestations\/multitailles\/800x600__ws-photos_FRANCE_risoul_residences_residence-le-cesier-maeva-home_appartement-au-pied-des-pistes-vue-montagne-2-pieces-4-personnes-selection_0_2793681.jpeg"},"640x480":{"url":"https:\/\/www.risoul.com\/medias\/images\/prestations\/multitailles\/640x480__ws-photos_FRANCE_risoul_residences_residence-le-cesier-maeva-home_appartement-au-pied-des-pistes-vue-montagne-2-pieces-4-personnes-selection_0_2793681.jpeg"},"320x240":{"url":"https:\/\/www.risoul.com\/medias\/images\/prestations\/multitailles\/320x240__ws-photos_FRANCE_risoul_residences_residence-le-cesier-maeva-home_appartement-au-pied-des-pistes-vue-montagne-2-pieces-4-personnes-selection_0_2793681.jpeg"},"160x120":{"url":"https:\/\/www.risoul.com\/medias\/images\/prestations\/multitailles\/160x120__ws-photos_FRANCE_risoul_residences_residence-le-cesier-maeva-home_appartement-au-pied-des-pistes-vue-montagne-2-pieces-4-personnes-selection_0_2793681.jpeg"},"origine":{"url":"https:\/\/www.risoul.com\/medias\/images\/prestations\/_ws-photos_FRANCE_risoul_residences_residence-le-cesier-maeva-home_appartement-au-pied-des-pistes-vue-montagne-2-pieces-4-personnes-selection_0_2793681.jpeg"}},"urlLien":"","typeLien":"","nofollow":"N","copyright":""}]}},"DateDebPublication":"","DateFinPublication":"","PrixAPartirDe":"","PrixPour":"","FicheListeEnCours":"","ParametresModele":{"AfficherPhotos":1,"NbPhotosMax":6,"AfficherReserver":0,"AfficherContact":0,"AfficherSalle":1,"AfficherZoneGeo":0,"AfficherEnSavoirPlus":1,"AfficherUneSeuleOuverture":0,"AfficherContactCarte":1,"AfficherTarifsChaudAPartirDe":0,"AfficherTarifChaudSansRecherche":0,"AfficherTypeCarte":["GOOGLE_MAPS"],"ComportementResa":false,"ComportementDispo":false},"AffichageCoordonnees":[],"Coordonnees":{"Ville":"Risoul"},"ContexteId":"PRESTATION|G|5614438|2074043","ContexteIdHtml":"PRESTATION-G-5614438-2074043","cleContexte":"G|5614438|2074043","Bloc":{"texte1":"","texte3":"","critere1":{"libelle":"","contenu":[]},"critere2":{"libelle":"","contenu":[]},"critere3":{"libelle":"","contenu":[]},"critere4":{"libelle":"","contenu":[]},"critere5":{"libelle":"","contenu":[]},"critere6":{"libelle":"","contenu":[]},"critere7":{"libelle":"","contenu":[]},"critere8":{"libelle":"","contenu":[]},"critere9":{"libelle":"","contenu":[]}},"LocalisationGps":{"Latitude":"44.62154760","Longitude":"6.63463640"},"libelleDuPrestataire":"","vuePrestataire":{"pave1":{"libelle":"Descriptif","contenu":"TRANSACTION &ndash; LOCATION\u003Cbr \/\u003E\r\nGESTION &ndash; SYNDIC\u003Cbr \/\u003E\r\nLOCATION VACANCES &amp; CONCIERGERIE\u003Cbr \/\u003E\r\nREMISE DES CL&Eacute;S &amp; &Eacute;TATS DES LIEUX\u003Cbr \/\u003E\r\nM&Eacute;NAGE -BLANCHISSERIE &amp; SERVICES"},"pave2":{"libelle":"Notes Internes","contenu":""},"pave3":{"libelle":"Remise des cl\u00e9s","contenu":"\u003Cdiv data-ogsc=\"black\" data-olk-copy-source=\"MessageBody\" style=\"border: 0px; font-variant-numeric: inherit; font-variant-east-asian: inherit; font-variant-alternates: inherit; font-variant-position: inherit; font-variant-emoji: inherit; font-stretch: inherit; font-size: 11pt; line-height: inherit; font-family: Aptos, Aptos_EmbeddedFont, Aptos_MSFontService, Calibri, Helvetica, sans-serif; font-optical-sizing: inherit; font-size-adjust: inherit; font-kerning: inherit; font-feature-settings: inherit; font-variation-settings: inherit; margin: 0px; padding: 0px; vertical-align: baseline; color: black !important;\"\u003E\u003Cu\u003E\u003Cstrong\u003ERemise des cl&eacute;s:\u003C\/strong\u003E\u003C\/u\u003E\u003Cbr \/\u003E\r\nNotre partenaire conciergerie Les Cl&eacute;s de Risoul vous remettra les clefs.\u003Cbr \/\u003E\r\n06 51 65 91 13 -&nbsp;\u003Cspan data-ogsc=\"rgb(18, 100, 163)\" style=\"border: 0px; font: inherit; margin: 0px; padding: 0px; vertical-align: baseline; color: rgb(18, 100, 163) !important;\"\u003E\u003Ca data-linkindex=\"0\" data-ogsc=\"rgb(18, 100, 163)\" data-sk=\"tooltip_parent\" data-stringify-link=\"mailto:lesclesderisoul@gmail.com\" href=\"mailto:lesclesderisoul@gmail.com\" id=\"OWA4ee49846-319c-22a3-7e74-ca3b986d0bc3\" rel=\"noopener noreferrer\" style=\"border: 0px; font: inherit; margin: 0px; padding: 0px; vertical-align: baseline; color: rgb(18, 100, 163) !important;\" title=\"mailto:lesclesderisoul@gmail.com\"\u003Elesclesderisoul@gmail.com\u003C\/a\u003E\u003C\/span\u003E\u003Cbr \/\u003E\r\nPendant votre s&eacute;jour, pour toute demande ou en cas d&rsquo;urgence, vous pouvez joindre la conciergerie au : 06 51 65 91 13\u003Cbr \/\u003E\r\nSi vous arrivez en dehors des horaires, une bo&icirc;te &agrave; code sera &agrave; votre disposition.\u003C\/div\u003E\r\n\r\n\u003Cdiv data-ogsc=\"black\" style=\"border: 0px; font-variant-numeric: inherit; font-variant-east-asian: inherit; font-variant-alternates: inherit; font-variant-position: inherit; font-variant-emoji: inherit; font-stretch: inherit; font-size: 11pt; line-height: inherit; font-family: Aptos, Aptos_EmbeddedFont, Aptos_MSFontService, Calibri, Helvetica, sans-serif; font-optical-sizing: inherit; font-size-adjust: inherit; font-kerning: inherit; font-feature-settings: inherit; font-variation-settings: inherit; margin: 0px; padding: 0px; vertical-align: baseline; color: black !important;\"\u003E&nbsp;\u003C\/div\u003E\r\n\r\n\u003Cdiv data-ogsc=\"black\" style=\"border: 0px; font-variant-numeric: inherit; font-variant-east-asian: inherit; font-variant-alternates: inherit; font-variant-position: inherit; font-variant-emoji: inherit; font-stretch: inherit; font-size: 11pt; line-height: inherit; font-family: Aptos, Aptos_EmbeddedFont, Aptos_MSFontService, Calibri, Helvetica, sans-serif; font-optical-sizing: inherit; font-size-adjust: inherit; font-kerning: inherit; font-feature-settings: inherit; font-variation-settings: inherit; margin: 0px; padding: 0px; vertical-align: baseline; color: black !important;\"\u003E\u003Cspan data-ogsc=\"\" style=\"border: 0px; font-style: inherit; font-variant: inherit; font-weight: 700; font-stretch: inherit; font-size: inherit; line-height: inherit; font-family: inherit; font-optical-sizing: inherit; font-size-adjust: inherit; font-kerning: inherit; font-feature-settings: inherit; font-variation-settings: inherit; margin: 0px; padding: 0px; vertical-align: baseline; color: inherit;\"\u003EHoraire de remise des clefs :\u003C\/span\u003E\u003C\/div\u003E\r\n\r\n\u003Cdiv data-ogsc=\"black\" style=\"border: 0px; font-variant-numeric: inherit; font-variant-east-asian: inherit; font-variant-alternates: inherit; font-variant-position: inherit; font-variant-emoji: inherit; font-stretch: inherit; font-size: 11pt; line-height: inherit; font-family: Aptos, Aptos_EmbeddedFont, Aptos_MSFontService, Calibri, Helvetica, sans-serif; font-optical-sizing: inherit; font-size-adjust: inherit; font-kerning: inherit; font-feature-settings: inherit; font-variation-settings: inherit; margin: 0px; padding: 0px; vertical-align: baseline; color: black !important;\"\u003EArriv&eacute;es : entre 16h00 et 19h00 (18h en &eacute;t&eacute;)\u003Cbr \/\u003E\r\nD&eacute;parts : avant 10h\u003Cbr \/\u003E\r\nEn cas d&#39;arriv&eacute;e tardive, vous r&eacute;cup&eacute;rez les clefs dans une boite &agrave; cl&eacute; s&eacute;curis&eacute;e.\u003C\/div\u003E\r\n\r\n\u003Cdiv data-ogsc=\"black\" style=\"border: 0px; font-variant-numeric: inherit; font-variant-east-asian: inherit; font-variant-alternates: inherit; font-variant-position: inherit; font-variant-emoji: inherit; font-stretch: inherit; font-size: 11pt; line-height: inherit; font-family: Aptos, Aptos_EmbeddedFont, Aptos_MSFontService, Calibri, Helvetica, sans-serif; font-optical-sizing: inherit; font-size-adjust: inherit; font-kerning: inherit; font-feature-settings: inherit; font-variation-settings: inherit; margin: 0px; padding: 0px; vertical-align: baseline; color: black !important;\"\u003E&nbsp;\u003C\/div\u003E\r\n\r\n\u003Cdiv data-ogsc=\"black\" style=\"border: 0px; font-variant-numeric: inherit; font-variant-east-asian: inherit; font-variant-alternates: inherit; font-variant-position: inherit; font-variant-emoji: inherit; font-stretch: inherit; font-size: 11pt; line-height: inherit; font-family: Aptos, Aptos_EmbeddedFont, Aptos_MSFontService, Calibri, Helvetica, sans-serif; font-optical-sizing: inherit; font-size-adjust: inherit; font-kerning: inherit; font-feature-settings: inherit; font-variation-settings: inherit; margin: 0px; padding: 0px; vertical-align: baseline; color: black !important;\"\u003E\u003Cspan data-ogsc=\"\" style=\"border: 0px; font-style: inherit; font-variant: inherit; font-weight: 700; font-stretch: inherit; font-size: inherit; line-height: inherit; font-family: inherit; font-optical-sizing: inherit; font-size-adjust: inherit; font-kerning: inherit; font-feature-settings: inherit; font-variation-settings: inherit; margin: 0px; padding: 0px; vertical-align: baseline; color: inherit;\"\u003EServices inclus dans la location :\u003C\/span\u003E\u003Cbr \/\u003E\r\n- Kit entretien (1 &eacute;ponge, 1 lavette, 1 flacon de produit multi-usages, 1 flacon de produit liquide vaisselle main, 1 tablette lave-vaisselle et 1 torchon : peut varier selon les r&eacute;sidences).\u003C\/div\u003E\r\n\r\n\u003Cdiv data-ogsc=\"black\" style=\"border: 0px; font-variant-numeric: inherit; font-variant-east-asian: inherit; font-variant-alternates: inherit; font-variant-position: inherit; font-variant-emoji: inherit; font-stretch: inherit; font-size: 11pt; line-height: inherit; font-family: Aptos, Aptos_EmbeddedFont, Aptos_MSFontService, Calibri, Helvetica, sans-serif; font-optical-sizing: inherit; font-size-adjust: inherit; font-kerning: inherit; font-feature-settings: inherit; font-variation-settings: inherit; margin: 0px; padding: 0px; vertical-align: baseline; color: black !important;\"\u003E\u003Cspan data-ogsc=\"\" style=\"border: 0px; font-style: inherit; font-variant: inherit; font-weight: 700; font-stretch: inherit; font-size: inherit; line-height: inherit; font-family: inherit; font-optical-sizing: inherit; font-size-adjust: inherit; font-kerning: inherit; font-feature-settings: inherit; font-variation-settings: inherit; margin: 0px; padding: 0px; vertical-align: baseline; color: inherit;\"\u003EServices en suppl&eacute;ment :\u003C\/span\u003E\u003Cbr \/\u003E\r\n- M&eacute;nage : En suppl&eacute;ment. A r&eacute;aliser obligatoirement en fin de s&eacute;jour, soit par le client soit en payant la prestation lors de la r&eacute;servation, au pr&eacute;check-in.\u003Cbr \/\u003E\r\n- Linge de lit sur demande, en suppl&eacute;ment\u003C\/div\u003E\r\n"},"pave4":{"libelle":"Lien photo","contenu":""},"pave5":{"libelle":"Descriptif d\u00e9taill\u00e9","contenu":""},"pave6":{"libelle":"Bons plans","contenu":""},"pave7":{"libelle":"Compl\u00e9ment localisation","contenu":""},"pave8":{"libelle":"Compl\u00e9ment accueil","contenu":""},"pave9":{"libelle":"P\u00e9riode(s) d'ouverture","contenu":""},"pave10":{"libelle":"Tarifs en clair","contenu":""},"pave11":{"libelle":"Compl\u00e9ment Tarifs","contenu":""},"pave12":{"libelle":"Compl\u00e9ment R\u00e9servation","contenu":""},"pave13":{"libelle":"Descriptif court","contenu":""},"pave14":{"libelle":"Descriptif court","contenu":""},"pave15":{"libelle":"Descriptif d\u00e9taill\u00e9","contenu":""},"pave16":{"libelle":"Descriptif d\u00e9taill\u00e9","contenu":""},"pave17":{"libelle":"Compl\u00e9ment localisation","contenu":""},"pave18":{"libelle":"Compl\u00e9ment localisation","contenu":""},"pave19":{"libelle":"P\u00e9riode(s) d'ouverture","contenu":""},"pave20":{"libelle":"P\u00e9riode(s) d'ouverture","contenu":""},"pave21":{"libelle":"Tarifs en clair","contenu":""},"pave22":{"libelle":"Tarifs en clair","contenu":""},"pave23":{"libelle":"Compl\u00e9ment Tarifs","contenu":""},"pave24":{"libelle":"Compl\u00e9ment Tarifs","contenu":""},"pave25":{"libelle":"","contenu":""},"ContactsParType":{"GEST":{"17561":{"id_contact":"17561","type_contact":"GEST","categorie_contact":"PRESTATAIRE","societe_contact":"","fonction_contact":"","civilite_nom_prenom_contact":"Boost Your Immo ","adresse1_contact":"Immeuble Le C\u00e9sier","adresse2_contact":"","adresse3_contact":"","cpostal_contact":"05600","ville_contact":"Risoul","teldom_contact":"04 94 62 02 06","telbur_contact":"","fax_contact":"","portable_contact":"","email_contact":"contact@boostyourimmo.com","siteweb_contact":"https:\/\/www.boostyourimmo.com","commentaire_contact":"","langue_contact":"","autre_moyen_com":[]}}},"ZoneGeoLibelle":"Risoul Station","Libelle":"MAEVA HOME","Nom":"MAEVA HOME","Prenom":"","NomPrenom":"MAEVA HOME ","CiviliteNomPrenom":"MAEVA HOME ","Cle":"G|5614438","PrestataireParent":"","ContexteStat":"PRESTATAIRE-G-5614438","DateModificationIso":"2026-03-17T11:01:00+01:00","Type":"PRESTATAIRE","TypePrestataire":"G","Adresse":{"LigneAdresse1":"165 CHEMIN DES NEGADOUX","LigneAdresse2":"","LigneAdresse3":"","CodePostal":"83140","Ville":"SIX FOURS LES PLAGES","Cedex":"","Etat":"","Pays":"FRA"},"Email":"vacances@boostyourimmo.com","Telephone":"04.83.73.96.34","TelephoneBureau":"04.94.27.81.97","Portable":"","SiteWeb":"https:\/\/www.boostyourimmo.com","Fax":"","Id":"g-5614438","Code":"G|5614438","Fichier":[],"Url":"","Localisation":{"GoogleMap":{"Latitude":"","Longitude":""},"PlanStation":{"idPlan":"7","nomPlan":"Plan Station 2023","carte":"\/plan\/plan_station_2020[HIVER_FR[.jpg","PositionAbs":"795","PositionOrd":"362"}},"ZoneGeo":"FRPAHARISTATT","Criteres":{"LANGUE_PARLEE[ANGLAIS":"","GRESAAGENCE[RISOULRESA":"","LANGUE_PARLEE[ESPAGNOL":"","ADHERENT[OUI":"","ORDRE[1POS":"","TYPE_AGENCE[MONTAGNE":"","GRESAAGENCE[GOUI":"","LANGUE_PARLEE[FRANAIS":""},"DateFinPublication":"","AffichageCoordonnees":[]},"listeCriteres":{"PASSERELLE":{"MAEVA":""},"LANGUE_PARLEE":{"ANGLAIS":"","ESPAGNOL":"","FRANAIS":""},"GRESAAGENCE":{"RISOULRESA":"","GOUI":""},"ADHERENT":{"OUI":""},"ORDRE":{"1POS":""},"TYPE_AGENCE":{"MONTAGNE":""}},"dansCarnetVoyage":true,"Ouverture":""},"html":" \n \u003Cdiv id=\"CV-PRESTATION-G-5614438-2074043\" data-contexte-id=\"PRESTATION|G|5614438|2074043\" data-cle=\"G|5614438|2074043\" class=\"fiche-liste\"\u003E\n    \n\n    \u003C!-- partie photo --\u003E\n    \u003Cdiv class=\"photo\"\u003E\t\t\t\t\t\t\t\t\t\t\t\t\t\t\t\t\t\t\t\t\t\n        \u003Cdiv class=\"cadre_photo_principale\"\u003E\t\t\n        \n            \t\t\t\t\t\n                    \u003Ca href=\"?origine=carnet#media\"\u003E\n                        \u003Cimg class=\"photo_principale\" alt=\"_ws-photos_FRANCE_risoul_residences_residence-le-cesier-maeva-home_appartement-au-pied-des-pistes-vue-montagne-2-pieces-4-personnes-selection_7_2793673\" src=\"https:\/\/www.risoul.com\/medias\/images\/prestations\/multitailles\/320x240__ws-photos_FRANCE_risoul_residences_residence-le-cesier-maeva-home_appartement-au-pied-des-pistes-vue-montagne-2-pieces-4-personnes-selection_7_2793673.jpeg\" itemprop=\"image\"\u003E\n                    \u003C\/a\u003E\t\t\t\t\t\t\n                \n                    \u003C\/div\u003E\t\t\t\t\t\t\t\t\t\t\t\t\t\t\t\t\t\t\t \t\t\n    \u003C\/div\u003E\n    \n    \u003C!-- partie nom prest --\u003E\n    \u003Cdiv class=\"nom\"\u003E\n        \u003Ch2\u003ER\u00e9sidence Le C\u00e9sier - maeva Home :Appartement au pied des pistes vue montagne 2 pi\u00e8ces 4 personnes - S\u00e9lection\u003C\/h2\u003E\n        \n            \u003C\/div\u003E\n\n         \n    \u003C!-- partie adresse --\u003E\n    \u003Cdiv class=\"adresse\"\u003E\n    \n          \n    \u003C\/div\u003E\n    \n    \u003C!-- partie liens --\u003E\n    \u003Cdiv class=\"liens\"\u003E\n            \u003Ca class=\"btn-icon btn-view \" title=\"Voir la fiche d\u00e9taill\u00e9e\" href=\"?origine=carnet\"\u003E\u003C\/a\u003E\u003C!--\u003Ca class=\"btn-icon btn-view \" title=\"\" href=\"?origine=carnet#thaut\"\u003E\u003C\/a\u003E--\u003E\n      \u003Ca class=\"btn-icon btn-trash carnet_voyage_supprimer\" title=\"Supprimer cette fiche de mon carnet de voyage\" href=\"carnet-voyage?action=remove&fiche=G|5614438|2074043\"\u003E\u003C\/a\u003E\n    \u003C\/div\u003E\n\n\u003C\/div\u003E\n\n","icon":"https:\/\/static.ingenie.fr\/images\/carnetVoyageV3\/G.png"},"fiche":"G|5614438|2074043","popup":"\u003Cdiv id=\"bloc_popup_ajout_fiche_carnet\"\u003E\n    \u003Cdiv class=\"info_popup_ajout_fiche_carnet\"\u003E\n        Vous venez d'ajouter cet \u00e9l\u00e9ment \u00e0 vos favoris :    \u003C\/div\u003E\n    \u003Cdiv class=\"prest_popup_ajout_fiche_carnet\"\u003E\n        R&eacute;sidence Le C&eacute;sier - maeva Home :Appartement au pied des pistes vue montagne 2 pi&egrave;ces 4 personnes - S&eacute;lection    \u003C\/div\u003E\n    \u003Cdiv class=\"bloc_btn_ajout_fiche_carnet form_submit_div\"\u003E\n        \u003Cinput type=\"button\" value=\"Continuer ma s\u00e9lection de favoris\" title=\"Continuer ma s\u00e9lection de favoris\" name=\"btn_close\" class=\"btn_close_popup_carnet form_submit\" onclick=\"$.colorbox.close()\" \/\u003E\n        \u003Cinput type=\"button\" value=\"Voir mes favoris\" title=\"Voir mes favoris\" name=\"btn_panier\" class=\"btn_panier_popup_carnet form_submit\" onclick=\"if(typeof CarnetVoyage != 'undefined') {CarnetVoyage.voirCarnet();}\" \/\u003E\n    \u003C\/div\u003E\n    \u003Cdiv class=\"bloc_btn_ajout_fiche_carnet\"\u003E\n        \u003Cinput type=\"checkbox\" value=\"1\" name=\"desactiver_popup\" id=\"desactiver_popup\" \/\u003E\n        \u003Clabel for=\"desactiver_popup\"\u003ENe plus afficher ce message\u003C\/label\u003E\n    \u003C\/div\u003E\n\u003C\/div\u003E","success":1}