{"nbFiches":1,"dataPrest":{"infoPrest":{"pave1":{"libelle":"Descriptif","contenu":"\u003Cdiv font-size:=\"\" style=\"color: rgb(51, 51, 51); font-family: sans-serif, Arial, Verdana, \" trebuchet=\"\"\u003E\r\n\u003Cdiv background-color:=\"\" font-size:=\"\" trebuchet=\"\"\u003E\r\n\u003Cdiv background-color:=\"\" font-size:=\"\" trebuchet=\"\"\u003EPour toute r&eacute;servation de cet h&eacute;bergement vous b&eacute;n&eacute;ficiez :\u003C\/div\u003E\r\n\r\n\u003Cul\u003E\r\n\t\u003Cli background-color:=\"\" font-size:=\"\" trebuchet=\"\"\u003ED&rsquo;un ticket d&eacute;couverte luge d&eacute;vale &agrave; retirer &agrave; l&#39;Office de Tourisme de Risoul (1 ticket\/dossier)\u003C\/li\u003E\r\n\u003C\/ul\u003E\r\n\r\n\u003Cdiv background-color:=\"\" font-size:=\"\" trebuchet=\"\"\u003EEn hiver vous b&eacute;n&eacute;ficiez d&#39;une remise :\u003C\/div\u003E\r\n\r\n\u003Cul\u003E\r\n\t\u003Cli background-color:=\"\" font-size:=\"\" trebuchet=\"\"\u003ESur&nbsp;les forfaits de ski propos&eacute;s par Risoul Resa,&nbsp;allant jusqu&#39;&agrave; 30 % hors vacances scolaires\u003C\/li\u003E\r\n\t\u003Cli background-color:=\"\" font-size:=\"\" trebuchet=\"\"\u003ESur la location de mat&eacute;riel de ski\u003C\/li\u003E\r\n\t\u003Cli background-color:=\"\" font-size:=\"\" trebuchet=\"\"\u003ESur le parking couvert ( abonnement semaine)&nbsp;\u003C\/li\u003E\r\n\u003C\/ul\u003E\r\n\r\n\u003Cdiv background-color:=\"\" font-size:=\"\" trebuchet=\"\"\u003E\u003Cstrong\u003E\u200b\u003Cspan background-color:=\"\" font-size:=\"\" trebuchet=\"\"\u003ECes r&eacute;ductions&nbsp;sont&nbsp;valables uniquement via Risoul R&eacute;sa\u003C\/span\u003E\u003C\/strong\u003E\u003Cbr \/\u003E\r\n\u003Cbr \/\u003E\r\nGagnez du temps &agrave; votre arriv&eacute;e en r&eacute;servant des maintenant vos&nbsp;cours de ski (seulement hors vacances scolaires)\u003Cbr \/\u003E\r\n\u003Cbr \/\u003E\r\n\u003Cstrong\u003E\u003Cspan style=\"color: rgb(255, 0, 0);\"\u003E\u003Cspan style=\"font-family: Arial, Helvetica, sans-serif; font-size: small;\"\u003EAttention!\u003C\/span\u003E\u003C\/span\u003E\u003Cbr style=\"color: rgb(34, 34, 34); font-family: Arial, Helvetica, sans-serif; font-size: small;\" \/\u003E\r\n\u003Cspan style=\"color: rgb(255, 0, 0);\"\u003E\u003Cspan style=\"font-family: Arial, Helvetica, sans-serif; font-size: small;\"\u003ELes commandes de forfaits &eacute;tant envoy&eacute;es &agrave; l&#39;avance, nous ne prenons plus de r&eacute;servations de ceux-ci &agrave; partir du mercredi pr&eacute;c&eacute;dant l&#39;arriv&eacute;e.\u003C\/span\u003E\u003C\/span\u003E\u003C\/strong\u003E\u003C\/div\u003E\r\n\u003C\/div\u003E\r\n\u003C\/div\u003E\r\n","fichiers":[]},"pave2":{"libelle":"Descriptif (site web)","contenu":"","fichiers":[]},"pave3":{"libelle":"","contenu":""},"pave4":{"libelle":"","contenu":""},"pave5":{"libelle":"","contenu":""},"pave6":{"libelle":"","contenu":""},"pave7":{"libelle":"","contenu":""},"pave8":{"libelle":"","contenu":""},"pave9":{"libelle":"","contenu":""},"pave10":{"libelle":"","contenu":""},"pave11":{"libelle":"","contenu":""},"pave12":{"libelle":"","contenu":""},"pave13":{"libelle":"","contenu":""},"pave14":{"libelle":"","contenu":""},"pave15":{"libelle":"","contenu":""},"pave16":{"libelle":"","contenu":""},"pave17":{"libelle":"","contenu":""},"pave18":{"libelle":"","contenu":""},"pave19":{"libelle":"","contenu":""},"pave20":{"libelle":"","contenu":""},"pave21":{"libelle":"","contenu":""},"pave22":{"libelle":"","contenu":""},"pave23":{"libelle":"","contenu":""},"pave24":{"libelle":"","contenu":""},"pave25":{"libelle":"","contenu":""},"Libelle":"Appartement 7 couchages Alta\u00efr 62","Reference":"","Reftar":"","Type":"PRESTATION","TypePrestataire":"G","ContexteStat":"PRESTATION-G-BLANCHE-ALTAIR62","DateModificationIso":"2026-03-10T09:59:00+01:00","Adresse":{"LigneAdresse1":"B\u00e2timent  Alta\u00efr","LigneAdresse2":"1105 route de Ch\u00e9rine","LigneAdresse3":"Pelinche","CodePostal":"05600","Ville":"RISOUL","Cedex":"","Etat":"","Pays":"FRA"},"Id":"g-blanche-altair62","Code":"G|BLANCHE|ALTAIR62","Cle":"G|BLANCHE|ALTAIR62","Url":"appartement-7-couchages-altair-62-risoul-reservation.html","Localisation":{"GoogleMap":{"Latitude":"44.62212","Longitude":"6.63119"}},"ZoneGeo":"","Criteres":{"GRESA[GRESAW":"","RESAWEB[OUI":"","RESAWEB[OUIMANUEL":"","GTYPRE[GAPPTR":"","GTYPAP[G3PIEC":"","GTYPAP[DUPLEX":"","GCLASS[2ET":"","ENREGISTRMENT[NUMERENREGISTREMENT":"05119 000867 LZ","GSUPER[GSUPTO":"40","GRESID[ALTAIR":"","ETAGE[6ETAGE":"","GASCEN[GASCEN":"","GBALCO[GBALCO":"","GEXPOS[GOUEST":"","ZONEGEO[FRPAHARISTATT":"","GDISCE[DISTCENTRESTATION":"250","GDISCE[G1ISAL":"50","GDISCE[GESF":"150","GDISCE[GSHOP":"50","GDISCE[CRECHEDISTANCE":"250","GDISCE[ARRETN":"10","GDISCE[PROGAR":"150","GDISCE[G4ISAH":"300","GDISCE[MFRONTDENEIGE":"50","GCUISI[GCOINC":"","GEQUCU[GQRIGA":"","GEQUCU[GEQVIT":"","GEQUCU[GEQCOM":"","GEQUCU[GQAVEV":"","GEQUCU[MACHINECAFE":"","GEQUCU[BOUILLOIRE":"","GEQUCU[GRILLEPAIN":"","GEQUCU[CAFECAPSULES":"Nespresso","GEQUCU[FREEZER":"","GEQUCU[HOTTE":"","GSEJOU[CLICCLAC":"1","COINM3[LIT1P":"","GCHAM1[GC1122":"1*140cm","GCHAM2[GC2LSU":"1*","GSDB1[G1BWCI":"1","GSDB1[G1DWCI":"1","GWC[GWCSDB":"1","GEQSAN[LAVELINGESECHANT":"","GEQSAN[SECHECHEVEUX":"","GEQLOI[TVPLAT":"1","GEQLOI[G2QLCS":"","GNOTE1[RACLETTE":"","GNOTE1[JEUX":"","GNOTE1[NOFUMEUR":"","GANIMA[GANIMR":"","GMENA[GMENEF":"","GCAUT[GCAUT":"1000\u20ac","GCAUT[CAUTIM":"100\u20ac","PRIXTC[PLAISIR":"","PRIXTC[17BOUFFEE":"","PRIXTC[MAGIENOEL":"","PRIXTC[LAISSEZVOUSGLISSER":"","PRIXTC[PREOUVERTURE":"","PRIXTC[VACANCEPROMO":"","PRIXTC[WEEKENDFERMETURE":"","PRIXTC[LASTWEEK":"","PRIXTC[TRJV":"","RESERVATION[TICKETLIGE":"","RESERVATION[GOODIES":"","RESERVATION[REMISERM":"","RESERVATION[PARKING":"","GPIECES[3PIECES":"","EQUIPEMENTS[LAVEVAISSELLE":"","GCLASSEMENT[2ETOILES":"","RESADISPO[RESERVATION":"","GORDRE[2POS":"","DISTANCEPISTES[MOINSDE100":"","GORDRERESA[CLASSE":"","LABELCLASSEMENT[2ETOILES":"","EQUIEMENTSPLUS[VERRESVIN":"","LITERIE[COUETTE":""},"Prestataire":{"pave1":{"libelle":"Descriptif","contenu":""},"pave2":{"libelle":"Notes Internes","contenu":""},"pave3":{"libelle":"Remise des cl\u00e9s","contenu":"\u003Cstrong font-size:=\"\" style=\"color: rgb(51, 51, 51); font-family: sans-serif, Arial, Verdana, \" trebuchet=\"\"\u003EMerci de contacter au moins 2 jours avant votre arriv&eacute;e BRUNO MEURANT :06 51 65 91 13\u003C\/strong\u003E\u003Cbr font-size:=\"\" style=\"color: rgb(51, 51, 51); font-family: sans-serif, Arial, Verdana, \" trebuchet=\"\" \/\u003E\r\n\u003Cspan background-color:=\"\" font-size:=\"\" style=\"color: rgb(51, 51, 51); font-family: sans-serif, Arial, Verdana, \" trebuchet=\"\"\u003ELa location de l&#39;appartement est consentie pour un s&eacute;jour commen&ccedil;ant le premier jour (samedi) &agrave; 16 heures et se terminant le dernier jour (samedi) &agrave; 10 heures.\u003C\/span\u003E\u003Cbr font-size:=\"\" style=\"color: rgb(51, 51, 51); font-family: sans-serif, Arial, Verdana, \" trebuchet=\"\" \/\u003E\r\n\u003Cbr font-size:=\"\" style=\"color: rgb(51, 51, 51); font-family: sans-serif, Arial, Verdana, \" trebuchet=\"\" \/\u003E\r\n\u003Cstrong font-size:=\"\" style=\"color: rgb(51, 51, 51); font-family: sans-serif, Arial, Verdana, \" trebuchet=\"\"\u003E\u003Cfont color=\"#222222\" face=\"Arial, Verdana, sans-serif\"\u003E\u003Cspan style=\"font-size: 12px;\"\u003ENous vous rappelons qu&#39;une caution pour l&#39;appartement et une caution m&eacute;nage vous seront demand&eacute;es &agrave; votre arriv&eacute;e. Les cautions doivent &ecirc;tre r&eacute;gl&eacute;es par&nbsp;\u003C\/span\u003Ech&egrave;que&nbsp;\u003Cspan style=\"font-size: 12px;\"\u003Eou&nbsp;\u003C\/span\u003Eesp&egrave;ces.\u003C\/font\u003E\u003C\/strong\u003E"},"pave4":{"libelle":"Lien photo","contenu":""},"pave5":{"libelle":"Descriptif d\u00e9taill\u00e9","contenu":""},"pave6":{"libelle":"Bons plans","contenu":""},"pave7":{"libelle":"Compl\u00e9ment localisation","contenu":""},"pave8":{"libelle":"Compl\u00e9ment accueil","contenu":""},"pave9":{"libelle":"P\u00e9riode(s) d'ouverture","contenu":""},"pave10":{"libelle":"Tarifs en clair","contenu":""},"pave11":{"libelle":"Compl\u00e9ment Tarifs","contenu":""},"pave12":{"libelle":"Compl\u00e9ment R\u00e9servation","contenu":""},"pave13":{"libelle":"Descriptif court","contenu":""},"pave14":{"libelle":"Descriptif court","contenu":""},"pave15":{"libelle":"Descriptif d\u00e9taill\u00e9","contenu":""},"pave16":{"libelle":"Descriptif d\u00e9taill\u00e9","contenu":""},"pave17":{"libelle":"Compl\u00e9ment localisation","contenu":""},"pave18":{"libelle":"Compl\u00e9ment localisation","contenu":""},"pave19":{"libelle":"P\u00e9riode(s) d'ouverture","contenu":""},"pave20":{"libelle":"P\u00e9riode(s) d'ouverture","contenu":""},"pave21":{"libelle":"Tarifs en clair","contenu":""},"pave22":{"libelle":"Tarifs en clair","contenu":""},"pave23":{"libelle":"Compl\u00e9ment Tarifs","contenu":""},"pave24":{"libelle":"Compl\u00e9ment Tarifs","contenu":""},"pave25":{"libelle":"","contenu":""},"Libelle":"Mme BLANCHE Florence","Nom":"BLANCHE","Prenom":"Florence","NomPrenom":"BLANCHE Florence ","CiviliteNomPrenom":"Mme BLANCHE Florence ","Cle":"G|BLANCHE","PrestataireParent":"","ContexteStat":"PRESTATAIRE-G-BLANCHE","DateModificationIso":"2026-04-28T16:15:00+02:00","CiviliteLibelleNomPrenom":"Madame BLANCHE Florence ","Type":"PRESTATAIRE","TypePrestataire":"G","Adresse":{"LigneAdresse1":"20 rue de l'\u00e9tiole de mer","LigneAdresse2":"","LigneAdresse3":"","CodePostal":"34250","Ville":"PALAVAS LES FLOTS","Cedex":"","Etat":"","Pays":"FRA"},"Email":"florence.blanche@orange.fr","Telephone":"0603620003","TelephoneBureau":"","Portable":"0603620003","SiteWeb":"","Fax":"","Id":"g-blanche","Code":"G|BLANCHE","Fichier":[],"Url":"particulier-blanche-florence.html","Localisation":{"GoogleMap":{"Latitude":"","Longitude":""}},"ZoneGeo":"","Criteres":{"DESNEWSLE[NEWOUI":"","DESNEWSLE[ANIMATION":"","ITYPE[IPARTI":"","ADHERENT[OUI":"","GRESAAGENCE[RISOULRESA":"","GRESAAGENCE[GOUI":"","ORDRE[1POS":""},"DateFinPublication":""},"Fichier":{"Image":[{"url":"https:\/\/www.risoul.com\/medias\/images\/prestations\/img-5200-1087142.jpg","chemin":"..\/medias\/images\/prestations\/img-5200-1087142.jpg","libelle":"img-5200-1087142","extension":"jpg","categorie":"","largeur":4032,"theme":"","hauteur":3024,"type":"Image","origine":"","liaisonPave":"","langue":"","id":"1087142","urlVignette":"https:\/\/www.risoul.com\/medias\/images\/prestations\/v-img-5200-1087142.jpg","alt":"img-5200-1087142","title":"img-5200-1087142","MultiTaille":{"1920x1440":{"url":"https:\/\/www.risoul.com\/medias\/images\/prestations\/multitailles\/1920x1440_img-5200-1087142.jpg"},"1200x900":{"url":"https:\/\/www.risoul.com\/medias\/images\/prestations\/multitailles\/1200x900_img-5200-1087142.jpg"},"800x600":{"url":"https:\/\/www.risoul.com\/medias\/images\/prestations\/multitailles\/800x600_img-5200-1087142.jpg"},"640x480":{"url":"https:\/\/www.risoul.com\/medias\/images\/prestations\/multitailles\/640x480_img-5200-1087142.jpg"},"320x240":{"url":"https:\/\/www.risoul.com\/medias\/images\/prestations\/multitailles\/320x240_img-5200-1087142.jpg"},"160x120":{"url":"https:\/\/www.risoul.com\/medias\/images\/prestations\/multitailles\/160x120_img-5200-1087142.jpg"},"origine":{"url":"https:\/\/www.risoul.com\/medias\/images\/prestations\/img-5200-1087142.jpg"}},"urlLien":"","typeLien":"","nofollow":"N","copyright":""},{"url":"https:\/\/www.risoul.com\/medias\/images\/prestations\/photo-blanche-altair62-sejour-799172.jpg","chemin":"..\/medias\/images\/prestations\/photo-blanche-altair62-sejour-799172.jpg","libelle":"photo-blanche-altair62-sejour-799172","extension":"jpg","categorie":"","largeur":500,"theme":"","hauteur":375,"type":"Image","origine":"","liaisonPave":"","langue":"","id":"799172","urlVignette":"https:\/\/www.risoul.com\/medias\/images\/prestations\/v-photo-blanche-altair62-sejour-799172.jpg","alt":"photo-blanche-altair62-sejour-799172","title":"photo-blanche-altair62-sejour-799172","MultiTaille":{"1920x1440":{"url":"https:\/\/www.risoul.com\/medias\/images\/prestations\/multitailles\/1920x1440_photo-blanche-altair62-sejour-799172.jpg"},"1200x900":{"url":"https:\/\/www.risoul.com\/medias\/images\/prestations\/multitailles\/1200x900_photo-blanche-altair62-sejour-799172.jpg"},"800x600":{"url":"https:\/\/www.risoul.com\/medias\/images\/prestations\/multitailles\/800x600_photo-blanche-altair62-sejour-799172.jpg"},"640x480":{"url":"https:\/\/www.risoul.com\/medias\/images\/prestations\/multitailles\/640x480_photo-blanche-altair62-sejour-799172.jpg"},"320x240":{"url":"https:\/\/www.risoul.com\/medias\/images\/prestations\/multitailles\/320x240_photo-blanche-altair62-sejour-799172.jpg"},"160x120":{"url":"https:\/\/www.risoul.com\/medias\/images\/prestations\/multitailles\/160x120_photo-blanche-altair62-sejour-799172.jpg"},"origine":{"url":"https:\/\/www.risoul.com\/medias\/images\/prestations\/photo-blanche-altair62-sejour-799172.jpg"}},"urlLien":"","typeLien":"","nofollow":"N","copyright":""},{"url":"https:\/\/www.risoul.com\/medias\/images\/prestations\/risoul-resa-hebergement-altair62-sejour-573880.jpg","chemin":"..\/medias\/images\/prestations\/risoul-resa-hebergement-altair62-sejour-573880.jpg","libelle":"risoul-resa-hebergement-altair62-sejour-573880","extension":"jpg","categorie":"","largeur":500,"theme":"","hauteur":375,"type":"Image","origine":"","liaisonPave":"","langue":"","id":"573880","urlVignette":"https:\/\/www.risoul.com\/medias\/images\/prestations\/v-risoul-resa-hebergement-altair62-sejour-573880.jpg","alt":"risoul-resa-hebergement-altair62-sejour-573880","title":"risoul-resa-hebergement-altair62-sejour-573880","MultiTaille":{"1920x1440":{"url":"https:\/\/www.risoul.com\/medias\/images\/prestations\/multitailles\/1920x1440_risoul-resa-hebergement-altair62-sejour-573880.jpg"},"1200x900":{"url":"https:\/\/www.risoul.com\/medias\/images\/prestations\/multitailles\/1200x900_risoul-resa-hebergement-altair62-sejour-573880.jpg"},"800x600":{"url":"https:\/\/www.risoul.com\/medias\/images\/prestations\/multitailles\/800x600_risoul-resa-hebergement-altair62-sejour-573880.jpg"},"640x480":{"url":"https:\/\/www.risoul.com\/medias\/images\/prestations\/multitailles\/640x480_risoul-resa-hebergement-altair62-sejour-573880.jpg"},"320x240":{"url":"https:\/\/www.risoul.com\/medias\/images\/prestations\/multitailles\/320x240_risoul-resa-hebergement-altair62-sejour-573880.jpg"},"160x120":{"url":"https:\/\/www.risoul.com\/medias\/images\/prestations\/multitailles\/160x120_risoul-resa-hebergement-altair62-sejour-573880.jpg"},"origine":{"url":"https:\/\/www.risoul.com\/medias\/images\/prestations\/risoul-resa-hebergement-altair62-sejour-573880.jpg"}},"urlLien":"","typeLien":"","nofollow":"N","copyright":""},{"url":"https:\/\/www.risoul.com\/medias\/images\/prestations\/risoul-resa-hebergement-altair62-cuisine-573876.jpg","chemin":"..\/medias\/images\/prestations\/risoul-resa-hebergement-altair62-cuisine-573876.jpg","libelle":"risoul-resa-hebergement-altair62-cuisine-573876","extension":"jpg","categorie":"","largeur":500,"theme":"","hauteur":375,"type":"Image","origine":"","liaisonPave":"","langue":"","id":"573876","urlVignette":"https:\/\/www.risoul.com\/medias\/images\/prestations\/v-risoul-resa-hebergement-altair62-cuisine-573876.jpg","alt":"risoul-resa-hebergement-altair62-cuisine-573876","title":"risoul-resa-hebergement-altair62-cuisine-573876","MultiTaille":{"1920x1440":{"url":"https:\/\/www.risoul.com\/medias\/images\/prestations\/multitailles\/1920x1440_risoul-resa-hebergement-altair62-cuisine-573876.jpg"},"1200x900":{"url":"https:\/\/www.risoul.com\/medias\/images\/prestations\/multitailles\/1200x900_risoul-resa-hebergement-altair62-cuisine-573876.jpg"},"800x600":{"url":"https:\/\/www.risoul.com\/medias\/images\/prestations\/multitailles\/800x600_risoul-resa-hebergement-altair62-cuisine-573876.jpg"},"640x480":{"url":"https:\/\/www.risoul.com\/medias\/images\/prestations\/multitailles\/640x480_risoul-resa-hebergement-altair62-cuisine-573876.jpg"},"320x240":{"url":"https:\/\/www.risoul.com\/medias\/images\/prestations\/multitailles\/320x240_risoul-resa-hebergement-altair62-cuisine-573876.jpg"},"160x120":{"url":"https:\/\/www.risoul.com\/medias\/images\/prestations\/multitailles\/160x120_risoul-resa-hebergement-altair62-cuisine-573876.jpg"},"origine":{"url":"https:\/\/www.risoul.com\/medias\/images\/prestations\/risoul-resa-hebergement-altair62-cuisine-573876.jpg"}},"urlLien":"","typeLien":"","nofollow":"N","copyright":""},{"url":"https:\/\/www.risoul.com\/medias\/images\/prestations\/img-5214-1087141.jpg","chemin":"..\/medias\/images\/prestations\/img-5214-1087141.jpg","libelle":"img-5214-1087141","extension":"jpg","categorie":"","largeur":4032,"theme":"","hauteur":3024,"type":"Image","origine":"","liaisonPave":"","langue":"","id":"1087141","urlVignette":"https:\/\/www.risoul.com\/medias\/images\/prestations\/v-img-5214-1087141.jpg","alt":"img-5214-1087141","title":"img-5214-1087141","MultiTaille":{"1920x1440":{"url":"https:\/\/www.risoul.com\/medias\/images\/prestations\/multitailles\/1920x1440_img-5214-1087141.jpg"},"1200x900":{"url":"https:\/\/www.risoul.com\/medias\/images\/prestations\/multitailles\/1200x900_img-5214-1087141.jpg"},"800x600":{"url":"https:\/\/www.risoul.com\/medias\/images\/prestations\/multitailles\/800x600_img-5214-1087141.jpg"},"640x480":{"url":"https:\/\/www.risoul.com\/medias\/images\/prestations\/multitailles\/640x480_img-5214-1087141.jpg"},"320x240":{"url":"https:\/\/www.risoul.com\/medias\/images\/prestations\/multitailles\/320x240_img-5214-1087141.jpg"},"160x120":{"url":"https:\/\/www.risoul.com\/medias\/images\/prestations\/multitailles\/160x120_img-5214-1087141.jpg"},"origine":{"url":"https:\/\/www.risoul.com\/medias\/images\/prestations\/img-5214-1087141.jpg"}},"urlLien":"","typeLien":"","nofollow":"N","copyright":""},{"url":"https:\/\/www.risoul.com\/medias\/images\/prestations\/risoul-resa-hebergement-altair62-coinnuit-573874.jpg","chemin":"..\/medias\/images\/prestations\/risoul-resa-hebergement-altair62-coinnuit-573874.jpg","libelle":"risoul-resa-hebergement-altair62-coinnuit-573874","extension":"jpg","categorie":"","largeur":375,"theme":"","hauteur":500,"type":"Image","origine":"","liaisonPave":"","langue":"","id":"573874","urlVignette":"https:\/\/www.risoul.com\/medias\/images\/prestations\/v-risoul-resa-hebergement-altair62-coinnuit-573874.jpg","alt":"risoul-resa-hebergement-altair62-coinnuit-573874","title":"risoul-resa-hebergement-altair62-coinnuit-573874","MultiTaille":{"1920x1440":{"url":"https:\/\/www.risoul.com\/medias\/images\/prestations\/multitailles\/1920x1440_risoul-resa-hebergement-altair62-coinnuit-573874.jpg"},"1200x900":{"url":"https:\/\/www.risoul.com\/medias\/images\/prestations\/multitailles\/1200x900_risoul-resa-hebergement-altair62-coinnuit-573874.jpg"},"800x600":{"url":"https:\/\/www.risoul.com\/medias\/images\/prestations\/multitailles\/800x600_risoul-resa-hebergement-altair62-coinnuit-573874.jpg"},"640x480":{"url":"https:\/\/www.risoul.com\/medias\/images\/prestations\/multitailles\/640x480_risoul-resa-hebergement-altair62-coinnuit-573874.jpg"},"320x240":{"url":"https:\/\/www.risoul.com\/medias\/images\/prestations\/multitailles\/320x240_risoul-resa-hebergement-altair62-coinnuit-573874.jpg"},"160x120":{"url":"https:\/\/www.risoul.com\/medias\/images\/prestations\/multitailles\/160x120_risoul-resa-hebergement-altair62-coinnuit-573874.jpg"},"origine":{"url":"https:\/\/www.risoul.com\/medias\/images\/prestations\/risoul-resa-hebergement-altair62-coinnuit-573874.jpg"}},"urlLien":"","typeLien":"","nofollow":"N","copyright":""},{"url":"https:\/\/www.risoul.com\/medias\/images\/prestations\/risoul-resa-hebergement-altair62-chambre2-573875.jpg","chemin":"..\/medias\/images\/prestations\/risoul-resa-hebergement-altair62-chambre2-573875.jpg","libelle":"risoul-resa-hebergement-altair62-chambre2-573875","extension":"jpg","categorie":"","largeur":500,"theme":"","hauteur":375,"type":"Image","origine":"","liaisonPave":"","langue":"","id":"573875","urlVignette":"https:\/\/www.risoul.com\/medias\/images\/prestations\/v-risoul-resa-hebergement-altair62-chambre2-573875.jpg","alt":"risoul-resa-hebergement-altair62-chambre2-573875","title":"risoul-resa-hebergement-altair62-chambre2-573875","MultiTaille":{"1920x1440":{"url":"https:\/\/www.risoul.com\/medias\/images\/prestations\/multitailles\/1920x1440_risoul-resa-hebergement-altair62-chambre2-573875.jpg"},"1200x900":{"url":"https:\/\/www.risoul.com\/medias\/images\/prestations\/multitailles\/1200x900_risoul-resa-hebergement-altair62-chambre2-573875.jpg"},"800x600":{"url":"https:\/\/www.risoul.com\/medias\/images\/prestations\/multitailles\/800x600_risoul-resa-hebergement-altair62-chambre2-573875.jpg"},"640x480":{"url":"https:\/\/www.risoul.com\/medias\/images\/prestations\/multitailles\/640x480_risoul-resa-hebergement-altair62-chambre2-573875.jpg"},"320x240":{"url":"https:\/\/www.risoul.com\/medias\/images\/prestations\/multitailles\/320x240_risoul-resa-hebergement-altair62-chambre2-573875.jpg"},"160x120":{"url":"https:\/\/www.risoul.com\/medias\/images\/prestations\/multitailles\/160x120_risoul-resa-hebergement-altair62-chambre2-573875.jpg"},"origine":{"url":"https:\/\/www.risoul.com\/medias\/images\/prestations\/risoul-resa-hebergement-altair62-chambre2-573875.jpg"}},"urlLien":"","typeLien":"","nofollow":"N","copyright":""},{"url":"https:\/\/www.risoul.com\/medias\/images\/prestations\/risoul-resa-hebergement-altair62-salledebain3-573877.jpg","chemin":"..\/medias\/images\/prestations\/risoul-resa-hebergement-altair62-salledebain3-573877.jpg","libelle":"risoul-resa-hebergement-altair62-salledebain3-573877","extension":"jpg","categorie":"","largeur":500,"theme":"","hauteur":375,"type":"Image","origine":"","liaisonPave":"","langue":"","id":"573877","urlVignette":"https:\/\/www.risoul.com\/medias\/images\/prestations\/v-risoul-resa-hebergement-altair62-salledebain3-573877.jpg","alt":"risoul-resa-hebergement-altair62-salledebain3-573877","title":"risoul-resa-hebergement-altair62-salledebain3-573877","MultiTaille":{"1920x1440":{"url":"https:\/\/www.risoul.com\/medias\/images\/prestations\/multitailles\/1920x1440_risoul-resa-hebergement-altair62-salledebain3-573877.jpg"},"1200x900":{"url":"https:\/\/www.risoul.com\/medias\/images\/prestations\/multitailles\/1200x900_risoul-resa-hebergement-altair62-salledebain3-573877.jpg"},"800x600":{"url":"https:\/\/www.risoul.com\/medias\/images\/prestations\/multitailles\/800x600_risoul-resa-hebergement-altair62-salledebain3-573877.jpg"},"640x480":{"url":"https:\/\/www.risoul.com\/medias\/images\/prestations\/multitailles\/640x480_risoul-resa-hebergement-altair62-salledebain3-573877.jpg"},"320x240":{"url":"https:\/\/www.risoul.com\/medias\/images\/prestations\/multitailles\/320x240_risoul-resa-hebergement-altair62-salledebain3-573877.jpg"},"160x120":{"url":"https:\/\/www.risoul.com\/medias\/images\/prestations\/multitailles\/160x120_risoul-resa-hebergement-altair62-salledebain3-573877.jpg"},"origine":{"url":"https:\/\/www.risoul.com\/medias\/images\/prestations\/risoul-resa-hebergement-altair62-salledebain3-573877.jpg"}},"urlLien":"","typeLien":"","nofollow":"N","copyright":""},{"url":"https:\/\/www.risoul.com\/medias\/images\/prestations\/risoul-resa-hebergement-altair62-sdb-573878.jpg","chemin":"..\/medias\/images\/prestations\/risoul-resa-hebergement-altair62-sdb-573878.jpg","libelle":"risoul-resa-hebergement-altair62-sdb-573878","extension":"jpg","categorie":"","largeur":500,"theme":"","hauteur":375,"type":"Image","origine":"","liaisonPave":"","langue":"","id":"573878","urlVignette":"https:\/\/www.risoul.com\/medias\/images\/prestations\/v-risoul-resa-hebergement-altair62-sdb-573878.jpg","alt":"risoul-resa-hebergement-altair62-sdb-573878","title":"risoul-resa-hebergement-altair62-sdb-573878","MultiTaille":{"1920x1440":{"url":"https:\/\/www.risoul.com\/medias\/images\/prestations\/multitailles\/1920x1440_risoul-resa-hebergement-altair62-sdb-573878.jpg"},"1200x900":{"url":"https:\/\/www.risoul.com\/medias\/images\/prestations\/multitailles\/1200x900_risoul-resa-hebergement-altair62-sdb-573878.jpg"},"800x600":{"url":"https:\/\/www.risoul.com\/medias\/images\/prestations\/multitailles\/800x600_risoul-resa-hebergement-altair62-sdb-573878.jpg"},"640x480":{"url":"https:\/\/www.risoul.com\/medias\/images\/prestations\/multitailles\/640x480_risoul-resa-hebergement-altair62-sdb-573878.jpg"},"320x240":{"url":"https:\/\/www.risoul.com\/medias\/images\/prestations\/multitailles\/320x240_risoul-resa-hebergement-altair62-sdb-573878.jpg"},"160x120":{"url":"https:\/\/www.risoul.com\/medias\/images\/prestations\/multitailles\/160x120_risoul-resa-hebergement-altair62-sdb-573878.jpg"},"origine":{"url":"https:\/\/www.risoul.com\/medias\/images\/prestations\/risoul-resa-hebergement-altair62-sdb-573878.jpg"}},"urlLien":"","typeLien":"","nofollow":"N","copyright":""},{"url":"https:\/\/www.risoul.com\/medias\/images\/prestations\/risoul-resa-hebergement-altair62-sdb1-573879.jpg","chemin":"..\/medias\/images\/prestations\/risoul-resa-hebergement-altair62-sdb1-573879.jpg","libelle":"risoul-resa-hebergement-altair62-sdb1-573879","extension":"jpg","categorie":"","largeur":500,"theme":"","hauteur":375,"type":"Image","origine":"","liaisonPave":"","langue":"","id":"573879","urlVignette":"https:\/\/www.risoul.com\/medias\/images\/prestations\/v-risoul-resa-hebergement-altair62-sdb1-573879.jpg","alt":"risoul-resa-hebergement-altair62-sdb1-573879","title":"risoul-resa-hebergement-altair62-sdb1-573879","MultiTaille":{"1920x1440":{"url":"https:\/\/www.risoul.com\/medias\/images\/prestations\/multitailles\/1920x1440_risoul-resa-hebergement-altair62-sdb1-573879.jpg"},"1200x900":{"url":"https:\/\/www.risoul.com\/medias\/images\/prestations\/multitailles\/1200x900_risoul-resa-hebergement-altair62-sdb1-573879.jpg"},"800x600":{"url":"https:\/\/www.risoul.com\/medias\/images\/prestations\/multitailles\/800x600_risoul-resa-hebergement-altair62-sdb1-573879.jpg"},"640x480":{"url":"https:\/\/www.risoul.com\/medias\/images\/prestations\/multitailles\/640x480_risoul-resa-hebergement-altair62-sdb1-573879.jpg"},"320x240":{"url":"https:\/\/www.risoul.com\/medias\/images\/prestations\/multitailles\/320x240_risoul-resa-hebergement-altair62-sdb1-573879.jpg"},"160x120":{"url":"https:\/\/www.risoul.com\/medias\/images\/prestations\/multitailles\/160x120_risoul-resa-hebergement-altair62-sdb1-573879.jpg"},"origine":{"url":"https:\/\/www.risoul.com\/medias\/images\/prestations\/risoul-resa-hebergement-altair62-sdb1-573879.jpg"}},"urlLien":"","typeLien":"","nofollow":"N","copyright":""},{"url":"https:\/\/www.risoul.com\/medias\/images\/prestations\/risoul-resa-hebergement-altair62-vue-573881.jpg","chemin":"..\/medias\/images\/prestations\/risoul-resa-hebergement-altair62-vue-573881.jpg","libelle":"risoul-resa-hebergement-altair62-vue-573881","extension":"jpg","categorie":"","largeur":500,"theme":"","hauteur":375,"type":"Image","origine":"","liaisonPave":"","langue":"","id":"573881","urlVignette":"https:\/\/www.risoul.com\/medias\/images\/prestations\/v-risoul-resa-hebergement-altair62-vue-573881.jpg","alt":"risoul-resa-hebergement-altair62-vue-573881","title":"risoul-resa-hebergement-altair62-vue-573881","MultiTaille":{"1920x1440":{"url":"https:\/\/www.risoul.com\/medias\/images\/prestations\/multitailles\/1920x1440_risoul-resa-hebergement-altair62-vue-573881.jpg"},"1200x900":{"url":"https:\/\/www.risoul.com\/medias\/images\/prestations\/multitailles\/1200x900_risoul-resa-hebergement-altair62-vue-573881.jpg"},"800x600":{"url":"https:\/\/www.risoul.com\/medias\/images\/prestations\/multitailles\/800x600_risoul-resa-hebergement-altair62-vue-573881.jpg"},"640x480":{"url":"https:\/\/www.risoul.com\/medias\/images\/prestations\/multitailles\/640x480_risoul-resa-hebergement-altair62-vue-573881.jpg"},"320x240":{"url":"https:\/\/www.risoul.com\/medias\/images\/prestations\/multitailles\/320x240_risoul-resa-hebergement-altair62-vue-573881.jpg"},"160x120":{"url":"https:\/\/www.risoul.com\/medias\/images\/prestations\/multitailles\/160x120_risoul-resa-hebergement-altair62-vue-573881.jpg"},"origine":{"url":"https:\/\/www.risoul.com\/medias\/images\/prestations\/risoul-resa-hebergement-altair62-vue-573881.jpg"}},"urlLien":"","typeLien":"","nofollow":"N","copyright":""}],"ByCategorie":{"":[{"url":"https:\/\/www.risoul.com\/medias\/images\/prestations\/img-5200-1087142.jpg","chemin":"..\/medias\/images\/prestations\/img-5200-1087142.jpg","libelle":"img-5200-1087142","extension":"jpg","categorie":"","largeur":4032,"theme":"","hauteur":3024,"type":"Image","origine":"","liaisonPave":"","langue":"","id":"1087142","urlVignette":"https:\/\/www.risoul.com\/medias\/images\/prestations\/v-img-5200-1087142.jpg","alt":"img-5200-1087142","title":"img-5200-1087142","MultiTaille":{"1920x1440":{"url":"https:\/\/www.risoul.com\/medias\/images\/prestations\/multitailles\/1920x1440_img-5200-1087142.jpg"},"1200x900":{"url":"https:\/\/www.risoul.com\/medias\/images\/prestations\/multitailles\/1200x900_img-5200-1087142.jpg"},"800x600":{"url":"https:\/\/www.risoul.com\/medias\/images\/prestations\/multitailles\/800x600_img-5200-1087142.jpg"},"640x480":{"url":"https:\/\/www.risoul.com\/medias\/images\/prestations\/multitailles\/640x480_img-5200-1087142.jpg"},"320x240":{"url":"https:\/\/www.risoul.com\/medias\/images\/prestations\/multitailles\/320x240_img-5200-1087142.jpg"},"160x120":{"url":"https:\/\/www.risoul.com\/medias\/images\/prestations\/multitailles\/160x120_img-5200-1087142.jpg"},"origine":{"url":"https:\/\/www.risoul.com\/medias\/images\/prestations\/img-5200-1087142.jpg"}},"urlLien":"","typeLien":"","nofollow":"N","copyright":""},{"url":"https:\/\/www.risoul.com\/medias\/images\/prestations\/photo-blanche-altair62-sejour-799172.jpg","chemin":"..\/medias\/images\/prestations\/photo-blanche-altair62-sejour-799172.jpg","libelle":"photo-blanche-altair62-sejour-799172","extension":"jpg","categorie":"","largeur":500,"theme":"","hauteur":375,"type":"Image","origine":"","liaisonPave":"","langue":"","id":"799172","urlVignette":"https:\/\/www.risoul.com\/medias\/images\/prestations\/v-photo-blanche-altair62-sejour-799172.jpg","alt":"photo-blanche-altair62-sejour-799172","title":"photo-blanche-altair62-sejour-799172","MultiTaille":{"1920x1440":{"url":"https:\/\/www.risoul.com\/medias\/images\/prestations\/multitailles\/1920x1440_photo-blanche-altair62-sejour-799172.jpg"},"1200x900":{"url":"https:\/\/www.risoul.com\/medias\/images\/prestations\/multitailles\/1200x900_photo-blanche-altair62-sejour-799172.jpg"},"800x600":{"url":"https:\/\/www.risoul.com\/medias\/images\/prestations\/multitailles\/800x600_photo-blanche-altair62-sejour-799172.jpg"},"640x480":{"url":"https:\/\/www.risoul.com\/medias\/images\/prestations\/multitailles\/640x480_photo-blanche-altair62-sejour-799172.jpg"},"320x240":{"url":"https:\/\/www.risoul.com\/medias\/images\/prestations\/multitailles\/320x240_photo-blanche-altair62-sejour-799172.jpg"},"160x120":{"url":"https:\/\/www.risoul.com\/medias\/images\/prestations\/multitailles\/160x120_photo-blanche-altair62-sejour-799172.jpg"},"origine":{"url":"https:\/\/www.risoul.com\/medias\/images\/prestations\/photo-blanche-altair62-sejour-799172.jpg"}},"urlLien":"","typeLien":"","nofollow":"N","copyright":""},{"url":"https:\/\/www.risoul.com\/medias\/images\/prestations\/risoul-resa-hebergement-altair62-sejour-573880.jpg","chemin":"..\/medias\/images\/prestations\/risoul-resa-hebergement-altair62-sejour-573880.jpg","libelle":"risoul-resa-hebergement-altair62-sejour-573880","extension":"jpg","categorie":"","largeur":500,"theme":"","hauteur":375,"type":"Image","origine":"","liaisonPave":"","langue":"","id":"573880","urlVignette":"https:\/\/www.risoul.com\/medias\/images\/prestations\/v-risoul-resa-hebergement-altair62-sejour-573880.jpg","alt":"risoul-resa-hebergement-altair62-sejour-573880","title":"risoul-resa-hebergement-altair62-sejour-573880","MultiTaille":{"1920x1440":{"url":"https:\/\/www.risoul.com\/medias\/images\/prestations\/multitailles\/1920x1440_risoul-resa-hebergement-altair62-sejour-573880.jpg"},"1200x900":{"url":"https:\/\/www.risoul.com\/medias\/images\/prestations\/multitailles\/1200x900_risoul-resa-hebergement-altair62-sejour-573880.jpg"},"800x600":{"url":"https:\/\/www.risoul.com\/medias\/images\/prestations\/multitailles\/800x600_risoul-resa-hebergement-altair62-sejour-573880.jpg"},"640x480":{"url":"https:\/\/www.risoul.com\/medias\/images\/prestations\/multitailles\/640x480_risoul-resa-hebergement-altair62-sejour-573880.jpg"},"320x240":{"url":"https:\/\/www.risoul.com\/medias\/images\/prestations\/multitailles\/320x240_risoul-resa-hebergement-altair62-sejour-573880.jpg"},"160x120":{"url":"https:\/\/www.risoul.com\/medias\/images\/prestations\/multitailles\/160x120_risoul-resa-hebergement-altair62-sejour-573880.jpg"},"origine":{"url":"https:\/\/www.risoul.com\/medias\/images\/prestations\/risoul-resa-hebergement-altair62-sejour-573880.jpg"}},"urlLien":"","typeLien":"","nofollow":"N","copyright":""},{"url":"https:\/\/www.risoul.com\/medias\/images\/prestations\/risoul-resa-hebergement-altair62-cuisine-573876.jpg","chemin":"..\/medias\/images\/prestations\/risoul-resa-hebergement-altair62-cuisine-573876.jpg","libelle":"risoul-resa-hebergement-altair62-cuisine-573876","extension":"jpg","categorie":"","largeur":500,"theme":"","hauteur":375,"type":"Image","origine":"","liaisonPave":"","langue":"","id":"573876","urlVignette":"https:\/\/www.risoul.com\/medias\/images\/prestations\/v-risoul-resa-hebergement-altair62-cuisine-573876.jpg","alt":"risoul-resa-hebergement-altair62-cuisine-573876","title":"risoul-resa-hebergement-altair62-cuisine-573876","MultiTaille":{"1920x1440":{"url":"https:\/\/www.risoul.com\/medias\/images\/prestations\/multitailles\/1920x1440_risoul-resa-hebergement-altair62-cuisine-573876.jpg"},"1200x900":{"url":"https:\/\/www.risoul.com\/medias\/images\/prestations\/multitailles\/1200x900_risoul-resa-hebergement-altair62-cuisine-573876.jpg"},"800x600":{"url":"https:\/\/www.risoul.com\/medias\/images\/prestations\/multitailles\/800x600_risoul-resa-hebergement-altair62-cuisine-573876.jpg"},"640x480":{"url":"https:\/\/www.risoul.com\/medias\/images\/prestations\/multitailles\/640x480_risoul-resa-hebergement-altair62-cuisine-573876.jpg"},"320x240":{"url":"https:\/\/www.risoul.com\/medias\/images\/prestations\/multitailles\/320x240_risoul-resa-hebergement-altair62-cuisine-573876.jpg"},"160x120":{"url":"https:\/\/www.risoul.com\/medias\/images\/prestations\/multitailles\/160x120_risoul-resa-hebergement-altair62-cuisine-573876.jpg"},"origine":{"url":"https:\/\/www.risoul.com\/medias\/images\/prestations\/risoul-resa-hebergement-altair62-cuisine-573876.jpg"}},"urlLien":"","typeLien":"","nofollow":"N","copyright":""},{"url":"https:\/\/www.risoul.com\/medias\/images\/prestations\/img-5214-1087141.jpg","chemin":"..\/medias\/images\/prestations\/img-5214-1087141.jpg","libelle":"img-5214-1087141","extension":"jpg","categorie":"","largeur":4032,"theme":"","hauteur":3024,"type":"Image","origine":"","liaisonPave":"","langue":"","id":"1087141","urlVignette":"https:\/\/www.risoul.com\/medias\/images\/prestations\/v-img-5214-1087141.jpg","alt":"img-5214-1087141","title":"img-5214-1087141","MultiTaille":{"1920x1440":{"url":"https:\/\/www.risoul.com\/medias\/images\/prestations\/multitailles\/1920x1440_img-5214-1087141.jpg"},"1200x900":{"url":"https:\/\/www.risoul.com\/medias\/images\/prestations\/multitailles\/1200x900_img-5214-1087141.jpg"},"800x600":{"url":"https:\/\/www.risoul.com\/medias\/images\/prestations\/multitailles\/800x600_img-5214-1087141.jpg"},"640x480":{"url":"https:\/\/www.risoul.com\/medias\/images\/prestations\/multitailles\/640x480_img-5214-1087141.jpg"},"320x240":{"url":"https:\/\/www.risoul.com\/medias\/images\/prestations\/multitailles\/320x240_img-5214-1087141.jpg"},"160x120":{"url":"https:\/\/www.risoul.com\/medias\/images\/prestations\/multitailles\/160x120_img-5214-1087141.jpg"},"origine":{"url":"https:\/\/www.risoul.com\/medias\/images\/prestations\/img-5214-1087141.jpg"}},"urlLien":"","typeLien":"","nofollow":"N","copyright":""},{"url":"https:\/\/www.risoul.com\/medias\/images\/prestations\/risoul-resa-hebergement-altair62-coinnuit-573874.jpg","chemin":"..\/medias\/images\/prestations\/risoul-resa-hebergement-altair62-coinnuit-573874.jpg","libelle":"risoul-resa-hebergement-altair62-coinnuit-573874","extension":"jpg","categorie":"","largeur":375,"theme":"","hauteur":500,"type":"Image","origine":"","liaisonPave":"","langue":"","id":"573874","urlVignette":"https:\/\/www.risoul.com\/medias\/images\/prestations\/v-risoul-resa-hebergement-altair62-coinnuit-573874.jpg","alt":"risoul-resa-hebergement-altair62-coinnuit-573874","title":"risoul-resa-hebergement-altair62-coinnuit-573874","MultiTaille":{"1920x1440":{"url":"https:\/\/www.risoul.com\/medias\/images\/prestations\/multitailles\/1920x1440_risoul-resa-hebergement-altair62-coinnuit-573874.jpg"},"1200x900":{"url":"https:\/\/www.risoul.com\/medias\/images\/prestations\/multitailles\/1200x900_risoul-resa-hebergement-altair62-coinnuit-573874.jpg"},"800x600":{"url":"https:\/\/www.risoul.com\/medias\/images\/prestations\/multitailles\/800x600_risoul-resa-hebergement-altair62-coinnuit-573874.jpg"},"640x480":{"url":"https:\/\/www.risoul.com\/medias\/images\/prestations\/multitailles\/640x480_risoul-resa-hebergement-altair62-coinnuit-573874.jpg"},"320x240":{"url":"https:\/\/www.risoul.com\/medias\/images\/prestations\/multitailles\/320x240_risoul-resa-hebergement-altair62-coinnuit-573874.jpg"},"160x120":{"url":"https:\/\/www.risoul.com\/medias\/images\/prestations\/multitailles\/160x120_risoul-resa-hebergement-altair62-coinnuit-573874.jpg"},"origine":{"url":"https:\/\/www.risoul.com\/medias\/images\/prestations\/risoul-resa-hebergement-altair62-coinnuit-573874.jpg"}},"urlLien":"","typeLien":"","nofollow":"N","copyright":""},{"url":"https:\/\/www.risoul.com\/medias\/images\/prestations\/risoul-resa-hebergement-altair62-chambre2-573875.jpg","chemin":"..\/medias\/images\/prestations\/risoul-resa-hebergement-altair62-chambre2-573875.jpg","libelle":"risoul-resa-hebergement-altair62-chambre2-573875","extension":"jpg","categorie":"","largeur":500,"theme":"","hauteur":375,"type":"Image","origine":"","liaisonPave":"","langue":"","id":"573875","urlVignette":"https:\/\/www.risoul.com\/medias\/images\/prestations\/v-risoul-resa-hebergement-altair62-chambre2-573875.jpg","alt":"risoul-resa-hebergement-altair62-chambre2-573875","title":"risoul-resa-hebergement-altair62-chambre2-573875","MultiTaille":{"1920x1440":{"url":"https:\/\/www.risoul.com\/medias\/images\/prestations\/multitailles\/1920x1440_risoul-resa-hebergement-altair62-chambre2-573875.jpg"},"1200x900":{"url":"https:\/\/www.risoul.com\/medias\/images\/prestations\/multitailles\/1200x900_risoul-resa-hebergement-altair62-chambre2-573875.jpg"},"800x600":{"url":"https:\/\/www.risoul.com\/medias\/images\/prestations\/multitailles\/800x600_risoul-resa-hebergement-altair62-chambre2-573875.jpg"},"640x480":{"url":"https:\/\/www.risoul.com\/medias\/images\/prestations\/multitailles\/640x480_risoul-resa-hebergement-altair62-chambre2-573875.jpg"},"320x240":{"url":"https:\/\/www.risoul.com\/medias\/images\/prestations\/multitailles\/320x240_risoul-resa-hebergement-altair62-chambre2-573875.jpg"},"160x120":{"url":"https:\/\/www.risoul.com\/medias\/images\/prestations\/multitailles\/160x120_risoul-resa-hebergement-altair62-chambre2-573875.jpg"},"origine":{"url":"https:\/\/www.risoul.com\/medias\/images\/prestations\/risoul-resa-hebergement-altair62-chambre2-573875.jpg"}},"urlLien":"","typeLien":"","nofollow":"N","copyright":""},{"url":"https:\/\/www.risoul.com\/medias\/images\/prestations\/risoul-resa-hebergement-altair62-salledebain3-573877.jpg","chemin":"..\/medias\/images\/prestations\/risoul-resa-hebergement-altair62-salledebain3-573877.jpg","libelle":"risoul-resa-hebergement-altair62-salledebain3-573877","extension":"jpg","categorie":"","largeur":500,"theme":"","hauteur":375,"type":"Image","origine":"","liaisonPave":"","langue":"","id":"573877","urlVignette":"https:\/\/www.risoul.com\/medias\/images\/prestations\/v-risoul-resa-hebergement-altair62-salledebain3-573877.jpg","alt":"risoul-resa-hebergement-altair62-salledebain3-573877","title":"risoul-resa-hebergement-altair62-salledebain3-573877","MultiTaille":{"1920x1440":{"url":"https:\/\/www.risoul.com\/medias\/images\/prestations\/multitailles\/1920x1440_risoul-resa-hebergement-altair62-salledebain3-573877.jpg"},"1200x900":{"url":"https:\/\/www.risoul.com\/medias\/images\/prestations\/multitailles\/1200x900_risoul-resa-hebergement-altair62-salledebain3-573877.jpg"},"800x600":{"url":"https:\/\/www.risoul.com\/medias\/images\/prestations\/multitailles\/800x600_risoul-resa-hebergement-altair62-salledebain3-573877.jpg"},"640x480":{"url":"https:\/\/www.risoul.com\/medias\/images\/prestations\/multitailles\/640x480_risoul-resa-hebergement-altair62-salledebain3-573877.jpg"},"320x240":{"url":"https:\/\/www.risoul.com\/medias\/images\/prestations\/multitailles\/320x240_risoul-resa-hebergement-altair62-salledebain3-573877.jpg"},"160x120":{"url":"https:\/\/www.risoul.com\/medias\/images\/prestations\/multitailles\/160x120_risoul-resa-hebergement-altair62-salledebain3-573877.jpg"},"origine":{"url":"https:\/\/www.risoul.com\/medias\/images\/prestations\/risoul-resa-hebergement-altair62-salledebain3-573877.jpg"}},"urlLien":"","typeLien":"","nofollow":"N","copyright":""},{"url":"https:\/\/www.risoul.com\/medias\/images\/prestations\/risoul-resa-hebergement-altair62-sdb-573878.jpg","chemin":"..\/medias\/images\/prestations\/risoul-resa-hebergement-altair62-sdb-573878.jpg","libelle":"risoul-resa-hebergement-altair62-sdb-573878","extension":"jpg","categorie":"","largeur":500,"theme":"","hauteur":375,"type":"Image","origine":"","liaisonPave":"","langue":"","id":"573878","urlVignette":"https:\/\/www.risoul.com\/medias\/images\/prestations\/v-risoul-resa-hebergement-altair62-sdb-573878.jpg","alt":"risoul-resa-hebergement-altair62-sdb-573878","title":"risoul-resa-hebergement-altair62-sdb-573878","MultiTaille":{"1920x1440":{"url":"https:\/\/www.risoul.com\/medias\/images\/prestations\/multitailles\/1920x1440_risoul-resa-hebergement-altair62-sdb-573878.jpg"},"1200x900":{"url":"https:\/\/www.risoul.com\/medias\/images\/prestations\/multitailles\/1200x900_risoul-resa-hebergement-altair62-sdb-573878.jpg"},"800x600":{"url":"https:\/\/www.risoul.com\/medias\/images\/prestations\/multitailles\/800x600_risoul-resa-hebergement-altair62-sdb-573878.jpg"},"640x480":{"url":"https:\/\/www.risoul.com\/medias\/images\/prestations\/multitailles\/640x480_risoul-resa-hebergement-altair62-sdb-573878.jpg"},"320x240":{"url":"https:\/\/www.risoul.com\/medias\/images\/prestations\/multitailles\/320x240_risoul-resa-hebergement-altair62-sdb-573878.jpg"},"160x120":{"url":"https:\/\/www.risoul.com\/medias\/images\/prestations\/multitailles\/160x120_risoul-resa-hebergement-altair62-sdb-573878.jpg"},"origine":{"url":"https:\/\/www.risoul.com\/medias\/images\/prestations\/risoul-resa-hebergement-altair62-sdb-573878.jpg"}},"urlLien":"","typeLien":"","nofollow":"N","copyright":""},{"url":"https:\/\/www.risoul.com\/medias\/images\/prestations\/risoul-resa-hebergement-altair62-sdb1-573879.jpg","chemin":"..\/medias\/images\/prestations\/risoul-resa-hebergement-altair62-sdb1-573879.jpg","libelle":"risoul-resa-hebergement-altair62-sdb1-573879","extension":"jpg","categorie":"","largeur":500,"theme":"","hauteur":375,"type":"Image","origine":"","liaisonPave":"","langue":"","id":"573879","urlVignette":"https:\/\/www.risoul.com\/medias\/images\/prestations\/v-risoul-resa-hebergement-altair62-sdb1-573879.jpg","alt":"risoul-resa-hebergement-altair62-sdb1-573879","title":"risoul-resa-hebergement-altair62-sdb1-573879","MultiTaille":{"1920x1440":{"url":"https:\/\/www.risoul.com\/medias\/images\/prestations\/multitailles\/1920x1440_risoul-resa-hebergement-altair62-sdb1-573879.jpg"},"1200x900":{"url":"https:\/\/www.risoul.com\/medias\/images\/prestations\/multitailles\/1200x900_risoul-resa-hebergement-altair62-sdb1-573879.jpg"},"800x600":{"url":"https:\/\/www.risoul.com\/medias\/images\/prestations\/multitailles\/800x600_risoul-resa-hebergement-altair62-sdb1-573879.jpg"},"640x480":{"url":"https:\/\/www.risoul.com\/medias\/images\/prestations\/multitailles\/640x480_risoul-resa-hebergement-altair62-sdb1-573879.jpg"},"320x240":{"url":"https:\/\/www.risoul.com\/medias\/images\/prestations\/multitailles\/320x240_risoul-resa-hebergement-altair62-sdb1-573879.jpg"},"160x120":{"url":"https:\/\/www.risoul.com\/medias\/images\/prestations\/multitailles\/160x120_risoul-resa-hebergement-altair62-sdb1-573879.jpg"},"origine":{"url":"https:\/\/www.risoul.com\/medias\/images\/prestations\/risoul-resa-hebergement-altair62-sdb1-573879.jpg"}},"urlLien":"","typeLien":"","nofollow":"N","copyright":""},{"url":"https:\/\/www.risoul.com\/medias\/images\/prestations\/risoul-resa-hebergement-altair62-vue-573881.jpg","chemin":"..\/medias\/images\/prestations\/risoul-resa-hebergement-altair62-vue-573881.jpg","libelle":"risoul-resa-hebergement-altair62-vue-573881","extension":"jpg","categorie":"","largeur":500,"theme":"","hauteur":375,"type":"Image","origine":"","liaisonPave":"","langue":"","id":"573881","urlVignette":"https:\/\/www.risoul.com\/medias\/images\/prestations\/v-risoul-resa-hebergement-altair62-vue-573881.jpg","alt":"risoul-resa-hebergement-altair62-vue-573881","title":"risoul-resa-hebergement-altair62-vue-573881","MultiTaille":{"1920x1440":{"url":"https:\/\/www.risoul.com\/medias\/images\/prestations\/multitailles\/1920x1440_risoul-resa-hebergement-altair62-vue-573881.jpg"},"1200x900":{"url":"https:\/\/www.risoul.com\/medias\/images\/prestations\/multitailles\/1200x900_risoul-resa-hebergement-altair62-vue-573881.jpg"},"800x600":{"url":"https:\/\/www.risoul.com\/medias\/images\/prestations\/multitailles\/800x600_risoul-resa-hebergement-altair62-vue-573881.jpg"},"640x480":{"url":"https:\/\/www.risoul.com\/medias\/images\/prestations\/multitailles\/640x480_risoul-resa-hebergement-altair62-vue-573881.jpg"},"320x240":{"url":"https:\/\/www.risoul.com\/medias\/images\/prestations\/multitailles\/320x240_risoul-resa-hebergement-altair62-vue-573881.jpg"},"160x120":{"url":"https:\/\/www.risoul.com\/medias\/images\/prestations\/multitailles\/160x120_risoul-resa-hebergement-altair62-vue-573881.jpg"},"origine":{"url":"https:\/\/www.risoul.com\/medias\/images\/prestations\/risoul-resa-hebergement-altair62-vue-573881.jpg"}},"urlLien":"","typeLien":"","nofollow":"N","copyright":""}]}},"DateDebPublication":"","DateFinPublication":"","PrixAPartirDe":"","PrixPour":"","FicheListeEnCours":"fiche_liste_immobilier_agen_loueur_resid_prestation_RESA_v3","ParametresModele":{"AfficherPhotos":"1","NbPhotosMax":6,"AfficherReserver":"1","AfficherContact":"1","AfficherSalle":1,"AfficherZoneGeo":0,"AfficherEnSavoirPlus":"0","AfficherUneSeuleOuverture":0,"AfficherContactCarte":"0","AfficherTarifsChaudAPartirDe":0,"AfficherTarifChaudSansRecherche":0,"AfficherDispoAccordeon":"1","AfficherDispoResa":"1","BlocCritereInfo":{"critere1":{"libelle":"","liste_critere":["GCLASS|G"]},"critere2":{"libelle":"","liste_critere":["GDISCE|PIEPIS|G","GDISCE|SKIPIE|G","GDISCE|CENTRESTATION|G","GDISCE|G1ISAL|G","GDISCE|KMPIST|G","GDISCE|MFRONTDENEIGE|G"]},"critere3":{"libelle":""},"critere4":{"libelle":"","liste_critere":["GTYPAP|G","GSUPER|G"]},"critere5":{"libelle":"","liste_critere":["EQUIPEMENTS|PISCINE|G","EQUIPEMENTS|EXPOSITIONSUD|G","EQUIPEMENTS|ANIMAUX|G","EQUIPEMENTS|LAVEVAISSELLE|G","EQUIPEMENTS|LINGE|G","EQUIPEMENTS|WIFI|G","EQUIPEMENTS|NONFUMEUR|G","EQUIPEMENTS|PARKING|G","EQUIPEMENTS|POELECHEMINE|G","EQUIPEMENTS|BBQ|G"]},"critere6":{"libelle":"","liste_critere":["GTYPRE|G","GTYPAP|G","GSUPER|G","ZONEGEO|G"]},"critere7":{"libelle":""},"critere8":{"libelle":""},"critere9":{"libelle":""},"afficherpictoetpaslibelle":"1"},"BlocPaveInfo":{"texte1":{"pave":["2"],"longeurmax":"200","afficherLibelle":"0","garderHtml":"0"},"texte3":{"longeurmax":"","afficherLibelle":"0","garderHtml":"0"}},"Criteres":"GRESA[GRESAW","CriteresComportementResa":"RESADISPO[RESERVATION","PositionBloc":"GALLERIE|PICTOSOUSPHOTOS|NOM|AVIS|ZONEPRINCIPALFICHEPRESTA|CRITERESORDONNEES|CARNET_VOYAGE|DISPO|LIEN_RESERVER_DETAIL","TypePrestataire":"G","TypeSlider":"SWIPER","ComportementResa":true,"ComportementDispo":false},"AffichageCoordonnees":[],"Coordonnees":{"Ville":"RISOUL"},"ContexteId":"PRESTATION|G|BLANCHE|ALTAIR62","ContexteIdHtml":"PRESTATION-G-BLANCHE-ALTAIR62","cleContexte":"G|BLANCHE|ALTAIR62","Bloc":{"texte1":"","texte3":"","critere1":{"libelle":"","contenu":{"GCLASS":{"libelle":"Classement","contenu":{"11":"\u003Cimg src=\"https:\/\/www.risoul.com\/medias\/images\/picto\/GCLASS-2ET-G.png\"  alt=\"2 \u00e9toiles pour 4 couchages\" title=\"2 \u00e9toiles pour 4 couchages\" \/\u003E"},"codesValeurs":{"11":"GCLASS|2ET|G"},"criteres_datas":{"valeurs":{"11":{"2ET":{"descriptif":""}}}}}}},"critere2":{"libelle":"","contenu":{"GDISCE":{"libelle":"Distance","contenu":{"6":"\u003Cspan class=\"quantite\"\u003E50\u003C\/span\u003E \u003Cspan class=\"libelle\"\u003Em des pistes\u003C\/span\u003E","22":"\u003Cspan class=\"quantite\"\u003E50\u003C\/span\u003E \u003Cspan class=\"libelle\"\u003Em du front de neige\u003C\/span\u003E"},"codesValeurs":{"6":"GDISCE|G1ISAL|G","22":"GDISCE|MFRONTDENEIGE|G"},"criteres_datas":{"valeurs":{"6":{"G1ISAL":{"descriptif":""}},"22":{"MFRONTDENEIGE":{"descriptif":""}}}}}}},"critere3":{"libelle":"","contenu":[]},"critere4":{"libelle":"","contenu":{"GTYPAP":{"libelle":"Type d'appartement","contenu":{"13":"3 pi\u00e8ces","17":"Duplex"},"codesValeurs":{"13":"GTYPAP|G3PIEC|G","17":"GTYPAP|DUPLEX|G"},"criteres_datas":{"valeurs":{"13":{"G3PIEC":{"descriptif":""}},"17":{"DUPLEX":{"descriptif":""}}}}},"GSUPER":{"libelle":"Superficie","contenu":{"1":"\u003Cspan class=\"quantite\"\u003E40\u003C\/span\u003E \u003Cspan class=\"libelle\"\u003Em\u00b2\u003C\/span\u003E"},"codesValeurs":{"1":"GSUPER|GSUPTO|G"},"criteres_datas":{"valeurs":{"1":{"GSUPTO":{"descriptif":""}}}}}}},"critere5":{"libelle":"","contenu":{"EQUIPEMENTS":{"libelle":"Equipements \/ Services","contenu":{"5":"\u003Cimg src=\"https:\/\/www.risoul.com\/medias\/images\/picto\/EQUIPEMENTS-LAVEVAISSELLE-G.png\"  alt=\"Lave Vaisselle\" title=\"Lave Vaisselle\" \/\u003E"},"codesValeurs":{"5":"EQUIPEMENTS|LAVEVAISSELLE|G"},"criteres_datas":{"valeurs":{"5":{"LAVEVAISSELLE":{"descriptif":""}}}}}}},"critere6":{"libelle":"","contenu":{"GTYPRE":{"libelle":"Type de logement","contenu":{"1":"Appartement dans R\u00e9sidence"},"codesValeurs":{"1":"GTYPRE|GAPPTR|G"},"criteres_datas":{"valeurs":{"1":{"GAPPTR":{"descriptif":""}}}}},"GTYPAP":{"libelle":"Type d'appartement","contenu":{"13":"3 pi\u00e8ces","17":"Duplex"},"codesValeurs":{"13":"GTYPAP|G3PIEC|G","17":"GTYPAP|DUPLEX|G"},"criteres_datas":{"valeurs":{"13":{"G3PIEC":{"descriptif":""}},"17":{"DUPLEX":{"descriptif":""}}}}},"GSUPER":{"libelle":"Superficie","contenu":{"1":"\u003Cspan class=\"quantite\"\u003E40\u003C\/span\u003E \u003Cspan class=\"libelle\"\u003Em\u00b2\u003C\/span\u003E"},"codesValeurs":{"1":"GSUPER|GSUPTO|G"},"criteres_datas":{"valeurs":{"1":{"GSUPTO":{"descriptif":""}}}}},"ZONEGEO":{"libelle":"Localisation","contenu":{"1":"Risoul station"},"codesValeurs":{"1":"ZONEGEO|FRPAHARISTATT|G"},"criteres_datas":{"valeurs":{"1":{"FRPAHARISTATT":{"descriptif":""}}}}}}},"critere7":{"libelle":"","contenu":[]},"critere8":{"libelle":"","contenu":[]},"critere9":{"libelle":"","contenu":[]}},"LocalisationGps":{"Latitude":"44.62212","Longitude":"6.63119"},"libelleDuPrestataire":"","vuePrestataire":{"pave1":{"libelle":"Descriptif","contenu":""},"pave2":{"libelle":"Notes Internes","contenu":""},"pave3":{"libelle":"Remise des cl\u00e9s","contenu":"\u003Cstrong font-size:=\"\" style=\"color: rgb(51, 51, 51); font-family: sans-serif, Arial, Verdana, \" trebuchet=\"\"\u003EMerci de contacter au moins 2 jours avant votre arriv&eacute;e BRUNO MEURANT :06 51 65 91 13\u003C\/strong\u003E\u003Cbr font-size:=\"\" style=\"color: rgb(51, 51, 51); font-family: sans-serif, Arial, Verdana, \" trebuchet=\"\" \/\u003E\r\n\u003Cspan background-color:=\"\" font-size:=\"\" style=\"color: rgb(51, 51, 51); font-family: sans-serif, Arial, Verdana, \" trebuchet=\"\"\u003ELa location de l&#39;appartement est consentie pour un s&eacute;jour commen&ccedil;ant le premier jour (samedi) &agrave; 16 heures et se terminant le dernier jour (samedi) &agrave; 10 heures.\u003C\/span\u003E\u003Cbr font-size:=\"\" style=\"color: rgb(51, 51, 51); font-family: sans-serif, Arial, Verdana, \" trebuchet=\"\" \/\u003E\r\n\u003Cbr font-size:=\"\" style=\"color: rgb(51, 51, 51); font-family: sans-serif, Arial, Verdana, \" trebuchet=\"\" \/\u003E\r\n\u003Cstrong font-size:=\"\" style=\"color: rgb(51, 51, 51); font-family: sans-serif, Arial, Verdana, \" trebuchet=\"\"\u003E\u003Cfont color=\"#222222\" face=\"Arial, Verdana, sans-serif\"\u003E\u003Cspan style=\"font-size: 12px;\"\u003ENous vous rappelons qu&#39;une caution pour l&#39;appartement et une caution m&eacute;nage vous seront demand&eacute;es &agrave; votre arriv&eacute;e. Les cautions doivent &ecirc;tre r&eacute;gl&eacute;es par&nbsp;\u003C\/span\u003Ech&egrave;que&nbsp;\u003Cspan style=\"font-size: 12px;\"\u003Eou&nbsp;\u003C\/span\u003Eesp&egrave;ces.\u003C\/font\u003E\u003C\/strong\u003E"},"pave4":{"libelle":"Lien photo","contenu":""},"pave5":{"libelle":"Descriptif d\u00e9taill\u00e9","contenu":""},"pave6":{"libelle":"Bons plans","contenu":""},"pave7":{"libelle":"Compl\u00e9ment localisation","contenu":""},"pave8":{"libelle":"Compl\u00e9ment accueil","contenu":""},"pave9":{"libelle":"P\u00e9riode(s) d'ouverture","contenu":""},"pave10":{"libelle":"Tarifs en clair","contenu":""},"pave11":{"libelle":"Compl\u00e9ment Tarifs","contenu":""},"pave12":{"libelle":"Compl\u00e9ment R\u00e9servation","contenu":""},"pave13":{"libelle":"Descriptif court","contenu":""},"pave14":{"libelle":"Descriptif court","contenu":""},"pave15":{"libelle":"Descriptif d\u00e9taill\u00e9","contenu":""},"pave16":{"libelle":"Descriptif d\u00e9taill\u00e9","contenu":""},"pave17":{"libelle":"Compl\u00e9ment localisation","contenu":""},"pave18":{"libelle":"Compl\u00e9ment localisation","contenu":""},"pave19":{"libelle":"P\u00e9riode(s) d'ouverture","contenu":""},"pave20":{"libelle":"P\u00e9riode(s) d'ouverture","contenu":""},"pave21":{"libelle":"Tarifs en clair","contenu":""},"pave22":{"libelle":"Tarifs en clair","contenu":""},"pave23":{"libelle":"Compl\u00e9ment Tarifs","contenu":""},"pave24":{"libelle":"Compl\u00e9ment Tarifs","contenu":""},"pave25":{"libelle":"","contenu":""},"Libelle":"Mme BLANCHE Florence","Nom":"BLANCHE","Prenom":"Florence","NomPrenom":"BLANCHE Florence ","CiviliteNomPrenom":"Mme BLANCHE Florence ","Cle":"G|BLANCHE","PrestataireParent":"","ContexteStat":"PRESTATAIRE-G-BLANCHE","DateModificationIso":"2026-04-28T16:15:00+02:00","CiviliteLibelleNomPrenom":"Madame BLANCHE Florence ","Type":"PRESTATAIRE","TypePrestataire":"G","Adresse":{"LigneAdresse1":"20 rue de l'\u00e9tiole de mer","LigneAdresse2":"","LigneAdresse3":"","CodePostal":"34250","Ville":"PALAVAS LES FLOTS","Cedex":"","Etat":"","Pays":"FRA"},"Email":"florence.blanche@orange.fr","Telephone":"0603620003","TelephoneBureau":"","Portable":"0603620003","SiteWeb":"","Fax":"","Id":"g-blanche","Code":"G|BLANCHE","Fichier":[],"Url":"particulier-blanche-florence.html","Localisation":{"GoogleMap":{"Latitude":"","Longitude":""}},"ZoneGeo":"","Criteres":{"DESNEWSLE[NEWOUI":"","DESNEWSLE[ANIMATION":"","ITYPE[IPARTI":"","ADHERENT[OUI":"","GRESAAGENCE[RISOULRESA":"","GRESAAGENCE[GOUI":"","ORDRE[1POS":""},"DateFinPublication":"","AffichageCoordonnees":[]},"listeCriteres":{"GRESA":{"GRESAW":""},"RESAWEB":{"OUI":"","OUIMANUEL":""},"GTYPRE":{"GAPPTR":""},"GTYPAP":{"G3PIEC":"","DUPLEX":""},"GCLASS":{"2ET":""},"ENREGISTRMENT":{"NUMERENREGISTREMENT":"05119 000867 LZ"},"GSUPER":{"GSUPTO":"40"},"GRESID":{"ALTAIR":""},"ETAGE":{"6ETAGE":""},"GASCEN":{"GASCEN":""},"GBALCO":{"GBALCO":""},"GEXPOS":{"GOUEST":""},"ZONEGEO":{"FRPAHARISTATT":""},"GDISCE":{"DISTCENTRESTATION":"250","G1ISAL":"50","GESF":"150","GSHOP":"50","CRECHEDISTANCE":"250","ARRETN":"10","PROGAR":"150","G4ISAH":"300","MFRONTDENEIGE":"50"},"GCUISI":{"GCOINC":""},"GEQUCU":{"GQRIGA":"","GEQVIT":"","GEQCOM":"","GQAVEV":"","MACHINECAFE":"","BOUILLOIRE":"","GRILLEPAIN":"","CAFECAPSULES":"Nespresso","FREEZER":"","HOTTE":""},"GSEJOU":{"CLICCLAC":"1"},"COINM3":{"LIT1P":""},"GCHAM1":{"GC1122":"1*140cm"},"GCHAM2":{"GC2LSU":"1*"},"GSDB1":{"G1BWCI":"1","G1DWCI":"1"},"GWC":{"GWCSDB":"1"},"GEQSAN":{"LAVELINGESECHANT":"","SECHECHEVEUX":""},"GEQLOI":{"TVPLAT":"1","G2QLCS":""},"GNOTE1":{"RACLETTE":"","JEUX":"","NOFUMEUR":""},"GANIMA":{"GANIMR":""},"GMENA":{"GMENEF":""},"GCAUT":{"GCAUT":"1000\u20ac","CAUTIM":"100\u20ac"},"PRIXTC":{"PLAISIR":"","17BOUFFEE":"","MAGIENOEL":"","LAISSEZVOUSGLISSER":"","PREOUVERTURE":"","VACANCEPROMO":"","WEEKENDFERMETURE":"","LASTWEEK":"","TRJV":""},"RESERVATION":{"TICKETLIGE":"","GOODIES":"","REMISERM":"","PARKING":""},"GPIECES":{"3PIECES":""},"EQUIPEMENTS":{"LAVEVAISSELLE":""},"GCLASSEMENT":{"2ETOILES":""},"RESADISPO":{"RESERVATION":""},"GORDRE":{"2POS":""},"DISTANCEPISTES":{"MOINSDE100":""},"GORDRERESA":{"CLASSE":""},"LABELCLASSEMENT":{"2ETOILES":""},"EQUIEMENTSPLUS":{"VERRESVIN":""},"LITERIE":{"COUETTE":""},"DESNEWSLE":{"NEWOUI":"","ANIMATION":""},"ITYPE":{"IPARTI":""},"ADHERENT":{"OUI":""},"GRESAAGENCE":{"RISOULRESA":"","GOUI":""},"ORDRE":{"1POS":""}},"dansCarnetVoyage":true,"Ouverture":"","WidgetDispoRechercheDate":false,"WidgetDispoVoirLienVoirToutesDispos":true,"ChargerWidgetDispoAuClic":true,"WidgetDispo":"\u003Cspan\u003E\u003C\/span\u003E","JsOnClickBtnDispo":"\u003Cscript\u003E\n                try{\n                    WidgetDispos.addChargementAuClicBtnDispoAccordeon('PRESTATION-G-BLANCHE-ALTAIR62',{tabParamsWidgetDispo : {\"id\":\"G|BLANCHE|ALTAIR62\",\"origineListeInfo\":\"\",\"vue\":\"semaineLigne\",\"mode\":\"ajax\",\"url_fiche\":\"appartement-7-couchages-altair-62-risoul-reservation.html\",\"modeResa\":true,\"cid\":\"4\",\"rechercheResaEnCours\":false,\"version\":\"2\",\"parametersWidgetV2\":{\"el\":\"blocDispo-PRESTATION-G-BLANCHE-ALTAIR62\",\"object\":{\"code\":\"G|BLANCHE|ALTAIR62\"},\"cid\":\"4\",\"site\":{\"code\":\"SITE\",\"url\":\"https:\\\/\\\/www.risoul.com\"},\"slider\":{\"controls\":{\"arrows\":{\"enable\":true,\"showLocked\":true,\"style\":\"button\"}}},\"booking\":{\"enable\":true,\"waitForWindowLoad\":false,\"parameters\":{\"idWidget\":\"blocResa-PRESTATION-G-BLANCHE-ALTAIR62\",\"queryParams\":{\"action\":\"add\",\"fiche\":\"G|BLANCHE|ALTAIR62\"},\"withoutForm\":true}},\"options\":{\"typeDate\":\"SS\",\"elReferer\":\"PRESTATION-G-BLANCHE-ALTAIR62\",\"ingContext\":\"RESA\",\"urlFiche\":\"appartement-7-couchages-altair-62-risoul-reservation.html\",\"startDate\":null,\"templates\":{\"Week\":\"semaine\",\"Days\":\"mois\"}}}},idBloc : \"blocDispo-PRESTATION-G-BLANCHE-ALTAIR62\",prestation : \"G|BLANCHE|ALTAIR62\"});\n                }\n                catch(e) {\n                    \/\/console.log(e);\n                }\u003C\/script\u003E"},"html":" \n \u003Cdiv id=\"CV-PRESTATION-G-BLANCHE-ALTAIR62\" data-contexte-id=\"PRESTATION|G|BLANCHE|ALTAIR62\" data-cle=\"G|BLANCHE|ALTAIR62\" class=\"fiche-liste\"\u003E\n    \n\n    \u003C!-- partie photo --\u003E\n    \u003Cdiv class=\"photo\"\u003E\t\t\t\t\t\t\t\t\t\t\t\t\t\t\t\t\t\t\t\t\t\n        \u003Cdiv class=\"cadre_photo_principale\"\u003E\t\t\n        \n            \t\t\t\t\t\n                    \u003Ca href=\"appartement-7-couchages-altair-62-risoul-reservation.html?origine=carnet#media\"\u003E\n                        \u003Cimg class=\"photo_principale\" alt=\"img-5200-1087142\" src=\"https:\/\/www.risoul.com\/medias\/images\/prestations\/multitailles\/320x240_img-5200-1087142.jpg\" itemprop=\"image\"\u003E\n                    \u003C\/a\u003E\t\t\t\t\t\t\n                \n                    \u003C\/div\u003E\t\t\t\t\t\t\t\t\t\t\t\t\t\t\t\t\t\t\t \t\t\n    \u003C\/div\u003E\n    \n    \u003C!-- partie nom prest --\u003E\n    \u003Cdiv class=\"nom\"\u003E\n        \u003Ch2\u003EAppartement 7 couchages Alta\u00efr 62\u003C\/h2\u003E\n        \n            \u003C\/div\u003E\n\n         \n    \u003C!-- partie adresse --\u003E\n    \u003Cdiv class=\"adresse\"\u003E\n    \n          \n    \u003C\/div\u003E\n    \n    \u003C!-- partie liens --\u003E\n    \u003Cdiv class=\"liens\"\u003E\n            \u003Ca class=\"btn-icon btn-view \" title=\"Voir la fiche d\u00e9taill\u00e9e\" href=\"appartement-7-couchages-altair-62-risoul-reservation.html?origine=carnet\"\u003E\u003C\/a\u003E\u003C!--\u003Ca class=\"btn-icon btn-view \" title=\"\" href=\"?origine=carnet#thaut\"\u003E\u003C\/a\u003E--\u003E\n      \u003Ca class=\"btn-icon btn-trash carnet_voyage_supprimer\" title=\"Supprimer cette fiche de mon carnet de voyage\" href=\"carnet-voyage?action=remove&fiche=G|BLANCHE|ALTAIR62\"\u003E\u003C\/a\u003E\n    \u003C\/div\u003E\n\n\u003C\/div\u003E\n\n","icon":"https:\/\/static.ingenie.fr\/images\/carnetVoyageV3\/G.png"},"fiche":"G|BLANCHE|ALTAIR62","popup":"\u003Cdiv id=\"bloc_popup_ajout_fiche_carnet\"\u003E\n    \u003Cdiv class=\"info_popup_ajout_fiche_carnet\"\u003E\n        Vous venez d'ajouter cet \u00e9l\u00e9ment \u00e0 vos favoris :    \u003C\/div\u003E\n    \u003Cdiv class=\"prest_popup_ajout_fiche_carnet\"\u003E\n        Appartement 7 couchages Alta&iuml;r 62    \u003C\/div\u003E\n    \u003Cdiv class=\"bloc_btn_ajout_fiche_carnet form_submit_div\"\u003E\n        \u003Cinput type=\"button\" value=\"Continuer ma s\u00e9lection de favoris\" title=\"Continuer ma s\u00e9lection de favoris\" name=\"btn_close\" class=\"btn_close_popup_carnet form_submit\" onclick=\"$.colorbox.close()\" \/\u003E\n        \u003Cinput type=\"button\" value=\"Voir mes favoris\" title=\"Voir mes favoris\" name=\"btn_panier\" class=\"btn_panier_popup_carnet form_submit\" onclick=\"if(typeof CarnetVoyage != 'undefined') {CarnetVoyage.voirCarnet();}\" \/\u003E\n    \u003C\/div\u003E\n    \u003Cdiv class=\"bloc_btn_ajout_fiche_carnet\"\u003E\n        \u003Cinput type=\"checkbox\" value=\"1\" name=\"desactiver_popup\" id=\"desactiver_popup\" \/\u003E\n        \u003Clabel for=\"desactiver_popup\"\u003ENe plus afficher ce message\u003C\/label\u003E\n    \u003C\/div\u003E\n\u003C\/div\u003E","success":1}