{"nbFiches":1,"dataPrest":{"infoPrest":{"pave1":{"libelle":"Descriptif","contenu":"\u003Cdiv class=\"moz-cite-prefix\" style=\"color: rgb(51, 51, 51); font-family: sans-serif, Arial, Verdana, \"\u003E\r\n\u003Cdiv style=\"color: rgb(51, 51, 51); font-family: sans-serif, Arial, Verdana, \"\u003E\r\n\u003Cdiv\u003E\r\n\u003Cdiv style=\"color: rgb(51, 51, 51); font-family: sans-serif, Arial, Verdana, \"\u003E\r\n\u003Cdiv background-color:=\"\" font-size:=\"\" trebuchet=\"\"\u003E\r\n\u003Cdiv background-color:=\"\" font-size:=\"\" trebuchet=\"\"\u003EPour toute r&eacute;servation de cet h&eacute;bergement vous b&eacute;n&eacute;ficiez :\u003C\/div\u003E\r\n\r\n\u003Cul\u003E\r\n\t\u003Cli background-color:=\"\" font-size:=\"\" trebuchet=\"\"\u003ED&rsquo;un ticket d&eacute;couverte luge d&eacute;vale &agrave; retirer &agrave; l&#39;Office de Tourisme de Risoul (1 ticket\/dossier)\u003C\/li\u003E\r\n\u003C\/ul\u003E\r\n\r\n\u003Cdiv background-color:=\"\" font-size:=\"\" trebuchet=\"\"\u003EEn hiver vous b&eacute;n&eacute;ficiez d&#39;une remise :\u003C\/div\u003E\r\n\r\n\u003Cul\u003E\r\n\t\u003Cli background-color:=\"\" font-size:=\"\" trebuchet=\"\"\u003ESur&nbsp;les forfaits de ski propos&eacute;s par Risoul Resa,&nbsp;allant jusqu&#39;&agrave; 30 % hors vacances scolaires\u003C\/li\u003E\r\n\t\u003Cli background-color:=\"\" font-size:=\"\" trebuchet=\"\"\u003ESur la location de mat&eacute;riel de ski\u003C\/li\u003E\r\n\t\u003Cli background-color:=\"\" font-size:=\"\" trebuchet=\"\"\u003ESur le parking couvert ( abonnement semaine)&nbsp;\u003C\/li\u003E\r\n\u003C\/ul\u003E\r\n\r\n\u003Cdiv background-color:=\"\" font-size:=\"\" trebuchet=\"\"\u003E\u003Cstrong\u003E\u200b\u003Cspan background-color:=\"\" font-size:=\"\" trebuchet=\"\"\u003ECes r&eacute;ductions&nbsp;sont&nbsp;valables uniquement via Risoul R&eacute;sa\u003C\/span\u003E\u003C\/strong\u003E\u003Cbr \/\u003E\r\n\u003Cbr \/\u003E\r\nGagnez du temps &agrave; votre arriv&eacute;e en r&eacute;servant des maintenant vos&nbsp;cours de ski (seulement hors vacances scolaires)\u003Cbr \/\u003E\r\n\u003Cbr \/\u003E\r\n\u003Cstrong\u003E\u003Cspan style=\"color: rgb(255, 0, 0);\"\u003E\u003Cspan style=\"font-family: Arial, Helvetica, sans-serif; font-size: small;\"\u003EAttention!\u003C\/span\u003E\u003C\/span\u003E\u003Cbr style=\"color: rgb(34, 34, 34); font-family: Arial, Helvetica, sans-serif; font-size: small;\" \/\u003E\r\n\u003Cspan style=\"color: rgb(255, 0, 0);\"\u003E\u003Cspan style=\"font-family: Arial, Helvetica, sans-serif; font-size: small;\"\u003ELes commandes de forfaits &eacute;tant envoy&eacute;es &agrave; l&#39;avance, nous ne prenons plus de r&eacute;servations de ceux-ci &agrave; partir du mercredi pr&eacute;c&eacute;dant l&#39;arriv&eacute;e.\u003C\/span\u003E\u003C\/span\u003E\u003C\/strong\u003E\u003C\/div\u003E\r\n\u003C\/div\u003E\r\n\u003C\/div\u003E\r\n\u003C\/div\u003E\r\n\u003C\/div\u003E\r\n\u003C\/div\u003E\r\n","fichiers":[]},"pave2":{"libelle":"Descriptif (site web)","contenu":"","fichiers":[]},"pave3":{"libelle":"","contenu":""},"pave4":{"libelle":"","contenu":""},"pave5":{"libelle":"","contenu":""},"pave6":{"libelle":"","contenu":""},"pave7":{"libelle":"","contenu":""},"pave8":{"libelle":"","contenu":""},"pave9":{"libelle":"","contenu":""},"pave10":{"libelle":"","contenu":""},"pave11":{"libelle":"","contenu":""},"pave12":{"libelle":"","contenu":""},"pave13":{"libelle":"","contenu":""},"pave14":{"libelle":"","contenu":""},"pave15":{"libelle":"","contenu":""},"pave16":{"libelle":"","contenu":""},"pave17":{"libelle":"","contenu":""},"pave18":{"libelle":"","contenu":""},"pave19":{"libelle":"","contenu":""},"pave20":{"libelle":"","contenu":""},"pave21":{"libelle":"","contenu":""},"pave22":{"libelle":"","contenu":""},"pave23":{"libelle":"","contenu":""},"pave24":{"libelle":"","contenu":""},"pave25":{"libelle":"","contenu":""},"Libelle":"Appartement 8 couchages Deneb 34","Reference":"","Reftar":"","Type":"PRESTATION","TypePrestataire":"G","ContexteStat":"PRESTATION-G-CARRIER-DENEB_34","DateModificationIso":"2026-03-09T13:56:00+01:00","Adresse":{"LigneAdresse1":"B\u00e2timent  Deneb","LigneAdresse2":"1330 route de Ch\u00e9rine","LigneAdresse3":"Pelinche","CodePostal":"05600","Ville":"RISOUL","Cedex":"","Etat":"","Pays":"FRA"},"Id":"g-carrier-deneb_34","Code":"G|CARRIER|DENEB_34","Cle":"G|CARRIER|DENEB_34","Url":"appartement-8-couchages-deneb-34-risoul.html","Localisation":{"GoogleMap":{"Latitude":"44.62218","Longitude":"6.63162"}},"ZoneGeo":"","Criteres":{"GRESA[RESARISOUL":"","RESAWEB[OUI":"","GTYPRE[GAPPTR":"","GTYPAP[G3PIEC":"","GCLASS[4ET8":"","ENREGISTRMENT[NUMERENREGISTREMENT":"05119 000370 KK","GSUPER[GSUPTO":"57","GRESID[DENEB":"","ETAGE[3ETAGE":"","GASCEN[GASCEN":"","GBALCO[GBALCO":"","GEXPOS[GSO":"","ZONEGEO[FRPAHARISTATT":"","GDISCE[DISTCENTRESTATION":"250","GDISCE[G1ISAL":"50","GDISCE[GESF":"150","GDISCE[GSHOP":"50","GDISCE[CRECHEDISTANCE":"250","GDISCE[ARRETN":"20","GDISCE[PROGAR":"100","GDISCE[G4ISAH":"350","GDISCE[MFRONTDENEIGE":"50","GCUISI[GCOINC":"","GEQUCU[GQRIGA":"","GEQUCU[GFOUR":"","GEQUCU[GEQVIT":"3","GEQUCU[GQAVEV":"","GEQUCU[GFOURO":"","GEQUCU[MACHINECAFE":"","GEQUCU[BOUILLOIRE":"","GEQUCU[GRILLEPAIN":"","GEQUCU[CAFECAPSULES":"Nespresso","GEQUCU[FREEZER":"","GEQUCU[MIXEURBLENDER":"","GEQUCU[HOTTE":"","GSEJOU[CANAPNONCONV":"1","GCHAM1[GC1122":"1*160cm","GCHAM2[GC1L1P":"1*140cm","GCHAM3[GCH3CE":"2","GSDB1[G1BWCI":"1","GSDB1[G1DWCI":"1","GWC[GWCIND":"1","GEQSAN[LAVELINGESECHANT":"","GEQSAN[SECHECHEVEUX":"","GEQSAN[MACHINESECHANTE":"","GEQLOI[TLCONNECT":"2","GEQLOI[DVDUSB":"","GEQLOI[WIFIGR":"","GEQLOI[HIFI":"","GEQLOI[ASPIRATEUR":"","GEQLOI[G2QLCS":"","GEQLOI[GEQLOI":"","GEQLOI[GEQSAU":"","GEQLOI[GEQPIS":"","GPARKI[GPACO":"N\u00b09 et N\u00b029","GNOTE1[DRAPNF":"","GNOTE1[PIERRA":"","GNOTE1[RACLETTE":"","GNOTE1[APPAREILFONDU":"","GNOTE1[JEUX":"","GANIMA[GANIMR":"","GMENA[MNAGEMMV":"","GCAUT[GCAUT":"1000\u20ac","GCAUT[CAUTIM":"100\u20ac","PRIXTC[LASTWEEK":"","GPIECES[3PIECES":"","EQUIPEMENTS[PISCINE":"","EQUIPEMENTS[EXPOSITIONSUD":"","EQUIPEMENTS[LAVEVAISSELLE":"","EQUIPEMENTS[WIFI":"","EQUIPEMENTS[PARKING":"","GCLASSEMENT[4ETOILES":"","RESADISPO[RESERVATION":"","GORDRE[1POS":"","GORDRERESA[CLASSE":"","LABELCLASSEMENT[4ETOILES":"","EQUIEMENTSPLUS[VERRESVIN":"","EQUIEMENTSPLUS[FLUTES":"","ANNONCE[PARTI":""},"Prestataire":{"pave1":{"libelle":"Descriptif","contenu":""},"pave2":{"libelle":"Notes Internes","contenu":""},"pave3":{"libelle":"Remise des cl\u00e9s","contenu":"\u003Cstrong font-size:=\"\" style=\"color: rgb(51, 51, 51); font-family: sans-serif, Arial, Verdana, \" trebuchet=\"\"\u003ERemise des cl&eacute;s :\u003C\/strong\u003E\u003Cbr \/\u003E\r\nEn ce qui concerne la remise des cl&eacute;s nous vous demandons de contacter&nbsp;\r\n\u003Cdiv color:=\"\" font-feature-settings:=\"\" font-kerning:=\"\" font-language-override:=\"\" font-optical-sizing:=\"\" font-size-adjust:=\"\" font-variation-settings:=\"\" helvetica=\"\" margin:=\"\" padding:=\"\" segoe=\"\" style=\"border: 0px; font-variant-numeric: inherit; font-variant-east-asian: inherit; font-variant-alternates: inherit; font-variant-position: inherit; font-variant-emoji: inherit; font-stretch: inherit; font-size: 15px; line-height: inherit; font-family: \" ui=\"\" vertical-align:=\"\" web=\"\" west=\"\"\u003E\u003Cspan style=\"font-family:arial,helvetica,sans-serif;\"\u003EMr Christophe GARCIA&nbsp;\u003C\/span\u003E\u003C\/div\u003E\r\n\r\n\u003Cdiv color:=\"\" font-feature-settings:=\"\" font-kerning:=\"\" font-language-override:=\"\" font-optical-sizing:=\"\" font-size-adjust:=\"\" font-variation-settings:=\"\" helvetica=\"\" margin:=\"\" padding:=\"\" segoe=\"\" style=\"border: 0px; font-variant-numeric: inherit; font-variant-east-asian: inherit; font-variant-alternates: inherit; font-variant-position: inherit; font-variant-emoji: inherit; font-stretch: inherit; font-size: 15px; line-height: inherit; font-family: \" ui=\"\" vertical-align:=\"\" web=\"\" west=\"\"\u003E\u003Cspan style=\"font-family:arial,helvetica,sans-serif;\"\u003ETEL : 0673875644\u003C\/span\u003E\u003C\/div\u003E\r\n\r\n\u003Cdiv color:=\"\" font-feature-settings:=\"\" font-kerning:=\"\" font-language-override:=\"\" font-optical-sizing:=\"\" font-size-adjust:=\"\" font-variation-settings:=\"\" helvetica=\"\" margin:=\"\" padding:=\"\" segoe=\"\" style=\"border: 0px; font-variant-numeric: inherit; font-variant-east-asian: inherit; font-variant-alternates: inherit; font-variant-position: inherit; font-variant-emoji: inherit; font-stretch: inherit; font-size: 15px; line-height: inherit; font-family: \" ui=\"\" vertical-align:=\"\" web=\"\" west=\"\"\u003E\u003Cspan style=\"font-family:arial,helvetica,sans-serif;\"\u003EMAIL :&nbsp;\u003C\/span\u003E\u003Ca data-linkindex=\"0\" data-ogsc=\"\" href=\"mailto:alp.cgservices@gmail.com\" style=\"border: 0px; font: inherit; margin: 0px; padding: 0px; vertical-align: baseline;\" title=\"mailto:alp.cgservices@gmail.com\"\u003E\u003Cspan style=\"font-family:arial,helvetica,sans-serif;\"\u003Ealp.cgservices@gmail.com\u003C\/span\u003E\u003C\/a\u003E\u003Cbr \/\u003E\r\n&nbsp;\r\n\u003Cp data-end=\"62\" data-start=\"0\"\u003EPossibilit&eacute; de louer des kits de draps, serviettes et tapis.\u003Cbr \/\u003E\r\nLa r&eacute;servation doit se faire directement aupr&egrave;s du service de conciergerie.\u003Cbr data-end=\"142\" data-start=\"139\" \/\u003E\r\nMerci de contacter la conciergerie &agrave; l&rsquo;avance afin d&rsquo;organiser la mise &agrave; disposition.\u003C\/p\u003E\r\n\u003Cbr \/\u003E\r\n\u003Ca data-linkindex=\"0\" data-ogsc=\"\" href=\"mailto:alp.cgservices@gmail.com\" style=\"border: 0px; font: inherit; margin: 0px; padding: 0px; vertical-align: baseline;\" title=\"mailto:alp.cgservices@gmail.com\"\u003E\u003Cstrong font-size:=\"\" style=\"color: rgb(51, 51, 51); font-family: sans-serif, Arial, Verdana, \" trebuchet=\"\"\u003E\u003Cfont color=\"#222222\" face=\"Arial, Verdana, sans-serif\"\u003E\u003Cspan style=\"font-size: 12px;\"\u003ENous vous rappelons qu&#39;une caution pour l&#39;appartement et une caution m&eacute;nage vous seront demand&eacute;es &agrave; votre arriv&eacute;e. Les cautions doivent &ecirc;tre r&eacute;gl&eacute;es par&nbsp;\u003C\/span\u003Ech&egrave;que&nbsp;\u003Cspan style=\"font-size: 12px;\"\u003Eou&nbsp;\u003C\/span\u003Eesp&egrave;ces\u003Cspan style=\"font-size: 12px;\"\u003E.&nbsp;\u003C\/span\u003E\u003C\/font\u003E\u003C\/strong\u003E\u003C\/a\u003E\u003C\/div\u003E\r\n\u003Cbr \/\u003E\r\n\u003Cstrong font-size:=\"\" style=\"color: rgb(51, 51, 51); font-family: sans-serif, Arial, Verdana, \" trebuchet=\"\"\u003E\u003Cfont color=\"#222222\" face=\"Arial, Verdana, sans-serif\"\u003E\u003Cspan style=\"font-size: 12px;\"\u003EVous trouverez ci-dessous les coordonn&eacute;es du propri&eacute;taire:\u003C\/span\u003E\u003C\/font\u003E\u003C\/strong\u003E"},"pave4":{"libelle":"Lien photo","contenu":""},"pave5":{"libelle":"Descriptif d\u00e9taill\u00e9","contenu":""},"pave6":{"libelle":"Bons plans","contenu":""},"pave7":{"libelle":"Compl\u00e9ment localisation","contenu":""},"pave8":{"libelle":"Compl\u00e9ment accueil","contenu":""},"pave9":{"libelle":"P\u00e9riode(s) d'ouverture","contenu":""},"pave10":{"libelle":"Tarifs en clair","contenu":""},"pave11":{"libelle":"Compl\u00e9ment Tarifs","contenu":""},"pave12":{"libelle":"Compl\u00e9ment R\u00e9servation","contenu":""},"pave13":{"libelle":"Descriptif court","contenu":""},"pave14":{"libelle":"Descriptif court","contenu":""},"pave15":{"libelle":"Descriptif d\u00e9taill\u00e9","contenu":""},"pave16":{"libelle":"Descriptif d\u00e9taill\u00e9","contenu":""},"pave17":{"libelle":"Compl\u00e9ment localisation","contenu":""},"pave18":{"libelle":"Compl\u00e9ment localisation","contenu":""},"pave19":{"libelle":"P\u00e9riode(s) d'ouverture","contenu":""},"pave20":{"libelle":"P\u00e9riode(s) d'ouverture","contenu":""},"pave21":{"libelle":"Tarifs en clair","contenu":""},"pave22":{"libelle":"Tarifs en clair","contenu":""},"pave23":{"libelle":"Compl\u00e9ment Tarifs","contenu":""},"pave24":{"libelle":"Compl\u00e9ment Tarifs","contenu":""},"pave25":{"libelle":"","contenu":""},"Libelle":"M CARRIER Laurent","Nom":"CARRIER","Prenom":"Laurent","NomPrenom":"CARRIER Laurent ","CiviliteNomPrenom":"M CARRIER Laurent ","Cle":"G|CARRIER","PrestataireParent":"","ContexteStat":"PRESTATAIRE-G-CARRIER","DateModificationIso":"2026-03-02T14:58:00+01:00","CiviliteLibelleNomPrenom":"Monsieur CARRIER Laurent ","Type":"PRESTATAIRE","TypePrestataire":"G","Adresse":{"LigneAdresse1":"","LigneAdresse2":"","LigneAdresse3":"","CodePostal":"","Ville":"","Cedex":"","Etat":"","Pays":"FRA"},"Email":"lolo.carrier@icloud.com","Telephone":"06 84 83 64 04","TelephoneBureau":"","Portable":"","SiteWeb":"","Fax":"","Id":"g-carrier","Code":"G|CARRIER","Fichier":[],"Url":"","Localisation":{"GoogleMap":{"Latitude":"","Longitude":""}},"ZoneGeo":"","Criteres":{"DESNEWSLE[NEWOUI":"","DESNEWSLE[ANIMATION":"","ADHERENT[OUI":"","GRESAAGENCE[RISOULRESA":"","GRESAAGENCE[GOUI":"","ORDRE[1POS":""},"DateFinPublication":""},"Fichier":{"Image":[{"url":"https:\/\/www.risoul.com\/medias\/images\/prestations\/risoul-hebergement-risoulresa-carrier-deneb34-sejour3-2051007.jpg","chemin":"..\/medias\/images\/prestations\/risoul-hebergement-risoulresa-carrier-deneb34-sejour3-2051007.jpg","libelle":"risoul-hebergement-risoulresa-carrier-deneb34-sejour3-2051007","extension":"jpg","categorie":"","largeur":375,"theme":"","hauteur":500,"type":"Image","origine":"","liaisonPave":"","langue":"","id":"2051007","urlVignette":"https:\/\/www.risoul.com\/medias\/images\/prestations\/v-risoul-hebergement-risoulresa-carrier-deneb34-sejour3-2051007.jpg","alt":"risoul-hebergement-risoulresa-carrier-deneb34-sejour3-2051007","title":"risoul-hebergement-risoulresa-carrier-deneb34-sejour3-2051007","MultiTaille":{"1920x1440":{"url":"https:\/\/www.risoul.com\/medias\/images\/prestations\/multitailles\/1920x1440_risoul-hebergement-risoulresa-carrier-deneb34-sejour3-2051007.jpg"},"1200x900":{"url":"https:\/\/www.risoul.com\/medias\/images\/prestations\/multitailles\/1200x900_risoul-hebergement-risoulresa-carrier-deneb34-sejour3-2051007.jpg"},"800x600":{"url":"https:\/\/www.risoul.com\/medias\/images\/prestations\/multitailles\/800x600_risoul-hebergement-risoulresa-carrier-deneb34-sejour3-2051007.jpg"},"640x480":{"url":"https:\/\/www.risoul.com\/medias\/images\/prestations\/multitailles\/640x480_risoul-hebergement-risoulresa-carrier-deneb34-sejour3-2051007.jpg"},"320x240":{"url":"https:\/\/www.risoul.com\/medias\/images\/prestations\/multitailles\/320x240_risoul-hebergement-risoulresa-carrier-deneb34-sejour3-2051007.jpg"},"160x120":{"url":"https:\/\/www.risoul.com\/medias\/images\/prestations\/multitailles\/160x120_risoul-hebergement-risoulresa-carrier-deneb34-sejour3-2051007.jpg"},"origine":{"url":"https:\/\/www.risoul.com\/medias\/images\/prestations\/risoul-hebergement-risoulresa-carrier-deneb34-sejour3-2051007.jpg"}},"urlLien":"","typeLien":"","nofollow":"N","copyright":""},{"url":"https:\/\/www.risoul.com\/medias\/images\/prestations\/risoul-hebergement-risoulresa-carrier-deneb34-sejour1-2051006.jpg","chemin":"..\/medias\/images\/prestations\/risoul-hebergement-risoulresa-carrier-deneb34-sejour1-2051006.jpg","libelle":"risoul-hebergement-risoulresa-carrier-deneb34-sejour1-2051006","extension":"jpg","categorie":"","largeur":375,"theme":"","hauteur":500,"type":"Image","origine":"","liaisonPave":"","langue":"","id":"2051006","urlVignette":"https:\/\/www.risoul.com\/medias\/images\/prestations\/v-risoul-hebergement-risoulresa-carrier-deneb34-sejour1-2051006.jpg","alt":"risoul-hebergement-risoulresa-carrier-deneb34-sejour1-2051006","title":"risoul-hebergement-risoulresa-carrier-deneb34-sejour1-2051006","MultiTaille":{"1920x1440":{"url":"https:\/\/www.risoul.com\/medias\/images\/prestations\/multitailles\/1920x1440_risoul-hebergement-risoulresa-carrier-deneb34-sejour1-2051006.jpg"},"1200x900":{"url":"https:\/\/www.risoul.com\/medias\/images\/prestations\/multitailles\/1200x900_risoul-hebergement-risoulresa-carrier-deneb34-sejour1-2051006.jpg"},"800x600":{"url":"https:\/\/www.risoul.com\/medias\/images\/prestations\/multitailles\/800x600_risoul-hebergement-risoulresa-carrier-deneb34-sejour1-2051006.jpg"},"640x480":{"url":"https:\/\/www.risoul.com\/medias\/images\/prestations\/multitailles\/640x480_risoul-hebergement-risoulresa-carrier-deneb34-sejour1-2051006.jpg"},"320x240":{"url":"https:\/\/www.risoul.com\/medias\/images\/prestations\/multitailles\/320x240_risoul-hebergement-risoulresa-carrier-deneb34-sejour1-2051006.jpg"},"160x120":{"url":"https:\/\/www.risoul.com\/medias\/images\/prestations\/multitailles\/160x120_risoul-hebergement-risoulresa-carrier-deneb34-sejour1-2051006.jpg"},"origine":{"url":"https:\/\/www.risoul.com\/medias\/images\/prestations\/risoul-hebergement-risoulresa-carrier-deneb34-sejour1-2051006.jpg"}},"urlLien":"","typeLien":"","nofollow":"N","copyright":""},{"url":"https:\/\/www.risoul.com\/medias\/images\/prestations\/resa-risoul-hebergement-carrier-deneb34-s-jour-969452.jpg","chemin":"..\/medias\/images\/prestations\/resa-risoul-hebergement-carrier-deneb34-s-jour-969452.jpg","libelle":"resa-risoul-hebergement-carrier-deneb34-s-jour-969452","extension":"jpg","categorie":"","largeur":500,"theme":"","hauteur":375,"type":"Image","origine":"","liaisonPave":"","langue":"","id":"969452","urlVignette":"https:\/\/www.risoul.com\/medias\/images\/prestations\/v-resa-risoul-hebergement-carrier-deneb34-s-jour-969452.jpg","alt":"resa-risoul-hebergement-carrier-deneb34-s-jour-969452","title":"resa-risoul-hebergement-carrier-deneb34-s-jour-969452","MultiTaille":{"1920x1440":{"url":"https:\/\/www.risoul.com\/medias\/images\/prestations\/multitailles\/1920x1440_resa-risoul-hebergement-carrier-deneb34-s-jour-969452.jpg"},"1200x900":{"url":"https:\/\/www.risoul.com\/medias\/images\/prestations\/multitailles\/1200x900_resa-risoul-hebergement-carrier-deneb34-s-jour-969452.jpg"},"800x600":{"url":"https:\/\/www.risoul.com\/medias\/images\/prestations\/multitailles\/800x600_resa-risoul-hebergement-carrier-deneb34-s-jour-969452.jpg"},"640x480":{"url":"https:\/\/www.risoul.com\/medias\/images\/prestations\/multitailles\/640x480_resa-risoul-hebergement-carrier-deneb34-s-jour-969452.jpg"},"320x240":{"url":"https:\/\/www.risoul.com\/medias\/images\/prestations\/multitailles\/320x240_resa-risoul-hebergement-carrier-deneb34-s-jour-969452.jpg"},"160x120":{"url":"https:\/\/www.risoul.com\/medias\/images\/prestations\/multitailles\/160x120_resa-risoul-hebergement-carrier-deneb34-s-jour-969452.jpg"},"origine":{"url":"https:\/\/www.risoul.com\/medias\/images\/prestations\/resa-risoul-hebergement-carrier-deneb34-s-jour-969452.jpg"}},"urlLien":"","typeLien":"","nofollow":"N","copyright":""},{"url":"https:\/\/www.risoul.com\/medias\/images\/prestations\/risoul-hebergement-risoulresa-carrier-deneb34-sejour2-2051011.jpg","chemin":"..\/medias\/images\/prestations\/risoul-hebergement-risoulresa-carrier-deneb34-sejour2-2051011.jpg","libelle":"risoul-hebergement-risoulresa-carrier-deneb34-sejour2-2051011","extension":"jpg","categorie":"","largeur":375,"theme":"","hauteur":500,"type":"Image","origine":"","liaisonPave":"","langue":"","id":"2051011","urlVignette":"https:\/\/www.risoul.com\/medias\/images\/prestations\/v-risoul-hebergement-risoulresa-carrier-deneb34-sejour2-2051011.jpg","alt":"risoul-hebergement-risoulresa-carrier-deneb34-sejour2-2051011","title":"risoul-hebergement-risoulresa-carrier-deneb34-sejour2-2051011","MultiTaille":{"1920x1440":{"url":"https:\/\/www.risoul.com\/medias\/images\/prestations\/multitailles\/1920x1440_risoul-hebergement-risoulresa-carrier-deneb34-sejour2-2051011.jpg"},"1200x900":{"url":"https:\/\/www.risoul.com\/medias\/images\/prestations\/multitailles\/1200x900_risoul-hebergement-risoulresa-carrier-deneb34-sejour2-2051011.jpg"},"800x600":{"url":"https:\/\/www.risoul.com\/medias\/images\/prestations\/multitailles\/800x600_risoul-hebergement-risoulresa-carrier-deneb34-sejour2-2051011.jpg"},"640x480":{"url":"https:\/\/www.risoul.com\/medias\/images\/prestations\/multitailles\/640x480_risoul-hebergement-risoulresa-carrier-deneb34-sejour2-2051011.jpg"},"320x240":{"url":"https:\/\/www.risoul.com\/medias\/images\/prestations\/multitailles\/320x240_risoul-hebergement-risoulresa-carrier-deneb34-sejour2-2051011.jpg"},"160x120":{"url":"https:\/\/www.risoul.com\/medias\/images\/prestations\/multitailles\/160x120_risoul-hebergement-risoulresa-carrier-deneb34-sejour2-2051011.jpg"},"origine":{"url":"https:\/\/www.risoul.com\/medias\/images\/prestations\/risoul-hebergement-risoulresa-carrier-deneb34-sejour2-2051011.jpg"}},"urlLien":"","typeLien":"","nofollow":"N","copyright":""},{"url":"https:\/\/www.risoul.com\/medias\/images\/prestations\/risoul-hebergement-deneb34-carrier-cuisine2-2077537.jpg","chemin":"..\/medias\/images\/prestations\/risoul-hebergement-deneb34-carrier-cuisine2-2077537.jpg","libelle":"risoul-hebergement-deneb34-carrier-cuisine2-2077537","extension":"jpg","categorie":"","largeur":667,"theme":"","hauteur":500,"type":"Image","origine":"","liaisonPave":"","langue":"","id":"2077537","urlVignette":"https:\/\/www.risoul.com\/medias\/images\/prestations\/v-risoul-hebergement-deneb34-carrier-cuisine2-2077537.jpg","alt":"risoul-hebergement-deneb34-carrier-cuisine2-2077537","title":"risoul-hebergement-deneb34-carrier-cuisine2-2077537","MultiTaille":{"1920x1440":{"url":"https:\/\/www.risoul.com\/medias\/images\/prestations\/multitailles\/1920x1440_risoul-hebergement-deneb34-carrier-cuisine2-2077537.jpg"},"1200x900":{"url":"https:\/\/www.risoul.com\/medias\/images\/prestations\/multitailles\/1200x900_risoul-hebergement-deneb34-carrier-cuisine2-2077537.jpg"},"800x600":{"url":"https:\/\/www.risoul.com\/medias\/images\/prestations\/multitailles\/800x600_risoul-hebergement-deneb34-carrier-cuisine2-2077537.jpg"},"640x480":{"url":"https:\/\/www.risoul.com\/medias\/images\/prestations\/multitailles\/640x480_risoul-hebergement-deneb34-carrier-cuisine2-2077537.jpg"},"320x240":{"url":"https:\/\/www.risoul.com\/medias\/images\/prestations\/multitailles\/320x240_risoul-hebergement-deneb34-carrier-cuisine2-2077537.jpg"},"160x120":{"url":"https:\/\/www.risoul.com\/medias\/images\/prestations\/multitailles\/160x120_risoul-hebergement-deneb34-carrier-cuisine2-2077537.jpg"},"origine":{"url":"https:\/\/www.risoul.com\/medias\/images\/prestations\/risoul-hebergement-deneb34-carrier-cuisine2-2077537.jpg"}},"urlLien":"","typeLien":"","nofollow":"N","copyright":""},{"url":"https:\/\/www.risoul.com\/medias\/images\/prestations\/risoul-hebergement-deneb34-carrier-cuisine1-2077536.jpg","chemin":"..\/medias\/images\/prestations\/risoul-hebergement-deneb34-carrier-cuisine1-2077536.jpg","libelle":"risoul-hebergement-deneb34-carrier-cuisine1-2077536","extension":"jpg","categorie":"","largeur":500,"theme":"","hauteur":375,"type":"Image","origine":"","liaisonPave":"","langue":"","id":"2077536","urlVignette":"https:\/\/www.risoul.com\/medias\/images\/prestations\/v-risoul-hebergement-deneb34-carrier-cuisine1-2077536.jpg","alt":"risoul-hebergement-deneb34-carrier-cuisine1-2077536","title":"risoul-hebergement-deneb34-carrier-cuisine1-2077536","MultiTaille":{"1920x1440":{"url":"https:\/\/www.risoul.com\/medias\/images\/prestations\/multitailles\/1920x1440_risoul-hebergement-deneb34-carrier-cuisine1-2077536.jpg"},"1200x900":{"url":"https:\/\/www.risoul.com\/medias\/images\/prestations\/multitailles\/1200x900_risoul-hebergement-deneb34-carrier-cuisine1-2077536.jpg"},"800x600":{"url":"https:\/\/www.risoul.com\/medias\/images\/prestations\/multitailles\/800x600_risoul-hebergement-deneb34-carrier-cuisine1-2077536.jpg"},"640x480":{"url":"https:\/\/www.risoul.com\/medias\/images\/prestations\/multitailles\/640x480_risoul-hebergement-deneb34-carrier-cuisine1-2077536.jpg"},"320x240":{"url":"https:\/\/www.risoul.com\/medias\/images\/prestations\/multitailles\/320x240_risoul-hebergement-deneb34-carrier-cuisine1-2077536.jpg"},"160x120":{"url":"https:\/\/www.risoul.com\/medias\/images\/prestations\/multitailles\/160x120_risoul-hebergement-deneb34-carrier-cuisine1-2077536.jpg"},"origine":{"url":"https:\/\/www.risoul.com\/medias\/images\/prestations\/risoul-hebergement-deneb34-carrier-cuisine1-2077536.jpg"}},"urlLien":"","typeLien":"","nofollow":"N","copyright":""},{"url":"https:\/\/www.risoul.com\/medias\/images\/prestations\/resa-risoul-hebergement-carrier-deneb34-cuisine-969449.jpg","chemin":"..\/medias\/images\/prestations\/resa-risoul-hebergement-carrier-deneb34-cuisine-969449.jpg","libelle":"resa-risoul-hebergement-carrier-deneb34-cuisine-969449","extension":"jpg","categorie":"","largeur":500,"theme":"","hauteur":375,"type":"Image","origine":"","liaisonPave":"","langue":"","id":"969449","urlVignette":"https:\/\/www.risoul.com\/medias\/images\/prestations\/v-resa-risoul-hebergement-carrier-deneb34-cuisine-969449.jpg","alt":"resa-risoul-hebergement-carrier-deneb34-cuisine-969449","title":"resa-risoul-hebergement-carrier-deneb34-cuisine-969449","MultiTaille":{"1920x1440":{"url":"https:\/\/www.risoul.com\/medias\/images\/prestations\/multitailles\/1920x1440_resa-risoul-hebergement-carrier-deneb34-cuisine-969449.jpg"},"1200x900":{"url":"https:\/\/www.risoul.com\/medias\/images\/prestations\/multitailles\/1200x900_resa-risoul-hebergement-carrier-deneb34-cuisine-969449.jpg"},"800x600":{"url":"https:\/\/www.risoul.com\/medias\/images\/prestations\/multitailles\/800x600_resa-risoul-hebergement-carrier-deneb34-cuisine-969449.jpg"},"640x480":{"url":"https:\/\/www.risoul.com\/medias\/images\/prestations\/multitailles\/640x480_resa-risoul-hebergement-carrier-deneb34-cuisine-969449.jpg"},"320x240":{"url":"https:\/\/www.risoul.com\/medias\/images\/prestations\/multitailles\/320x240_resa-risoul-hebergement-carrier-deneb34-cuisine-969449.jpg"},"160x120":{"url":"https:\/\/www.risoul.com\/medias\/images\/prestations\/multitailles\/160x120_resa-risoul-hebergement-carrier-deneb34-cuisine-969449.jpg"},"origine":{"url":"https:\/\/www.risoul.com\/medias\/images\/prestations\/resa-risoul-hebergement-carrier-deneb34-cuisine-969449.jpg"}},"urlLien":"","typeLien":"","nofollow":"N","copyright":""},{"url":"https:\/\/www.risoul.com\/medias\/images\/prestations\/risoul-hebergement-deneb34-carrier-chambre3-2077542.jpg","chemin":"..\/medias\/images\/prestations\/risoul-hebergement-deneb34-carrier-chambre3-2077542.jpg","libelle":"risoul-hebergement-deneb34-carrier-chambre3-2077542","extension":"jpg","categorie":"","largeur":500,"theme":"","hauteur":375,"type":"Image","origine":"","liaisonPave":"","langue":"","id":"2077542","urlVignette":"https:\/\/www.risoul.com\/medias\/images\/prestations\/v-risoul-hebergement-deneb34-carrier-chambre3-2077542.jpg","alt":"risoul-hebergement-deneb34-carrier-chambre3-2077542","title":"risoul-hebergement-deneb34-carrier-chambre3-2077542","MultiTaille":{"1920x1440":{"url":"https:\/\/www.risoul.com\/medias\/images\/prestations\/multitailles\/1920x1440_risoul-hebergement-deneb34-carrier-chambre3-2077542.jpg"},"1200x900":{"url":"https:\/\/www.risoul.com\/medias\/images\/prestations\/multitailles\/1200x900_risoul-hebergement-deneb34-carrier-chambre3-2077542.jpg"},"800x600":{"url":"https:\/\/www.risoul.com\/medias\/images\/prestations\/multitailles\/800x600_risoul-hebergement-deneb34-carrier-chambre3-2077542.jpg"},"640x480":{"url":"https:\/\/www.risoul.com\/medias\/images\/prestations\/multitailles\/640x480_risoul-hebergement-deneb34-carrier-chambre3-2077542.jpg"},"320x240":{"url":"https:\/\/www.risoul.com\/medias\/images\/prestations\/multitailles\/320x240_risoul-hebergement-deneb34-carrier-chambre3-2077542.jpg"},"160x120":{"url":"https:\/\/www.risoul.com\/medias\/images\/prestations\/multitailles\/160x120_risoul-hebergement-deneb34-carrier-chambre3-2077542.jpg"},"origine":{"url":"https:\/\/www.risoul.com\/medias\/images\/prestations\/risoul-hebergement-deneb34-carrier-chambre3-2077542.jpg"}},"urlLien":"","typeLien":"","nofollow":"N","copyright":""},{"url":"https:\/\/www.risoul.com\/medias\/images\/prestations\/risoul-hebergement-deneb34-carrier-chambre1-2077541.jpg","chemin":"..\/medias\/images\/prestations\/risoul-hebergement-deneb34-carrier-chambre1-2077541.jpg","libelle":"risoul-hebergement-deneb34-carrier-chambre1-2077541","extension":"jpg","categorie":"","largeur":500,"theme":"","hauteur":375,"type":"Image","origine":"","liaisonPave":"","langue":"","id":"2077541","urlVignette":"https:\/\/www.risoul.com\/medias\/images\/prestations\/v-risoul-hebergement-deneb34-carrier-chambre1-2077541.jpg","alt":"risoul-hebergement-deneb34-carrier-chambre1-2077541","title":"risoul-hebergement-deneb34-carrier-chambre1-2077541","MultiTaille":{"1920x1440":{"url":"https:\/\/www.risoul.com\/medias\/images\/prestations\/multitailles\/1920x1440_risoul-hebergement-deneb34-carrier-chambre1-2077541.jpg"},"1200x900":{"url":"https:\/\/www.risoul.com\/medias\/images\/prestations\/multitailles\/1200x900_risoul-hebergement-deneb34-carrier-chambre1-2077541.jpg"},"800x600":{"url":"https:\/\/www.risoul.com\/medias\/images\/prestations\/multitailles\/800x600_risoul-hebergement-deneb34-carrier-chambre1-2077541.jpg"},"640x480":{"url":"https:\/\/www.risoul.com\/medias\/images\/prestations\/multitailles\/640x480_risoul-hebergement-deneb34-carrier-chambre1-2077541.jpg"},"320x240":{"url":"https:\/\/www.risoul.com\/medias\/images\/prestations\/multitailles\/320x240_risoul-hebergement-deneb34-carrier-chambre1-2077541.jpg"},"160x120":{"url":"https:\/\/www.risoul.com\/medias\/images\/prestations\/multitailles\/160x120_risoul-hebergement-deneb34-carrier-chambre1-2077541.jpg"},"origine":{"url":"https:\/\/www.risoul.com\/medias\/images\/prestations\/risoul-hebergement-deneb34-carrier-chambre1-2077541.jpg"}},"urlLien":"","typeLien":"","nofollow":"N","copyright":""},{"url":"https:\/\/www.risoul.com\/medias\/images\/prestations\/risoul-hebergement-deneb34-carrier-chambre-2077538.jpg","chemin":"..\/medias\/images\/prestations\/risoul-hebergement-deneb34-carrier-chambre-2077538.jpg","libelle":"risoul-hebergement-deneb34-carrier-chambre-2077538","extension":"jpg","categorie":"","largeur":500,"theme":"","hauteur":375,"type":"Image","origine":"","liaisonPave":"","langue":"","id":"2077538","urlVignette":"https:\/\/www.risoul.com\/medias\/images\/prestations\/v-risoul-hebergement-deneb34-carrier-chambre-2077538.jpg","alt":"risoul-hebergement-deneb34-carrier-chambre-2077538","title":"risoul-hebergement-deneb34-carrier-chambre-2077538","MultiTaille":{"1920x1440":{"url":"https:\/\/www.risoul.com\/medias\/images\/prestations\/multitailles\/1920x1440_risoul-hebergement-deneb34-carrier-chambre-2077538.jpg"},"1200x900":{"url":"https:\/\/www.risoul.com\/medias\/images\/prestations\/multitailles\/1200x900_risoul-hebergement-deneb34-carrier-chambre-2077538.jpg"},"800x600":{"url":"https:\/\/www.risoul.com\/medias\/images\/prestations\/multitailles\/800x600_risoul-hebergement-deneb34-carrier-chambre-2077538.jpg"},"640x480":{"url":"https:\/\/www.risoul.com\/medias\/images\/prestations\/multitailles\/640x480_risoul-hebergement-deneb34-carrier-chambre-2077538.jpg"},"320x240":{"url":"https:\/\/www.risoul.com\/medias\/images\/prestations\/multitailles\/320x240_risoul-hebergement-deneb34-carrier-chambre-2077538.jpg"},"160x120":{"url":"https:\/\/www.risoul.com\/medias\/images\/prestations\/multitailles\/160x120_risoul-hebergement-deneb34-carrier-chambre-2077538.jpg"},"origine":{"url":"https:\/\/www.risoul.com\/medias\/images\/prestations\/risoul-hebergement-deneb34-carrier-chambre-2077538.jpg"}},"urlLien":"","typeLien":"","nofollow":"N","copyright":""},{"url":"https:\/\/www.risoul.com\/medias\/images\/prestations\/risoul-hebergement-deneb34-carrier-sdb1-2077543.jpg","chemin":"..\/medias\/images\/prestations\/risoul-hebergement-deneb34-carrier-sdb1-2077543.jpg","libelle":"risoul-hebergement-deneb34-carrier-sdb1-2077543","extension":"jpg","categorie":"","largeur":500,"theme":"","hauteur":375,"type":"Image","origine":"","liaisonPave":"","langue":"","id":"2077543","urlVignette":"https:\/\/www.risoul.com\/medias\/images\/prestations\/v-risoul-hebergement-deneb34-carrier-sdb1-2077543.jpg","alt":"risoul-hebergement-deneb34-carrier-sdb1-2077543","title":"risoul-hebergement-deneb34-carrier-sdb1-2077543","MultiTaille":{"1920x1440":{"url":"https:\/\/www.risoul.com\/medias\/images\/prestations\/multitailles\/1920x1440_risoul-hebergement-deneb34-carrier-sdb1-2077543.jpg"},"1200x900":{"url":"https:\/\/www.risoul.com\/medias\/images\/prestations\/multitailles\/1200x900_risoul-hebergement-deneb34-carrier-sdb1-2077543.jpg"},"800x600":{"url":"https:\/\/www.risoul.com\/medias\/images\/prestations\/multitailles\/800x600_risoul-hebergement-deneb34-carrier-sdb1-2077543.jpg"},"640x480":{"url":"https:\/\/www.risoul.com\/medias\/images\/prestations\/multitailles\/640x480_risoul-hebergement-deneb34-carrier-sdb1-2077543.jpg"},"320x240":{"url":"https:\/\/www.risoul.com\/medias\/images\/prestations\/multitailles\/320x240_risoul-hebergement-deneb34-carrier-sdb1-2077543.jpg"},"160x120":{"url":"https:\/\/www.risoul.com\/medias\/images\/prestations\/multitailles\/160x120_risoul-hebergement-deneb34-carrier-sdb1-2077543.jpg"},"origine":{"url":"https:\/\/www.risoul.com\/medias\/images\/prestations\/risoul-hebergement-deneb34-carrier-sdb1-2077543.jpg"}},"urlLien":"","typeLien":"","nofollow":"N","copyright":""},{"url":"https:\/\/www.risoul.com\/medias\/images\/prestations\/risoul-hebergement-deneb34-carrier-sdb1-1-2077544.jpg","chemin":"..\/medias\/images\/prestations\/risoul-hebergement-deneb34-carrier-sdb1-1-2077544.jpg","libelle":"risoul-hebergement-deneb34-carrier-sdb1-1-2077544","extension":"jpg","categorie":"","largeur":500,"theme":"","hauteur":375,"type":"Image","origine":"","liaisonPave":"","langue":"","id":"2077544","urlVignette":"https:\/\/www.risoul.com\/medias\/images\/prestations\/v-risoul-hebergement-deneb34-carrier-sdb1-1-2077544.jpg","alt":"risoul-hebergement-deneb34-carrier-sdb1-1-2077544","title":"risoul-hebergement-deneb34-carrier-sdb1-1-2077544","MultiTaille":{"1920x1440":{"url":"https:\/\/www.risoul.com\/medias\/images\/prestations\/multitailles\/1920x1440_risoul-hebergement-deneb34-carrier-sdb1-1-2077544.jpg"},"1200x900":{"url":"https:\/\/www.risoul.com\/medias\/images\/prestations\/multitailles\/1200x900_risoul-hebergement-deneb34-carrier-sdb1-1-2077544.jpg"},"800x600":{"url":"https:\/\/www.risoul.com\/medias\/images\/prestations\/multitailles\/800x600_risoul-hebergement-deneb34-carrier-sdb1-1-2077544.jpg"},"640x480":{"url":"https:\/\/www.risoul.com\/medias\/images\/prestations\/multitailles\/640x480_risoul-hebergement-deneb34-carrier-sdb1-1-2077544.jpg"},"320x240":{"url":"https:\/\/www.risoul.com\/medias\/images\/prestations\/multitailles\/320x240_risoul-hebergement-deneb34-carrier-sdb1-1-2077544.jpg"},"160x120":{"url":"https:\/\/www.risoul.com\/medias\/images\/prestations\/multitailles\/160x120_risoul-hebergement-deneb34-carrier-sdb1-1-2077544.jpg"},"origine":{"url":"https:\/\/www.risoul.com\/medias\/images\/prestations\/risoul-hebergement-deneb34-carrier-sdb1-1-2077544.jpg"}},"urlLien":"","typeLien":"","nofollow":"N","copyright":""},{"url":"https:\/\/www.risoul.com\/medias\/images\/prestations\/risoul-hebergement-deneb34-carrier-balcon-2077540.jpg","chemin":"..\/medias\/images\/prestations\/risoul-hebergement-deneb34-carrier-balcon-2077540.jpg","libelle":"risoul-hebergement-deneb34-carrier-balcon-2077540","extension":"jpg","categorie":"","largeur":500,"theme":"","hauteur":375,"type":"Image","origine":"","liaisonPave":"","langue":"","id":"2077540","urlVignette":"https:\/\/www.risoul.com\/medias\/images\/prestations\/v-risoul-hebergement-deneb34-carrier-balcon-2077540.jpg","alt":"risoul-hebergement-deneb34-carrier-balcon-2077540","title":"risoul-hebergement-deneb34-carrier-balcon-2077540","MultiTaille":{"1920x1440":{"url":"https:\/\/www.risoul.com\/medias\/images\/prestations\/multitailles\/1920x1440_risoul-hebergement-deneb34-carrier-balcon-2077540.jpg"},"1200x900":{"url":"https:\/\/www.risoul.com\/medias\/images\/prestations\/multitailles\/1200x900_risoul-hebergement-deneb34-carrier-balcon-2077540.jpg"},"800x600":{"url":"https:\/\/www.risoul.com\/medias\/images\/prestations\/multitailles\/800x600_risoul-hebergement-deneb34-carrier-balcon-2077540.jpg"},"640x480":{"url":"https:\/\/www.risoul.com\/medias\/images\/prestations\/multitailles\/640x480_risoul-hebergement-deneb34-carrier-balcon-2077540.jpg"},"320x240":{"url":"https:\/\/www.risoul.com\/medias\/images\/prestations\/multitailles\/320x240_risoul-hebergement-deneb34-carrier-balcon-2077540.jpg"},"160x120":{"url":"https:\/\/www.risoul.com\/medias\/images\/prestations\/multitailles\/160x120_risoul-hebergement-deneb34-carrier-balcon-2077540.jpg"},"origine":{"url":"https:\/\/www.risoul.com\/medias\/images\/prestations\/risoul-hebergement-deneb34-carrier-balcon-2077540.jpg"}},"urlLien":"","typeLien":"","nofollow":"N","copyright":""},{"url":"https:\/\/www.risoul.com\/medias\/images\/prestations\/risoul-hebergement-deneb34-carrier-balcon1-2077539.jpg","chemin":"..\/medias\/images\/prestations\/risoul-hebergement-deneb34-carrier-balcon1-2077539.jpg","libelle":"risoul-hebergement-deneb34-carrier-balcon1-2077539","extension":"jpg","categorie":"","largeur":500,"theme":"","hauteur":375,"type":"Image","origine":"","liaisonPave":"","langue":"","id":"2077539","urlVignette":"https:\/\/www.risoul.com\/medias\/images\/prestations\/v-risoul-hebergement-deneb34-carrier-balcon1-2077539.jpg","alt":"risoul-hebergement-deneb34-carrier-balcon1-2077539","title":"risoul-hebergement-deneb34-carrier-balcon1-2077539","MultiTaille":{"1920x1440":{"url":"https:\/\/www.risoul.com\/medias\/images\/prestations\/multitailles\/1920x1440_risoul-hebergement-deneb34-carrier-balcon1-2077539.jpg"},"1200x900":{"url":"https:\/\/www.risoul.com\/medias\/images\/prestations\/multitailles\/1200x900_risoul-hebergement-deneb34-carrier-balcon1-2077539.jpg"},"800x600":{"url":"https:\/\/www.risoul.com\/medias\/images\/prestations\/multitailles\/800x600_risoul-hebergement-deneb34-carrier-balcon1-2077539.jpg"},"640x480":{"url":"https:\/\/www.risoul.com\/medias\/images\/prestations\/multitailles\/640x480_risoul-hebergement-deneb34-carrier-balcon1-2077539.jpg"},"320x240":{"url":"https:\/\/www.risoul.com\/medias\/images\/prestations\/multitailles\/320x240_risoul-hebergement-deneb34-carrier-balcon1-2077539.jpg"},"160x120":{"url":"https:\/\/www.risoul.com\/medias\/images\/prestations\/multitailles\/160x120_risoul-hebergement-deneb34-carrier-balcon1-2077539.jpg"},"origine":{"url":"https:\/\/www.risoul.com\/medias\/images\/prestations\/risoul-hebergement-deneb34-carrier-balcon1-2077539.jpg"}},"urlLien":"","typeLien":"","nofollow":"N","copyright":""},{"url":"https:\/\/www.risoul.com\/medias\/images\/prestations\/risoul-hebergement-deneb34-carrier-deneb-2077545.jpg","chemin":"..\/medias\/images\/prestations\/risoul-hebergement-deneb34-carrier-deneb-2077545.jpg","libelle":"risoul-hebergement-deneb34-carrier-deneb-2077545","extension":"jpg","categorie":"","largeur":500,"theme":"","hauteur":375,"type":"Image","origine":"","liaisonPave":"","langue":"","id":"2077545","urlVignette":"https:\/\/www.risoul.com\/medias\/images\/prestations\/v-risoul-hebergement-deneb34-carrier-deneb-2077545.jpg","alt":"risoul-hebergement-deneb34-carrier-deneb-2077545","title":"risoul-hebergement-deneb34-carrier-deneb-2077545","MultiTaille":{"1920x1440":{"url":"https:\/\/www.risoul.com\/medias\/images\/prestations\/multitailles\/1920x1440_risoul-hebergement-deneb34-carrier-deneb-2077545.jpg"},"1200x900":{"url":"https:\/\/www.risoul.com\/medias\/images\/prestations\/multitailles\/1200x900_risoul-hebergement-deneb34-carrier-deneb-2077545.jpg"},"800x600":{"url":"https:\/\/www.risoul.com\/medias\/images\/prestations\/multitailles\/800x600_risoul-hebergement-deneb34-carrier-deneb-2077545.jpg"},"640x480":{"url":"https:\/\/www.risoul.com\/medias\/images\/prestations\/multitailles\/640x480_risoul-hebergement-deneb34-carrier-deneb-2077545.jpg"},"320x240":{"url":"https:\/\/www.risoul.com\/medias\/images\/prestations\/multitailles\/320x240_risoul-hebergement-deneb34-carrier-deneb-2077545.jpg"},"160x120":{"url":"https:\/\/www.risoul.com\/medias\/images\/prestations\/multitailles\/160x120_risoul-hebergement-deneb34-carrier-deneb-2077545.jpg"},"origine":{"url":"https:\/\/www.risoul.com\/medias\/images\/prestations\/risoul-hebergement-deneb34-carrier-deneb-2077545.jpg"}},"urlLien":"","typeLien":"","nofollow":"N","copyright":""}],"ByCategorie":{"":[{"url":"https:\/\/www.risoul.com\/medias\/images\/prestations\/risoul-hebergement-risoulresa-carrier-deneb34-sejour3-2051007.jpg","chemin":"..\/medias\/images\/prestations\/risoul-hebergement-risoulresa-carrier-deneb34-sejour3-2051007.jpg","libelle":"risoul-hebergement-risoulresa-carrier-deneb34-sejour3-2051007","extension":"jpg","categorie":"","largeur":375,"theme":"","hauteur":500,"type":"Image","origine":"","liaisonPave":"","langue":"","id":"2051007","urlVignette":"https:\/\/www.risoul.com\/medias\/images\/prestations\/v-risoul-hebergement-risoulresa-carrier-deneb34-sejour3-2051007.jpg","alt":"risoul-hebergement-risoulresa-carrier-deneb34-sejour3-2051007","title":"risoul-hebergement-risoulresa-carrier-deneb34-sejour3-2051007","MultiTaille":{"1920x1440":{"url":"https:\/\/www.risoul.com\/medias\/images\/prestations\/multitailles\/1920x1440_risoul-hebergement-risoulresa-carrier-deneb34-sejour3-2051007.jpg"},"1200x900":{"url":"https:\/\/www.risoul.com\/medias\/images\/prestations\/multitailles\/1200x900_risoul-hebergement-risoulresa-carrier-deneb34-sejour3-2051007.jpg"},"800x600":{"url":"https:\/\/www.risoul.com\/medias\/images\/prestations\/multitailles\/800x600_risoul-hebergement-risoulresa-carrier-deneb34-sejour3-2051007.jpg"},"640x480":{"url":"https:\/\/www.risoul.com\/medias\/images\/prestations\/multitailles\/640x480_risoul-hebergement-risoulresa-carrier-deneb34-sejour3-2051007.jpg"},"320x240":{"url":"https:\/\/www.risoul.com\/medias\/images\/prestations\/multitailles\/320x240_risoul-hebergement-risoulresa-carrier-deneb34-sejour3-2051007.jpg"},"160x120":{"url":"https:\/\/www.risoul.com\/medias\/images\/prestations\/multitailles\/160x120_risoul-hebergement-risoulresa-carrier-deneb34-sejour3-2051007.jpg"},"origine":{"url":"https:\/\/www.risoul.com\/medias\/images\/prestations\/risoul-hebergement-risoulresa-carrier-deneb34-sejour3-2051007.jpg"}},"urlLien":"","typeLien":"","nofollow":"N","copyright":""},{"url":"https:\/\/www.risoul.com\/medias\/images\/prestations\/risoul-hebergement-risoulresa-carrier-deneb34-sejour1-2051006.jpg","chemin":"..\/medias\/images\/prestations\/risoul-hebergement-risoulresa-carrier-deneb34-sejour1-2051006.jpg","libelle":"risoul-hebergement-risoulresa-carrier-deneb34-sejour1-2051006","extension":"jpg","categorie":"","largeur":375,"theme":"","hauteur":500,"type":"Image","origine":"","liaisonPave":"","langue":"","id":"2051006","urlVignette":"https:\/\/www.risoul.com\/medias\/images\/prestations\/v-risoul-hebergement-risoulresa-carrier-deneb34-sejour1-2051006.jpg","alt":"risoul-hebergement-risoulresa-carrier-deneb34-sejour1-2051006","title":"risoul-hebergement-risoulresa-carrier-deneb34-sejour1-2051006","MultiTaille":{"1920x1440":{"url":"https:\/\/www.risoul.com\/medias\/images\/prestations\/multitailles\/1920x1440_risoul-hebergement-risoulresa-carrier-deneb34-sejour1-2051006.jpg"},"1200x900":{"url":"https:\/\/www.risoul.com\/medias\/images\/prestations\/multitailles\/1200x900_risoul-hebergement-risoulresa-carrier-deneb34-sejour1-2051006.jpg"},"800x600":{"url":"https:\/\/www.risoul.com\/medias\/images\/prestations\/multitailles\/800x600_risoul-hebergement-risoulresa-carrier-deneb34-sejour1-2051006.jpg"},"640x480":{"url":"https:\/\/www.risoul.com\/medias\/images\/prestations\/multitailles\/640x480_risoul-hebergement-risoulresa-carrier-deneb34-sejour1-2051006.jpg"},"320x240":{"url":"https:\/\/www.risoul.com\/medias\/images\/prestations\/multitailles\/320x240_risoul-hebergement-risoulresa-carrier-deneb34-sejour1-2051006.jpg"},"160x120":{"url":"https:\/\/www.risoul.com\/medias\/images\/prestations\/multitailles\/160x120_risoul-hebergement-risoulresa-carrier-deneb34-sejour1-2051006.jpg"},"origine":{"url":"https:\/\/www.risoul.com\/medias\/images\/prestations\/risoul-hebergement-risoulresa-carrier-deneb34-sejour1-2051006.jpg"}},"urlLien":"","typeLien":"","nofollow":"N","copyright":""},{"url":"https:\/\/www.risoul.com\/medias\/images\/prestations\/resa-risoul-hebergement-carrier-deneb34-s-jour-969452.jpg","chemin":"..\/medias\/images\/prestations\/resa-risoul-hebergement-carrier-deneb34-s-jour-969452.jpg","libelle":"resa-risoul-hebergement-carrier-deneb34-s-jour-969452","extension":"jpg","categorie":"","largeur":500,"theme":"","hauteur":375,"type":"Image","origine":"","liaisonPave":"","langue":"","id":"969452","urlVignette":"https:\/\/www.risoul.com\/medias\/images\/prestations\/v-resa-risoul-hebergement-carrier-deneb34-s-jour-969452.jpg","alt":"resa-risoul-hebergement-carrier-deneb34-s-jour-969452","title":"resa-risoul-hebergement-carrier-deneb34-s-jour-969452","MultiTaille":{"1920x1440":{"url":"https:\/\/www.risoul.com\/medias\/images\/prestations\/multitailles\/1920x1440_resa-risoul-hebergement-carrier-deneb34-s-jour-969452.jpg"},"1200x900":{"url":"https:\/\/www.risoul.com\/medias\/images\/prestations\/multitailles\/1200x900_resa-risoul-hebergement-carrier-deneb34-s-jour-969452.jpg"},"800x600":{"url":"https:\/\/www.risoul.com\/medias\/images\/prestations\/multitailles\/800x600_resa-risoul-hebergement-carrier-deneb34-s-jour-969452.jpg"},"640x480":{"url":"https:\/\/www.risoul.com\/medias\/images\/prestations\/multitailles\/640x480_resa-risoul-hebergement-carrier-deneb34-s-jour-969452.jpg"},"320x240":{"url":"https:\/\/www.risoul.com\/medias\/images\/prestations\/multitailles\/320x240_resa-risoul-hebergement-carrier-deneb34-s-jour-969452.jpg"},"160x120":{"url":"https:\/\/www.risoul.com\/medias\/images\/prestations\/multitailles\/160x120_resa-risoul-hebergement-carrier-deneb34-s-jour-969452.jpg"},"origine":{"url":"https:\/\/www.risoul.com\/medias\/images\/prestations\/resa-risoul-hebergement-carrier-deneb34-s-jour-969452.jpg"}},"urlLien":"","typeLien":"","nofollow":"N","copyright":""},{"url":"https:\/\/www.risoul.com\/medias\/images\/prestations\/risoul-hebergement-risoulresa-carrier-deneb34-sejour2-2051011.jpg","chemin":"..\/medias\/images\/prestations\/risoul-hebergement-risoulresa-carrier-deneb34-sejour2-2051011.jpg","libelle":"risoul-hebergement-risoulresa-carrier-deneb34-sejour2-2051011","extension":"jpg","categorie":"","largeur":375,"theme":"","hauteur":500,"type":"Image","origine":"","liaisonPave":"","langue":"","id":"2051011","urlVignette":"https:\/\/www.risoul.com\/medias\/images\/prestations\/v-risoul-hebergement-risoulresa-carrier-deneb34-sejour2-2051011.jpg","alt":"risoul-hebergement-risoulresa-carrier-deneb34-sejour2-2051011","title":"risoul-hebergement-risoulresa-carrier-deneb34-sejour2-2051011","MultiTaille":{"1920x1440":{"url":"https:\/\/www.risoul.com\/medias\/images\/prestations\/multitailles\/1920x1440_risoul-hebergement-risoulresa-carrier-deneb34-sejour2-2051011.jpg"},"1200x900":{"url":"https:\/\/www.risoul.com\/medias\/images\/prestations\/multitailles\/1200x900_risoul-hebergement-risoulresa-carrier-deneb34-sejour2-2051011.jpg"},"800x600":{"url":"https:\/\/www.risoul.com\/medias\/images\/prestations\/multitailles\/800x600_risoul-hebergement-risoulresa-carrier-deneb34-sejour2-2051011.jpg"},"640x480":{"url":"https:\/\/www.risoul.com\/medias\/images\/prestations\/multitailles\/640x480_risoul-hebergement-risoulresa-carrier-deneb34-sejour2-2051011.jpg"},"320x240":{"url":"https:\/\/www.risoul.com\/medias\/images\/prestations\/multitailles\/320x240_risoul-hebergement-risoulresa-carrier-deneb34-sejour2-2051011.jpg"},"160x120":{"url":"https:\/\/www.risoul.com\/medias\/images\/prestations\/multitailles\/160x120_risoul-hebergement-risoulresa-carrier-deneb34-sejour2-2051011.jpg"},"origine":{"url":"https:\/\/www.risoul.com\/medias\/images\/prestations\/risoul-hebergement-risoulresa-carrier-deneb34-sejour2-2051011.jpg"}},"urlLien":"","typeLien":"","nofollow":"N","copyright":""},{"url":"https:\/\/www.risoul.com\/medias\/images\/prestations\/risoul-hebergement-deneb34-carrier-cuisine2-2077537.jpg","chemin":"..\/medias\/images\/prestations\/risoul-hebergement-deneb34-carrier-cuisine2-2077537.jpg","libelle":"risoul-hebergement-deneb34-carrier-cuisine2-2077537","extension":"jpg","categorie":"","largeur":667,"theme":"","hauteur":500,"type":"Image","origine":"","liaisonPave":"","langue":"","id":"2077537","urlVignette":"https:\/\/www.risoul.com\/medias\/images\/prestations\/v-risoul-hebergement-deneb34-carrier-cuisine2-2077537.jpg","alt":"risoul-hebergement-deneb34-carrier-cuisine2-2077537","title":"risoul-hebergement-deneb34-carrier-cuisine2-2077537","MultiTaille":{"1920x1440":{"url":"https:\/\/www.risoul.com\/medias\/images\/prestations\/multitailles\/1920x1440_risoul-hebergement-deneb34-carrier-cuisine2-2077537.jpg"},"1200x900":{"url":"https:\/\/www.risoul.com\/medias\/images\/prestations\/multitailles\/1200x900_risoul-hebergement-deneb34-carrier-cuisine2-2077537.jpg"},"800x600":{"url":"https:\/\/www.risoul.com\/medias\/images\/prestations\/multitailles\/800x600_risoul-hebergement-deneb34-carrier-cuisine2-2077537.jpg"},"640x480":{"url":"https:\/\/www.risoul.com\/medias\/images\/prestations\/multitailles\/640x480_risoul-hebergement-deneb34-carrier-cuisine2-2077537.jpg"},"320x240":{"url":"https:\/\/www.risoul.com\/medias\/images\/prestations\/multitailles\/320x240_risoul-hebergement-deneb34-carrier-cuisine2-2077537.jpg"},"160x120":{"url":"https:\/\/www.risoul.com\/medias\/images\/prestations\/multitailles\/160x120_risoul-hebergement-deneb34-carrier-cuisine2-2077537.jpg"},"origine":{"url":"https:\/\/www.risoul.com\/medias\/images\/prestations\/risoul-hebergement-deneb34-carrier-cuisine2-2077537.jpg"}},"urlLien":"","typeLien":"","nofollow":"N","copyright":""},{"url":"https:\/\/www.risoul.com\/medias\/images\/prestations\/risoul-hebergement-deneb34-carrier-cuisine1-2077536.jpg","chemin":"..\/medias\/images\/prestations\/risoul-hebergement-deneb34-carrier-cuisine1-2077536.jpg","libelle":"risoul-hebergement-deneb34-carrier-cuisine1-2077536","extension":"jpg","categorie":"","largeur":500,"theme":"","hauteur":375,"type":"Image","origine":"","liaisonPave":"","langue":"","id":"2077536","urlVignette":"https:\/\/www.risoul.com\/medias\/images\/prestations\/v-risoul-hebergement-deneb34-carrier-cuisine1-2077536.jpg","alt":"risoul-hebergement-deneb34-carrier-cuisine1-2077536","title":"risoul-hebergement-deneb34-carrier-cuisine1-2077536","MultiTaille":{"1920x1440":{"url":"https:\/\/www.risoul.com\/medias\/images\/prestations\/multitailles\/1920x1440_risoul-hebergement-deneb34-carrier-cuisine1-2077536.jpg"},"1200x900":{"url":"https:\/\/www.risoul.com\/medias\/images\/prestations\/multitailles\/1200x900_risoul-hebergement-deneb34-carrier-cuisine1-2077536.jpg"},"800x600":{"url":"https:\/\/www.risoul.com\/medias\/images\/prestations\/multitailles\/800x600_risoul-hebergement-deneb34-carrier-cuisine1-2077536.jpg"},"640x480":{"url":"https:\/\/www.risoul.com\/medias\/images\/prestations\/multitailles\/640x480_risoul-hebergement-deneb34-carrier-cuisine1-2077536.jpg"},"320x240":{"url":"https:\/\/www.risoul.com\/medias\/images\/prestations\/multitailles\/320x240_risoul-hebergement-deneb34-carrier-cuisine1-2077536.jpg"},"160x120":{"url":"https:\/\/www.risoul.com\/medias\/images\/prestations\/multitailles\/160x120_risoul-hebergement-deneb34-carrier-cuisine1-2077536.jpg"},"origine":{"url":"https:\/\/www.risoul.com\/medias\/images\/prestations\/risoul-hebergement-deneb34-carrier-cuisine1-2077536.jpg"}},"urlLien":"","typeLien":"","nofollow":"N","copyright":""},{"url":"https:\/\/www.risoul.com\/medias\/images\/prestations\/resa-risoul-hebergement-carrier-deneb34-cuisine-969449.jpg","chemin":"..\/medias\/images\/prestations\/resa-risoul-hebergement-carrier-deneb34-cuisine-969449.jpg","libelle":"resa-risoul-hebergement-carrier-deneb34-cuisine-969449","extension":"jpg","categorie":"","largeur":500,"theme":"","hauteur":375,"type":"Image","origine":"","liaisonPave":"","langue":"","id":"969449","urlVignette":"https:\/\/www.risoul.com\/medias\/images\/prestations\/v-resa-risoul-hebergement-carrier-deneb34-cuisine-969449.jpg","alt":"resa-risoul-hebergement-carrier-deneb34-cuisine-969449","title":"resa-risoul-hebergement-carrier-deneb34-cuisine-969449","MultiTaille":{"1920x1440":{"url":"https:\/\/www.risoul.com\/medias\/images\/prestations\/multitailles\/1920x1440_resa-risoul-hebergement-carrier-deneb34-cuisine-969449.jpg"},"1200x900":{"url":"https:\/\/www.risoul.com\/medias\/images\/prestations\/multitailles\/1200x900_resa-risoul-hebergement-carrier-deneb34-cuisine-969449.jpg"},"800x600":{"url":"https:\/\/www.risoul.com\/medias\/images\/prestations\/multitailles\/800x600_resa-risoul-hebergement-carrier-deneb34-cuisine-969449.jpg"},"640x480":{"url":"https:\/\/www.risoul.com\/medias\/images\/prestations\/multitailles\/640x480_resa-risoul-hebergement-carrier-deneb34-cuisine-969449.jpg"},"320x240":{"url":"https:\/\/www.risoul.com\/medias\/images\/prestations\/multitailles\/320x240_resa-risoul-hebergement-carrier-deneb34-cuisine-969449.jpg"},"160x120":{"url":"https:\/\/www.risoul.com\/medias\/images\/prestations\/multitailles\/160x120_resa-risoul-hebergement-carrier-deneb34-cuisine-969449.jpg"},"origine":{"url":"https:\/\/www.risoul.com\/medias\/images\/prestations\/resa-risoul-hebergement-carrier-deneb34-cuisine-969449.jpg"}},"urlLien":"","typeLien":"","nofollow":"N","copyright":""},{"url":"https:\/\/www.risoul.com\/medias\/images\/prestations\/risoul-hebergement-deneb34-carrier-chambre3-2077542.jpg","chemin":"..\/medias\/images\/prestations\/risoul-hebergement-deneb34-carrier-chambre3-2077542.jpg","libelle":"risoul-hebergement-deneb34-carrier-chambre3-2077542","extension":"jpg","categorie":"","largeur":500,"theme":"","hauteur":375,"type":"Image","origine":"","liaisonPave":"","langue":"","id":"2077542","urlVignette":"https:\/\/www.risoul.com\/medias\/images\/prestations\/v-risoul-hebergement-deneb34-carrier-chambre3-2077542.jpg","alt":"risoul-hebergement-deneb34-carrier-chambre3-2077542","title":"risoul-hebergement-deneb34-carrier-chambre3-2077542","MultiTaille":{"1920x1440":{"url":"https:\/\/www.risoul.com\/medias\/images\/prestations\/multitailles\/1920x1440_risoul-hebergement-deneb34-carrier-chambre3-2077542.jpg"},"1200x900":{"url":"https:\/\/www.risoul.com\/medias\/images\/prestations\/multitailles\/1200x900_risoul-hebergement-deneb34-carrier-chambre3-2077542.jpg"},"800x600":{"url":"https:\/\/www.risoul.com\/medias\/images\/prestations\/multitailles\/800x600_risoul-hebergement-deneb34-carrier-chambre3-2077542.jpg"},"640x480":{"url":"https:\/\/www.risoul.com\/medias\/images\/prestations\/multitailles\/640x480_risoul-hebergement-deneb34-carrier-chambre3-2077542.jpg"},"320x240":{"url":"https:\/\/www.risoul.com\/medias\/images\/prestations\/multitailles\/320x240_risoul-hebergement-deneb34-carrier-chambre3-2077542.jpg"},"160x120":{"url":"https:\/\/www.risoul.com\/medias\/images\/prestations\/multitailles\/160x120_risoul-hebergement-deneb34-carrier-chambre3-2077542.jpg"},"origine":{"url":"https:\/\/www.risoul.com\/medias\/images\/prestations\/risoul-hebergement-deneb34-carrier-chambre3-2077542.jpg"}},"urlLien":"","typeLien":"","nofollow":"N","copyright":""},{"url":"https:\/\/www.risoul.com\/medias\/images\/prestations\/risoul-hebergement-deneb34-carrier-chambre1-2077541.jpg","chemin":"..\/medias\/images\/prestations\/risoul-hebergement-deneb34-carrier-chambre1-2077541.jpg","libelle":"risoul-hebergement-deneb34-carrier-chambre1-2077541","extension":"jpg","categorie":"","largeur":500,"theme":"","hauteur":375,"type":"Image","origine":"","liaisonPave":"","langue":"","id":"2077541","urlVignette":"https:\/\/www.risoul.com\/medias\/images\/prestations\/v-risoul-hebergement-deneb34-carrier-chambre1-2077541.jpg","alt":"risoul-hebergement-deneb34-carrier-chambre1-2077541","title":"risoul-hebergement-deneb34-carrier-chambre1-2077541","MultiTaille":{"1920x1440":{"url":"https:\/\/www.risoul.com\/medias\/images\/prestations\/multitailles\/1920x1440_risoul-hebergement-deneb34-carrier-chambre1-2077541.jpg"},"1200x900":{"url":"https:\/\/www.risoul.com\/medias\/images\/prestations\/multitailles\/1200x900_risoul-hebergement-deneb34-carrier-chambre1-2077541.jpg"},"800x600":{"url":"https:\/\/www.risoul.com\/medias\/images\/prestations\/multitailles\/800x600_risoul-hebergement-deneb34-carrier-chambre1-2077541.jpg"},"640x480":{"url":"https:\/\/www.risoul.com\/medias\/images\/prestations\/multitailles\/640x480_risoul-hebergement-deneb34-carrier-chambre1-2077541.jpg"},"320x240":{"url":"https:\/\/www.risoul.com\/medias\/images\/prestations\/multitailles\/320x240_risoul-hebergement-deneb34-carrier-chambre1-2077541.jpg"},"160x120":{"url":"https:\/\/www.risoul.com\/medias\/images\/prestations\/multitailles\/160x120_risoul-hebergement-deneb34-carrier-chambre1-2077541.jpg"},"origine":{"url":"https:\/\/www.risoul.com\/medias\/images\/prestations\/risoul-hebergement-deneb34-carrier-chambre1-2077541.jpg"}},"urlLien":"","typeLien":"","nofollow":"N","copyright":""},{"url":"https:\/\/www.risoul.com\/medias\/images\/prestations\/risoul-hebergement-deneb34-carrier-chambre-2077538.jpg","chemin":"..\/medias\/images\/prestations\/risoul-hebergement-deneb34-carrier-chambre-2077538.jpg","libelle":"risoul-hebergement-deneb34-carrier-chambre-2077538","extension":"jpg","categorie":"","largeur":500,"theme":"","hauteur":375,"type":"Image","origine":"","liaisonPave":"","langue":"","id":"2077538","urlVignette":"https:\/\/www.risoul.com\/medias\/images\/prestations\/v-risoul-hebergement-deneb34-carrier-chambre-2077538.jpg","alt":"risoul-hebergement-deneb34-carrier-chambre-2077538","title":"risoul-hebergement-deneb34-carrier-chambre-2077538","MultiTaille":{"1920x1440":{"url":"https:\/\/www.risoul.com\/medias\/images\/prestations\/multitailles\/1920x1440_risoul-hebergement-deneb34-carrier-chambre-2077538.jpg"},"1200x900":{"url":"https:\/\/www.risoul.com\/medias\/images\/prestations\/multitailles\/1200x900_risoul-hebergement-deneb34-carrier-chambre-2077538.jpg"},"800x600":{"url":"https:\/\/www.risoul.com\/medias\/images\/prestations\/multitailles\/800x600_risoul-hebergement-deneb34-carrier-chambre-2077538.jpg"},"640x480":{"url":"https:\/\/www.risoul.com\/medias\/images\/prestations\/multitailles\/640x480_risoul-hebergement-deneb34-carrier-chambre-2077538.jpg"},"320x240":{"url":"https:\/\/www.risoul.com\/medias\/images\/prestations\/multitailles\/320x240_risoul-hebergement-deneb34-carrier-chambre-2077538.jpg"},"160x120":{"url":"https:\/\/www.risoul.com\/medias\/images\/prestations\/multitailles\/160x120_risoul-hebergement-deneb34-carrier-chambre-2077538.jpg"},"origine":{"url":"https:\/\/www.risoul.com\/medias\/images\/prestations\/risoul-hebergement-deneb34-carrier-chambre-2077538.jpg"}},"urlLien":"","typeLien":"","nofollow":"N","copyright":""},{"url":"https:\/\/www.risoul.com\/medias\/images\/prestations\/risoul-hebergement-deneb34-carrier-sdb1-2077543.jpg","chemin":"..\/medias\/images\/prestations\/risoul-hebergement-deneb34-carrier-sdb1-2077543.jpg","libelle":"risoul-hebergement-deneb34-carrier-sdb1-2077543","extension":"jpg","categorie":"","largeur":500,"theme":"","hauteur":375,"type":"Image","origine":"","liaisonPave":"","langue":"","id":"2077543","urlVignette":"https:\/\/www.risoul.com\/medias\/images\/prestations\/v-risoul-hebergement-deneb34-carrier-sdb1-2077543.jpg","alt":"risoul-hebergement-deneb34-carrier-sdb1-2077543","title":"risoul-hebergement-deneb34-carrier-sdb1-2077543","MultiTaille":{"1920x1440":{"url":"https:\/\/www.risoul.com\/medias\/images\/prestations\/multitailles\/1920x1440_risoul-hebergement-deneb34-carrier-sdb1-2077543.jpg"},"1200x900":{"url":"https:\/\/www.risoul.com\/medias\/images\/prestations\/multitailles\/1200x900_risoul-hebergement-deneb34-carrier-sdb1-2077543.jpg"},"800x600":{"url":"https:\/\/www.risoul.com\/medias\/images\/prestations\/multitailles\/800x600_risoul-hebergement-deneb34-carrier-sdb1-2077543.jpg"},"640x480":{"url":"https:\/\/www.risoul.com\/medias\/images\/prestations\/multitailles\/640x480_risoul-hebergement-deneb34-carrier-sdb1-2077543.jpg"},"320x240":{"url":"https:\/\/www.risoul.com\/medias\/images\/prestations\/multitailles\/320x240_risoul-hebergement-deneb34-carrier-sdb1-2077543.jpg"},"160x120":{"url":"https:\/\/www.risoul.com\/medias\/images\/prestations\/multitailles\/160x120_risoul-hebergement-deneb34-carrier-sdb1-2077543.jpg"},"origine":{"url":"https:\/\/www.risoul.com\/medias\/images\/prestations\/risoul-hebergement-deneb34-carrier-sdb1-2077543.jpg"}},"urlLien":"","typeLien":"","nofollow":"N","copyright":""},{"url":"https:\/\/www.risoul.com\/medias\/images\/prestations\/risoul-hebergement-deneb34-carrier-sdb1-1-2077544.jpg","chemin":"..\/medias\/images\/prestations\/risoul-hebergement-deneb34-carrier-sdb1-1-2077544.jpg","libelle":"risoul-hebergement-deneb34-carrier-sdb1-1-2077544","extension":"jpg","categorie":"","largeur":500,"theme":"","hauteur":375,"type":"Image","origine":"","liaisonPave":"","langue":"","id":"2077544","urlVignette":"https:\/\/www.risoul.com\/medias\/images\/prestations\/v-risoul-hebergement-deneb34-carrier-sdb1-1-2077544.jpg","alt":"risoul-hebergement-deneb34-carrier-sdb1-1-2077544","title":"risoul-hebergement-deneb34-carrier-sdb1-1-2077544","MultiTaille":{"1920x1440":{"url":"https:\/\/www.risoul.com\/medias\/images\/prestations\/multitailles\/1920x1440_risoul-hebergement-deneb34-carrier-sdb1-1-2077544.jpg"},"1200x900":{"url":"https:\/\/www.risoul.com\/medias\/images\/prestations\/multitailles\/1200x900_risoul-hebergement-deneb34-carrier-sdb1-1-2077544.jpg"},"800x600":{"url":"https:\/\/www.risoul.com\/medias\/images\/prestations\/multitailles\/800x600_risoul-hebergement-deneb34-carrier-sdb1-1-2077544.jpg"},"640x480":{"url":"https:\/\/www.risoul.com\/medias\/images\/prestations\/multitailles\/640x480_risoul-hebergement-deneb34-carrier-sdb1-1-2077544.jpg"},"320x240":{"url":"https:\/\/www.risoul.com\/medias\/images\/prestations\/multitailles\/320x240_risoul-hebergement-deneb34-carrier-sdb1-1-2077544.jpg"},"160x120":{"url":"https:\/\/www.risoul.com\/medias\/images\/prestations\/multitailles\/160x120_risoul-hebergement-deneb34-carrier-sdb1-1-2077544.jpg"},"origine":{"url":"https:\/\/www.risoul.com\/medias\/images\/prestations\/risoul-hebergement-deneb34-carrier-sdb1-1-2077544.jpg"}},"urlLien":"","typeLien":"","nofollow":"N","copyright":""},{"url":"https:\/\/www.risoul.com\/medias\/images\/prestations\/risoul-hebergement-deneb34-carrier-balcon-2077540.jpg","chemin":"..\/medias\/images\/prestations\/risoul-hebergement-deneb34-carrier-balcon-2077540.jpg","libelle":"risoul-hebergement-deneb34-carrier-balcon-2077540","extension":"jpg","categorie":"","largeur":500,"theme":"","hauteur":375,"type":"Image","origine":"","liaisonPave":"","langue":"","id":"2077540","urlVignette":"https:\/\/www.risoul.com\/medias\/images\/prestations\/v-risoul-hebergement-deneb34-carrier-balcon-2077540.jpg","alt":"risoul-hebergement-deneb34-carrier-balcon-2077540","title":"risoul-hebergement-deneb34-carrier-balcon-2077540","MultiTaille":{"1920x1440":{"url":"https:\/\/www.risoul.com\/medias\/images\/prestations\/multitailles\/1920x1440_risoul-hebergement-deneb34-carrier-balcon-2077540.jpg"},"1200x900":{"url":"https:\/\/www.risoul.com\/medias\/images\/prestations\/multitailles\/1200x900_risoul-hebergement-deneb34-carrier-balcon-2077540.jpg"},"800x600":{"url":"https:\/\/www.risoul.com\/medias\/images\/prestations\/multitailles\/800x600_risoul-hebergement-deneb34-carrier-balcon-2077540.jpg"},"640x480":{"url":"https:\/\/www.risoul.com\/medias\/images\/prestations\/multitailles\/640x480_risoul-hebergement-deneb34-carrier-balcon-2077540.jpg"},"320x240":{"url":"https:\/\/www.risoul.com\/medias\/images\/prestations\/multitailles\/320x240_risoul-hebergement-deneb34-carrier-balcon-2077540.jpg"},"160x120":{"url":"https:\/\/www.risoul.com\/medias\/images\/prestations\/multitailles\/160x120_risoul-hebergement-deneb34-carrier-balcon-2077540.jpg"},"origine":{"url":"https:\/\/www.risoul.com\/medias\/images\/prestations\/risoul-hebergement-deneb34-carrier-balcon-2077540.jpg"}},"urlLien":"","typeLien":"","nofollow":"N","copyright":""},{"url":"https:\/\/www.risoul.com\/medias\/images\/prestations\/risoul-hebergement-deneb34-carrier-balcon1-2077539.jpg","chemin":"..\/medias\/images\/prestations\/risoul-hebergement-deneb34-carrier-balcon1-2077539.jpg","libelle":"risoul-hebergement-deneb34-carrier-balcon1-2077539","extension":"jpg","categorie":"","largeur":500,"theme":"","hauteur":375,"type":"Image","origine":"","liaisonPave":"","langue":"","id":"2077539","urlVignette":"https:\/\/www.risoul.com\/medias\/images\/prestations\/v-risoul-hebergement-deneb34-carrier-balcon1-2077539.jpg","alt":"risoul-hebergement-deneb34-carrier-balcon1-2077539","title":"risoul-hebergement-deneb34-carrier-balcon1-2077539","MultiTaille":{"1920x1440":{"url":"https:\/\/www.risoul.com\/medias\/images\/prestations\/multitailles\/1920x1440_risoul-hebergement-deneb34-carrier-balcon1-2077539.jpg"},"1200x900":{"url":"https:\/\/www.risoul.com\/medias\/images\/prestations\/multitailles\/1200x900_risoul-hebergement-deneb34-carrier-balcon1-2077539.jpg"},"800x600":{"url":"https:\/\/www.risoul.com\/medias\/images\/prestations\/multitailles\/800x600_risoul-hebergement-deneb34-carrier-balcon1-2077539.jpg"},"640x480":{"url":"https:\/\/www.risoul.com\/medias\/images\/prestations\/multitailles\/640x480_risoul-hebergement-deneb34-carrier-balcon1-2077539.jpg"},"320x240":{"url":"https:\/\/www.risoul.com\/medias\/images\/prestations\/multitailles\/320x240_risoul-hebergement-deneb34-carrier-balcon1-2077539.jpg"},"160x120":{"url":"https:\/\/www.risoul.com\/medias\/images\/prestations\/multitailles\/160x120_risoul-hebergement-deneb34-carrier-balcon1-2077539.jpg"},"origine":{"url":"https:\/\/www.risoul.com\/medias\/images\/prestations\/risoul-hebergement-deneb34-carrier-balcon1-2077539.jpg"}},"urlLien":"","typeLien":"","nofollow":"N","copyright":""},{"url":"https:\/\/www.risoul.com\/medias\/images\/prestations\/risoul-hebergement-deneb34-carrier-deneb-2077545.jpg","chemin":"..\/medias\/images\/prestations\/risoul-hebergement-deneb34-carrier-deneb-2077545.jpg","libelle":"risoul-hebergement-deneb34-carrier-deneb-2077545","extension":"jpg","categorie":"","largeur":500,"theme":"","hauteur":375,"type":"Image","origine":"","liaisonPave":"","langue":"","id":"2077545","urlVignette":"https:\/\/www.risoul.com\/medias\/images\/prestations\/v-risoul-hebergement-deneb34-carrier-deneb-2077545.jpg","alt":"risoul-hebergement-deneb34-carrier-deneb-2077545","title":"risoul-hebergement-deneb34-carrier-deneb-2077545","MultiTaille":{"1920x1440":{"url":"https:\/\/www.risoul.com\/medias\/images\/prestations\/multitailles\/1920x1440_risoul-hebergement-deneb34-carrier-deneb-2077545.jpg"},"1200x900":{"url":"https:\/\/www.risoul.com\/medias\/images\/prestations\/multitailles\/1200x900_risoul-hebergement-deneb34-carrier-deneb-2077545.jpg"},"800x600":{"url":"https:\/\/www.risoul.com\/medias\/images\/prestations\/multitailles\/800x600_risoul-hebergement-deneb34-carrier-deneb-2077545.jpg"},"640x480":{"url":"https:\/\/www.risoul.com\/medias\/images\/prestations\/multitailles\/640x480_risoul-hebergement-deneb34-carrier-deneb-2077545.jpg"},"320x240":{"url":"https:\/\/www.risoul.com\/medias\/images\/prestations\/multitailles\/320x240_risoul-hebergement-deneb34-carrier-deneb-2077545.jpg"},"160x120":{"url":"https:\/\/www.risoul.com\/medias\/images\/prestations\/multitailles\/160x120_risoul-hebergement-deneb34-carrier-deneb-2077545.jpg"},"origine":{"url":"https:\/\/www.risoul.com\/medias\/images\/prestations\/risoul-hebergement-deneb34-carrier-deneb-2077545.jpg"}},"urlLien":"","typeLien":"","nofollow":"N","copyright":""}]}},"DateDebPublication":"","DateFinPublication":"","PrixAPartirDe":"","PrixPour":"","FicheListeEnCours":"fiche_liste_immobilier_agen_loueur_resid_prestation_INFO-RESA_v3","ParametresModele":{"AfficherPhotos":"1","NbPhotosMax":6,"AfficherReserver":"1","AfficherContact":"1","AfficherSalle":1,"AfficherZoneGeo":0,"AfficherEnSavoirPlus":"0","AfficherUneSeuleOuverture":0,"AfficherContactCarte":"0","AfficherTarifsChaudAPartirDe":0,"AfficherTarifChaudSansRecherche":0,"AfficherDispoAccordeon":"1","AfficherDispoResa":"1","BlocCritereInfo":{"critere1":{"libelle":"","liste_critere":["GCLASS|G","GNOTE1|NOFUMEUR|G"]},"critere2":{"libelle":"","liste_critere":["GDISCE|PIEPIS|G","GDISCE|SKIPIE|G","GDISCE|CENTRESTATION|G","GDISCE|G1ISAL|G","GDISCE|KMPIST|G","GDISCE|MFRONTDENEIGE|G"]},"critere3":{"libelle":""},"critere4":{"libelle":"","liste_critere":["GTYPAP|G","GSUPER|G"]},"critere5":{"libelle":"","liste_critere":["EQUIPEMENTS|PISCINE|G","EQUIPEMENTS|EXPOSITIONSUD|G","EQUIPEMENTS|ANIMAUX|G","EQUIPEMENTS|LAVEVAISSELLE|G","EQUIPEMENTS|LINGE|G","EQUIPEMENTS|WIFI|G","EQUIPEMENTS|NONFUMEUR|G","EQUIPEMENTS|PARKING|G","EQUIPEMENTS|POELECHEMINE|G","EQUIPEMENTS|BBQ|G"]},"critere6":{"libelle":"","liste_critere":["GTYPAP|G","GSUPER|G","ZONEGEO|G"]},"critere7":{"libelle":"","liste_critere":["GTYPRE|G"]},"critere8":{"libelle":""},"critere9":{"libelle":""},"afficherpictoetpaslibelle":"1"},"BlocPaveInfo":{"texte1":{"pave":["2"],"longeurmax":"200","afficherLibelle":"0","garderHtml":"0","boutonVoirPlus":""},"texte3":{"longeurmax":"","afficherLibelle":"0","garderHtml":"0","boutonVoirPlus":""}},"Criteres":"GRESA[RESARISOUL","CriteresComportementResa":"RESADISPO[RESERVATION","PositionBloc":"GALLERIE|PICTOSOUSPHOTOS|NOM|AVIS|ZONEPRINCIPALFICHEPRESTA|CRITERESORDONNEES|CONTACTS|CARNET_VOYAGE|DISPO|LIEN_RESERVER_DETAIL","TypePrestataire":"G","TypeSlider":"SWIPER","ComportementResa":true,"ComportementDispo":false},"AffichageCoordonnees":[],"Coordonnees":{"Ville":"RISOUL"},"ContexteId":"PRESTATION|G|CARRIER|DENEB_34","ContexteIdHtml":"PRESTATION-G-CARRIER-DENEB_34","cleContexte":"G|CARRIER|DENEB_34","Bloc":{"texte1":"","texte3":"","critere1":{"libelle":"","contenu":{"GCLASS":{"libelle":"Classement","contenu":{"32":"\u003Cimg src=\"https:\/\/www.risoul.com\/medias\/images\/picto\/GCLASS-4ET8-G.png\"  alt=\"4 \u00e9toiles pour 8 couchages\" title=\"4 \u00e9toiles pour 8 couchages\" \/\u003E"},"codesValeurs":{"32":"GCLASS|4ET8|G"},"criteres_datas":{"valeurs":{"32":{"4ET8":{"descriptif":""}}}}}}},"critere2":{"libelle":"","contenu":{"GDISCE":{"libelle":"Distance","contenu":{"6":"\u003Cspan class=\"quantite\"\u003E50\u003C\/span\u003E \u003Cspan class=\"libelle\"\u003Em des pistes\u003C\/span\u003E","22":"\u003Cspan class=\"quantite\"\u003E50\u003C\/span\u003E \u003Cspan class=\"libelle\"\u003Em du front de neige\u003C\/span\u003E"},"codesValeurs":{"6":"GDISCE|G1ISAL|G","22":"GDISCE|MFRONTDENEIGE|G"},"criteres_datas":{"valeurs":{"6":{"G1ISAL":{"descriptif":""}},"22":{"MFRONTDENEIGE":{"descriptif":""}}}}}}},"critere3":{"libelle":"","contenu":[]},"critere4":{"libelle":"","contenu":{"GTYPAP":{"libelle":"Type d'appartement","contenu":{"13":"3 pi\u00e8ces"},"codesValeurs":{"13":"GTYPAP|G3PIEC|G"},"criteres_datas":{"valeurs":{"13":{"G3PIEC":{"descriptif":""}}}}},"GSUPER":{"libelle":"Superficie","contenu":{"1":"\u003Cspan class=\"quantite\"\u003E57\u003C\/span\u003E \u003Cspan class=\"libelle\"\u003Em\u00b2\u003C\/span\u003E"},"codesValeurs":{"1":"GSUPER|GSUPTO|G"},"criteres_datas":{"valeurs":{"1":{"GSUPTO":{"descriptif":""}}}}}}},"critere5":{"libelle":"","contenu":{"EQUIPEMENTS":{"libelle":"Equipements \/ Services","contenu":{"2":"\u003Cimg src=\"https:\/\/www.risoul.com\/medias\/images\/picto\/EQUIPEMENTS-PISCINE-G.png\"  alt=\"Piscine\" title=\"Piscine\" \/\u003E","3":"\u003Cimg src=\"https:\/\/www.risoul.com\/medias\/images\/picto\/EQUIPEMENTS-EXPOSITIONSUD-G.png\"  alt=\"Exposition Sud\" title=\"Exposition Sud\" \/\u003E","5":"\u003Cimg src=\"https:\/\/www.risoul.com\/medias\/images\/picto\/EQUIPEMENTS-LAVEVAISSELLE-G.png\"  alt=\"Lave Vaisselle\" title=\"Lave Vaisselle\" \/\u003E","7":"\u003Cimg src=\"https:\/\/www.risoul.com\/medias\/images\/picto\/EQUIPEMENTS-WIFI-G.png\"  alt=\"Wifi\" title=\"Wifi\" \/\u003E","9":"\u003Cimg src=\"https:\/\/www.risoul.com\/medias\/images\/picto\/EQUIPEMENTS-PARKING-G.png\"  alt=\"Parking\" title=\"Parking\" \/\u003E"},"codesValeurs":{"2":"EQUIPEMENTS|PISCINE|G","3":"EQUIPEMENTS|EXPOSITIONSUD|G","5":"EQUIPEMENTS|LAVEVAISSELLE|G","7":"EQUIPEMENTS|WIFI|G","9":"EQUIPEMENTS|PARKING|G"},"criteres_datas":{"valeurs":{"2":{"PISCINE":{"descriptif":""}},"3":{"EXPOSITIONSUD":{"descriptif":""}},"5":{"LAVEVAISSELLE":{"descriptif":""}},"7":{"WIFI":{"descriptif":""}},"9":{"PARKING":{"descriptif":""}}}}}}},"critere6":{"libelle":"","contenu":{"GTYPAP":{"libelle":"Type d'appartement","contenu":{"13":"3 pi\u00e8ces"},"codesValeurs":{"13":"GTYPAP|G3PIEC|G"},"criteres_datas":{"valeurs":{"13":{"G3PIEC":{"descriptif":""}}}}},"GSUPER":{"libelle":"Superficie","contenu":{"1":"\u003Cspan class=\"quantite\"\u003E57\u003C\/span\u003E \u003Cspan class=\"libelle\"\u003Em\u00b2\u003C\/span\u003E"},"codesValeurs":{"1":"GSUPER|GSUPTO|G"},"criteres_datas":{"valeurs":{"1":{"GSUPTO":{"descriptif":""}}}}},"ZONEGEO":{"libelle":"Localisation","contenu":{"1":"Risoul station"},"codesValeurs":{"1":"ZONEGEO|FRPAHARISTATT|G"},"criteres_datas":{"valeurs":{"1":{"FRPAHARISTATT":{"descriptif":""}}}}}}},"critere7":{"libelle":"","contenu":{"GTYPRE":{"libelle":"Type de logement","contenu":{"1":"Appartement dans R\u00e9sidence"},"codesValeurs":{"1":"GTYPRE|GAPPTR|G"},"criteres_datas":{"valeurs":{"1":{"GAPPTR":{"descriptif":""}}}}}}},"critere8":{"libelle":"","contenu":[]},"critere9":{"libelle":"","contenu":[]}},"LocalisationGps":{"Latitude":"44.62218","Longitude":"6.63162"},"libelleDuPrestataire":"","vuePrestataire":{"pave1":{"libelle":"Descriptif","contenu":""},"pave2":{"libelle":"Notes Internes","contenu":""},"pave3":{"libelle":"Remise des cl\u00e9s","contenu":"\u003Cstrong font-size:=\"\" style=\"color: rgb(51, 51, 51); font-family: sans-serif, Arial, Verdana, \" trebuchet=\"\"\u003ERemise des cl&eacute;s :\u003C\/strong\u003E\u003Cbr \/\u003E\r\nEn ce qui concerne la remise des cl&eacute;s nous vous demandons de contacter&nbsp;\r\n\u003Cdiv color:=\"\" font-feature-settings:=\"\" font-kerning:=\"\" font-language-override:=\"\" font-optical-sizing:=\"\" font-size-adjust:=\"\" font-variation-settings:=\"\" helvetica=\"\" margin:=\"\" padding:=\"\" segoe=\"\" style=\"border: 0px; font-variant-numeric: inherit; font-variant-east-asian: inherit; font-variant-alternates: inherit; font-variant-position: inherit; font-variant-emoji: inherit; font-stretch: inherit; font-size: 15px; line-height: inherit; font-family: \" ui=\"\" vertical-align:=\"\" web=\"\" west=\"\"\u003E\u003Cspan style=\"font-family:arial,helvetica,sans-serif;\"\u003EMr Christophe GARCIA&nbsp;\u003C\/span\u003E\u003C\/div\u003E\r\n\r\n\u003Cdiv color:=\"\" font-feature-settings:=\"\" font-kerning:=\"\" font-language-override:=\"\" font-optical-sizing:=\"\" font-size-adjust:=\"\" font-variation-settings:=\"\" helvetica=\"\" margin:=\"\" padding:=\"\" segoe=\"\" style=\"border: 0px; font-variant-numeric: inherit; font-variant-east-asian: inherit; font-variant-alternates: inherit; font-variant-position: inherit; font-variant-emoji: inherit; font-stretch: inherit; font-size: 15px; line-height: inherit; font-family: \" ui=\"\" vertical-align:=\"\" web=\"\" west=\"\"\u003E\u003Cspan style=\"font-family:arial,helvetica,sans-serif;\"\u003ETEL : 0673875644\u003C\/span\u003E\u003C\/div\u003E\r\n\r\n\u003Cdiv color:=\"\" font-feature-settings:=\"\" font-kerning:=\"\" font-language-override:=\"\" font-optical-sizing:=\"\" font-size-adjust:=\"\" font-variation-settings:=\"\" helvetica=\"\" margin:=\"\" padding:=\"\" segoe=\"\" style=\"border: 0px; font-variant-numeric: inherit; font-variant-east-asian: inherit; font-variant-alternates: inherit; font-variant-position: inherit; font-variant-emoji: inherit; font-stretch: inherit; font-size: 15px; line-height: inherit; font-family: \" ui=\"\" vertical-align:=\"\" web=\"\" west=\"\"\u003E\u003Cspan style=\"font-family:arial,helvetica,sans-serif;\"\u003EMAIL :&nbsp;\u003C\/span\u003E\u003Ca data-linkindex=\"0\" data-ogsc=\"\" href=\"mailto:alp.cgservices@gmail.com\" style=\"border: 0px; font: inherit; margin: 0px; padding: 0px; vertical-align: baseline;\" title=\"mailto:alp.cgservices@gmail.com\"\u003E\u003Cspan style=\"font-family:arial,helvetica,sans-serif;\"\u003Ealp.cgservices@gmail.com\u003C\/span\u003E\u003C\/a\u003E\u003Cbr \/\u003E\r\n&nbsp;\r\n\u003Cp data-end=\"62\" data-start=\"0\"\u003EPossibilit&eacute; de louer des kits de draps, serviettes et tapis.\u003Cbr \/\u003E\r\nLa r&eacute;servation doit se faire directement aupr&egrave;s du service de conciergerie.\u003Cbr data-end=\"142\" data-start=\"139\" \/\u003E\r\nMerci de contacter la conciergerie &agrave; l&rsquo;avance afin d&rsquo;organiser la mise &agrave; disposition.\u003C\/p\u003E\r\n\u003Cbr \/\u003E\r\n\u003Ca data-linkindex=\"0\" data-ogsc=\"\" href=\"mailto:alp.cgservices@gmail.com\" style=\"border: 0px; font: inherit; margin: 0px; padding: 0px; vertical-align: baseline;\" title=\"mailto:alp.cgservices@gmail.com\"\u003E\u003Cstrong font-size:=\"\" style=\"color: rgb(51, 51, 51); font-family: sans-serif, Arial, Verdana, \" trebuchet=\"\"\u003E\u003Cfont color=\"#222222\" face=\"Arial, Verdana, sans-serif\"\u003E\u003Cspan style=\"font-size: 12px;\"\u003ENous vous rappelons qu&#39;une caution pour l&#39;appartement et une caution m&eacute;nage vous seront demand&eacute;es &agrave; votre arriv&eacute;e. Les cautions doivent &ecirc;tre r&eacute;gl&eacute;es par&nbsp;\u003C\/span\u003Ech&egrave;que&nbsp;\u003Cspan style=\"font-size: 12px;\"\u003Eou&nbsp;\u003C\/span\u003Eesp&egrave;ces\u003Cspan style=\"font-size: 12px;\"\u003E.&nbsp;\u003C\/span\u003E\u003C\/font\u003E\u003C\/strong\u003E\u003C\/a\u003E\u003C\/div\u003E\r\n\u003Cbr \/\u003E\r\n\u003Cstrong font-size:=\"\" style=\"color: rgb(51, 51, 51); font-family: sans-serif, Arial, Verdana, \" trebuchet=\"\"\u003E\u003Cfont color=\"#222222\" face=\"Arial, Verdana, sans-serif\"\u003E\u003Cspan style=\"font-size: 12px;\"\u003EVous trouverez ci-dessous les coordonn&eacute;es du propri&eacute;taire:\u003C\/span\u003E\u003C\/font\u003E\u003C\/strong\u003E"},"pave4":{"libelle":"Lien photo","contenu":""},"pave5":{"libelle":"Descriptif d\u00e9taill\u00e9","contenu":""},"pave6":{"libelle":"Bons plans","contenu":""},"pave7":{"libelle":"Compl\u00e9ment localisation","contenu":""},"pave8":{"libelle":"Compl\u00e9ment accueil","contenu":""},"pave9":{"libelle":"P\u00e9riode(s) d'ouverture","contenu":""},"pave10":{"libelle":"Tarifs en clair","contenu":""},"pave11":{"libelle":"Compl\u00e9ment Tarifs","contenu":""},"pave12":{"libelle":"Compl\u00e9ment R\u00e9servation","contenu":""},"pave13":{"libelle":"Descriptif court","contenu":""},"pave14":{"libelle":"Descriptif court","contenu":""},"pave15":{"libelle":"Descriptif d\u00e9taill\u00e9","contenu":""},"pave16":{"libelle":"Descriptif d\u00e9taill\u00e9","contenu":""},"pave17":{"libelle":"Compl\u00e9ment localisation","contenu":""},"pave18":{"libelle":"Compl\u00e9ment localisation","contenu":""},"pave19":{"libelle":"P\u00e9riode(s) d'ouverture","contenu":""},"pave20":{"libelle":"P\u00e9riode(s) d'ouverture","contenu":""},"pave21":{"libelle":"Tarifs en clair","contenu":""},"pave22":{"libelle":"Tarifs en clair","contenu":""},"pave23":{"libelle":"Compl\u00e9ment Tarifs","contenu":""},"pave24":{"libelle":"Compl\u00e9ment Tarifs","contenu":""},"pave25":{"libelle":"","contenu":""},"Libelle":"M CARRIER Laurent","Nom":"CARRIER","Prenom":"Laurent","NomPrenom":"CARRIER Laurent ","CiviliteNomPrenom":"M CARRIER Laurent ","Cle":"G|CARRIER","PrestataireParent":"","ContexteStat":"PRESTATAIRE-G-CARRIER","DateModificationIso":"2026-03-02T14:58:00+01:00","CiviliteLibelleNomPrenom":"Monsieur CARRIER Laurent ","Type":"PRESTATAIRE","TypePrestataire":"G","Adresse":{"LigneAdresse1":"","LigneAdresse2":"","LigneAdresse3":"","CodePostal":"","Ville":"","Cedex":"","Etat":"","Pays":"FRA"},"Email":"lolo.carrier@icloud.com","Telephone":"06 84 83 64 04","TelephoneBureau":"","Portable":"","SiteWeb":"","Fax":"","Id":"g-carrier","Code":"G|CARRIER","Fichier":[],"Url":"","Localisation":{"GoogleMap":{"Latitude":"","Longitude":""}},"ZoneGeo":"","Criteres":{"DESNEWSLE[NEWOUI":"","DESNEWSLE[ANIMATION":"","ADHERENT[OUI":"","GRESAAGENCE[RISOULRESA":"","GRESAAGENCE[GOUI":"","ORDRE[1POS":""},"DateFinPublication":"","AffichageCoordonnees":[]},"listeCriteres":{"GRESA":{"RESARISOUL":""},"RESAWEB":{"OUI":""},"GTYPRE":{"GAPPTR":""},"GTYPAP":{"G3PIEC":""},"GCLASS":{"4ET8":""},"ENREGISTRMENT":{"NUMERENREGISTREMENT":"05119 000370 KK"},"GSUPER":{"GSUPTO":"57"},"GRESID":{"DENEB":""},"ETAGE":{"3ETAGE":""},"GASCEN":{"GASCEN":""},"GBALCO":{"GBALCO":""},"GEXPOS":{"GSO":""},"ZONEGEO":{"FRPAHARISTATT":""},"GDISCE":{"DISTCENTRESTATION":"250","G1ISAL":"50","GESF":"150","GSHOP":"50","CRECHEDISTANCE":"250","ARRETN":"20","PROGAR":"100","G4ISAH":"350","MFRONTDENEIGE":"50"},"GCUISI":{"GCOINC":""},"GEQUCU":{"GQRIGA":"","GFOUR":"","GEQVIT":"3","GQAVEV":"","GFOURO":"","MACHINECAFE":"","BOUILLOIRE":"","GRILLEPAIN":"","CAFECAPSULES":"Nespresso","FREEZER":"","MIXEURBLENDER":"","HOTTE":""},"GSEJOU":{"CANAPNONCONV":"1"},"GCHAM1":{"GC1122":"1*160cm"},"GCHAM2":{"GC1L1P":"1*140cm"},"GCHAM3":{"GCH3CE":"2"},"GSDB1":{"G1BWCI":"1","G1DWCI":"1"},"GWC":{"GWCIND":"1"},"GEQSAN":{"LAVELINGESECHANT":"","SECHECHEVEUX":"","MACHINESECHANTE":""},"GEQLOI":{"TLCONNECT":"2","DVDUSB":"","WIFIGR":"","HIFI":"","ASPIRATEUR":"","G2QLCS":"","GEQLOI":"","GEQSAU":"","GEQPIS":""},"GPARKI":{"GPACO":"N\u00b09 et N\u00b029"},"GNOTE1":{"DRAPNF":"","PIERRA":"","RACLETTE":"","APPAREILFONDU":"","JEUX":""},"GANIMA":{"GANIMR":""},"GMENA":{"MNAGEMMV":""},"GCAUT":{"GCAUT":"1000\u20ac","CAUTIM":"100\u20ac"},"PRIXTC":{"LASTWEEK":""},"GPIECES":{"3PIECES":""},"EQUIPEMENTS":{"PISCINE":"","EXPOSITIONSUD":"","LAVEVAISSELLE":"","WIFI":"","PARKING":""},"GCLASSEMENT":{"4ETOILES":""},"RESADISPO":{"RESERVATION":""},"GORDRE":{"1POS":""},"GORDRERESA":{"CLASSE":""},"LABELCLASSEMENT":{"4ETOILES":""},"EQUIEMENTSPLUS":{"VERRESVIN":"","FLUTES":""},"ANNONCE":{"PARTI":""},"DESNEWSLE":{"NEWOUI":"","ANIMATION":""},"ADHERENT":{"OUI":""},"GRESAAGENCE":{"RISOULRESA":"","GOUI":""},"ORDRE":{"1POS":""}},"dansCarnetVoyage":true,"Ouverture":"","WidgetDispoRechercheDate":false,"WidgetDispoVoirLienVoirToutesDispos":true,"ChargerWidgetDispoAuClic":true,"WidgetDispo":"\u003Cspan\u003E\u003C\/span\u003E","JsOnClickBtnDispo":"\u003Cscript\u003E\n                try{\n                    WidgetDispos.addChargementAuClicBtnDispoAccordeon('PRESTATION-G-CARRIER-DENEB_34',{tabParamsWidgetDispo : {\"id\":\"G|CARRIER|DENEB_34\",\"origineListeInfo\":\"\",\"vue\":\"semaineLigne\",\"mode\":\"ajax\",\"url_fiche\":\"appartement-8-couchages-deneb-34-risoul.html\",\"id_form_contact\":\"17\",\"modeResa\":true,\"cid\":\"4\",\"rechercheResaEnCours\":false,\"version\":\"2\",\"parametersWidgetV2\":{\"el\":\"blocDispo-PRESTATION-G-CARRIER-DENEB_34\",\"object\":{\"code\":\"G|CARRIER|DENEB_34\"},\"cid\":\"4\",\"site\":{\"code\":\"SITE\",\"url\":\"https:\\\/\\\/www.risoul.com\"},\"slider\":{\"controls\":{\"arrows\":{\"enable\":true,\"showLocked\":true,\"style\":\"button\"}}},\"booking\":{\"enable\":true,\"waitForWindowLoad\":false,\"parameters\":{\"idWidget\":\"blocResa-PRESTATION-G-CARRIER-DENEB_34\",\"queryParams\":{\"action\":\"add\",\"fiche\":\"G|CARRIER|DENEB_34\"},\"withoutForm\":true}},\"options\":{\"typeDate\":\"SS\",\"elReferer\":\"PRESTATION-G-CARRIER-DENEB_34\",\"ingContext\":\"RESA\",\"urlFiche\":\"appartement-8-couchages-deneb-34-risoul.html\",\"startDate\":null,\"templates\":{\"Week\":\"semaine\",\"Days\":\"mois\"},\"plugContactForm\":\"17\"}}},idBloc : \"blocDispo-PRESTATION-G-CARRIER-DENEB_34\",prestation : \"G|CARRIER|DENEB_34\"});\n                }\n                catch(e) {\n                    \/\/console.log(e);\n                }\u003C\/script\u003E"},"html":" \n \u003Cdiv id=\"CV-PRESTATION-G-CARRIER-DENEB_34\" data-contexte-id=\"PRESTATION|G|CARRIER|DENEB_34\" data-cle=\"G|CARRIER|DENEB_34\" class=\"fiche-liste\"\u003E\n    \n\n    \u003C!-- partie photo --\u003E\n    \u003Cdiv class=\"photo\"\u003E\t\t\t\t\t\t\t\t\t\t\t\t\t\t\t\t\t\t\t\t\t\n        \u003Cdiv class=\"cadre_photo_principale\"\u003E\t\t\n        \n            \t\t\t\t\t\n                    \u003Ca href=\"appartement-8-couchages-deneb-34-risoul.html?origine=carnet#media\"\u003E\n                        \u003Cimg class=\"photo_principale\" alt=\"risoul-hebergement-risoulresa-carrier-deneb34-sejour3-2051007\" src=\"https:\/\/www.risoul.com\/medias\/images\/prestations\/multitailles\/320x240_risoul-hebergement-risoulresa-carrier-deneb34-sejour3-2051007.jpg\" itemprop=\"image\"\u003E\n                    \u003C\/a\u003E\t\t\t\t\t\t\n                \n                    \u003C\/div\u003E\t\t\t\t\t\t\t\t\t\t\t\t\t\t\t\t\t\t\t \t\t\n    \u003C\/div\u003E\n    \n    \u003C!-- partie nom prest --\u003E\n    \u003Cdiv class=\"nom\"\u003E\n        \u003Ch2\u003EAppartement 8 couchages Deneb 34\u003C\/h2\u003E\n        \n            \u003C\/div\u003E\n\n         \n    \u003C!-- partie adresse --\u003E\n    \u003Cdiv class=\"adresse\"\u003E\n    \n          \n    \u003C\/div\u003E\n    \n    \u003C!-- partie liens --\u003E\n    \u003Cdiv class=\"liens\"\u003E\n            \u003Ca class=\"btn-icon btn-view \" title=\"Voir la fiche d\u00e9taill\u00e9e\" href=\"appartement-8-couchages-deneb-34-risoul.html?origine=carnet\"\u003E\u003C\/a\u003E\u003C!--\u003Ca class=\"btn-icon btn-view \" title=\"\" href=\"?origine=carnet#thaut\"\u003E\u003C\/a\u003E--\u003E\n      \u003Ca class=\"btn-icon btn-trash carnet_voyage_supprimer\" title=\"Supprimer cette fiche de mon carnet de voyage\" href=\"carnet-voyage?action=remove&fiche=G|CARRIER|DENEB_34\"\u003E\u003C\/a\u003E\n    \u003C\/div\u003E\n\n\u003C\/div\u003E\n\n","icon":"https:\/\/static.ingenie.fr\/images\/carnetVoyageV3\/G.png"},"fiche":"G|CARRIER|DENEB_34","popup":"\u003Cdiv id=\"bloc_popup_ajout_fiche_carnet\"\u003E\n    \u003Cdiv class=\"info_popup_ajout_fiche_carnet\"\u003E\n        Vous venez d'ajouter cet \u00e9l\u00e9ment \u00e0 vos favoris :    \u003C\/div\u003E\n    \u003Cdiv class=\"prest_popup_ajout_fiche_carnet\"\u003E\n        Appartement 8 couchages Deneb 34    \u003C\/div\u003E\n    \u003Cdiv class=\"bloc_btn_ajout_fiche_carnet form_submit_div\"\u003E\n        \u003Cinput type=\"button\" value=\"Continuer ma s\u00e9lection de favoris\" title=\"Continuer ma s\u00e9lection de favoris\" name=\"btn_close\" class=\"btn_close_popup_carnet form_submit\" onclick=\"$.colorbox.close()\" \/\u003E\n        \u003Cinput type=\"button\" value=\"Voir mes favoris\" title=\"Voir mes favoris\" name=\"btn_panier\" class=\"btn_panier_popup_carnet form_submit\" onclick=\"if(typeof CarnetVoyage != 'undefined') {CarnetVoyage.voirCarnet();}\" \/\u003E\n    \u003C\/div\u003E\n    \u003Cdiv class=\"bloc_btn_ajout_fiche_carnet\"\u003E\n        \u003Cinput type=\"checkbox\" value=\"1\" name=\"desactiver_popup\" id=\"desactiver_popup\" \/\u003E\n        \u003Clabel for=\"desactiver_popup\"\u003ENe plus afficher ce message\u003C\/label\u003E\n    \u003C\/div\u003E\n\u003C\/div\u003E","success":1}