{"nbFiches":1,"dataPrest":{"infoPrest":{"pave1":{"libelle":"Descriptif","contenu":"\u003Cdiv class=\"moz-cite-prefix\" font-size:=\"\" style=\"color: rgb(51, 51, 51); font-family: sans-serif, Arial, Verdana, &quot;Trebuchet MS&quot;; font-size: 13px;\" trebuchet=\"\"\u003EPour toute r&eacute;servation de cet h&eacute;bergement vous b&eacute;n&eacute;ficiez :\u003Cbr font-size:=\"\" trebuchet=\"\" \/\u003E\r\n\u003Cspan font-size:=\"\" trebuchet=\"\"\u003E- D&rsquo;un ticket d&eacute;couverte luge d&eacute;vale\u003C\/span\u003E\u003Cbr font-size:=\"\" trebuchet=\"\" \/\u003E\r\n\u003Cbr font-size:=\"\" trebuchet=\"\" \/\u003E\r\n\u003Cspan font-size:=\"\" trebuchet=\"\"\u003EEn hiver vous b&eacute;n&eacute;ficiez &eacute;galement:\u003C\/span\u003E\u003C\/div\u003E\r\n\r\n\u003Cdiv class=\"moz-cite-prefix\" font-size:=\"\" style=\"color: rgb(51, 51, 51); font-family: sans-serif, Arial, Verdana, &quot;Trebuchet MS&quot;; font-size: 13px;\" trebuchet=\"\"\u003E- D&rsquo;une remise sur les forfaits de ski &laquo; For&ecirc;t Blanche &raquo; allant jusqu&#39;&agrave; 30 % hors vacances scolaires\u003Cbr \/\u003E\r\n\u003Cspan font-size:=\"\" trebuchet=\"\"\u003E- D&#39;un tarif pr&eacute;f&eacute;rentiel sur les cours de ski (seulement hors vacances scolaires)&nbsp;\u003C\/span\u003E\u003Cbr \/\u003E\r\n\u003Cspan font-size:=\"\" trebuchet=\"\"\u003E- D&#39;un tarif pr&eacute;f&eacute;rentiel sur la location de mat&eacute;riel de ski.\u003C\/span\u003E\u003C\/div\u003E\r\n\r\n\u003Cdiv class=\"moz-cite-prefix\" font-size:=\"\" style=\"color: rgb(51, 51, 51); font-family: sans-serif, Arial, Verdana, &quot;Trebuchet MS&quot;; font-size: 13px;\" trebuchet=\"\"\u003E- Gagner du temps &agrave; votre arriv&eacute;e en r&eacute;servant d&eacute;s maintenant votre place au parking couvert\u003Cbr font-size:=\"\" trebuchet=\"\" \/\u003E\r\n\u003Cspan font-size:=\"\" trebuchet=\"\"\u003ECes R&eacute;ductions sont valables uniquement via Risoul R&eacute;sa\u003C\/span\u003E\u003C\/div\u003E\r\n","fichiers":[]},"pave2":{"libelle":"Descriptif (site web)","contenu":"","fichiers":[]},"pave3":{"libelle":"","contenu":""},"pave4":{"libelle":"","contenu":""},"pave5":{"libelle":"","contenu":""},"pave6":{"libelle":"","contenu":""},"pave7":{"libelle":"","contenu":""},"pave8":{"libelle":"","contenu":""},"pave9":{"libelle":"","contenu":""},"pave10":{"libelle":"","contenu":""},"pave11":{"libelle":"","contenu":""},"pave12":{"libelle":"","contenu":""},"pave13":{"libelle":"","contenu":""},"pave14":{"libelle":"","contenu":""},"pave15":{"libelle":"","contenu":""},"pave16":{"libelle":"","contenu":""},"pave17":{"libelle":"","contenu":""},"pave18":{"libelle":"","contenu":""},"pave19":{"libelle":"","contenu":""},"pave20":{"libelle":"","contenu":""},"pave21":{"libelle":"","contenu":""},"pave22":{"libelle":"","contenu":""},"pave23":{"libelle":"","contenu":""},"pave24":{"libelle":"","contenu":""},"pave25":{"libelle":"","contenu":""},"Libelle":"Duplex 8 couchages Ald\u00e9baran 614","Reference":"","Reftar":"","Type":"PRESTATION","TypePrestataire":"G","ContexteStat":"PRESTATION-G-OTIMIMMO-ALDE615","DateModificationIso":"2022-09-09T11:28:00+02:00","Adresse":{"LigneAdresse1":"r\u00e9sidence Ald\u00e9baran","LigneAdresse2":"","LigneAdresse3":"","CodePostal":"05600","Ville":"RISOUL","Cedex":"","Etat":"","Pays":"FRA"},"Id":"g-otimimmo-alde615","Code":"G|OTIMIMMO|ALDE615","Cle":"G|OTIMIMMO|ALDE615","Url":"","Localisation":{"GoogleMap":{"Latitude":"","Longitude":""}},"ZoneGeo":"","Criteres":{"GTYPRE[GAPPTR":"","GTYPAP[GDUPLE":"","GSUPER[GSUPTO":"44","GRESID[ALDEBARAN":"","ETAGE[6ETAGE":"","GASCEN[GASCEN":"","GBALCO[GBALCO":"","GEXPOS[GEXSUD":"","ZONEGEO[FRPAHARISTATT":"","GDISCE[G1ISAL":"100","GDISCE[GESF":"500","GDISCE[GSHOP":"500","GDISCE[PROGAR":"500","GDISCE[G4ISAH":"500","GCUISI[GCOINC":"","GEQUCU[GQRIGA":"","GEQUCU[GPLAK":"","GEQUCU[GFOUR":"","GEQUCU[GFOURO":"","GSEJOU[GCONVG":"1","GCOINM[G2LSUP":"1","NIVSUP[CHAMBRENONFER":"1","NIVSUP[2LSMEZZ":"1","GSDB1[G1BWCI":"","GSDB1[G1DWCI":"","GWC[GWCIND":"","GEQLOI[G2QLCS":"","GNOTE1[DRAPNF":"","GNOTE1[KITLINGDRAP":"12","GNOTE1[WIFI":"39\u20ac\/semaine","GANIMA[GANIMR":"","GMENA[GMENEF":"","GMENA[GMENSU":"","GCAUT[GCAUT":"500","EQUIPEMENTS[EXPOSITIONSUD":"","EQUIPEMENTS[WIFI":"","DISTANCEPISTES[MOINSDE100":""},"Prestataire":{"pave1":{"libelle":"Descriptif","contenu":"Le ch&egrave;que de caution appartement et le ch&egrave;que de caution m&eacute;nage doivent &ecirc;tre envoy&eacute;s &agrave; l&#39;avance aupr&egrave;s de l&#39;agence r&eacute;ceptive FONCIA.\r\n\u003Cdiv style=\"margin-left: 40px;\"\u003E\u003Cstrong\u003EFONCIA&nbsp;\u003Cbr \/\u003E\r\nR&eacute;sidence des Airelles\u003Cbr \/\u003E\r\nRue principale&nbsp;\u003Cbr \/\u003E\r\n05600 RISOUL\u003C\/strong\u003E\u003C\/div\u003E\r\n"},"pave2":{"libelle":"Notes Internes","contenu":""},"pave3":{"libelle":"Remise des cl\u00e9s","contenu":"\u003Cspan style=\"font-size:12px;\"\u003E\u003Cstrong\u003ERemise des cl&eacute;s :\u003Cbr \/\u003E\r\n\u003Cbr \/\u003E\r\nAGENCE FONCIA\u003C\/strong\u003E\u003C\/span\u003E\u003Cbr \/\u003E\r\n\u003Cfont face=\"Tahoma\"\u003EMaryse Ramilson\u003C\/font\u003E\u003Cbr style=\"font-family: Tahoma; line-height: 20.8px;\" \/\u003E\r\n\u003Ca href=\"mailto:risoul-vacances@foncia.fr\"\u003Erisoul-vacances@foncia.fr\u003C\/a\u003E\u003Cbr \/\u003E\r\n\u003Cspan style=\"font-size:12px;\"\u003E\u003Cstrong\u003ER&eacute;sidence Les Airelles\u003C\/strong\u003E\u003C\/span\u003E\u003Cstrong style=\"font-size: 12px; line-height: 19.2px;\"\u003E&nbsp;\u003Cbr \/\u003E\r\nRue principale\u003C\/strong\u003E\u003Cbr \/\u003E\r\n\u003Cspan style=\"font-size:12px;\"\u003E\u003Cstrong\u003E05600 RISOUL&nbsp;\u003Cbr \/\u003E\r\n04.92.40.52.80 \/ 06.79.37.69.36\u003Cbr \/\u003E\r\n\u003Cbr \/\u003E\r\n\u003Cbr \/\u003E\r\nL&#39;agence FONCIA est ouverte du lundi au samedi de 9h &agrave; 12h et de 14h &agrave; 18h.\u003C\/strong\u003E\u003Cbr \/\u003E\r\nLa location de l&#39;appartement est consentie pour un s&eacute;jour commen&ccedil;ant le premier jour (samedi) &agrave; \u003Cstrong\u003E16 heures \u003C\/strong\u003Eet se terminant le dernier jour (samedi) &agrave;\u003Cstrong\u003E 9 heures.&nbsp;\u003C\/strong\u003E\u003Cbr \/\u003E\r\n\u003Cspan style=\"font-size:11px;\"\u003E\u003Cu\u003E\u003Cstrong\u003ELe jour du d&eacute;part:\u003C\/strong\u003E\u003C\/u\u003E\u003C\/span\u003E\u003C\/span\u003E\r\n\u003Cul\u003E\r\n\t\u003Cli\u003E\u003Cspan style=\"font-size:12px;\"\u003E\u003Cspan style=\"font-size:11px;\"\u003EMerci de laisser l&#39;appartement propre\u003C\/span\u003E\u003C\/span\u003E\u003C\/li\u003E\r\n\t\u003Cli\u003E\u003Cspan style=\"font-size:12px;\"\u003E\u003Cspan style=\"font-size:11px;\"\u003ENous vous rappelons qu&#39;il est possible de r&eacute;server &agrave; l&#39;avance un forfait nettoyage, directement aurp&eacute;s de l&#39;agence FONCIA\u003C\/span\u003E\u003C\/span\u003E\u003C\/li\u003E\r\n\t\u003Cli\u003E\u003Cspan style=\"font-size:12px;\"\u003E\u003Cspan style=\"font-size:11px;\"\u003E\u003Cspan style=\"font-size:11px;\"\u003ESi vous avez lou&eacute; du linge de maison merci de conditionner le linge et de le ramener &agrave; l&#39;agence au plus tard &agrave; 9 heures avec les &eacute;l&eacute;ment confi&eacute;s &agrave; votre arriv&eacute;e (cl&eacute;s et potentiellement bips, pass, piscine, mini-box, wifi...etc)\u003C\/span\u003E\u003C\/span\u003E\u003C\/span\u003E\u003C\/li\u003E\r\n\u003C\/ul\u003E\r\n\u003Cspan style=\"font-size:12px;\"\u003E\u003Cspan style=\"font-size:11px;\"\u003E \u003C\/span\u003EA l&#39;arriv&eacute;e, la remise des cl&eacute;s s&#39;effectue entre 16 et 18 heures. Au d&eacute;part, au plus tard &agrave; 9 heures.\u003Cbr \/\u003E\r\n\u003Cstrong\u003EEn cas d&#39;arriv&eacute;e en dehors des heures d&#39;ouverture, merci de contacter&nbsp; imp&eacute;rativement l&#39;agence afin d&#39;obtenir le code de la bo&icirc;te &agrave; cl&eacute;s.\u003C\/strong\u003E\u003C\/span\u003E\u003Cbr \/\u003E\r\n&nbsp;\r\n\u003Cdiv align=\"left\" style=\"FONT-SIZE: 13px; FONT-FAMILY: Tahoma\"\u003E\u003Cbr \/\u003E\r\n\u003Cbr \/\u003E\r\n\u003Cbr \/\u003E\r\n\u003Cbr \/\u003E\r\n\u003Cbr \/\u003E\r\n&nbsp;\u003Cbr \/\u003E\r\n&nbsp;\u003C\/div\u003E\r\n"},"pave4":{"libelle":"Lien photo","contenu":""},"pave5":{"libelle":"Descriptif d\u00e9taill\u00e9","contenu":""},"pave6":{"libelle":"Bons plans","contenu":""},"pave7":{"libelle":"Compl\u00e9ment localisation","contenu":""},"pave8":{"libelle":"Compl\u00e9ment accueil","contenu":""},"pave9":{"libelle":"P\u00e9riode(s) d'ouverture","contenu":""},"pave10":{"libelle":"Tarifs en clair","contenu":""},"pave11":{"libelle":"Compl\u00e9ment Tarifs","contenu":""},"pave12":{"libelle":"Compl\u00e9ment R\u00e9servation","contenu":""},"pave13":{"libelle":"Descriptif court","contenu":""},"pave14":{"libelle":"Descriptif court","contenu":""},"pave15":{"libelle":"Descriptif d\u00e9taill\u00e9","contenu":""},"pave16":{"libelle":"Descriptif d\u00e9taill\u00e9","contenu":""},"pave17":{"libelle":"Compl\u00e9ment localisation","contenu":""},"pave18":{"libelle":"Compl\u00e9ment localisation","contenu":""},"pave19":{"libelle":"P\u00e9riode(s) d'ouverture","contenu":""},"pave20":{"libelle":"P\u00e9riode(s) d'ouverture","contenu":""},"pave21":{"libelle":"Tarifs en clair","contenu":""},"pave22":{"libelle":"Tarifs en clair","contenu":""},"pave23":{"libelle":"Compl\u00e9ment Tarifs","contenu":""},"pave24":{"libelle":"Compl\u00e9ment Tarifs","contenu":""},"pave25":{"libelle":"","contenu":""},"ContactsParType":{"IWEB":{"279":{"id_contact":"279","type_contact":"IWEB","categorie_contact":"PRESTATAIRE","societe_contact":"OTIM IMMOBILIER","fonction_contact":"","civilite_nom_prenom_contact":"Mme Ramylson  Maryse ","adresse1_contact":"Le C\u00e9sier","adresse2_contact":"","adresse3_contact":"","cpostal_contact":"05600","ville_contact":"RISOUL","teldom_contact":"04 92 40 52 80","telbur_contact":"","fax_contact":"","portable_contact":"","email_contact":"mramilson@otim.immo","siteweb_contact":"www.otimimmobilier.com","commentaire_contact":"","langue_contact":"","autre_moyen_com":[]}}},"Libelle":"OTIM IMMOBILIER","Nom":"OTIM IMMOBILIER","Prenom":"","NomPrenom":"OTIM IMMOBILIER ","CiviliteNomPrenom":"OTIM IMMOBILIER ","Cle":"G|OTIMIMMO","PrestataireParent":"","ContexteStat":"PRESTATAIRE-G-OTIMIMMO","DateModificationIso":"2026-04-28T16:11:00+02:00","Type":"PRESTATAIRE","TypePrestataire":"G","Adresse":{"LigneAdresse1":"Le C\u00e9sier","LigneAdresse2":"","LigneAdresse3":"","CodePostal":"05600","Ville":"RISOUL","Cedex":"","Etat":"","Pays":"FRA"},"Email":"mramilson@otim.immo","Telephone":"04 92 40 52 80","TelephoneBureau":"","Portable":"","SiteWeb":"http:\/\/www.otimimmobilier.com","Fax":"","Id":"g-otimimmo","Code":"G|OTIMIMMO","Fichier":[],"Url":"","Localisation":{"GoogleMap":{"Latitude":"44.62156","Longitude":"6.63448"}},"ZoneGeo":"","Criteres":{"ORDRE[1POS":"","ITYPE[IAGENC":"","TYPE_AGENCE[MONTAGNE":"","LANGUE_PARLEE[ANGLAIS":"","GRESAAGENCE[RISOULRESA":"","GRESAAGENCE[GOUI":""},"DateFinPublication":""},"Fichier":{"Image":[{"url":"https:\/\/www.risoul.com\/medias\/images\/prestations\/risoul-hebergement-aldebaran-615-sejour2-otim-6743.jpg","chemin":"..\/medias\/images\/prestations\/risoul-hebergement-aldebaran-615-sejour2-otim-6743.jpg","libelle":"risoul-hebergement-aldebaran-615-sejour2-otim-6743","extension":"jpg","categorie":"","largeur":500,"theme":"","hauteur":375,"type":"Image","origine":"","liaisonPave":"","langue":"","id":"6743","urlVignette":"https:\/\/www.risoul.com\/medias\/images\/prestations\/v-risoul-hebergement-aldebaran-615-sejour2-otim-6743.jpg","alt":"risoul-hebergement-aldebaran-615-sejour2-otim-6743","title":"risoul-hebergement-aldebaran-615-sejour2-otim-6743","MultiTaille":{"1920x1440":{"url":"https:\/\/www.risoul.com\/medias\/images\/prestations\/multitailles\/1920x1440_risoul-hebergement-aldebaran-615-sejour2-otim-6743.jpg"},"1200x900":{"url":"https:\/\/www.risoul.com\/medias\/images\/prestations\/multitailles\/1200x900_risoul-hebergement-aldebaran-615-sejour2-otim-6743.jpg"},"800x600":{"url":"https:\/\/www.risoul.com\/medias\/images\/prestations\/multitailles\/800x600_risoul-hebergement-aldebaran-615-sejour2-otim-6743.jpg"},"640x480":{"url":"https:\/\/www.risoul.com\/medias\/images\/prestations\/multitailles\/640x480_risoul-hebergement-aldebaran-615-sejour2-otim-6743.jpg"},"320x240":{"url":"https:\/\/www.risoul.com\/medias\/images\/prestations\/multitailles\/320x240_risoul-hebergement-aldebaran-615-sejour2-otim-6743.jpg"},"160x120":{"url":"https:\/\/www.risoul.com\/medias\/images\/prestations\/multitailles\/160x120_risoul-hebergement-aldebaran-615-sejour2-otim-6743.jpg"},"origine":{"url":"https:\/\/www.risoul.com\/medias\/images\/prestations\/risoul-hebergement-aldebaran-615-sejour2-otim-6743.jpg"}},"urlLien":"","typeLien":"","nofollow":"N","copyright":""},{"url":"https:\/\/www.risoul.com\/medias\/images\/prestations\/risoul-hebergement-aldebaran-615-coin-cuisine-otim-6739.jpg","chemin":"..\/medias\/images\/prestations\/risoul-hebergement-aldebaran-615-coin-cuisine-otim-6739.jpg","libelle":"risoul-hebergement-aldebaran-615-coin-cuisine-otim-6739","extension":"jpg","categorie":"","largeur":375,"theme":"","hauteur":500,"type":"Image","origine":"","liaisonPave":"","langue":"","id":"6739","urlVignette":"https:\/\/www.risoul.com\/medias\/images\/prestations\/v-risoul-hebergement-aldebaran-615-coin-cuisine-otim-6739.jpg","alt":"risoul-hebergement-aldebaran-615-coin-cuisine-otim-6739","title":"risoul-hebergement-aldebaran-615-coin-cuisine-otim-6739","MultiTaille":{"1920x1440":{"url":"https:\/\/www.risoul.com\/medias\/images\/prestations\/multitailles\/1920x1440_risoul-hebergement-aldebaran-615-coin-cuisine-otim-6739.jpg"},"1200x900":{"url":"https:\/\/www.risoul.com\/medias\/images\/prestations\/multitailles\/1200x900_risoul-hebergement-aldebaran-615-coin-cuisine-otim-6739.jpg"},"800x600":{"url":"https:\/\/www.risoul.com\/medias\/images\/prestations\/multitailles\/800x600_risoul-hebergement-aldebaran-615-coin-cuisine-otim-6739.jpg"},"640x480":{"url":"https:\/\/www.risoul.com\/medias\/images\/prestations\/multitailles\/640x480_risoul-hebergement-aldebaran-615-coin-cuisine-otim-6739.jpg"},"320x240":{"url":"https:\/\/www.risoul.com\/medias\/images\/prestations\/multitailles\/320x240_risoul-hebergement-aldebaran-615-coin-cuisine-otim-6739.jpg"},"160x120":{"url":"https:\/\/www.risoul.com\/medias\/images\/prestations\/multitailles\/160x120_risoul-hebergement-aldebaran-615-coin-cuisine-otim-6739.jpg"},"origine":{"url":"https:\/\/www.risoul.com\/medias\/images\/prestations\/risoul-hebergement-aldebaran-615-coin-cuisine-otim-6739.jpg"}},"urlLien":"","typeLien":"","nofollow":"N","copyright":""},{"url":"https:\/\/www.risoul.com\/medias\/images\/prestations\/risoul-hebergement-chambre-aldebaran615-otim-6733.jpg","chemin":"..\/medias\/images\/prestations\/risoul-hebergement-chambre-aldebaran615-otim-6733.jpg","libelle":"risoul-hebergement-chambre-aldebaran615-otim-6733","extension":"jpg","categorie":"","largeur":500,"theme":"","hauteur":375,"type":"Image","origine":"","liaisonPave":"","langue":"","id":"6733","urlVignette":"https:\/\/www.risoul.com\/medias\/images\/prestations\/v-risoul-hebergement-chambre-aldebaran615-otim-6733.jpg","alt":"risoul-hebergement-chambre-aldebaran615-otim-6733","title":"risoul-hebergement-chambre-aldebaran615-otim-6733","MultiTaille":{"1920x1440":{"url":"https:\/\/www.risoul.com\/medias\/images\/prestations\/multitailles\/1920x1440_risoul-hebergement-chambre-aldebaran615-otim-6733.jpg"},"1200x900":{"url":"https:\/\/www.risoul.com\/medias\/images\/prestations\/multitailles\/1200x900_risoul-hebergement-chambre-aldebaran615-otim-6733.jpg"},"800x600":{"url":"https:\/\/www.risoul.com\/medias\/images\/prestations\/multitailles\/800x600_risoul-hebergement-chambre-aldebaran615-otim-6733.jpg"},"640x480":{"url":"https:\/\/www.risoul.com\/medias\/images\/prestations\/multitailles\/640x480_risoul-hebergement-chambre-aldebaran615-otim-6733.jpg"},"320x240":{"url":"https:\/\/www.risoul.com\/medias\/images\/prestations\/multitailles\/320x240_risoul-hebergement-chambre-aldebaran615-otim-6733.jpg"},"160x120":{"url":"https:\/\/www.risoul.com\/medias\/images\/prestations\/multitailles\/160x120_risoul-hebergement-chambre-aldebaran615-otim-6733.jpg"},"origine":{"url":"https:\/\/www.risoul.com\/medias\/images\/prestations\/risoul-hebergement-chambre-aldebaran615-otim-6733.jpg"}},"urlLien":"","typeLien":"","nofollow":"N","copyright":""},{"url":"https:\/\/www.risoul.com\/medias\/images\/prestations\/risoul-hebergement-aldebaran-615-chambre-lit-supp-otim-6741.jpg","chemin":"..\/medias\/images\/prestations\/risoul-hebergement-aldebaran-615-chambre-lit-supp-otim-6741.jpg","libelle":"risoul-hebergement-aldebaran-615-chambre-lit-supp-otim-6741","extension":"jpg","categorie":"","largeur":500,"theme":"","hauteur":375,"type":"Image","origine":"","liaisonPave":"","langue":"","id":"6741","urlVignette":"https:\/\/www.risoul.com\/medias\/images\/prestations\/v-risoul-hebergement-aldebaran-615-chambre-lit-supp-otim-6741.jpg","alt":"risoul-hebergement-aldebaran-615-chambre-lit-supp-otim-6741","title":"risoul-hebergement-aldebaran-615-chambre-lit-supp-otim-6741","MultiTaille":{"1920x1440":{"url":"https:\/\/www.risoul.com\/medias\/images\/prestations\/multitailles\/1920x1440_risoul-hebergement-aldebaran-615-chambre-lit-supp-otim-6741.jpg"},"1200x900":{"url":"https:\/\/www.risoul.com\/medias\/images\/prestations\/multitailles\/1200x900_risoul-hebergement-aldebaran-615-chambre-lit-supp-otim-6741.jpg"},"800x600":{"url":"https:\/\/www.risoul.com\/medias\/images\/prestations\/multitailles\/800x600_risoul-hebergement-aldebaran-615-chambre-lit-supp-otim-6741.jpg"},"640x480":{"url":"https:\/\/www.risoul.com\/medias\/images\/prestations\/multitailles\/640x480_risoul-hebergement-aldebaran-615-chambre-lit-supp-otim-6741.jpg"},"320x240":{"url":"https:\/\/www.risoul.com\/medias\/images\/prestations\/multitailles\/320x240_risoul-hebergement-aldebaran-615-chambre-lit-supp-otim-6741.jpg"},"160x120":{"url":"https:\/\/www.risoul.com\/medias\/images\/prestations\/multitailles\/160x120_risoul-hebergement-aldebaran-615-chambre-lit-supp-otim-6741.jpg"},"origine":{"url":"https:\/\/www.risoul.com\/medias\/images\/prestations\/risoul-hebergement-aldebaran-615-chambre-lit-supp-otim-6741.jpg"}},"urlLien":"","typeLien":"","nofollow":"N","copyright":""},{"url":"https:\/\/www.risoul.com\/medias\/images\/prestations\/risoul-hebergement-aldebaran-615-placard-otim-6740.jpg","chemin":"..\/medias\/images\/prestations\/risoul-hebergement-aldebaran-615-placard-otim-6740.jpg","libelle":"risoul-hebergement-aldebaran-615-placard-otim-6740","extension":"jpg","categorie":"","largeur":375,"theme":"","hauteur":500,"type":"Image","origine":"","liaisonPave":"","langue":"","id":"6740","urlVignette":"https:\/\/www.risoul.com\/medias\/images\/prestations\/v-risoul-hebergement-aldebaran-615-placard-otim-6740.jpg","alt":"risoul-hebergement-aldebaran-615-placard-otim-6740","title":"risoul-hebergement-aldebaran-615-placard-otim-6740","MultiTaille":{"1920x1440":{"url":"https:\/\/www.risoul.com\/medias\/images\/prestations\/multitailles\/1920x1440_risoul-hebergement-aldebaran-615-placard-otim-6740.jpg"},"1200x900":{"url":"https:\/\/www.risoul.com\/medias\/images\/prestations\/multitailles\/1200x900_risoul-hebergement-aldebaran-615-placard-otim-6740.jpg"},"800x600":{"url":"https:\/\/www.risoul.com\/medias\/images\/prestations\/multitailles\/800x600_risoul-hebergement-aldebaran-615-placard-otim-6740.jpg"},"640x480":{"url":"https:\/\/www.risoul.com\/medias\/images\/prestations\/multitailles\/640x480_risoul-hebergement-aldebaran-615-placard-otim-6740.jpg"},"320x240":{"url":"https:\/\/www.risoul.com\/medias\/images\/prestations\/multitailles\/320x240_risoul-hebergement-aldebaran-615-placard-otim-6740.jpg"},"160x120":{"url":"https:\/\/www.risoul.com\/medias\/images\/prestations\/multitailles\/160x120_risoul-hebergement-aldebaran-615-placard-otim-6740.jpg"},"origine":{"url":"https:\/\/www.risoul.com\/medias\/images\/prestations\/risoul-hebergement-aldebaran-615-placard-otim-6740.jpg"}},"urlLien":"","typeLien":"","nofollow":"N","copyright":""},{"url":"https:\/\/www.risoul.com\/medias\/images\/prestations\/risoul-hebergement-aldebaran-615-sdd-otim-6742.jpg","chemin":"..\/medias\/images\/prestations\/risoul-hebergement-aldebaran-615-sdd-otim-6742.jpg","libelle":"risoul-hebergement-aldebaran-615-sdd-otim-6742","extension":"jpg","categorie":"","largeur":375,"theme":"","hauteur":500,"type":"Image","origine":"","liaisonPave":"","langue":"","id":"6742","urlVignette":"https:\/\/www.risoul.com\/medias\/images\/prestations\/v-risoul-hebergement-aldebaran-615-sdd-otim-6742.jpg","alt":"risoul-hebergement-aldebaran-615-sdd-otim-6742","title":"risoul-hebergement-aldebaran-615-sdd-otim-6742","MultiTaille":{"1920x1440":{"url":"https:\/\/www.risoul.com\/medias\/images\/prestations\/multitailles\/1920x1440_risoul-hebergement-aldebaran-615-sdd-otim-6742.jpg"},"1200x900":{"url":"https:\/\/www.risoul.com\/medias\/images\/prestations\/multitailles\/1200x900_risoul-hebergement-aldebaran-615-sdd-otim-6742.jpg"},"800x600":{"url":"https:\/\/www.risoul.com\/medias\/images\/prestations\/multitailles\/800x600_risoul-hebergement-aldebaran-615-sdd-otim-6742.jpg"},"640x480":{"url":"https:\/\/www.risoul.com\/medias\/images\/prestations\/multitailles\/640x480_risoul-hebergement-aldebaran-615-sdd-otim-6742.jpg"},"320x240":{"url":"https:\/\/www.risoul.com\/medias\/images\/prestations\/multitailles\/320x240_risoul-hebergement-aldebaran-615-sdd-otim-6742.jpg"},"160x120":{"url":"https:\/\/www.risoul.com\/medias\/images\/prestations\/multitailles\/160x120_risoul-hebergement-aldebaran-615-sdd-otim-6742.jpg"},"origine":{"url":"https:\/\/www.risoul.com\/medias\/images\/prestations\/risoul-hebergement-aldebaran-615-sdd-otim-6742.jpg"}},"urlLien":"","typeLien":"","nofollow":"N","copyright":""},{"url":"https:\/\/www.risoul.com\/medias\/images\/prestations\/risoul-hebergement-aldebaran-615-vue-otim-6744.jpg","chemin":"..\/medias\/images\/prestations\/risoul-hebergement-aldebaran-615-vue-otim-6744.jpg","libelle":"risoul-hebergement-aldebaran-615-vue-otim-6744","extension":"jpg","categorie":"","largeur":375,"theme":"","hauteur":500,"type":"Image","origine":"","liaisonPave":"","langue":"","id":"6744","urlVignette":"https:\/\/www.risoul.com\/medias\/images\/prestations\/v-risoul-hebergement-aldebaran-615-vue-otim-6744.jpg","alt":"risoul-hebergement-aldebaran-615-vue-otim-6744","title":"risoul-hebergement-aldebaran-615-vue-otim-6744","MultiTaille":{"1920x1440":{"url":"https:\/\/www.risoul.com\/medias\/images\/prestations\/multitailles\/1920x1440_risoul-hebergement-aldebaran-615-vue-otim-6744.jpg"},"1200x900":{"url":"https:\/\/www.risoul.com\/medias\/images\/prestations\/multitailles\/1200x900_risoul-hebergement-aldebaran-615-vue-otim-6744.jpg"},"800x600":{"url":"https:\/\/www.risoul.com\/medias\/images\/prestations\/multitailles\/800x600_risoul-hebergement-aldebaran-615-vue-otim-6744.jpg"},"640x480":{"url":"https:\/\/www.risoul.com\/medias\/images\/prestations\/multitailles\/640x480_risoul-hebergement-aldebaran-615-vue-otim-6744.jpg"},"320x240":{"url":"https:\/\/www.risoul.com\/medias\/images\/prestations\/multitailles\/320x240_risoul-hebergement-aldebaran-615-vue-otim-6744.jpg"},"160x120":{"url":"https:\/\/www.risoul.com\/medias\/images\/prestations\/multitailles\/160x120_risoul-hebergement-aldebaran-615-vue-otim-6744.jpg"},"origine":{"url":"https:\/\/www.risoul.com\/medias\/images\/prestations\/risoul-hebergement-aldebaran-615-vue-otim-6744.jpg"}},"urlLien":"","typeLien":"","nofollow":"N","copyright":""}],"ByCategorie":{"":[{"url":"https:\/\/www.risoul.com\/medias\/images\/prestations\/risoul-hebergement-aldebaran-615-sejour2-otim-6743.jpg","chemin":"..\/medias\/images\/prestations\/risoul-hebergement-aldebaran-615-sejour2-otim-6743.jpg","libelle":"risoul-hebergement-aldebaran-615-sejour2-otim-6743","extension":"jpg","categorie":"","largeur":500,"theme":"","hauteur":375,"type":"Image","origine":"","liaisonPave":"","langue":"","id":"6743","urlVignette":"https:\/\/www.risoul.com\/medias\/images\/prestations\/v-risoul-hebergement-aldebaran-615-sejour2-otim-6743.jpg","alt":"risoul-hebergement-aldebaran-615-sejour2-otim-6743","title":"risoul-hebergement-aldebaran-615-sejour2-otim-6743","MultiTaille":{"1920x1440":{"url":"https:\/\/www.risoul.com\/medias\/images\/prestations\/multitailles\/1920x1440_risoul-hebergement-aldebaran-615-sejour2-otim-6743.jpg"},"1200x900":{"url":"https:\/\/www.risoul.com\/medias\/images\/prestations\/multitailles\/1200x900_risoul-hebergement-aldebaran-615-sejour2-otim-6743.jpg"},"800x600":{"url":"https:\/\/www.risoul.com\/medias\/images\/prestations\/multitailles\/800x600_risoul-hebergement-aldebaran-615-sejour2-otim-6743.jpg"},"640x480":{"url":"https:\/\/www.risoul.com\/medias\/images\/prestations\/multitailles\/640x480_risoul-hebergement-aldebaran-615-sejour2-otim-6743.jpg"},"320x240":{"url":"https:\/\/www.risoul.com\/medias\/images\/prestations\/multitailles\/320x240_risoul-hebergement-aldebaran-615-sejour2-otim-6743.jpg"},"160x120":{"url":"https:\/\/www.risoul.com\/medias\/images\/prestations\/multitailles\/160x120_risoul-hebergement-aldebaran-615-sejour2-otim-6743.jpg"},"origine":{"url":"https:\/\/www.risoul.com\/medias\/images\/prestations\/risoul-hebergement-aldebaran-615-sejour2-otim-6743.jpg"}},"urlLien":"","typeLien":"","nofollow":"N","copyright":""},{"url":"https:\/\/www.risoul.com\/medias\/images\/prestations\/risoul-hebergement-aldebaran-615-coin-cuisine-otim-6739.jpg","chemin":"..\/medias\/images\/prestations\/risoul-hebergement-aldebaran-615-coin-cuisine-otim-6739.jpg","libelle":"risoul-hebergement-aldebaran-615-coin-cuisine-otim-6739","extension":"jpg","categorie":"","largeur":375,"theme":"","hauteur":500,"type":"Image","origine":"","liaisonPave":"","langue":"","id":"6739","urlVignette":"https:\/\/www.risoul.com\/medias\/images\/prestations\/v-risoul-hebergement-aldebaran-615-coin-cuisine-otim-6739.jpg","alt":"risoul-hebergement-aldebaran-615-coin-cuisine-otim-6739","title":"risoul-hebergement-aldebaran-615-coin-cuisine-otim-6739","MultiTaille":{"1920x1440":{"url":"https:\/\/www.risoul.com\/medias\/images\/prestations\/multitailles\/1920x1440_risoul-hebergement-aldebaran-615-coin-cuisine-otim-6739.jpg"},"1200x900":{"url":"https:\/\/www.risoul.com\/medias\/images\/prestations\/multitailles\/1200x900_risoul-hebergement-aldebaran-615-coin-cuisine-otim-6739.jpg"},"800x600":{"url":"https:\/\/www.risoul.com\/medias\/images\/prestations\/multitailles\/800x600_risoul-hebergement-aldebaran-615-coin-cuisine-otim-6739.jpg"},"640x480":{"url":"https:\/\/www.risoul.com\/medias\/images\/prestations\/multitailles\/640x480_risoul-hebergement-aldebaran-615-coin-cuisine-otim-6739.jpg"},"320x240":{"url":"https:\/\/www.risoul.com\/medias\/images\/prestations\/multitailles\/320x240_risoul-hebergement-aldebaran-615-coin-cuisine-otim-6739.jpg"},"160x120":{"url":"https:\/\/www.risoul.com\/medias\/images\/prestations\/multitailles\/160x120_risoul-hebergement-aldebaran-615-coin-cuisine-otim-6739.jpg"},"origine":{"url":"https:\/\/www.risoul.com\/medias\/images\/prestations\/risoul-hebergement-aldebaran-615-coin-cuisine-otim-6739.jpg"}},"urlLien":"","typeLien":"","nofollow":"N","copyright":""},{"url":"https:\/\/www.risoul.com\/medias\/images\/prestations\/risoul-hebergement-chambre-aldebaran615-otim-6733.jpg","chemin":"..\/medias\/images\/prestations\/risoul-hebergement-chambre-aldebaran615-otim-6733.jpg","libelle":"risoul-hebergement-chambre-aldebaran615-otim-6733","extension":"jpg","categorie":"","largeur":500,"theme":"","hauteur":375,"type":"Image","origine":"","liaisonPave":"","langue":"","id":"6733","urlVignette":"https:\/\/www.risoul.com\/medias\/images\/prestations\/v-risoul-hebergement-chambre-aldebaran615-otim-6733.jpg","alt":"risoul-hebergement-chambre-aldebaran615-otim-6733","title":"risoul-hebergement-chambre-aldebaran615-otim-6733","MultiTaille":{"1920x1440":{"url":"https:\/\/www.risoul.com\/medias\/images\/prestations\/multitailles\/1920x1440_risoul-hebergement-chambre-aldebaran615-otim-6733.jpg"},"1200x900":{"url":"https:\/\/www.risoul.com\/medias\/images\/prestations\/multitailles\/1200x900_risoul-hebergement-chambre-aldebaran615-otim-6733.jpg"},"800x600":{"url":"https:\/\/www.risoul.com\/medias\/images\/prestations\/multitailles\/800x600_risoul-hebergement-chambre-aldebaran615-otim-6733.jpg"},"640x480":{"url":"https:\/\/www.risoul.com\/medias\/images\/prestations\/multitailles\/640x480_risoul-hebergement-chambre-aldebaran615-otim-6733.jpg"},"320x240":{"url":"https:\/\/www.risoul.com\/medias\/images\/prestations\/multitailles\/320x240_risoul-hebergement-chambre-aldebaran615-otim-6733.jpg"},"160x120":{"url":"https:\/\/www.risoul.com\/medias\/images\/prestations\/multitailles\/160x120_risoul-hebergement-chambre-aldebaran615-otim-6733.jpg"},"origine":{"url":"https:\/\/www.risoul.com\/medias\/images\/prestations\/risoul-hebergement-chambre-aldebaran615-otim-6733.jpg"}},"urlLien":"","typeLien":"","nofollow":"N","copyright":""},{"url":"https:\/\/www.risoul.com\/medias\/images\/prestations\/risoul-hebergement-aldebaran-615-chambre-lit-supp-otim-6741.jpg","chemin":"..\/medias\/images\/prestations\/risoul-hebergement-aldebaran-615-chambre-lit-supp-otim-6741.jpg","libelle":"risoul-hebergement-aldebaran-615-chambre-lit-supp-otim-6741","extension":"jpg","categorie":"","largeur":500,"theme":"","hauteur":375,"type":"Image","origine":"","liaisonPave":"","langue":"","id":"6741","urlVignette":"https:\/\/www.risoul.com\/medias\/images\/prestations\/v-risoul-hebergement-aldebaran-615-chambre-lit-supp-otim-6741.jpg","alt":"risoul-hebergement-aldebaran-615-chambre-lit-supp-otim-6741","title":"risoul-hebergement-aldebaran-615-chambre-lit-supp-otim-6741","MultiTaille":{"1920x1440":{"url":"https:\/\/www.risoul.com\/medias\/images\/prestations\/multitailles\/1920x1440_risoul-hebergement-aldebaran-615-chambre-lit-supp-otim-6741.jpg"},"1200x900":{"url":"https:\/\/www.risoul.com\/medias\/images\/prestations\/multitailles\/1200x900_risoul-hebergement-aldebaran-615-chambre-lit-supp-otim-6741.jpg"},"800x600":{"url":"https:\/\/www.risoul.com\/medias\/images\/prestations\/multitailles\/800x600_risoul-hebergement-aldebaran-615-chambre-lit-supp-otim-6741.jpg"},"640x480":{"url":"https:\/\/www.risoul.com\/medias\/images\/prestations\/multitailles\/640x480_risoul-hebergement-aldebaran-615-chambre-lit-supp-otim-6741.jpg"},"320x240":{"url":"https:\/\/www.risoul.com\/medias\/images\/prestations\/multitailles\/320x240_risoul-hebergement-aldebaran-615-chambre-lit-supp-otim-6741.jpg"},"160x120":{"url":"https:\/\/www.risoul.com\/medias\/images\/prestations\/multitailles\/160x120_risoul-hebergement-aldebaran-615-chambre-lit-supp-otim-6741.jpg"},"origine":{"url":"https:\/\/www.risoul.com\/medias\/images\/prestations\/risoul-hebergement-aldebaran-615-chambre-lit-supp-otim-6741.jpg"}},"urlLien":"","typeLien":"","nofollow":"N","copyright":""},{"url":"https:\/\/www.risoul.com\/medias\/images\/prestations\/risoul-hebergement-aldebaran-615-placard-otim-6740.jpg","chemin":"..\/medias\/images\/prestations\/risoul-hebergement-aldebaran-615-placard-otim-6740.jpg","libelle":"risoul-hebergement-aldebaran-615-placard-otim-6740","extension":"jpg","categorie":"","largeur":375,"theme":"","hauteur":500,"type":"Image","origine":"","liaisonPave":"","langue":"","id":"6740","urlVignette":"https:\/\/www.risoul.com\/medias\/images\/prestations\/v-risoul-hebergement-aldebaran-615-placard-otim-6740.jpg","alt":"risoul-hebergement-aldebaran-615-placard-otim-6740","title":"risoul-hebergement-aldebaran-615-placard-otim-6740","MultiTaille":{"1920x1440":{"url":"https:\/\/www.risoul.com\/medias\/images\/prestations\/multitailles\/1920x1440_risoul-hebergement-aldebaran-615-placard-otim-6740.jpg"},"1200x900":{"url":"https:\/\/www.risoul.com\/medias\/images\/prestations\/multitailles\/1200x900_risoul-hebergement-aldebaran-615-placard-otim-6740.jpg"},"800x600":{"url":"https:\/\/www.risoul.com\/medias\/images\/prestations\/multitailles\/800x600_risoul-hebergement-aldebaran-615-placard-otim-6740.jpg"},"640x480":{"url":"https:\/\/www.risoul.com\/medias\/images\/prestations\/multitailles\/640x480_risoul-hebergement-aldebaran-615-placard-otim-6740.jpg"},"320x240":{"url":"https:\/\/www.risoul.com\/medias\/images\/prestations\/multitailles\/320x240_risoul-hebergement-aldebaran-615-placard-otim-6740.jpg"},"160x120":{"url":"https:\/\/www.risoul.com\/medias\/images\/prestations\/multitailles\/160x120_risoul-hebergement-aldebaran-615-placard-otim-6740.jpg"},"origine":{"url":"https:\/\/www.risoul.com\/medias\/images\/prestations\/risoul-hebergement-aldebaran-615-placard-otim-6740.jpg"}},"urlLien":"","typeLien":"","nofollow":"N","copyright":""},{"url":"https:\/\/www.risoul.com\/medias\/images\/prestations\/risoul-hebergement-aldebaran-615-sdd-otim-6742.jpg","chemin":"..\/medias\/images\/prestations\/risoul-hebergement-aldebaran-615-sdd-otim-6742.jpg","libelle":"risoul-hebergement-aldebaran-615-sdd-otim-6742","extension":"jpg","categorie":"","largeur":375,"theme":"","hauteur":500,"type":"Image","origine":"","liaisonPave":"","langue":"","id":"6742","urlVignette":"https:\/\/www.risoul.com\/medias\/images\/prestations\/v-risoul-hebergement-aldebaran-615-sdd-otim-6742.jpg","alt":"risoul-hebergement-aldebaran-615-sdd-otim-6742","title":"risoul-hebergement-aldebaran-615-sdd-otim-6742","MultiTaille":{"1920x1440":{"url":"https:\/\/www.risoul.com\/medias\/images\/prestations\/multitailles\/1920x1440_risoul-hebergement-aldebaran-615-sdd-otim-6742.jpg"},"1200x900":{"url":"https:\/\/www.risoul.com\/medias\/images\/prestations\/multitailles\/1200x900_risoul-hebergement-aldebaran-615-sdd-otim-6742.jpg"},"800x600":{"url":"https:\/\/www.risoul.com\/medias\/images\/prestations\/multitailles\/800x600_risoul-hebergement-aldebaran-615-sdd-otim-6742.jpg"},"640x480":{"url":"https:\/\/www.risoul.com\/medias\/images\/prestations\/multitailles\/640x480_risoul-hebergement-aldebaran-615-sdd-otim-6742.jpg"},"320x240":{"url":"https:\/\/www.risoul.com\/medias\/images\/prestations\/multitailles\/320x240_risoul-hebergement-aldebaran-615-sdd-otim-6742.jpg"},"160x120":{"url":"https:\/\/www.risoul.com\/medias\/images\/prestations\/multitailles\/160x120_risoul-hebergement-aldebaran-615-sdd-otim-6742.jpg"},"origine":{"url":"https:\/\/www.risoul.com\/medias\/images\/prestations\/risoul-hebergement-aldebaran-615-sdd-otim-6742.jpg"}},"urlLien":"","typeLien":"","nofollow":"N","copyright":""},{"url":"https:\/\/www.risoul.com\/medias\/images\/prestations\/risoul-hebergement-aldebaran-615-vue-otim-6744.jpg","chemin":"..\/medias\/images\/prestations\/risoul-hebergement-aldebaran-615-vue-otim-6744.jpg","libelle":"risoul-hebergement-aldebaran-615-vue-otim-6744","extension":"jpg","categorie":"","largeur":375,"theme":"","hauteur":500,"type":"Image","origine":"","liaisonPave":"","langue":"","id":"6744","urlVignette":"https:\/\/www.risoul.com\/medias\/images\/prestations\/v-risoul-hebergement-aldebaran-615-vue-otim-6744.jpg","alt":"risoul-hebergement-aldebaran-615-vue-otim-6744","title":"risoul-hebergement-aldebaran-615-vue-otim-6744","MultiTaille":{"1920x1440":{"url":"https:\/\/www.risoul.com\/medias\/images\/prestations\/multitailles\/1920x1440_risoul-hebergement-aldebaran-615-vue-otim-6744.jpg"},"1200x900":{"url":"https:\/\/www.risoul.com\/medias\/images\/prestations\/multitailles\/1200x900_risoul-hebergement-aldebaran-615-vue-otim-6744.jpg"},"800x600":{"url":"https:\/\/www.risoul.com\/medias\/images\/prestations\/multitailles\/800x600_risoul-hebergement-aldebaran-615-vue-otim-6744.jpg"},"640x480":{"url":"https:\/\/www.risoul.com\/medias\/images\/prestations\/multitailles\/640x480_risoul-hebergement-aldebaran-615-vue-otim-6744.jpg"},"320x240":{"url":"https:\/\/www.risoul.com\/medias\/images\/prestations\/multitailles\/320x240_risoul-hebergement-aldebaran-615-vue-otim-6744.jpg"},"160x120":{"url":"https:\/\/www.risoul.com\/medias\/images\/prestations\/multitailles\/160x120_risoul-hebergement-aldebaran-615-vue-otim-6744.jpg"},"origine":{"url":"https:\/\/www.risoul.com\/medias\/images\/prestations\/risoul-hebergement-aldebaran-615-vue-otim-6744.jpg"}},"urlLien":"","typeLien":"","nofollow":"N","copyright":""}]}},"DateDebPublication":"","DateFinPublication":"","PrixAPartirDe":"","PrixPour":"","FicheListeEnCours":"","ParametresModele":{"AfficherPhotos":1,"NbPhotosMax":6,"AfficherReserver":0,"AfficherContact":0,"AfficherSalle":1,"AfficherZoneGeo":0,"AfficherEnSavoirPlus":1,"AfficherUneSeuleOuverture":0,"AfficherContactCarte":0,"AfficherTarifsChaudAPartirDe":0,"AfficherTarifChaudSansRecherche":0,"AfficherTypeCarte":["GOOGLE_MAPS"],"ComportementResa":false,"ComportementDispo":false},"AffichageCoordonnees":[],"Coordonnees":{"Ville":"RISOUL"},"ContexteId":"PRESTATION|G|OTIMIMMO|ALDE615","ContexteIdHtml":"PRESTATION-G-OTIMIMMO-ALDE615","cleContexte":"G|OTIMIMMO|ALDE615","Bloc":{"texte1":"","texte3":"","critere1":{"libelle":"","contenu":[]},"critere2":{"libelle":"","contenu":[]},"critere3":{"libelle":"","contenu":[]},"critere4":{"libelle":"","contenu":[]},"critere5":{"libelle":"","contenu":[]},"critere6":{"libelle":"","contenu":[]},"critere7":{"libelle":"","contenu":[]},"critere8":{"libelle":"","contenu":[]},"critere9":{"libelle":"","contenu":[]}},"libelleDuPrestataire":"","vuePrestataire":{"pave1":{"libelle":"Descriptif","contenu":"Le ch&egrave;que de caution appartement et le ch&egrave;que de caution m&eacute;nage doivent &ecirc;tre envoy&eacute;s &agrave; l&#39;avance aupr&egrave;s de l&#39;agence r&eacute;ceptive FONCIA.\r\n\u003Cdiv style=\"margin-left: 40px;\"\u003E\u003Cstrong\u003EFONCIA&nbsp;\u003Cbr \/\u003E\r\nR&eacute;sidence des Airelles\u003Cbr \/\u003E\r\nRue principale&nbsp;\u003Cbr \/\u003E\r\n05600 RISOUL\u003C\/strong\u003E\u003C\/div\u003E\r\n"},"pave2":{"libelle":"Notes Internes","contenu":""},"pave3":{"libelle":"Remise des cl\u00e9s","contenu":"\u003Cspan style=\"font-size:12px;\"\u003E\u003Cstrong\u003ERemise des cl&eacute;s :\u003Cbr \/\u003E\r\n\u003Cbr \/\u003E\r\nAGENCE FONCIA\u003C\/strong\u003E\u003C\/span\u003E\u003Cbr \/\u003E\r\n\u003Cfont face=\"Tahoma\"\u003EMaryse Ramilson\u003C\/font\u003E\u003Cbr style=\"font-family: Tahoma; line-height: 20.8px;\" \/\u003E\r\n\u003Ca href=\"mailto:risoul-vacances@foncia.fr\"\u003Erisoul-vacances@foncia.fr\u003C\/a\u003E\u003Cbr \/\u003E\r\n\u003Cspan style=\"font-size:12px;\"\u003E\u003Cstrong\u003ER&eacute;sidence Les Airelles\u003C\/strong\u003E\u003C\/span\u003E\u003Cstrong style=\"font-size: 12px; line-height: 19.2px;\"\u003E&nbsp;\u003Cbr \/\u003E\r\nRue principale\u003C\/strong\u003E\u003Cbr \/\u003E\r\n\u003Cspan style=\"font-size:12px;\"\u003E\u003Cstrong\u003E05600 RISOUL&nbsp;\u003Cbr \/\u003E\r\n04.92.40.52.80 \/ 06.79.37.69.36\u003Cbr \/\u003E\r\n\u003Cbr \/\u003E\r\n\u003Cbr \/\u003E\r\nL&#39;agence FONCIA est ouverte du lundi au samedi de 9h &agrave; 12h et de 14h &agrave; 18h.\u003C\/strong\u003E\u003Cbr \/\u003E\r\nLa location de l&#39;appartement est consentie pour un s&eacute;jour commen&ccedil;ant le premier jour (samedi) &agrave; \u003Cstrong\u003E16 heures \u003C\/strong\u003Eet se terminant le dernier jour (samedi) &agrave;\u003Cstrong\u003E 9 heures.&nbsp;\u003C\/strong\u003E\u003Cbr \/\u003E\r\n\u003Cspan style=\"font-size:11px;\"\u003E\u003Cu\u003E\u003Cstrong\u003ELe jour du d&eacute;part:\u003C\/strong\u003E\u003C\/u\u003E\u003C\/span\u003E\u003C\/span\u003E\r\n\u003Cul\u003E\r\n\t\u003Cli\u003E\u003Cspan style=\"font-size:12px;\"\u003E\u003Cspan style=\"font-size:11px;\"\u003EMerci de laisser l&#39;appartement propre\u003C\/span\u003E\u003C\/span\u003E\u003C\/li\u003E\r\n\t\u003Cli\u003E\u003Cspan style=\"font-size:12px;\"\u003E\u003Cspan style=\"font-size:11px;\"\u003ENous vous rappelons qu&#39;il est possible de r&eacute;server &agrave; l&#39;avance un forfait nettoyage, directement aurp&eacute;s de l&#39;agence FONCIA\u003C\/span\u003E\u003C\/span\u003E\u003C\/li\u003E\r\n\t\u003Cli\u003E\u003Cspan style=\"font-size:12px;\"\u003E\u003Cspan style=\"font-size:11px;\"\u003E\u003Cspan style=\"font-size:11px;\"\u003ESi vous avez lou&eacute; du linge de maison merci de conditionner le linge et de le ramener &agrave; l&#39;agence au plus tard &agrave; 9 heures avec les &eacute;l&eacute;ment confi&eacute;s &agrave; votre arriv&eacute;e (cl&eacute;s et potentiellement bips, pass, piscine, mini-box, wifi...etc)\u003C\/span\u003E\u003C\/span\u003E\u003C\/span\u003E\u003C\/li\u003E\r\n\u003C\/ul\u003E\r\n\u003Cspan style=\"font-size:12px;\"\u003E\u003Cspan style=\"font-size:11px;\"\u003E \u003C\/span\u003EA l&#39;arriv&eacute;e, la remise des cl&eacute;s s&#39;effectue entre 16 et 18 heures. Au d&eacute;part, au plus tard &agrave; 9 heures.\u003Cbr \/\u003E\r\n\u003Cstrong\u003EEn cas d&#39;arriv&eacute;e en dehors des heures d&#39;ouverture, merci de contacter&nbsp; imp&eacute;rativement l&#39;agence afin d&#39;obtenir le code de la bo&icirc;te &agrave; cl&eacute;s.\u003C\/strong\u003E\u003C\/span\u003E\u003Cbr \/\u003E\r\n&nbsp;\r\n\u003Cdiv align=\"left\" style=\"FONT-SIZE: 13px; FONT-FAMILY: Tahoma\"\u003E\u003Cbr \/\u003E\r\n\u003Cbr \/\u003E\r\n\u003Cbr \/\u003E\r\n\u003Cbr \/\u003E\r\n\u003Cbr \/\u003E\r\n&nbsp;\u003Cbr \/\u003E\r\n&nbsp;\u003C\/div\u003E\r\n"},"pave4":{"libelle":"Lien photo","contenu":""},"pave5":{"libelle":"Descriptif d\u00e9taill\u00e9","contenu":""},"pave6":{"libelle":"Bons plans","contenu":""},"pave7":{"libelle":"Compl\u00e9ment localisation","contenu":""},"pave8":{"libelle":"Compl\u00e9ment accueil","contenu":""},"pave9":{"libelle":"P\u00e9riode(s) d'ouverture","contenu":""},"pave10":{"libelle":"Tarifs en clair","contenu":""},"pave11":{"libelle":"Compl\u00e9ment Tarifs","contenu":""},"pave12":{"libelle":"Compl\u00e9ment R\u00e9servation","contenu":""},"pave13":{"libelle":"Descriptif court","contenu":""},"pave14":{"libelle":"Descriptif court","contenu":""},"pave15":{"libelle":"Descriptif d\u00e9taill\u00e9","contenu":""},"pave16":{"libelle":"Descriptif d\u00e9taill\u00e9","contenu":""},"pave17":{"libelle":"Compl\u00e9ment localisation","contenu":""},"pave18":{"libelle":"Compl\u00e9ment localisation","contenu":""},"pave19":{"libelle":"P\u00e9riode(s) d'ouverture","contenu":""},"pave20":{"libelle":"P\u00e9riode(s) d'ouverture","contenu":""},"pave21":{"libelle":"Tarifs en clair","contenu":""},"pave22":{"libelle":"Tarifs en clair","contenu":""},"pave23":{"libelle":"Compl\u00e9ment Tarifs","contenu":""},"pave24":{"libelle":"Compl\u00e9ment Tarifs","contenu":""},"pave25":{"libelle":"","contenu":""},"ContactsParType":{"IWEB":{"279":{"id_contact":"279","type_contact":"IWEB","categorie_contact":"PRESTATAIRE","societe_contact":"OTIM IMMOBILIER","fonction_contact":"","civilite_nom_prenom_contact":"Mme Ramylson  Maryse ","adresse1_contact":"Le C\u00e9sier","adresse2_contact":"","adresse3_contact":"","cpostal_contact":"05600","ville_contact":"RISOUL","teldom_contact":"04 92 40 52 80","telbur_contact":"","fax_contact":"","portable_contact":"","email_contact":"mramilson@otim.immo","siteweb_contact":"www.otimimmobilier.com","commentaire_contact":"","langue_contact":"","autre_moyen_com":[]}}},"Libelle":"OTIM IMMOBILIER","Nom":"OTIM IMMOBILIER","Prenom":"","NomPrenom":"OTIM IMMOBILIER ","CiviliteNomPrenom":"OTIM IMMOBILIER ","Cle":"G|OTIMIMMO","PrestataireParent":"","ContexteStat":"PRESTATAIRE-G-OTIMIMMO","DateModificationIso":"2026-04-28T16:11:00+02:00","Type":"PRESTATAIRE","TypePrestataire":"G","Adresse":{"LigneAdresse1":"Le C\u00e9sier","LigneAdresse2":"","LigneAdresse3":"","CodePostal":"05600","Ville":"RISOUL","Cedex":"","Etat":"","Pays":"FRA"},"Email":"mramilson@otim.immo","Telephone":"04 92 40 52 80","TelephoneBureau":"","Portable":"","SiteWeb":"http:\/\/www.otimimmobilier.com","Fax":"","Id":"g-otimimmo","Code":"G|OTIMIMMO","Fichier":[],"Url":"","Localisation":{"GoogleMap":{"Latitude":"44.62156","Longitude":"6.63448"}},"ZoneGeo":"","Criteres":{"ORDRE[1POS":"","ITYPE[IAGENC":"","TYPE_AGENCE[MONTAGNE":"","LANGUE_PARLEE[ANGLAIS":"","GRESAAGENCE[RISOULRESA":"","GRESAAGENCE[GOUI":""},"DateFinPublication":"","AffichageCoordonnees":[]},"listeCriteres":{"GTYPRE":{"GAPPTR":""},"GTYPAP":{"GDUPLE":""},"GSUPER":{"GSUPTO":"44"},"GRESID":{"ALDEBARAN":""},"ETAGE":{"6ETAGE":""},"GASCEN":{"GASCEN":""},"GBALCO":{"GBALCO":""},"GEXPOS":{"GEXSUD":""},"ZONEGEO":{"FRPAHARISTATT":""},"GDISCE":{"G1ISAL":"100","GESF":"500","GSHOP":"500","PROGAR":"500","G4ISAH":"500"},"GCUISI":{"GCOINC":""},"GEQUCU":{"GQRIGA":"","GPLAK":"","GFOUR":"","GFOURO":""},"GSEJOU":{"GCONVG":"1"},"GCOINM":{"G2LSUP":"1"},"NIVSUP":{"CHAMBRENONFER":"1","2LSMEZZ":"1"},"GSDB1":{"G1BWCI":"","G1DWCI":""},"GWC":{"GWCIND":""},"GEQLOI":{"G2QLCS":""},"GNOTE1":{"DRAPNF":"","KITLINGDRAP":"12","WIFI":"39\u20ac\/semaine"},"GANIMA":{"GANIMR":""},"GMENA":{"GMENEF":"","GMENSU":""},"GCAUT":{"GCAUT":"500"},"EQUIPEMENTS":{"EXPOSITIONSUD":"","WIFI":""},"DISTANCEPISTES":{"MOINSDE100":""},"ORDRE":{"1POS":""},"ITYPE":{"IAGENC":""},"TYPE_AGENCE":{"MONTAGNE":""},"LANGUE_PARLEE":{"ANGLAIS":""},"GRESAAGENCE":{"RISOULRESA":"","GOUI":""}},"dansCarnetVoyage":true,"Ouverture":""},"html":" \n \u003Cdiv id=\"CV-PRESTATION-G-OTIMIMMO-ALDE615\" data-contexte-id=\"PRESTATION|G|OTIMIMMO|ALDE615\" data-cle=\"G|OTIMIMMO|ALDE615\" class=\"fiche-liste\"\u003E\n    \n\n    \u003C!-- partie photo --\u003E\n    \u003Cdiv class=\"photo\"\u003E\t\t\t\t\t\t\t\t\t\t\t\t\t\t\t\t\t\t\t\t\t\n        \u003Cdiv class=\"cadre_photo_principale\"\u003E\t\t\n        \n            \t\t\t\t\t\n                    \u003Ca href=\"?origine=carnet#media\"\u003E\n                        \u003Cimg class=\"photo_principale\" alt=\"risoul-hebergement-aldebaran-615-sejour2-otim-6743\" src=\"https:\/\/www.risoul.com\/medias\/images\/prestations\/multitailles\/320x240_risoul-hebergement-aldebaran-615-sejour2-otim-6743.jpg\" itemprop=\"image\"\u003E\n                    \u003C\/a\u003E\t\t\t\t\t\t\n                \n                    \u003C\/div\u003E\t\t\t\t\t\t\t\t\t\t\t\t\t\t\t\t\t\t\t \t\t\n    \u003C\/div\u003E\n    \n    \u003C!-- partie nom prest --\u003E\n    \u003Cdiv class=\"nom\"\u003E\n        \u003Ch2\u003EDuplex 8 couchages Ald\u00e9baran 614\u003C\/h2\u003E\n        \n            \u003C\/div\u003E\n\n         \n    \u003C!-- partie adresse --\u003E\n    \u003Cdiv class=\"adresse\"\u003E\n    \n          \n    \u003C\/div\u003E\n    \n    \u003C!-- partie liens --\u003E\n    \u003Cdiv class=\"liens\"\u003E\n            \u003Ca class=\"btn-icon btn-view \" title=\"Voir la fiche d\u00e9taill\u00e9e\" href=\"?origine=carnet\"\u003E\u003C\/a\u003E\u003C!--\u003Ca class=\"btn-icon btn-view \" title=\"\" href=\"?origine=carnet#thaut\"\u003E\u003C\/a\u003E--\u003E\n      \u003Ca class=\"btn-icon btn-trash carnet_voyage_supprimer\" title=\"Supprimer cette fiche de mon carnet de voyage\" href=\"carnet-voyage?action=remove&fiche=G|OTIMIMMO|ALDE615\"\u003E\u003C\/a\u003E\n    \u003C\/div\u003E\n\n\u003C\/div\u003E\n\n","icon":"https:\/\/static.ingenie.fr\/images\/carnetVoyageV3\/G.png"},"fiche":"G|OTIMIMMO|ALDE615","popup":"\u003Cdiv id=\"bloc_popup_ajout_fiche_carnet\"\u003E\n    \u003Cdiv class=\"info_popup_ajout_fiche_carnet\"\u003E\n        Vous venez d'ajouter cet \u00e9l\u00e9ment \u00e0 vos favoris :    \u003C\/div\u003E\n    \u003Cdiv class=\"prest_popup_ajout_fiche_carnet\"\u003E\n        Duplex 8 couchages Ald&eacute;baran 614    \u003C\/div\u003E\n    \u003Cdiv class=\"bloc_btn_ajout_fiche_carnet form_submit_div\"\u003E\n        \u003Cinput type=\"button\" value=\"Continuer ma s\u00e9lection de favoris\" title=\"Continuer ma s\u00e9lection de favoris\" name=\"btn_close\" class=\"btn_close_popup_carnet form_submit\" onclick=\"$.colorbox.close()\" \/\u003E\n        \u003Cinput type=\"button\" value=\"Voir mes favoris\" title=\"Voir mes favoris\" name=\"btn_panier\" class=\"btn_panier_popup_carnet form_submit\" onclick=\"if(typeof CarnetVoyage != 'undefined') {CarnetVoyage.voirCarnet();}\" \/\u003E\n    \u003C\/div\u003E\n    \u003Cdiv class=\"bloc_btn_ajout_fiche_carnet\"\u003E\n        \u003Cinput type=\"checkbox\" value=\"1\" name=\"desactiver_popup\" id=\"desactiver_popup\" \/\u003E\n        \u003Clabel for=\"desactiver_popup\"\u003ENe plus afficher ce message\u003C\/label\u003E\n    \u003C\/div\u003E\n\u003C\/div\u003E","success":1}