{"nbFiches":1,"dataPrest":{"infoPrest":{"pave1":{"libelle":"Descriptif","contenu":"Au c\u0153ur du val d'Escreins, le refuge de Basse Rua vous accueille chaleureusement midi et soir, avec sa cuisine traditionnelle et ses produits locaux."},"pave2":{"libelle":"Notes","contenu":""},"pave3":{"libelle":"Remise des cl\u00e9s","contenu":""},"pave4":{"libelle":"Lien photo","contenu":""},"pave5":{"libelle":"Descriptif d\u00e9taill\u00e9","contenu":"Venez \u00e9galement passer une nuit d\u00e9paysante dans les tipis douillets !\u003Cbr \/\u003E\r\nOuvert de Juin \u00e0 Septembre"},"pave6":{"libelle":"Bons plans","contenu":""},"pave7":{"libelle":"Compl\u00e9ment localisation","contenu":""},"pave8":{"libelle":"Compl\u00e9ment accueil","contenu":""},"pave9":{"libelle":"P\u00e9riode(s) d'ouverture","contenu":"Du 04\/07 au 30\/08\/2020."},"pave10":{"libelle":"Tarifs en clair","contenu":""},"pave11":{"libelle":"Compl\u00e9ment Tarifs","contenu":""},"pave12":{"libelle":"Compl\u00e9ment R\u00e9servation","contenu":""},"pave13":{"libelle":"Descriptif court","contenu":""},"pave14":{"libelle":"Descriptif court","contenu":""},"pave15":{"libelle":"Descriptif d\u00e9taill\u00e9","contenu":""},"pave16":{"libelle":"Descriptif d\u00e9taill\u00e9","contenu":""},"pave17":{"libelle":"Compl\u00e9ment localisation","contenu":""},"pave18":{"libelle":"Compl\u00e9ment localisation","contenu":""},"pave19":{"libelle":"P\u00e9riode(s) d'ouverture","contenu":""},"pave20":{"libelle":"P\u00e9riode(s) d'ouverture","contenu":""},"pave21":{"libelle":"Tarifs en clair","contenu":""},"pave22":{"libelle":"Tarifs en clair","contenu":""},"pave23":{"libelle":"Compl\u00e9ment Tarifs","contenu":""},"pave24":{"libelle":"Compl\u00e9ment Tarifs","contenu":""},"pave25":{"libelle":"","contenu":""},"ContactsParType":{"GEST":{"16540":{"id_contact":"16540","type_contact":"GEST","categorie_contact":"PRESTATAIRE","societe_contact":"","fonction_contact":"","civilite_nom_prenom_contact":"Refuge de Basse Rua ","adresse1_contact":"","adresse2_contact":"","adresse3_contact":"","cpostal_contact":"05560","ville_contact":"Vars","teldom_contact":"","telbur_contact":"","fax_contact":"","portable_contact":"06 22 66 58 21","email_contact":"contact@refuge-basserua.fr","siteweb_contact":"http:\/\/www.refuge-basserua.fr","commentaire_contact":"","langue_contact":"","autre_moyen_com":[]}}},"Libelle":"Le Refuge de Basse Rua","Nom":"Le Refuge de Basse Rua","Prenom":"","NomPrenom":"Le Refuge de Basse Rua ","CiviliteNomPrenom":"Le Refuge de Basse Rua ","Cle":"H|4993629","PrestataireParent":"","ContexteStat":"PRESTATAIRE-H-4993629","DateModificationIso":"2020-10-01T23:45:00+02:00","Type":"PRESTATAIRE","TypePrestataire":"H","Adresse":{"LigneAdresse1":"Val Escreins","LigneAdresse2":"","LigneAdresse3":"","CodePostal":"05560","Ville":"Vars","Cedex":"","Etat":"","Pays":"FRA"},"Email":"refugebasserua@gmail.com","Telephone":"","TelephoneBureau":"","Portable":"06 22 66 58 21","SiteWeb":"http:\/\/www.refuge-basserua.fr","Fax":"","Id":"h-4993629","Code":"H|4993629","Fichier":{"Document":[{"url":"https:\/\/www.risoul.com\/medias\/images\/prestataires\/32737-basse_rua.jpeg","chemin":"..\/medias\/images\/prestataires\/32737-basse_rua.jpeg","libelle":"basse rua","extension":"jpeg","categorie":"","largeur":"","theme":"","hauteur":"","type":"Document","origine":"","liaisonPave":"","langue":"","id":"32737","poids":"712.12 Ko","alt":"basse rua","title":"basse rua"}],"ByCategorie":{"":[{"url":"https:\/\/www.risoul.com\/medias\/images\/prestataires\/32737-basse_rua.jpeg","chemin":"..\/medias\/images\/prestataires\/32737-basse_rua.jpeg","libelle":"basse rua","extension":"jpeg","categorie":"","largeur":"","theme":"","hauteur":"","type":"Document","origine":"","liaisonPave":"","langue":"","id":"32737","poids":"712.12 Ko","alt":"basse rua","title":"basse rua"}],"DEFAUT":[{"url":"https:\/\/www.risoul.com\/medias\/images\/info_menu\/img-defaut-liste-2331-3028.jpg","chemin":"..\/medias\/images\/info_menu\/img-defaut-liste-2331-3028.jpg","libelle":"img-defaut-liste-2331","extension":"jpg","categorie":"IMAGELISTE","largeur":320,"theme":"","hauteur":320,"type":"Image","origine":"","liaisonPave":"","langue":"","id":"3028","urlVignette":"https:\/\/www.risoul.com\/medias\/images\/info_menu\/v-img-defaut-liste-2331-3028.jpg","alt":"img-defaut-liste-2331","title":"img-defaut-liste-2331","MultiTaille":{"1920x1440":{"url":"https:\/\/www.risoul.com\/medias\/images\/info_menu\/multitailles\/1920x1440_img-defaut-liste-2331-3028.jpg"},"1200x900":{"url":"https:\/\/www.risoul.com\/medias\/images\/info_menu\/multitailles\/1200x900_img-defaut-liste-2331-3028.jpg"},"800x600":{"url":"https:\/\/www.risoul.com\/medias\/images\/info_menu\/multitailles\/800x600_img-defaut-liste-2331-3028.jpg"},"640x480":{"url":"https:\/\/www.risoul.com\/medias\/images\/info_menu\/multitailles\/640x480_img-defaut-liste-2331-3028.jpg"},"320x240":{"url":"https:\/\/www.risoul.com\/medias\/images\/info_menu\/multitailles\/320x240_img-defaut-liste-2331-3028.jpg"},"160x120":{"url":"https:\/\/www.risoul.com\/medias\/images\/info_menu\/multitailles\/160x120_img-defaut-liste-2331-3028.jpg"},"origine":{"url":"https:\/\/www.risoul.com\/medias\/images\/info_menu\/img-defaut-liste-2331-3028.jpg"}},"urlLien":"","typeLien":"|","nofollow":"N","copyright":""}]},"Image":[{"url":"https:\/\/www.risoul.com\/medias\/images\/info_menu\/img-defaut-liste-2331-3028.jpg","chemin":"..\/medias\/images\/info_menu\/img-defaut-liste-2331-3028.jpg","libelle":"img-defaut-liste-2331","extension":"jpg","categorie":"IMAGELISTE","largeur":320,"theme":"","hauteur":320,"type":"Image","origine":"","liaisonPave":"","langue":"","id":"3028","urlVignette":"https:\/\/www.risoul.com\/medias\/images\/info_menu\/v-img-defaut-liste-2331-3028.jpg","alt":"img-defaut-liste-2331","title":"img-defaut-liste-2331","MultiTaille":{"1920x1440":{"url":"https:\/\/www.risoul.com\/medias\/images\/info_menu\/multitailles\/1920x1440_img-defaut-liste-2331-3028.jpg"},"1200x900":{"url":"https:\/\/www.risoul.com\/medias\/images\/info_menu\/multitailles\/1200x900_img-defaut-liste-2331-3028.jpg"},"800x600":{"url":"https:\/\/www.risoul.com\/medias\/images\/info_menu\/multitailles\/800x600_img-defaut-liste-2331-3028.jpg"},"640x480":{"url":"https:\/\/www.risoul.com\/medias\/images\/info_menu\/multitailles\/640x480_img-defaut-liste-2331-3028.jpg"},"320x240":{"url":"https:\/\/www.risoul.com\/medias\/images\/info_menu\/multitailles\/320x240_img-defaut-liste-2331-3028.jpg"},"160x120":{"url":"https:\/\/www.risoul.com\/medias\/images\/info_menu\/multitailles\/160x120_img-defaut-liste-2331-3028.jpg"},"origine":{"url":"https:\/\/www.risoul.com\/medias\/images\/info_menu\/img-defaut-liste-2331-3028.jpg"}},"urlLien":"","typeLien":"|","nofollow":"N","copyright":""}]},"Url":"le-refuge-de-basse-rua.html","Localisation":{"GoogleMap":{"Latitude":"44.636604","Longitude":"6.67521"}},"ZoneGeo":"","Criteres":{"P.34[1586":"","P.typologiesPromoSitra[1678":"","P.services[687":"","P.prestations[animauxAcceptes":"","P.languesParlees[1192":"","P.languesParlees[1194":"","P.languesParlees[1197":"","P.114[418":"","P.modesPaiement[1274":"","P.3240[100180":"","P.6241[126905":"","P.6241[362251":"","P.3218[179784":"","P.3233[591419":"","P.3220[822521":"","P.3220[4938816":"","P.3227[822526":"","P.3219[4830820":"","P.3219[5127127":"","P.3221[5585117":"","P.VilleSitra[1925":""},"DateFinPublication":"","PrixAPartirDe":"","PrixPour":"","FicheListeEnCours":"fiche_liste_hotel_RESA_v3","ParametresModele":{"AfficherPhotos":"1","NbPhotosMax":6,"AfficherReserver":0,"AfficherContact":"1","AfficherSalle":1,"AfficherZoneGeo":0,"AfficherEnSavoirPlus":1,"AfficherUneSeuleOuverture":0,"AfficherContactCarte":"0","AfficherTarifsChaudAPartirDe":0,"AfficherTarifChaudSansRecherche":0,"BlocCritereInfo":{"critere1":{"libelle":"","liste_critere":["CATEG|2E|H","CATEG|3E|H","CATEG|4E|H"]},"critere2":{"libelle":"","liste_critere":["HOTP|H","HDISTA|RESIDIST|H","HEQUGE|H"]},"critere3":{"libelle":""},"critere4":{"libelle":""},"critere5":{"libelle":""},"critere6":{"libelle":""},"critere7":{"libelle":""},"critere8":{"libelle":""},"critere9":{"libelle":""},"afficherpictoetpaslibelle":"1"},"BlocPaveInfo":{"texte1":{"pave":["1"],"longeurmax":"","afficherLibelle":"0","garderHtml":"0"},"texte3":{"longeurmax":"","afficherLibelle":"0","garderHtml":"0"}},"CriteresComportementResa":"HWEB[HRESAW","ModeleUrl":"fiche_hotel_RESA_v3","TypePrestataire":"H","ComportementResa":false,"ComportementDispo":false},"AffichageCoordonnees":[],"Coordonnees":{"Ville":"Vars"},"ContexteId":"PRESTATAIRE|H|4993629","ContexteIdHtml":"PRESTATAIRE-H-4993629","cleContexte":"H|4993629","Bloc":{"texte1":"Au c\u0153ur du val d'Escreins, le refuge de Basse Rua vous accueille chaleureusement midi et soir, avec sa cuisine traditionnelle et ses produits locaux.","texte3":"","critere1":{"libelle":"","contenu":[]},"critere2":{"libelle":"","contenu":[]},"critere3":{"libelle":"","contenu":[]},"critere4":{"libelle":"","contenu":[]},"critere5":{"libelle":"","contenu":[]},"critere6":{"libelle":"","contenu":[]},"critere7":{"libelle":"","contenu":[]},"critere8":{"libelle":"","contenu":[]},"critere9":{"libelle":"","contenu":[]}},"LocalisationGps":{"Latitude":"44.636604","Longitude":"6.67521"},"libelleDuPrestataire":"","listeCriteres":{"P.34":{"1586":""},"P.typologiesPromoSitra":{"1678":""},"P.services":{"687":""},"P.prestations":{"animauxAcceptes":""},"P.languesParlees":{"1192":"","1194":"","1197":""},"P.114":{"418":""},"P.modesPaiement":{"1274":""},"P.3240":{"100180":""},"P.6241":{"126905":"","362251":""},"P.3218":{"179784":""},"P.3233":{"591419":""},"P.3220":{"822521":"","4938816":""},"P.3227":{"822526":""},"P.3219":{"4830820":"","5127127":""},"P.3221":{"5585117":""},"P.VilleSitra":{"1925":""}},"dansCarnetVoyage":true,"Ouverture":""},"html":" \n \u003Cdiv id=\"CV-PRESTATAIRE-H-4993629\" data-contexte-id=\"PRESTATAIRE|H|4993629\" data-cle=\"H|4993629\" class=\"fiche-liste\"\u003E\n    \n\n    \u003C!-- partie photo --\u003E\n    \u003Cdiv class=\"photo\"\u003E\t\t\t\t\t\t\t\t\t\t\t\t\t\t\t\t\t\t\t\t\t\n        \u003Cdiv class=\"cadre_photo_principale\"\u003E\t\t\n        \n            \t\t\t\t\t\n                    \u003Ca href=\"le-refuge-de-basse-rua.html?origine=carnet#media\"\u003E\n                        \u003Cimg class=\"photo_principale\" alt=\"img-defaut-liste-2331\" src=\"https:\/\/www.risoul.com\/medias\/images\/info_menu\/multitailles\/320x240_img-defaut-liste-2331-3028.jpg\" itemprop=\"image\"\u003E\n                    \u003C\/a\u003E\t\t\t\t\t\t\n                \n                    \u003C\/div\u003E\t\t\t\t\t\t\t\t\t\t\t\t\t\t\t\t\t\t\t \t\t\n    \u003C\/div\u003E\n    \n    \u003C!-- partie nom prest --\u003E\n    \u003Cdiv class=\"nom\"\u003E\n        \u003Ch2\u003ELe Refuge de Basse Rua\u003C\/h2\u003E\n        \n            \u003C\/div\u003E\n\n         \n    \u003C!-- partie adresse --\u003E\n    \u003Cdiv class=\"adresse\"\u003E\n    \n          \n    \u003C\/div\u003E\n    \n    \u003C!-- partie liens --\u003E\n    \u003Cdiv class=\"liens\"\u003E\n            \u003Ca class=\"btn-icon btn-view \" title=\"Voir la fiche d\u00e9taill\u00e9e\" href=\"le-refuge-de-basse-rua.html?origine=carnet\"\u003E\u003C\/a\u003E\u003C!--\u003Ca class=\"btn-icon btn-view \" title=\"\" href=\"?origine=carnet#thaut\"\u003E\u003C\/a\u003E--\u003E\n      \u003Ca class=\"btn-icon btn-trash carnet_voyage_supprimer\" title=\"Supprimer cette fiche de mon carnet de voyage\" href=\"carnet-voyage?action=remove&fiche=H|4993629\"\u003E\u003C\/a\u003E\n    \u003C\/div\u003E\n\n\u003C\/div\u003E\n\n","icon":"https:\/\/static.ingenie.fr\/images\/carnetVoyageV3\/H.png"},"fiche":"H|4993629","popup":"\u003Cdiv id=\"bloc_popup_ajout_fiche_carnet\"\u003E\n    \u003Cdiv class=\"info_popup_ajout_fiche_carnet\"\u003E\n        Vous venez d'ajouter cet \u00e9l\u00e9ment \u00e0 vos favoris :    \u003C\/div\u003E\n    \u003Cdiv class=\"prest_popup_ajout_fiche_carnet\"\u003E\n        Le Refuge de Basse Rua    \u003C\/div\u003E\n    \u003Cdiv class=\"bloc_btn_ajout_fiche_carnet form_submit_div\"\u003E\n        \u003Cinput type=\"button\" value=\"Continuer ma s\u00e9lection de favoris\" title=\"Continuer ma s\u00e9lection de favoris\" name=\"btn_close\" class=\"btn_close_popup_carnet form_submit\" onclick=\"$.colorbox.close()\" \/\u003E\n        \u003Cinput type=\"button\" value=\"Voir mes favoris\" title=\"Voir mes favoris\" name=\"btn_panier\" class=\"btn_panier_popup_carnet form_submit\" onclick=\"if(typeof CarnetVoyage != 'undefined') {CarnetVoyage.voirCarnet();}\" \/\u003E\n    \u003C\/div\u003E\n    \u003Cdiv class=\"bloc_btn_ajout_fiche_carnet\"\u003E\n        \u003Cinput type=\"checkbox\" value=\"1\" name=\"desactiver_popup\" id=\"desactiver_popup\" \/\u003E\n        \u003Clabel for=\"desactiver_popup\"\u003ENe plus afficher ce message\u003C\/label\u003E\n    \u003C\/div\u003E\n\u003C\/div\u003E","success":1}