{"nbFiches":1,"dataPrest":{"infoPrest":{"pave1":{"libelle":"Descriptif","contenu":"Le Lac du Pr\u00e9 du Laus est sans doute la randonn\u00e9e familiale incontournable de Risoul. Accessible \u00e0 tous, cet itin\u00e9raire vous conduit en douceur \u00e0 travers les m\u00e9l\u00e8zes jusqu'\u00e0 un petit lac de montagne aux eaux \u00e9meraude, nich\u00e9 dans un \u00e9crin de verdure."},"pave2":{"libelle":"","contenu":""},"pave3":{"libelle":"Descriptif d\u00e9taill\u00e9","contenu":"Tout au long du parcours, la pente reste r\u00e9guli\u00e8re, permettant aux petits comme aux grands de profiter pleinement de la balade. \u00c0 l'arriv\u00e9e, le site invite naturellement \u00e0 la d\u00e9tente : tables de pique-nique, espaces ombrag\u00e9s et barbecue am\u00e9nag\u00e9 offrent un cadre id\u00e9al pour partager un repas en pleine nature face aux sommets.\u003Cbr \/\u003E\r\n\u003Cbr \/\u003E\r\nCette randonn\u00e9e est particuli\u00e8rement appr\u00e9ci\u00e9e des familles gr\u00e2ce \u00e0 son faible d\u00e9nivel\u00e9 et son ambiance paisible.\u003Cbr \/\u003E\r\n\u003Cbr \/\u003E\r\nLe retour emprunte le m\u00eame itin\u00e9raire et permet d'admirer sous un autre angle les paysages de la for\u00eat de m\u00e9l\u00e8zes qui entourent la station.\u003Cbr \/\u003E\r\n\u003Cbr \/\u003E\r\nLes incontournables\u003Cbr \/\u003E\r\n Un magnifique lac de montagne aux eaux \u00e9meraude\u003Cbr \/\u003E\r\n\u200d\u200d La randonn\u00e9e familiale incontournable de Risoul\u003Cbr \/\u003E\r\n Travers\u00e9e d'une agr\u00e9able for\u00eat de m\u00e9l\u00e8zes\u003Cbr \/\u003E\r\n Tables de pique-nique et espaces barbecue am\u00e9nag\u00e9s\u003Cbr \/\u003E\r\n Accessible avec une poussette tout-terrain\u003Cbr \/\u003E\r\n Un cadre id\u00e9al pour immortaliser votre journ\u00e9e en montagne\u003Cbr \/\u003E\r\n\u003Cbr \/\u003E\r\nLe conseil de l'Office de Tourisme : \u003Cbr \/\u003E\r\nPr\u00e9voyez votre pique-nique et profitez pleinement du site ! Les nombreux am\u00e9nagements autour du lac invitent \u00e0 une pause en pleine nature. En p\u00e9riode estivale, partez le matin pour appr\u00e9cier la qui\u00e9tude des lieux et b\u00e9n\u00e9ficier d'une lumi\u00e8re id\u00e9ale sur les eaux du lac.\u003Cbr \/\u003E\r\n\u003Cbr \/\u003E\r\n\u2b50 Le petit + : \u003Cbr \/\u003E\r\nLe Lac du Pr\u00e9 du Laus est l'endroit parfait pour une premi\u00e8re randonn\u00e9e en montagne avec de jeunes enfants. Son faible d\u00e9nivel\u00e9, son acc\u00e8s facile et ses \u00e9quipements en font un lieu privil\u00e9gi\u00e9 pour partager un moment convivial en famille.\u003Cbr \/\u003E\r\n\u003Cbr \/\u003E\r\n Le saviez-vous ? : \u003Cbr \/\u003E\r\nLe Pr\u00e9 du Laus doit son nom aux anciens p\u00e2turages d'altitude qui entourent le lac. Aujourd'hui encore, ces espaces sont utilis\u00e9s durant la belle saison dans le cadre du pastoralisme, une activit\u00e9 traditionnelle qui participe \u00e0 l'entretien des paysages de montagne. Cette mise en contexte s'inscrit dans l'environnement pastoral \u00e9voqu\u00e9 sur le r\u00e9seau de sentiers du Risoul Rando Park."},"pave4":{"libelle":"Bons plans","contenu":""},"pave5":{"libelle":"Compl\u00e9ment localisation","contenu":""},"pave6":{"libelle":"Compl\u00e9ment accueil","contenu":"Le d\u00e9part s'effectue sur le front de neige, vous trouverez un grand panneau D1 \u00e0 c\u00f4t\u00e9 des t\u00e9l\u00e9nacelles . La route remonte la partie droite du front de neige, contourne la petite zone de chalets, nomm\u00e9s \"Les pl\u00e9\u00efades\". L'itin\u00e9raire est l\u00e9g\u00e8rement vallonn\u00e9. Comptez 45 minutes de marche pour atteindre le Lac du pr\u00e9 du Laus. Les tables de pique-nique pr\u00e9sentes n'attendent que vous !"},"pave7":{"libelle":"P\u00e9riode(s) d'ouverture","contenu":"Du 18\/06 au 04\/09 tous les jours."},"pave8":{"libelle":"Tarifs en clair","contenu":"Acc\u00e8s libre."},"pave9":{"libelle":"Compl\u00e9ment Tarifs","contenu":""},"pave10":{"libelle":"Compl\u00e9ment R\u00e9servation","contenu":""},"pave11":{"libelle":"Descriptif court","contenu":""},"pave12":{"libelle":"Descriptif court","contenu":""},"pave13":{"libelle":"Descriptif d\u00e9taill\u00e9","contenu":""},"pave14":{"libelle":"Descriptif d\u00e9taill\u00e9","contenu":""},"pave15":{"libelle":"Bons plans","contenu":""},"pave16":{"libelle":"Bons plans","contenu":""},"pave17":{"libelle":"Compl\u00e9ment localisation","contenu":""},"pave18":{"libelle":"Compl\u00e9ment localisation","contenu":""},"pave19":{"libelle":"P\u00e9riode(s) d'ouverture","contenu":""},"pave20":{"libelle":"P\u00e9riode(s) d'ouverture","contenu":""},"pave21":{"libelle":"Tarifs en clair","contenu":""},"pave22":{"libelle":"Tarifs en clair","contenu":""},"pave23":{"libelle":"Compl\u00e9ment Tarifs","contenu":""},"pave24":{"libelle":"Compl\u00e9ment Tarifs","contenu":""},"pave25":{"libelle":"","contenu":""},"Libelle":"Itin\u00e9raire randonn\u00e9e - Le Lac du Pr\u00e9 du Laus -1","Nom":"Itin\u00e9raire randonn\u00e9e - Le Lac du Pr\u00e9 du Laus -1","Prenom":"","NomPrenom":"Itin\u00e9raire randonn\u00e9e - Le Lac du Pr\u00e9 du Laus -1 ","CiviliteNomPrenom":"Itin\u00e9raire randonn\u00e9e - Le Lac du Pr\u00e9 du Laus -1 ","Cle":"L|6047184","PrestataireParent":"","ContexteStat":"PRESTATAIRE-L-6047184","DateModificationIso":"2026-08-05T00:30:00+02:00","Type":"PRESTATAIRE","TypePrestataire":"L","Adresse":{"LigneAdresse1":"Front de neige D1","LigneAdresse2":"A gauche du t\u00e9l\u00e9puls\u00e9","LigneAdresse3":"","CodePostal":"05600","Ville":"Risoul","Cedex":"","Etat":"","Pays":"FRA"},"Email":"info@risoul.com","Telephone":"","TelephoneBureau":"","Portable":"","SiteWeb":"","Fax":"","Id":"l-6047184","Code":"L|6047184","Fichier":{"Image":[{"url":"https:\/\/www.risoul.com\/medias\/images\/prestataires\/149899-ete2018_credit_photo_manumolle_1.jpg","chemin":"..\/medias\/images\/prestataires\/149899-ete2018_credit_photo_manumolle_1.jpg","libelle":"Lac du pr\u00e9 du laus Risoul","extension":"jpg","categorie":"","largeur":3000,"theme":"","hauteur":2003,"type":"Image","origine":"","liaisonPave":"","langue":"","id":"149899","urlVignette":"https:\/\/www.risoul.com\/medias\/images\/prestataires\/v-149899-ete2018_credit_photo_manumolle_1.jpg","alt":"Lac du pr\u00e9 du laus Risoul","title":"Lac du pr\u00e9 du laus Risoul - &copy Ot risoul","MultiTaille":{"1920x1440":{"url":"https:\/\/www.risoul.com\/medias\/images\/prestataires\/multitailles\/1920x1440_149899-ete2018_credit_photo_manumolle_1.jpg"},"1200x900":{"url":"https:\/\/www.risoul.com\/medias\/images\/prestataires\/multitailles\/1200x900_149899-ete2018_credit_photo_manumolle_1.jpg"},"800x600":{"url":"https:\/\/www.risoul.com\/medias\/images\/prestataires\/multitailles\/800x600_149899-ete2018_credit_photo_manumolle_1.jpg"},"640x480":{"url":"https:\/\/www.risoul.com\/medias\/images\/prestataires\/multitailles\/640x480_149899-ete2018_credit_photo_manumolle_1.jpg"},"320x240":{"url":"https:\/\/www.risoul.com\/medias\/images\/prestataires\/multitailles\/320x240_149899-ete2018_credit_photo_manumolle_1.jpg"},"160x120":{"url":"https:\/\/www.risoul.com\/medias\/images\/prestataires\/multitailles\/160x120_149899-ete2018_credit_photo_manumolle_1.jpg"},"origine":{"url":"https:\/\/www.risoul.com\/medias\/images\/prestataires\/149899-ete2018_credit_photo_manumolle_1.jpg"}},"urlLien":"","typeLien":"","nofollow":"N","copyright":"Ot risoul"},{"url":"https:\/\/www.risoul.com\/medias\/images\/prestataires\/149900-aec_7314.jpg","chemin":"..\/medias\/images\/prestataires\/149900-aec_7314.jpg","libelle":"Risoul Rando Park","extension":"jpg","categorie":"","largeur":2670,"theme":"","hauteur":4000,"type":"Image","origine":"","liaisonPave":"","langue":"","id":"149900","urlVignette":"https:\/\/www.risoul.com\/medias\/images\/prestataires\/v-149900-aec_7314.jpg","alt":"Risoul Rando Park","title":"Risoul Rando Park - &copy Ot risoul","MultiTaille":{"1920x1440":{"url":"https:\/\/www.risoul.com\/medias\/images\/prestataires\/multitailles\/1920x1440_149900-aec_7314.jpg"},"1200x900":{"url":"https:\/\/www.risoul.com\/medias\/images\/prestataires\/multitailles\/1200x900_149900-aec_7314.jpg"},"800x600":{"url":"https:\/\/www.risoul.com\/medias\/images\/prestataires\/multitailles\/800x600_149900-aec_7314.jpg"},"640x480":{"url":"https:\/\/www.risoul.com\/medias\/images\/prestataires\/multitailles\/640x480_149900-aec_7314.jpg"},"320x240":{"url":"https:\/\/www.risoul.com\/medias\/images\/prestataires\/multitailles\/320x240_149900-aec_7314.jpg"},"160x120":{"url":"https:\/\/www.risoul.com\/medias\/images\/prestataires\/multitailles\/160x120_149900-aec_7314.jpg"},"origine":{"url":"https:\/\/www.risoul.com\/medias\/images\/prestataires\/149900-aec_7314.jpg"}},"urlLien":"","typeLien":"","nofollow":"N","copyright":"Ot risoul"}],"ByCategorie":{"":[{"url":"https:\/\/www.risoul.com\/medias\/images\/prestataires\/149899-ete2018_credit_photo_manumolle_1.jpg","chemin":"..\/medias\/images\/prestataires\/149899-ete2018_credit_photo_manumolle_1.jpg","libelle":"Lac du pr\u00e9 du laus Risoul","extension":"jpg","categorie":"","largeur":3000,"theme":"","hauteur":2003,"type":"Image","origine":"","liaisonPave":"","langue":"","id":"149899","urlVignette":"https:\/\/www.risoul.com\/medias\/images\/prestataires\/v-149899-ete2018_credit_photo_manumolle_1.jpg","alt":"Lac du pr\u00e9 du laus Risoul","title":"Lac du pr\u00e9 du laus Risoul - &copy Ot risoul","MultiTaille":{"1920x1440":{"url":"https:\/\/www.risoul.com\/medias\/images\/prestataires\/multitailles\/1920x1440_149899-ete2018_credit_photo_manumolle_1.jpg"},"1200x900":{"url":"https:\/\/www.risoul.com\/medias\/images\/prestataires\/multitailles\/1200x900_149899-ete2018_credit_photo_manumolle_1.jpg"},"800x600":{"url":"https:\/\/www.risoul.com\/medias\/images\/prestataires\/multitailles\/800x600_149899-ete2018_credit_photo_manumolle_1.jpg"},"640x480":{"url":"https:\/\/www.risoul.com\/medias\/images\/prestataires\/multitailles\/640x480_149899-ete2018_credit_photo_manumolle_1.jpg"},"320x240":{"url":"https:\/\/www.risoul.com\/medias\/images\/prestataires\/multitailles\/320x240_149899-ete2018_credit_photo_manumolle_1.jpg"},"160x120":{"url":"https:\/\/www.risoul.com\/medias\/images\/prestataires\/multitailles\/160x120_149899-ete2018_credit_photo_manumolle_1.jpg"},"origine":{"url":"https:\/\/www.risoul.com\/medias\/images\/prestataires\/149899-ete2018_credit_photo_manumolle_1.jpg"}},"urlLien":"","typeLien":"","nofollow":"N","copyright":"Ot risoul"},{"url":"https:\/\/www.risoul.com\/medias\/images\/prestataires\/149901-n1_le_lac_du_pre_du_laus.gpx","chemin":"..\/medias\/images\/prestataires\/149901-n1_le_lac_du_pre_du_laus.gpx","libelle":"Trace_GPX_itin\u00e9raire Risoul Rando Park_ N\u00b01_Le Lac du Pr\u00e9 du Laus_Risoul","extension":"gpx","categorie":"","largeur":"","theme":"","hauteur":"","type":"Document","origine":"","liaisonPave":"","langue":"","id":"149901","poids":"69.71 Ko","alt":"Trace_GPX_itin\u00e9raire Risoul Rando Park_ N\u00b01_Le Lac du Pr\u00e9 du Laus_Risoul","title":"Trace_GPX_itin\u00e9raire Risoul Rando Park_ N\u00b01_Le Lac du Pr\u00e9 du Laus_Risoul"},{"url":"https:\/\/www.risoul.com\/medias\/images\/prestataires\/149900-aec_7314.jpg","chemin":"..\/medias\/images\/prestataires\/149900-aec_7314.jpg","libelle":"Risoul Rando Park","extension":"jpg","categorie":"","largeur":2670,"theme":"","hauteur":4000,"type":"Image","origine":"","liaisonPave":"","langue":"","id":"149900","urlVignette":"https:\/\/www.risoul.com\/medias\/images\/prestataires\/v-149900-aec_7314.jpg","alt":"Risoul Rando Park","title":"Risoul Rando Park - &copy Ot risoul","MultiTaille":{"1920x1440":{"url":"https:\/\/www.risoul.com\/medias\/images\/prestataires\/multitailles\/1920x1440_149900-aec_7314.jpg"},"1200x900":{"url":"https:\/\/www.risoul.com\/medias\/images\/prestataires\/multitailles\/1200x900_149900-aec_7314.jpg"},"800x600":{"url":"https:\/\/www.risoul.com\/medias\/images\/prestataires\/multitailles\/800x600_149900-aec_7314.jpg"},"640x480":{"url":"https:\/\/www.risoul.com\/medias\/images\/prestataires\/multitailles\/640x480_149900-aec_7314.jpg"},"320x240":{"url":"https:\/\/www.risoul.com\/medias\/images\/prestataires\/multitailles\/320x240_149900-aec_7314.jpg"},"160x120":{"url":"https:\/\/www.risoul.com\/medias\/images\/prestataires\/multitailles\/160x120_149900-aec_7314.jpg"},"origine":{"url":"https:\/\/www.risoul.com\/medias\/images\/prestataires\/149900-aec_7314.jpg"}},"urlLien":"","typeLien":"","nofollow":"N","copyright":"Ot risoul"}]},"Document":[{"url":"https:\/\/www.risoul.com\/medias\/images\/prestataires\/149901-n1_le_lac_du_pre_du_laus.gpx","chemin":"..\/medias\/images\/prestataires\/149901-n1_le_lac_du_pre_du_laus.gpx","libelle":"Trace_GPX_itin\u00e9raire Risoul Rando Park_ N\u00b01_Le Lac du Pr\u00e9 du Laus_Risoul","extension":"gpx","categorie":"","largeur":"","theme":"","hauteur":"","type":"Document","origine":"","liaisonPave":"","langue":"","id":"149901","poids":"69.71 Ko","alt":"Trace_GPX_itin\u00e9raire Risoul Rando Park_ N\u00b01_Le Lac du Pr\u00e9 du Laus_Risoul","title":"Trace_GPX_itin\u00e9raire Risoul Rando Park_ N\u00b01_Le Lac du Pr\u00e9 du Laus_Risoul"}]},"Url":"itineraire-randonnee-le-lac-du-pre-du-laus-1.html","Localisation":{"GoogleMap":{"Latitude":"44.620696","Longitude":"6.633074"}},"ZoneGeo":"","Criteres":{"MODELEURL[ADHERENTCOMPLET":"","P.122[613":"","P.prestations[surchargeTourismesAdaptes":"","P.prestations[surchargeDescriptifHandicapMoteur":"","P.prestations[surchargeDescriptifHandicapAuditif":"","P.prestations[surchargeDescriptifHandicapVisuel":"","P.prestations[surchargeDescriptifHandicapMental":"","P.prestations[surchargeNombreFauteuilsRoulants":"","P.languesParlees[1197":"","P.35[587":"","P.35[3735":"","P.6528[169":"","P.6528[162":"","P.environnements[171":"","P.114[418":"","P.114[436":"","P.tourismeAffaires[tourismeAffairesEnabled":"","P.tourismeAffaires[devise":"EUR","P.visites[dureeMoyenneVisiteIndividuelle":"90","P.rubrique[2988":"","P.61[3184":"","P.61[3333":"","P.itineraire[denivellationPositive":"218","P.itineraire[distance":"6.5","P.itineraire[dureeJournaliere":"90","P.itineraire[altitudeMoyenne":"1900","P.itineraire[itineraireType":"Aller \/ Retour","P.itineraire[itineraireBalise":"","P.itineraire[denivellation":"218","P.CINTSITRA[9293":"","P.CINTSITRA[13153":"","P.3240[100180":"","P.6241[126905":"","P.6241[4830820":"","P.3218[179784":"","P.3233[591419":"","P.3220[822521":"","P.3220[4890483":"","P.3220[4938816":"","P.3227[822527":"","P.3219[5127127":"","P.3221[5585117":"","P.VilleSitra[1869":"","P.VillageDeDepart[1869":""},"DateFinPublication":"","PrixAPartirDe":"","PrixPour":"","FicheListeEnCours":"fiche_liste_activites_et_loisirs_v3","ParametresModele":{"AfficherPhotos":"1","NbPhotosMax":6,"AfficherReserver":0,"AfficherContact":"1","AfficherSalle":1,"AfficherZoneGeo":0,"AfficherEnSavoirPlus":1,"AfficherUneSeuleOuverture":0,"AfficherContactCarte":1,"AfficherTarifsChaudAPartirDe":0,"AfficherTarifChaudSansRecherche":0,"AffichageCoordonnees":"Telephone|TelephoneBureau|Portable","BlocCritereInfo":{"critere1":{"libelle":""},"critere2":{"libelle":"","liste_critere":["P.35|L"]},"critere3":{"libelle":""},"critere4":{"libelle":""},"critere5":{"libelle":""},"critere6":{"libelle":""},"critere7":{"libelle":""},"critere8":{"libelle":""},"critere9":{"libelle":""},"afficherpictoetpaslibelle":"1"},"BlocPaveInfo":{"texte1":{"pave":["1"],"longeurmax":"300","afficherLibelle":"0","garderHtml":"0"},"texte3":{"longeurmax":"","afficherLibelle":"0","garderHtml":"0"}},"Criteres":"MODELEURL[ADHERENTCOMPLET","CriteresComportementResa":"P.RESAENLIGNE[RESAOUI","ModeleUrl":"fiche_activites_et_loisirs_v3","PositionBloc":"GALLERIE|PICTOSOUSPHOTOS|NOM|ADRESSE|ZONEPRINCIPALFICHEPRESTA|CRITERESORDONNEES|CONTACTS|CARNET_VOYAGE|URL|LIEN_RESERVER_DETAIL","TypePrestataire":"L","TypeSlider":"SWIPER","ComportementResa":false,"ComportementDispo":false},"AffichageCoordonnees":[],"Coordonnees":{"Ville":"Risoul"},"ContexteId":"PRESTATAIRE|L|6047184","ContexteIdHtml":"PRESTATAIRE-L-6047184","cleContexte":"L|6047184","Bloc":{"texte1":"Le Lac du Pr\u00e9 du Laus est sans doute la randonn\u00e9e familiale incontournable de Risoul. Accessible \u00e0 tous, cet itin\u00e9raire vous conduit en douceur \u00e0 travers les m\u00e9l\u00e8zes jusqu'\u00e0 un petit lac de montagne aux eaux \u00e9meraude, nich\u00e9 dans un \u00e9crin de verdure.","texte3":"","critere1":{"libelle":"","contenu":[]},"critere2":{"libelle":"","contenu":{"P.35":{"libelle":"Niveaux de pratique sportive","contenu":{"1":"\u003Cimg src=\"https:\/\/www.risoul.com\/medias\/images\/picto\/P.35-587-L.png\"  alt=\"Niveau vert - Tr\u00e8s facile\" title=\"Niveau vert - Tr\u00e8s facile\" \/\u003E","2":"Adapt\u00e9 aux d\u00e9butants"},"codesValeurs":{"1":"P.35|587|L","2":"P.35|3735|L"},"criteres_datas":{"valeurs":{"1":{"587":{"descriptif":""}},"2":{"3735":{"descriptif":""}}}}}}},"critere3":{"libelle":"","contenu":[]},"critere4":{"libelle":"","contenu":[]},"critere5":{"libelle":"","contenu":[]},"critere6":{"libelle":"","contenu":[]},"critere7":{"libelle":"","contenu":[]},"critere8":{"libelle":"","contenu":[]},"critere9":{"libelle":"","contenu":[]}},"LocalisationGps":{"Latitude":"44.620696","Longitude":"6.633074"},"libelleDuPrestataire":"","listeCriteres":{"MODELEURL":{"ADHERENTCOMPLET":""},"P.122":{"613":""},"P.prestations":{"surchargeTourismesAdaptes":"","surchargeDescriptifHandicapMoteur":"","surchargeDescriptifHandicapAuditif":"","surchargeDescriptifHandicapVisuel":"","surchargeDescriptifHandicapMental":"","surchargeNombreFauteuilsRoulants":""},"P.languesParlees":{"1197":""},"P.35":{"587":"","3735":""},"P.6528":{"169":"","162":""},"P.environnements":{"171":""},"P.114":{"418":"","436":""},"P.tourismeAffaires":{"tourismeAffairesEnabled":"","devise":"EUR"},"P.visites":{"dureeMoyenneVisiteIndividuelle":"90"},"P.rubrique":{"2988":""},"P.61":{"3184":"","3333":""},"P.itineraire":{"denivellationPositive":"218","distance":"6.5","dureeJournaliere":"90","altitudeMoyenne":"1900","itineraireType":"Aller \/ Retour","itineraireBalise":"","denivellation":"218"},"P.CINTSITRA":{"9293":"","13153":""},"P.3240":{"100180":""},"P.6241":{"126905":"","4830820":""},"P.3218":{"179784":""},"P.3233":{"591419":""},"P.3220":{"822521":"","4890483":"","4938816":""},"P.3227":{"822527":""},"P.3219":{"5127127":""},"P.3221":{"5585117":""},"P.VilleSitra":{"1869":""},"P.VillageDeDepart":{"1869":""}},"dansCarnetVoyage":true,"Ouverture":""},"html":" \n \u003Cdiv id=\"CV-PRESTATAIRE-L-6047184\" data-contexte-id=\"PRESTATAIRE|L|6047184\" data-cle=\"L|6047184\" class=\"fiche-liste\"\u003E\n    \n\n    \u003C!-- partie photo --\u003E\n    \u003Cdiv class=\"photo\"\u003E\t\t\t\t\t\t\t\t\t\t\t\t\t\t\t\t\t\t\t\t\t\n        \u003Cdiv class=\"cadre_photo_principale\"\u003E\t\t\n        \n            \t\t\t\t\t\n                    \u003Ca href=\"itineraire-randonnee-le-lac-du-pre-du-laus-1.html?origine=carnet#media\"\u003E\n                        \u003Cimg class=\"photo_principale\" alt=\"Lac du pr\u00e9 du laus Risoul\" src=\"https:\/\/www.risoul.com\/medias\/images\/prestataires\/multitailles\/320x240_149899-ete2018_credit_photo_manumolle_1.jpg\" itemprop=\"image\"\u003E\n                    \u003C\/a\u003E\t\t\t\t\t\t\n                \n                    \u003C\/div\u003E\t\t\t\t\t\t\t\t\t\t\t\t\t\t\t\t\t\t\t \t\t\n    \u003C\/div\u003E\n    \n    \u003C!-- partie nom prest --\u003E\n    \u003Cdiv class=\"nom\"\u003E\n        \u003Ch2\u003EItin\u00e9raire randonn\u00e9e - Le Lac du Pr\u00e9 du Laus -1\u003C\/h2\u003E\n        \n            \u003C\/div\u003E\n\n         \n    \u003C!-- partie adresse --\u003E\n    \u003Cdiv class=\"adresse\"\u003E\n    \n          \n    \u003C\/div\u003E\n    \n    \u003C!-- partie liens --\u003E\n    \u003Cdiv class=\"liens\"\u003E\n            \u003Ca class=\"btn-icon btn-view \" title=\"Voir la fiche d\u00e9taill\u00e9e\" href=\"itineraire-randonnee-le-lac-du-pre-du-laus-1.html?origine=carnet\"\u003E\u003C\/a\u003E\u003C!--\u003Ca class=\"btn-icon btn-view \" title=\"\" href=\"?origine=carnet#thaut\"\u003E\u003C\/a\u003E--\u003E\n      \u003Ca class=\"btn-icon btn-trash carnet_voyage_supprimer\" title=\"Supprimer cette fiche de mon carnet de voyage\" href=\"carnet-voyage?action=remove&fiche=L|6047184\"\u003E\u003C\/a\u003E\n    \u003C\/div\u003E\n\n\u003C\/div\u003E\n\n","icon":"https:\/\/static.ingenie.fr\/images\/carnetVoyageV3\/L.png"},"fiche":"L|6047184","popup":"\u003Cdiv id=\"bloc_popup_ajout_fiche_carnet\"\u003E\n    \u003Cdiv class=\"info_popup_ajout_fiche_carnet\"\u003E\n        Vous venez d'ajouter cet \u00e9l\u00e9ment \u00e0 vos favoris :    \u003C\/div\u003E\n    \u003Cdiv class=\"prest_popup_ajout_fiche_carnet\"\u003E\n        Itin&eacute;raire randonn&eacute;e - Le Lac du Pr&eacute; du Laus -1    \u003C\/div\u003E\n    \u003Cdiv class=\"bloc_btn_ajout_fiche_carnet form_submit_div\"\u003E\n        \u003Cinput type=\"button\" value=\"Continuer ma s\u00e9lection de favoris\" title=\"Continuer ma s\u00e9lection de favoris\" name=\"btn_close\" class=\"btn_close_popup_carnet form_submit\" onclick=\"$.colorbox.close()\" \/\u003E\n        \u003Cinput type=\"button\" value=\"Voir mes favoris\" title=\"Voir mes favoris\" name=\"btn_panier\" class=\"btn_panier_popup_carnet form_submit\" onclick=\"if(typeof CarnetVoyage != 'undefined') {CarnetVoyage.voirCarnet();}\" \/\u003E\n    \u003C\/div\u003E\n    \u003Cdiv class=\"bloc_btn_ajout_fiche_carnet\"\u003E\n        \u003Cinput type=\"checkbox\" value=\"1\" name=\"desactiver_popup\" id=\"desactiver_popup\" \/\u003E\n        \u003Clabel for=\"desactiver_popup\"\u003ENe plus afficher ce message\u003C\/label\u003E\n    \u003C\/div\u003E\n\u003C\/div\u003E","success":1}