{"nbFiches":1,"dataPrest":{"infoPrest":{"pave1":{"libelle":"Descriptif (non index\u00e9 APIDAE)","contenu":""},"pave2":{"libelle":"Descriptif court","contenu":"Le col Izoard constitue l'une des portes sup\u00e9rieures du Queyras, transition vers le Brian\u00e7onnais. Inaccessible l'hiver, c'est pendant la p\u00e9riode estivale, une des routes touristiques les plus fr\u00e9quent\u00e9es des Hautes-Alpes."},"pave3":{"libelle":"Descriptif d\u00e9taill\u00e9","contenu":"Mais le col est essentiellement connu pour son site spectaculaire de la Casse D\u00e9serte constitu\u00e9 d'\u00e9boulis d'o\u00f9 surgissent des pitons cargneuliques. Au del\u00e0 de l'aspect g\u00e9ologique spectaculaire du col, celui-ci est devenu lieu de l\u00e9gende du Tour de France cycliste. Avec un pourcentage de pente de 8 % sur les dix derniers kilom\u00e8tres d'ascension au col, les plus grands champions forg\u00e8rent leur r\u00e9putation tels Fausto Coppi et Louison Bobet. Une st\u00e8le a \u00e9t\u00e9 \u00e9rig\u00e9e \u00e0 leurs m\u00e9moires.\u003Cbr \/\u003E\r\nC'est \u00e9galement le rendez-vous de bien d'autres courses cyclistes aussi prestigieuses que le Crit\u00e9rium du Dauphin\u00e9 Lib\u00e9r\u00e9, le Tour d'Italie, la Serre-Che Luc Alphand, l'Embrunman (un des triathlon les plus durs au monde)  ...\u003Cbr \/\u003E\r\nAvec le temps, l\u2019Izoard est devenu un mythe, ne dit-on pas \"qu\u2019un champion entre seul dans la casse d\u00e9serte\" ?"},"pave4":{"libelle":"Bons Plans","contenu":""},"pave5":{"libelle":"Compl\u00e9ment localisation","contenu":""},"pave6":{"libelle":"Compl\u00e9ment accueil","contenu":""},"pave7":{"libelle":"P\u00e9riode(s) d'ouverture","contenu":""},"pave8":{"libelle":"Tarifs en clair","contenu":""},"pave9":{"libelle":"Compl\u00e9ment tarifs","contenu":""},"pave10":{"libelle":"Compl\u00e9ment R\u00e9servation","contenu":""},"pave11":{"libelle":"","contenu":""},"pave12":{"libelle":"","contenu":""},"pave13":{"libelle":"","contenu":""},"pave14":{"libelle":"","contenu":""},"pave15":{"libelle":"","contenu":""},"pave16":{"libelle":"","contenu":""},"pave17":{"libelle":"","contenu":""},"pave18":{"libelle":"","contenu":""},"pave19":{"libelle":"","contenu":""},"pave20":{"libelle":"","contenu":""},"pave21":{"libelle":"","contenu":""},"pave22":{"libelle":"","contenu":""},"pave23":{"libelle":"","contenu":""},"pave24":{"libelle":"","contenu":""},"pave25":{"libelle":"","contenu":""},"Libelle":"Col Izoard","Nom":"Col Izoard","Prenom":"","NomPrenom":"Col Izoard ","CiviliteNomPrenom":"Col Izoard ","Cle":"N|515746","PrestataireParent":"","ContexteStat":"PRESTATAIRE-N-515746","DateModificationIso":"2026-02-11T00:01:00+01:00","Type":"PRESTATAIRE","TypePrestataire":"N","Adresse":{"LigneAdresse1":"","LigneAdresse2":"","LigneAdresse3":"","CodePostal":"05350","Ville":"Arvieux","Cedex":"","Etat":"","Pays":"FRA"},"Email":"info@guillestroisqueyras.com","Telephone":"04 92 46 76 18","TelephoneBureau":"","Portable":"","SiteWeb":"","Fax":"","Id":"n-515746","Code":"N|515746","Fichier":{"Image":[{"url":"https:\/\/www.risoul.com\/medias\/images\/prestataires\/138865-cyclo_col_izoard.jpg","chemin":"..\/medias\/images\/prestataires\/138865-cyclo_col_izoard.jpg","libelle":"Col Izoard","extension":"jpg","categorie":"","largeur":600,"theme":"ETE","hauteur":450,"type":"Image","origine":"","liaisonPave":"","langue":"","id":"138865","urlVignette":"https:\/\/www.risoul.com\/medias\/images\/prestataires\/v-138865-cyclo_col_izoard.jpg","alt":"Col Izoard","title":"Col Izoard - &copy Office de Tourisme du Queyras","MultiTaille":{"1920x1440":{"url":"https:\/\/www.risoul.com\/medias\/images\/prestataires\/multitailles\/1920x1440_138865-cyclo_col_izoard.jpg"},"1200x900":{"url":"https:\/\/www.risoul.com\/medias\/images\/prestataires\/multitailles\/1200x900_138865-cyclo_col_izoard.jpg"},"800x600":{"url":"https:\/\/www.risoul.com\/medias\/images\/prestataires\/multitailles\/800x600_138865-cyclo_col_izoard.jpg"},"640x480":{"url":"https:\/\/www.risoul.com\/medias\/images\/prestataires\/multitailles\/640x480_138865-cyclo_col_izoard.jpg"},"320x240":{"url":"https:\/\/www.risoul.com\/medias\/images\/prestataires\/multitailles\/320x240_138865-cyclo_col_izoard.jpg"},"160x120":{"url":"https:\/\/www.risoul.com\/medias\/images\/prestataires\/multitailles\/160x120_138865-cyclo_col_izoard.jpg"},"origine":{"url":"https:\/\/www.risoul.com\/medias\/images\/prestataires\/138865-cyclo_col_izoard.jpg"}},"urlLien":"","typeLien":"","nofollow":"N","copyright":"Office de Tourisme du Queyras"},{"url":"https:\/\/www.risoul.com\/medias\/images\/prestataires\/138866-cyclo_651.jpg","chemin":"..\/medias\/images\/prestataires\/138866-cyclo_651.jpg","libelle":"Cyclo au Col Izoard","extension":"jpg","categorie":"","largeur":1181,"theme":"ETE","hauteur":787,"type":"Image","origine":"","liaisonPave":"","langue":"","id":"138866","urlVignette":"https:\/\/www.risoul.com\/medias\/images\/prestataires\/v-138866-cyclo_651.jpg","alt":"Cyclo au Col Izoard","title":"Cyclo au Col Izoard - &copy Office de Tourisme du Queyras","MultiTaille":{"1920x1440":{"url":"https:\/\/www.risoul.com\/medias\/images\/prestataires\/multitailles\/1920x1440_138866-cyclo_651.jpg"},"1200x900":{"url":"https:\/\/www.risoul.com\/medias\/images\/prestataires\/multitailles\/1200x900_138866-cyclo_651.jpg"},"800x600":{"url":"https:\/\/www.risoul.com\/medias\/images\/prestataires\/multitailles\/800x600_138866-cyclo_651.jpg"},"640x480":{"url":"https:\/\/www.risoul.com\/medias\/images\/prestataires\/multitailles\/640x480_138866-cyclo_651.jpg"},"320x240":{"url":"https:\/\/www.risoul.com\/medias\/images\/prestataires\/multitailles\/320x240_138866-cyclo_651.jpg"},"160x120":{"url":"https:\/\/www.risoul.com\/medias\/images\/prestataires\/multitailles\/160x120_138866-cyclo_651.jpg"},"origine":{"url":"https:\/\/www.risoul.com\/medias\/images\/prestataires\/138866-cyclo_651.jpg"}},"urlLien":"","typeLien":"","nofollow":"N","copyright":"Office de Tourisme du Queyras"},{"url":"https:\/\/www.risoul.com\/medias\/images\/prestataires\/138867-izoard.jpg","chemin":"..\/medias\/images\/prestataires\/138867-izoard.jpg","libelle":"Profil Col Izoard","extension":"jpg","categorie":"","largeur":465,"theme":"ETE","hauteur":452,"type":"Image","origine":"","liaisonPave":"","langue":"","id":"138867","urlVignette":"https:\/\/www.risoul.com\/medias\/images\/prestataires\/v-138867-izoard.jpg","alt":"Profil Col Izoard","title":"Profil Col Izoard","MultiTaille":{"1920x1440":{"url":"https:\/\/www.risoul.com\/medias\/images\/prestataires\/multitailles\/1920x1440_138867-izoard.jpg"},"1200x900":{"url":"https:\/\/www.risoul.com\/medias\/images\/prestataires\/multitailles\/1200x900_138867-izoard.jpg"},"800x600":{"url":"https:\/\/www.risoul.com\/medias\/images\/prestataires\/multitailles\/800x600_138867-izoard.jpg"},"640x480":{"url":"https:\/\/www.risoul.com\/medias\/images\/prestataires\/multitailles\/640x480_138867-izoard.jpg"},"320x240":{"url":"https:\/\/www.risoul.com\/medias\/images\/prestataires\/multitailles\/320x240_138867-izoard.jpg"},"160x120":{"url":"https:\/\/www.risoul.com\/medias\/images\/prestataires\/multitailles\/160x120_138867-izoard.jpg"},"origine":{"url":"https:\/\/www.risoul.com\/medias\/images\/prestataires\/138867-izoard.jpg"}},"urlLien":"","typeLien":"","nofollow":"N","copyright":""},{"url":"https:\/\/www.risoul.com\/medias\/images\/prestataires\/138864-col_izoard.jpg","chemin":"..\/medias\/images\/prestataires\/138864-col_izoard.jpg","libelle":"col izoard","extension":"jpg","categorie":"","largeur":1200,"theme":"HIVER","hauteur":797,"type":"Image","origine":"","liaisonPave":"","langue":"","id":"138864","urlVignette":"https:\/\/www.risoul.com\/medias\/images\/prestataires\/v-138864-col_izoard.jpg","alt":"col izoard","title":"col izoard - &copy OTQueyras","MultiTaille":{"1920x1440":{"url":"https:\/\/www.risoul.com\/medias\/images\/prestataires\/multitailles\/1920x1440_138864-col_izoard.jpg"},"1200x900":{"url":"https:\/\/www.risoul.com\/medias\/images\/prestataires\/multitailles\/1200x900_138864-col_izoard.jpg"},"800x600":{"url":"https:\/\/www.risoul.com\/medias\/images\/prestataires\/multitailles\/800x600_138864-col_izoard.jpg"},"640x480":{"url":"https:\/\/www.risoul.com\/medias\/images\/prestataires\/multitailles\/640x480_138864-col_izoard.jpg"},"320x240":{"url":"https:\/\/www.risoul.com\/medias\/images\/prestataires\/multitailles\/320x240_138864-col_izoard.jpg"},"160x120":{"url":"https:\/\/www.risoul.com\/medias\/images\/prestataires\/multitailles\/160x120_138864-col_izoard.jpg"},"origine":{"url":"https:\/\/www.risoul.com\/medias\/images\/prestataires\/138864-col_izoard.jpg"}},"urlLien":"","typeLien":"","nofollow":"N","copyright":"OTQueyras"}],"ByCategorie":{"":[{"url":"https:\/\/www.risoul.com\/medias\/images\/prestataires\/138865-cyclo_col_izoard.jpg","chemin":"..\/medias\/images\/prestataires\/138865-cyclo_col_izoard.jpg","libelle":"Col Izoard","extension":"jpg","categorie":"","largeur":600,"theme":"ETE","hauteur":450,"type":"Image","origine":"","liaisonPave":"","langue":"","id":"138865","urlVignette":"https:\/\/www.risoul.com\/medias\/images\/prestataires\/v-138865-cyclo_col_izoard.jpg","alt":"Col Izoard","title":"Col Izoard - &copy Office de Tourisme du Queyras","MultiTaille":{"1920x1440":{"url":"https:\/\/www.risoul.com\/medias\/images\/prestataires\/multitailles\/1920x1440_138865-cyclo_col_izoard.jpg"},"1200x900":{"url":"https:\/\/www.risoul.com\/medias\/images\/prestataires\/multitailles\/1200x900_138865-cyclo_col_izoard.jpg"},"800x600":{"url":"https:\/\/www.risoul.com\/medias\/images\/prestataires\/multitailles\/800x600_138865-cyclo_col_izoard.jpg"},"640x480":{"url":"https:\/\/www.risoul.com\/medias\/images\/prestataires\/multitailles\/640x480_138865-cyclo_col_izoard.jpg"},"320x240":{"url":"https:\/\/www.risoul.com\/medias\/images\/prestataires\/multitailles\/320x240_138865-cyclo_col_izoard.jpg"},"160x120":{"url":"https:\/\/www.risoul.com\/medias\/images\/prestataires\/multitailles\/160x120_138865-cyclo_col_izoard.jpg"},"origine":{"url":"https:\/\/www.risoul.com\/medias\/images\/prestataires\/138865-cyclo_col_izoard.jpg"}},"urlLien":"","typeLien":"","nofollow":"N","copyright":"Office de Tourisme du Queyras"},{"url":"https:\/\/www.risoul.com\/medias\/images\/prestataires\/138866-cyclo_651.jpg","chemin":"..\/medias\/images\/prestataires\/138866-cyclo_651.jpg","libelle":"Cyclo au Col Izoard","extension":"jpg","categorie":"","largeur":1181,"theme":"ETE","hauteur":787,"type":"Image","origine":"","liaisonPave":"","langue":"","id":"138866","urlVignette":"https:\/\/www.risoul.com\/medias\/images\/prestataires\/v-138866-cyclo_651.jpg","alt":"Cyclo au Col Izoard","title":"Cyclo au Col Izoard - &copy Office de Tourisme du Queyras","MultiTaille":{"1920x1440":{"url":"https:\/\/www.risoul.com\/medias\/images\/prestataires\/multitailles\/1920x1440_138866-cyclo_651.jpg"},"1200x900":{"url":"https:\/\/www.risoul.com\/medias\/images\/prestataires\/multitailles\/1200x900_138866-cyclo_651.jpg"},"800x600":{"url":"https:\/\/www.risoul.com\/medias\/images\/prestataires\/multitailles\/800x600_138866-cyclo_651.jpg"},"640x480":{"url":"https:\/\/www.risoul.com\/medias\/images\/prestataires\/multitailles\/640x480_138866-cyclo_651.jpg"},"320x240":{"url":"https:\/\/www.risoul.com\/medias\/images\/prestataires\/multitailles\/320x240_138866-cyclo_651.jpg"},"160x120":{"url":"https:\/\/www.risoul.com\/medias\/images\/prestataires\/multitailles\/160x120_138866-cyclo_651.jpg"},"origine":{"url":"https:\/\/www.risoul.com\/medias\/images\/prestataires\/138866-cyclo_651.jpg"}},"urlLien":"","typeLien":"","nofollow":"N","copyright":"Office de Tourisme du Queyras"},{"url":"https:\/\/www.risoul.com\/medias\/images\/prestataires\/138867-izoard.jpg","chemin":"..\/medias\/images\/prestataires\/138867-izoard.jpg","libelle":"Profil Col Izoard","extension":"jpg","categorie":"","largeur":465,"theme":"ETE","hauteur":452,"type":"Image","origine":"","liaisonPave":"","langue":"","id":"138867","urlVignette":"https:\/\/www.risoul.com\/medias\/images\/prestataires\/v-138867-izoard.jpg","alt":"Profil Col Izoard","title":"Profil Col Izoard","MultiTaille":{"1920x1440":{"url":"https:\/\/www.risoul.com\/medias\/images\/prestataires\/multitailles\/1920x1440_138867-izoard.jpg"},"1200x900":{"url":"https:\/\/www.risoul.com\/medias\/images\/prestataires\/multitailles\/1200x900_138867-izoard.jpg"},"800x600":{"url":"https:\/\/www.risoul.com\/medias\/images\/prestataires\/multitailles\/800x600_138867-izoard.jpg"},"640x480":{"url":"https:\/\/www.risoul.com\/medias\/images\/prestataires\/multitailles\/640x480_138867-izoard.jpg"},"320x240":{"url":"https:\/\/www.risoul.com\/medias\/images\/prestataires\/multitailles\/320x240_138867-izoard.jpg"},"160x120":{"url":"https:\/\/www.risoul.com\/medias\/images\/prestataires\/multitailles\/160x120_138867-izoard.jpg"},"origine":{"url":"https:\/\/www.risoul.com\/medias\/images\/prestataires\/138867-izoard.jpg"}},"urlLien":"","typeLien":"","nofollow":"N","copyright":""},{"url":"https:\/\/www.risoul.com\/medias\/images\/prestataires\/138868-logo_velo_pluf_fra.pdf","chemin":"..\/medias\/images\/prestataires\/138868-logo_velo_pluf_fra.pdf","libelle":"Col Izoard_Arvieux","extension":"pdf","categorie":"","largeur":"","theme":"","hauteur":"","type":"Document","origine":"","liaisonPave":"","langue":"","id":"138868","poids":"395.46 Ko","alt":"Col Izoard_Arvieux","title":"Col Izoard_Arvieux"},{"url":"https:\/\/www.risoul.com\/medias\/images\/prestataires\/138864-col_izoard.jpg","chemin":"..\/medias\/images\/prestataires\/138864-col_izoard.jpg","libelle":"col izoard","extension":"jpg","categorie":"","largeur":1200,"theme":"HIVER","hauteur":797,"type":"Image","origine":"","liaisonPave":"","langue":"","id":"138864","urlVignette":"https:\/\/www.risoul.com\/medias\/images\/prestataires\/v-138864-col_izoard.jpg","alt":"col izoard","title":"col izoard - &copy OTQueyras","MultiTaille":{"1920x1440":{"url":"https:\/\/www.risoul.com\/medias\/images\/prestataires\/multitailles\/1920x1440_138864-col_izoard.jpg"},"1200x900":{"url":"https:\/\/www.risoul.com\/medias\/images\/prestataires\/multitailles\/1200x900_138864-col_izoard.jpg"},"800x600":{"url":"https:\/\/www.risoul.com\/medias\/images\/prestataires\/multitailles\/800x600_138864-col_izoard.jpg"},"640x480":{"url":"https:\/\/www.risoul.com\/medias\/images\/prestataires\/multitailles\/640x480_138864-col_izoard.jpg"},"320x240":{"url":"https:\/\/www.risoul.com\/medias\/images\/prestataires\/multitailles\/320x240_138864-col_izoard.jpg"},"160x120":{"url":"https:\/\/www.risoul.com\/medias\/images\/prestataires\/multitailles\/160x120_138864-col_izoard.jpg"},"origine":{"url":"https:\/\/www.risoul.com\/medias\/images\/prestataires\/138864-col_izoard.jpg"}},"urlLien":"","typeLien":"","nofollow":"N","copyright":"OTQueyras"}]},"Document":[{"url":"https:\/\/www.risoul.com\/medias\/images\/prestataires\/138868-logo_velo_pluf_fra.pdf","chemin":"..\/medias\/images\/prestataires\/138868-logo_velo_pluf_fra.pdf","libelle":"Col Izoard_Arvieux","extension":"pdf","categorie":"","largeur":"","theme":"","hauteur":"","type":"Document","origine":"","liaisonPave":"","langue":"","id":"138868","poids":"395.46 Ko","alt":"Col Izoard_Arvieux","title":"Col Izoard_Arvieux"}]},"Url":"site-naturel-col-izoard.html","Localisation":{"GoogleMap":{"Latitude":"44.819588","Longitude":"6.734982"}},"ZoneGeo":"","Criteres":{"P.126[1321":"","P.services[687":"","P.services[785":"","P.prestations[animauxAcceptes":"","P.prestations[surchargeTourismesAdaptes":"","P.prestations[surchargeDescriptifHandicapMoteur":"","P.prestations[surchargeDescriptifHandicapAuditif":"","P.prestations[surchargeDescriptifHandicapVisuel":"","P.prestations[surchargeDescriptifHandicapMental":"","P.prestations[surchargeNombreFauteuilsRoulants":"","P.environnements[171":"","P.114[416":"","P.114[418":"","P.114[436":"","P.ouverturesComplementaires[4188":"","P.ouverturesComplementaires[4189":"","P.40[2910":"","P.CINTSITRA[9293":"","P.3240[100012":"","P.3240[100180":"","P.3220[143698":"","P.3220[4890483":"","P.3220[4938816":"","P.3218[179784":"","P.3230[408202":"","P.3233[591419":"","P.6241[4830820":"","P.6242[4890480":"","P.3219[5127127":"","P.3221[5585117":"","P.VilleSitra[1762":"","P.VillageDeDepart[1762":""},"DateFinPublication":"","PrixAPartirDe":"","PrixPour":"","FicheListeEnCours":"","ParametresModele":{"AfficherPhotos":1,"NbPhotosMax":6,"AfficherReserver":0,"AfficherContact":0,"AfficherSalle":1,"AfficherZoneGeo":0,"AfficherEnSavoirPlus":1,"AfficherUneSeuleOuverture":0,"AfficherContactCarte":1,"AfficherTarifsChaudAPartirDe":0,"AfficherTarifChaudSansRecherche":0,"AfficherTypeCarte":["GOOGLE_MAPS"],"ComportementResa":false,"ComportementDispo":false},"AffichageCoordonnees":[],"Coordonnees":{"Ville":"Arvieux"},"ContexteId":"PRESTATAIRE|N|515746","ContexteIdHtml":"PRESTATAIRE-N-515746","cleContexte":"N|515746","Bloc":{"texte1":"","texte3":"","critere1":{"libelle":"","contenu":[]},"critere2":{"libelle":"","contenu":[]},"critere3":{"libelle":"","contenu":[]},"critere4":{"libelle":"","contenu":[]},"critere5":{"libelle":"","contenu":[]},"critere6":{"libelle":"","contenu":[]},"critere7":{"libelle":"","contenu":[]},"critere8":{"libelle":"","contenu":[]},"critere9":{"libelle":"","contenu":[]}},"LocalisationGps":{"Latitude":"44.819588","Longitude":"6.734982"},"libelleDuPrestataire":"","listeCriteres":{"P.126":{"1321":""},"P.services":{"687":"","785":""},"P.prestations":{"animauxAcceptes":"","surchargeTourismesAdaptes":"","surchargeDescriptifHandicapMoteur":"","surchargeDescriptifHandicapAuditif":"","surchargeDescriptifHandicapVisuel":"","surchargeDescriptifHandicapMental":"","surchargeNombreFauteuilsRoulants":""},"P.environnements":{"171":""},"P.114":{"416":"","418":"","436":""},"P.ouverturesComplementaires":{"4188":"","4189":""},"P.40":{"2910":""},"P.CINTSITRA":{"9293":""},"P.3240":{"100012":"","100180":""},"P.3220":{"143698":"","4890483":"","4938816":""},"P.3218":{"179784":""},"P.3230":{"408202":""},"P.3233":{"591419":""},"P.6241":{"4830820":""},"P.6242":{"4890480":""},"P.3219":{"5127127":""},"P.3221":{"5585117":""},"P.VilleSitra":{"1762":""},"P.VillageDeDepart":{"1762":""}},"dansCarnetVoyage":true,"Ouverture":""},"html":" \n \u003Cdiv id=\"CV-PRESTATAIRE-N-515746\" data-contexte-id=\"PRESTATAIRE|N|515746\" data-cle=\"N|515746\" class=\"fiche-liste\"\u003E\n    \n\n    \u003C!-- partie photo --\u003E\n    \u003Cdiv class=\"photo\"\u003E\t\t\t\t\t\t\t\t\t\t\t\t\t\t\t\t\t\t\t\t\t\n        \u003Cdiv class=\"cadre_photo_principale\"\u003E\t\t\n        \n            \t\t\t\t\t\n                    \u003Ca href=\"site-naturel-col-izoard.html?origine=carnet#media\"\u003E\n                        \u003Cimg class=\"photo_principale\" alt=\"Col Izoard\" src=\"https:\/\/www.risoul.com\/medias\/images\/prestataires\/multitailles\/320x240_138865-cyclo_col_izoard.jpg\" itemprop=\"image\"\u003E\n                    \u003C\/a\u003E\t\t\t\t\t\t\n                \n                    \u003C\/div\u003E\t\t\t\t\t\t\t\t\t\t\t\t\t\t\t\t\t\t\t \t\t\n    \u003C\/div\u003E\n    \n    \u003C!-- partie nom prest --\u003E\n    \u003Cdiv class=\"nom\"\u003E\n        \u003Ch2\u003ECol Izoard\u003C\/h2\u003E\n        \n            \u003C\/div\u003E\n\n         \n    \u003C!-- partie adresse --\u003E\n    \u003Cdiv class=\"adresse\"\u003E\n    \n          \n    \u003C\/div\u003E\n    \n    \u003C!-- partie liens --\u003E\n    \u003Cdiv class=\"liens\"\u003E\n            \u003Ca class=\"btn-icon btn-view \" title=\"Voir la fiche d\u00e9taill\u00e9e\" href=\"site-naturel-col-izoard.html?origine=carnet\"\u003E\u003C\/a\u003E\u003C!--\u003Ca class=\"btn-icon btn-view \" title=\"\" href=\"?origine=carnet#thaut\"\u003E\u003C\/a\u003E--\u003E\n      \u003Ca class=\"btn-icon btn-trash carnet_voyage_supprimer\" title=\"Supprimer cette fiche de mon carnet de voyage\" href=\"carnet-voyage?action=remove&fiche=N|515746\"\u003E\u003C\/a\u003E\n    \u003C\/div\u003E\n\n\u003C\/div\u003E\n\n","icon":"https:\/\/static.ingenie.fr\/images\/carnetVoyageV3\/N.png"},"fiche":"N|515746","popup":"\u003Cdiv id=\"bloc_popup_ajout_fiche_carnet\"\u003E\n    \u003Cdiv class=\"info_popup_ajout_fiche_carnet\"\u003E\n        Vous venez d'ajouter cet \u00e9l\u00e9ment \u00e0 vos favoris :    \u003C\/div\u003E\n    \u003Cdiv class=\"prest_popup_ajout_fiche_carnet\"\u003E\n        Col Izoard    \u003C\/div\u003E\n    \u003Cdiv class=\"bloc_btn_ajout_fiche_carnet form_submit_div\"\u003E\n        \u003Cinput type=\"button\" value=\"Continuer ma s\u00e9lection de favoris\" title=\"Continuer ma s\u00e9lection de favoris\" name=\"btn_close\" class=\"btn_close_popup_carnet form_submit\" onclick=\"$.colorbox.close()\" \/\u003E\n        \u003Cinput type=\"button\" value=\"Voir mes favoris\" title=\"Voir mes favoris\" name=\"btn_panier\" class=\"btn_panier_popup_carnet form_submit\" onclick=\"if(typeof CarnetVoyage != 'undefined') {CarnetVoyage.voirCarnet();}\" \/\u003E\n    \u003C\/div\u003E\n    \u003Cdiv class=\"bloc_btn_ajout_fiche_carnet\"\u003E\n        \u003Cinput type=\"checkbox\" value=\"1\" name=\"desactiver_popup\" id=\"desactiver_popup\" \/\u003E\n        \u003Clabel for=\"desactiver_popup\"\u003ENe plus afficher ce message\u003C\/label\u003E\n    \u003C\/div\u003E\n\u003C\/div\u003E","success":1}