{"nbFiches":1,"dataPrest":{"infoPrest":{"pave1":{"libelle":"Descriptif","contenu":"&nbsp;\r\n\u003Ch3 data-end=\"282\" data-start=\"199\"\u003E\ud83e\uddc0 \u003Cstrong data-end=\"282\" data-start=\"206\"\u003ESoir&eacute;es Traditionnelles au Restaurant d&rsquo;Altitude Le T&eacute;tras&nbsp;\u003C\/strong\u003E\u003C\/h3\u003E\r\n\r\n\u003Cp data-end=\"858\" data-start=\"284\"\u003EVivez une soir&eacute;e unique au \u003Cstrong data-end=\"242\" data-start=\"207\"\u003Erestaurant d&rsquo;altitude Le T&eacute;tras\u003C\/strong\u003E : une \u003Cstrong data-end=\"272\" data-start=\"249\"\u003Emont&eacute;e en motoneige\u003C\/strong\u003E sous les &eacute;toiles, suivie d&rsquo;un repas montagnard authentique :&nbsp;\u003Cstrong data-end=\"391\" data-start=\"366\"\u003Etartiflette g&eacute;n&eacute;reuse\u003C\/strong\u003E ou \u003Cstrong data-end=\"413\" data-start=\"395\"\u003Ecamembert r&ocirc;ti\u003C\/strong\u003E.\u003Cbr data-end=\"417\" data-start=\"414\" \/\u003E\r\nInstallez-vous dans l&rsquo;ambiance chaleureuse du chalet, profitez de plats savoyards gourmands et admirez la magie des sommets enneig&eacute;s.\u003Cbr data-end=\"553\" data-start=\"550\" \/\u003E\r\nApr&egrave;s le d&icirc;ner, redescendez en motoneige pour cl&ocirc;turer cette exp&eacute;rience alpine inoubliable, entre sensations et convivialit&eacute;.\u003C\/p\u003E\r\n\u003Cbr \/\u003E\r\n\u003Cspan class=\"marker\"\u003E\u003Cstrong\u003EINFOS PRATIQUES :\u003C\/strong\u003E\u003C\/span\u003E\u003Cbr \/\u003E\r\n\u003Cbr \/\u003E\r\n- \u003Cstrong\u003ETous les mercredis\u003C\/strong\u003E :&nbsp;\u003Cspan style=\"font-family: arial, helvetica, sans-serif;\"\u003ETartiflette \u003Cstrong\u003Eou\u003C\/strong\u003E planche camembert fondu&nbsp; (charcuterie, pomme de terre, salade verte) dessert + caf&eacute; ou infusion&nbsp;\u003C\/span\u003E\u003Cbr \/\u003E\r\n\u003Cspan style=\"font-family: arial, helvetica, sans-serif;\"\u003E- Mont&eacute;e + descente en motoneige !\u003Cbr \/\u003E\r\n- 20 places disponibles&nbsp;\u003C\/span\u003E\u003Cbr style=\"font-family: arial, helvetica, sans-serif;\" \/\u003E\r\n\u003Cbr style=\"font-family: arial, helvetica, sans-serif;\" \/\u003E\r\n\u003Cspan style=\"font-family: arial, helvetica, sans-serif;\"\u003EApr&egrave;s r&eacute;servation, merci de contacter le prestataire: 04 92 46 09 83.\u003C\/span\u003E\u003Cbr style=\"font-family: arial, helvetica, sans-serif;\" \/\u003E\r\n\u003Cspan style=\"font-family: arial, helvetica, sans-serif;\"\u003ECe dernier vous confirmera l&#39;heure de RDV sur le front de neige &agrave; cot&eacute; du TSD 8places. (Premier d&eacute;part 19h00)&nbsp;\u003Cbr \/\u003E\r\n\u003Cbr \/\u003E\r\n\u003Cstrong\u003E\u003Cspan class=\"marker\"\u003ETARIFS :\u003C\/span\u003E\u003C\/strong\u003E&nbsp;\u003Cbr \/\u003E\r\n\u003Cbr \/\u003E\r\n- 50&euro; \/ Adulte\u003Cbr \/\u003E\r\n- 25&euro; \/ Enfant (-10 ans)\u003C\/span\u003E\u003Cbr \/\u003E\r\n\u003Cbr \/\u003E\r\n&nbsp;\r\n\u003Cdiv\u003E\u003Cspan style=\"font-family:arial,helvetica,sans-serif;\"\u003E\u003Cspan class=\"marker\"\u003E\u003Cspan style=\"color: rgb(255, 255, 255);\"\u003E\u003Cem\u003EConditions d&#39;annulation\u003C\/em\u003E\u003C\/span\u003E&nbsp;:\u003C\/span\u003E\u003Cbr \/\u003E\r\n\u003Cbr \/\u003E\r\n\u003Cspan style=\"font-size:12px;\"\u003EL&#39;office de tourisme et le prestataire se r&eacute;servent la possibilit&eacute; d&#39;annuler ou de reporter la prestation en cas de :\u003C\/span\u003E\u003C\/span\u003E\u003C\/div\u003E\r\n\r\n\u003Cul\u003E\r\n\t\u003Cli\u003E\u003Cspan style=\"font-size:12px;\"\u003E\u003Cspan style=\"font-family:arial,helvetica,sans-serif;\"\u003ENombre insuffisant de participants, vous serez inform&eacute;s la veille &agrave; partir de 16h30.\u003C\/span\u003E\u003C\/span\u003E\u003C\/li\u003E\r\n\t\u003Cli\u003E\u003Cspan style=\"font-size:12px;\"\u003E\u003Cspan style=\"font-family:arial,helvetica,sans-serif;\"\u003EConditions m&eacute;t&eacute;orologiques g&eacute;nant le d&eacute;roulement de la prestaion\u003C\/span\u003E\u003C\/span\u003E\u003C\/li\u003E\r\n\t\u003Cli\u003E\u003Cspan style=\"font-size:12px;\"\u003E\u003Cspan style=\"font-family:arial,helvetica,sans-serif;\"\u003EImpossibilit&eacute; pour l&#39;organisateur d&#39;assurer la prestation en cas de force majeure\u003C\/span\u003E\u003C\/span\u003E\u003C\/li\u003E\r\n\u003C\/ul\u003E\r\n\r\n\u003Cdiv\u003E\u003Cbr \/\u003E\r\n\u003Cspan style=\"font-family:arial,helvetica,sans-serif;\"\u003E\u003Cspan class=\"marker\"\u003E\u003Cspan style=\"color: rgb(255, 255, 255);\"\u003E\u003Cem\u003EConditions de remboursement\u003C\/em\u003E\u003C\/span\u003E&nbsp;:\u003C\/span\u003E\u003C\/span\u003E\u003C\/div\u003E\r\n\r\n\u003Cul\u003E\r\n\t\u003Cli\u003E\u003Cspan style=\"font-size:12px;\"\u003E\u003Cspan style=\"font-family:arial,helvetica,sans-serif;\"\u003EEn cas d&#39;annulation par l&#39;office de tourisme et\/ou le prestataire, le remboursement est total et sans frais\u003C\/span\u003E\u003C\/span\u003E\u003C\/li\u003E\r\n\t\u003Cli\u003E\u003Cspan style=\"font-size:12px;\"\u003E\u003Cspan style=\"font-family:arial,helvetica,sans-serif;\"\u003EPossibilit&eacute; de remboursement si vous justifiez d&#39;une incapacit&eacute; &agrave; participer &agrave; l&#39;activit&eacute; (maladie, accident corporel, accident force majeure, hospitalisation, d&eacute;c&egrave;s d&#39;un proche) en pr&eacute;venant l&#39;office de tourisme au plus tard la veille de l&#39;activit&eacute; avant 16h par mail info@risoul.com&nbsp;. Si d&eacute;sistement&nbsp;sans raison valable (maladie, accident corporel, accident force majeure, hospitalisation, d&eacute;c&egrave;s d&#39;un proche) l&#39;activit&eacute; n&#39;est pas rembours&eacute;\u003C\/span\u003E\u003C\/span\u003E\u003C\/li\u003E\r\n\u003C\/ul\u003E\r\n","fichiers":[]},"pave2":{"libelle":"Informations compl\u00e9mentaires","contenu":"","fichiers":[]},"pave3":{"libelle":"","contenu":""},"pave4":{"libelle":"","contenu":""},"pave5":{"libelle":"","contenu":""},"pave6":{"libelle":"","contenu":""},"pave7":{"libelle":"","contenu":""},"pave8":{"libelle":"","contenu":""},"pave9":{"libelle":"","contenu":""},"pave10":{"libelle":"","contenu":""},"pave11":{"libelle":"","contenu":""},"pave12":{"libelle":"","contenu":""},"pave13":{"libelle":"","contenu":""},"pave14":{"libelle":"","contenu":""},"pave15":{"libelle":"","contenu":""},"pave16":{"libelle":"","contenu":""},"pave17":{"libelle":"","contenu":""},"pave18":{"libelle":"","contenu":""},"pave19":{"libelle":"","contenu":""},"pave20":{"libelle":"","contenu":""},"pave21":{"libelle":"","contenu":""},"pave22":{"libelle":"","contenu":""},"pave23":{"libelle":"","contenu":""},"pave24":{"libelle":"","contenu":""},"pave25":{"libelle":"","contenu":""},"Libelle":"Soir\u00e9e repas au T\u00e9tras les mercredis  !","Reference":"","Reftar":"","Type":"PRESTATION","TypePrestataire":"V","ContexteStat":"PRESTATION-V-TETRA-REPASTETRASMERCTARTICAM","DateModificationIso":"2026-01-02T09:48:00+01:00","Adresse":{"LigneAdresse1":"","LigneAdresse2":"","LigneAdresse3":"","CodePostal":"05600","Ville":"RISOUL","Cedex":"","Etat":"","Pays":"FRA"},"Id":"v-tetra-repastetrasmerctarticam","Code":"V|TETRA|REPASTETRASMERCTARTICAM","Cle":"V|TETRA|REPASTETRASMERCTARTICAM","Url":"soiree-repas-au-tetras-les-mercredis-1.html","Localisation":{"GoogleMap":{"Latitude":"44.61048","Longitude":"6.63469"}},"ZoneGeo":"","Criteres":{"RES[OUI":"","TYPERESA[RESAAVECDATES":"","ACTIVITE[REPASTETRA":"","RESTO[RESTAURANTS":""},"Prestataire":{"pave1":{"libelle":"","contenu":""},"pave2":{"libelle":"","contenu":""},"pave3":{"libelle":"","contenu":""},"pave4":{"libelle":"","contenu":""},"pave5":{"libelle":"","contenu":""},"pave6":{"libelle":"","contenu":""},"pave7":{"libelle":"","contenu":""},"pave8":{"libelle":"","contenu":""},"pave9":{"libelle":"","contenu":""},"pave10":{"libelle":"","contenu":""},"pave11":{"libelle":"","contenu":""},"pave12":{"libelle":"","contenu":""},"pave13":{"libelle":"","contenu":""},"pave14":{"libelle":"","contenu":""},"pave15":{"libelle":"","contenu":""},"pave16":{"libelle":"","contenu":""},"pave17":{"libelle":"","contenu":""},"pave18":{"libelle":"","contenu":""},"pave19":{"libelle":"","contenu":""},"pave20":{"libelle":"","contenu":""},"pave21":{"libelle":"","contenu":""},"pave22":{"libelle":"","contenu":""},"pave23":{"libelle":"","contenu":""},"pave24":{"libelle":"","contenu":""},"pave25":{"libelle":"","contenu":""},"Libelle":"Restaurant le T\u00e9tras","Nom":"Restaurant le T\u00e9tras","Prenom":"","NomPrenom":"Restaurant le T\u00e9tras ","CiviliteNomPrenom":"Restaurant le T\u00e9tras ","Cle":"V|TETRA","PrestataireParent":"","ContexteStat":"PRESTATAIRE-V-TETRA","DateModificationIso":"2026-01-03T10:38:00+01:00","Type":"PRESTATAIRE","TypePrestataire":"V","Adresse":{"LigneAdresse1":"Restaurant d'altitude le t\u00e9tras","LigneAdresse2":"Domaine skiable","LigneAdresse3":"","CodePostal":"05600","Ville":"RISOUL","Cedex":"","Etat":"","Pays":"FRA"},"Email":"letetras662@gmail.com","Telephone":"04 92 46 09 83","TelephoneBureau":"","Portable":"06 73 88 63 93","SiteWeb":"","Fax":"","Id":"v-tetra","Code":"V|TETRA","Fichier":{"Image":[{"url":"https:\/\/www.risoul.com\/medias\/images\/prestataires\/le-tetras-risoul-82391.jpg","chemin":"..\/medias\/images\/prestataires\/le-tetras-risoul-82391.jpg","libelle":"LE TETRAS RISOUL ","extension":"jpg","categorie":"","largeur":4000,"theme":"","hauteur":2670,"type":"Image","origine":"","liaisonPave":"","langue":"","id":"82391","urlVignette":"https:\/\/www.risoul.com\/medias\/images\/prestataires\/v-le-tetras-risoul-82391.jpg","alt":"LE TETRAS RISOUL ","title":"LE TETRAS RISOUL ","MultiTaille":{"1920x1440":{"url":"https:\/\/www.risoul.com\/medias\/images\/prestataires\/multitailles\/1920x1440_le-tetras-risoul-82391.jpg"},"1200x900":{"url":"https:\/\/www.risoul.com\/medias\/images\/prestataires\/multitailles\/1200x900_le-tetras-risoul-82391.jpg"},"800x600":{"url":"https:\/\/www.risoul.com\/medias\/images\/prestataires\/multitailles\/800x600_le-tetras-risoul-82391.jpg"},"640x480":{"url":"https:\/\/www.risoul.com\/medias\/images\/prestataires\/multitailles\/640x480_le-tetras-risoul-82391.jpg"},"320x240":{"url":"https:\/\/www.risoul.com\/medias\/images\/prestataires\/multitailles\/320x240_le-tetras-risoul-82391.jpg"},"160x120":{"url":"https:\/\/www.risoul.com\/medias\/images\/prestataires\/multitailles\/160x120_le-tetras-risoul-82391.jpg"},"origine":{"url":"https:\/\/www.risoul.com\/medias\/images\/prestataires\/le-tetras-risoul-82391.jpg"}},"urlLien":"","typeLien":"|","nofollow":"N","copyright":""}],"ByCategorie":{"":[{"url":"https:\/\/www.risoul.com\/medias\/images\/prestataires\/le-tetras-risoul-82391.jpg","chemin":"..\/medias\/images\/prestataires\/le-tetras-risoul-82391.jpg","libelle":"LE TETRAS RISOUL ","extension":"jpg","categorie":"","largeur":4000,"theme":"","hauteur":2670,"type":"Image","origine":"","liaisonPave":"","langue":"","id":"82391","urlVignette":"https:\/\/www.risoul.com\/medias\/images\/prestataires\/v-le-tetras-risoul-82391.jpg","alt":"LE TETRAS RISOUL ","title":"LE TETRAS RISOUL ","MultiTaille":{"1920x1440":{"url":"https:\/\/www.risoul.com\/medias\/images\/prestataires\/multitailles\/1920x1440_le-tetras-risoul-82391.jpg"},"1200x900":{"url":"https:\/\/www.risoul.com\/medias\/images\/prestataires\/multitailles\/1200x900_le-tetras-risoul-82391.jpg"},"800x600":{"url":"https:\/\/www.risoul.com\/medias\/images\/prestataires\/multitailles\/800x600_le-tetras-risoul-82391.jpg"},"640x480":{"url":"https:\/\/www.risoul.com\/medias\/images\/prestataires\/multitailles\/640x480_le-tetras-risoul-82391.jpg"},"320x240":{"url":"https:\/\/www.risoul.com\/medias\/images\/prestataires\/multitailles\/320x240_le-tetras-risoul-82391.jpg"},"160x120":{"url":"https:\/\/www.risoul.com\/medias\/images\/prestataires\/multitailles\/160x120_le-tetras-risoul-82391.jpg"},"origine":{"url":"https:\/\/www.risoul.com\/medias\/images\/prestataires\/le-tetras-risoul-82391.jpg"}},"urlLien":"","typeLien":"|","nofollow":"N","copyright":""}]}},"Url":"","Localisation":{"GoogleMap":{"Latitude":"","Longitude":""}},"ZoneGeo":"","Criteres":[],"DateFinPublication":""},"Fichier":{"Image":[{"url":"https:\/\/www.risoul.com\/medias\/images\/prestations\/img-1396-789564.jpg","chemin":"..\/medias\/images\/prestations\/img-1396-789564.jpg","libelle":"img-1396-789564","extension":"jpg","categorie":"","largeur":4583,"theme":"","hauteur":3437,"type":"Image","origine":"","liaisonPave":"","langue":"","id":"789564","urlVignette":"https:\/\/www.risoul.com\/medias\/images\/prestations\/v-img-1396-789564.jpg","alt":"img-1396-789564","title":"img-1396-789564","MultiTaille":{"1920x1440":{"url":"https:\/\/www.risoul.com\/medias\/images\/prestations\/multitailles\/1920x1440_img-1396-789564.jpg"},"1200x900":{"url":"https:\/\/www.risoul.com\/medias\/images\/prestations\/multitailles\/1200x900_img-1396-789564.jpg"},"800x600":{"url":"https:\/\/www.risoul.com\/medias\/images\/prestations\/multitailles\/800x600_img-1396-789564.jpg"},"640x480":{"url":"https:\/\/www.risoul.com\/medias\/images\/prestations\/multitailles\/640x480_img-1396-789564.jpg"},"320x240":{"url":"https:\/\/www.risoul.com\/medias\/images\/prestations\/multitailles\/320x240_img-1396-789564.jpg"},"160x120":{"url":"https:\/\/www.risoul.com\/medias\/images\/prestations\/multitailles\/160x120_img-1396-789564.jpg"},"origine":{"url":"https:\/\/www.risoul.com\/medias\/images\/prestations\/img-1396-789564.jpg"}},"urlLien":"","typeLien":"","nofollow":"N","copyright":""},{"url":"https:\/\/www.risoul.com\/medias\/images\/prestations\/img-1382-789562.jpg","chemin":"..\/medias\/images\/prestations\/img-1382-789562.jpg","libelle":"img-1382-789562","extension":"jpg","categorie":"","largeur":2856,"theme":"","hauteur":2142,"type":"Image","origine":"","liaisonPave":"","langue":"","id":"789562","urlVignette":"https:\/\/www.risoul.com\/medias\/images\/prestations\/v-img-1382-789562.jpg","alt":"img-1382-789562","title":"img-1382-789562","MultiTaille":{"1920x1440":{"url":"https:\/\/www.risoul.com\/medias\/images\/prestations\/multitailles\/1920x1440_img-1382-789562.jpg"},"1200x900":{"url":"https:\/\/www.risoul.com\/medias\/images\/prestations\/multitailles\/1200x900_img-1382-789562.jpg"},"800x600":{"url":"https:\/\/www.risoul.com\/medias\/images\/prestations\/multitailles\/800x600_img-1382-789562.jpg"},"640x480":{"url":"https:\/\/www.risoul.com\/medias\/images\/prestations\/multitailles\/640x480_img-1382-789562.jpg"},"320x240":{"url":"https:\/\/www.risoul.com\/medias\/images\/prestations\/multitailles\/320x240_img-1382-789562.jpg"},"160x120":{"url":"https:\/\/www.risoul.com\/medias\/images\/prestations\/multitailles\/160x120_img-1382-789562.jpg"},"origine":{"url":"https:\/\/www.risoul.com\/medias\/images\/prestations\/img-1382-789562.jpg"}},"urlLien":"","typeLien":"","nofollow":"N","copyright":""}],"ByCategorie":{"":[{"url":"https:\/\/www.risoul.com\/medias\/images\/prestations\/img-1396-789564.jpg","chemin":"..\/medias\/images\/prestations\/img-1396-789564.jpg","libelle":"img-1396-789564","extension":"jpg","categorie":"","largeur":4583,"theme":"","hauteur":3437,"type":"Image","origine":"","liaisonPave":"","langue":"","id":"789564","urlVignette":"https:\/\/www.risoul.com\/medias\/images\/prestations\/v-img-1396-789564.jpg","alt":"img-1396-789564","title":"img-1396-789564","MultiTaille":{"1920x1440":{"url":"https:\/\/www.risoul.com\/medias\/images\/prestations\/multitailles\/1920x1440_img-1396-789564.jpg"},"1200x900":{"url":"https:\/\/www.risoul.com\/medias\/images\/prestations\/multitailles\/1200x900_img-1396-789564.jpg"},"800x600":{"url":"https:\/\/www.risoul.com\/medias\/images\/prestations\/multitailles\/800x600_img-1396-789564.jpg"},"640x480":{"url":"https:\/\/www.risoul.com\/medias\/images\/prestations\/multitailles\/640x480_img-1396-789564.jpg"},"320x240":{"url":"https:\/\/www.risoul.com\/medias\/images\/prestations\/multitailles\/320x240_img-1396-789564.jpg"},"160x120":{"url":"https:\/\/www.risoul.com\/medias\/images\/prestations\/multitailles\/160x120_img-1396-789564.jpg"},"origine":{"url":"https:\/\/www.risoul.com\/medias\/images\/prestations\/img-1396-789564.jpg"}},"urlLien":"","typeLien":"","nofollow":"N","copyright":""},{"url":"https:\/\/www.risoul.com\/medias\/images\/prestations\/img-1382-789562.jpg","chemin":"..\/medias\/images\/prestations\/img-1382-789562.jpg","libelle":"img-1382-789562","extension":"jpg","categorie":"","largeur":2856,"theme":"","hauteur":2142,"type":"Image","origine":"","liaisonPave":"","langue":"","id":"789562","urlVignette":"https:\/\/www.risoul.com\/medias\/images\/prestations\/v-img-1382-789562.jpg","alt":"img-1382-789562","title":"img-1382-789562","MultiTaille":{"1920x1440":{"url":"https:\/\/www.risoul.com\/medias\/images\/prestations\/multitailles\/1920x1440_img-1382-789562.jpg"},"1200x900":{"url":"https:\/\/www.risoul.com\/medias\/images\/prestations\/multitailles\/1200x900_img-1382-789562.jpg"},"800x600":{"url":"https:\/\/www.risoul.com\/medias\/images\/prestations\/multitailles\/800x600_img-1382-789562.jpg"},"640x480":{"url":"https:\/\/www.risoul.com\/medias\/images\/prestations\/multitailles\/640x480_img-1382-789562.jpg"},"320x240":{"url":"https:\/\/www.risoul.com\/medias\/images\/prestations\/multitailles\/320x240_img-1382-789562.jpg"},"160x120":{"url":"https:\/\/www.risoul.com\/medias\/images\/prestations\/multitailles\/160x120_img-1382-789562.jpg"},"origine":{"url":"https:\/\/www.risoul.com\/medias\/images\/prestations\/img-1382-789562.jpg"}},"urlLien":"","typeLien":"","nofollow":"N","copyright":""}]}},"DateDebPublication":"","DateFinPublication":"","PrixAPartirDe":"","PrixPour":"","FicheListeEnCours":"fiche_liste_activites_billetterie_prestation","ParametresModele":{"AfficherPhotos":1,"NbPhotosMax":6,"AfficherReserver":"1","AfficherContact":0,"AfficherSalle":1,"AfficherZoneGeo":0,"AfficherEnSavoirPlus":1,"AfficherUneSeuleOuverture":0,"AfficherContactCarte":1,"AfficherTarifsChaudAPartirDe":0,"AfficherTarifChaudSansRecherche":0,"AfficherDispoAccordeon":"1","AfficherDispoResa":"1","BlocCritereInfo":{"critere1":{"libelle":""},"critere2":{"libelle":"","liste_critere":["TYPERESA|V"]},"critere3":{"libelle":""},"critere4":{"libelle":""},"critere5":{"libelle":""},"critere6":{"libelle":""},"critere7":{"libelle":""},"critere8":{"libelle":""},"critere9":{"libelle":""},"afficherpictoetpaslibelle":"1"},"BlocPaveInfo":{"texte1":{"pave":["1"],"longeurmax":"250","afficherLibelle":"0","garderHtml":"0"},"texte3":{"longeurmax":"","afficherLibelle":"0","garderHtml":"0"}},"Criteres":"TYPERESA[RESAAVECDATES","PositionBloc":"GALLERIE|NOM|DESCRIPTIF|ACCROCHE_TARIF|URL|LIEN_RESERVER_DETAIL","TypePrestataire":"V","TypeSlider":"SWIPER","typeWidgetDispos":"joursSemaineLigne","ComportementResa":false,"ComportementDispo":false},"AffichageCoordonnees":[],"Coordonnees":{"Ville":"RISOUL"},"ContexteId":"PRESTATION|V|TETRA|REPASTETRASMERCTARTICAM","ContexteIdHtml":"PRESTATION-V-TETRA-REPASTETRASMERCTARTICAM","cleContexte":"V|TETRA|REPASTETRASMERCTARTICAM","Bloc":{"texte1":"&nbsp;\r\n\ud83e\uddc0 Soir&eacute;es Traditionnelles au Restaurant d&rsquo;Altitude Le T&eacute;tras&nbsp;\r\n\r\nVivez une soir&eacute;e unique au restaurant d&rsquo;altitude Le T&eacute;tras : une mont&eacute;e en motoneige sous les &eacute;toiles, suivie            d&rsquo;un repas montagnard authentique :&nbsp;tartifl...","texte3":"","critere1":{"libelle":"","contenu":[]},"critere2":{"libelle":"","contenu":{"TYPERESA":{"libelle":"Comportement r\u00e9servation","contenu":{"1":"Billet dat\u00e9"},"codesValeurs":{"1":"TYPERESA|RESAAVECDATES|V"},"criteres_datas":{"valeurs":{"1":{"RESAAVECDATES":{"descriptif":""}}}}}}},"critere3":{"libelle":"","contenu":[]},"critere4":{"libelle":"","contenu":[]},"critere5":{"libelle":"","contenu":[]},"critere6":{"libelle":"","contenu":[]},"critere7":{"libelle":"","contenu":[]},"critere8":{"libelle":"","contenu":[]},"critere9":{"libelle":"","contenu":[]}},"LocalisationGps":{"Latitude":"44.61048","Longitude":"6.63469"},"libelleDuPrestataire":"","vuePrestataire":{"pave1":{"libelle":"","contenu":""},"pave2":{"libelle":"","contenu":""},"pave3":{"libelle":"","contenu":""},"pave4":{"libelle":"","contenu":""},"pave5":{"libelle":"","contenu":""},"pave6":{"libelle":"","contenu":""},"pave7":{"libelle":"","contenu":""},"pave8":{"libelle":"","contenu":""},"pave9":{"libelle":"","contenu":""},"pave10":{"libelle":"","contenu":""},"pave11":{"libelle":"","contenu":""},"pave12":{"libelle":"","contenu":""},"pave13":{"libelle":"","contenu":""},"pave14":{"libelle":"","contenu":""},"pave15":{"libelle":"","contenu":""},"pave16":{"libelle":"","contenu":""},"pave17":{"libelle":"","contenu":""},"pave18":{"libelle":"","contenu":""},"pave19":{"libelle":"","contenu":""},"pave20":{"libelle":"","contenu":""},"pave21":{"libelle":"","contenu":""},"pave22":{"libelle":"","contenu":""},"pave23":{"libelle":"","contenu":""},"pave24":{"libelle":"","contenu":""},"pave25":{"libelle":"","contenu":""},"Libelle":"Restaurant le T\u00e9tras","Nom":"Restaurant le T\u00e9tras","Prenom":"","NomPrenom":"Restaurant le T\u00e9tras ","CiviliteNomPrenom":"Restaurant le T\u00e9tras ","Cle":"V|TETRA","PrestataireParent":"","ContexteStat":"PRESTATAIRE-V-TETRA","DateModificationIso":"2026-01-03T10:38:00+01:00","Type":"PRESTATAIRE","TypePrestataire":"V","Adresse":{"LigneAdresse1":"Restaurant d'altitude le t\u00e9tras","LigneAdresse2":"Domaine skiable","LigneAdresse3":"","CodePostal":"05600","Ville":"RISOUL","Cedex":"","Etat":"","Pays":"FRA"},"Email":"letetras662@gmail.com","Telephone":"04 92 46 09 83","TelephoneBureau":"","Portable":"06 73 88 63 93","SiteWeb":"","Fax":"","Id":"v-tetra","Code":"V|TETRA","Fichier":{"Image":[{"url":"https:\/\/www.risoul.com\/medias\/images\/prestataires\/le-tetras-risoul-82391.jpg","chemin":"..\/medias\/images\/prestataires\/le-tetras-risoul-82391.jpg","libelle":"LE TETRAS RISOUL ","extension":"jpg","categorie":"","largeur":4000,"theme":"","hauteur":2670,"type":"Image","origine":"","liaisonPave":"","langue":"","id":"82391","urlVignette":"https:\/\/www.risoul.com\/medias\/images\/prestataires\/v-le-tetras-risoul-82391.jpg","alt":"LE TETRAS RISOUL ","title":"LE TETRAS RISOUL ","MultiTaille":{"1920x1440":{"url":"https:\/\/www.risoul.com\/medias\/images\/prestataires\/multitailles\/1920x1440_le-tetras-risoul-82391.jpg"},"1200x900":{"url":"https:\/\/www.risoul.com\/medias\/images\/prestataires\/multitailles\/1200x900_le-tetras-risoul-82391.jpg"},"800x600":{"url":"https:\/\/www.risoul.com\/medias\/images\/prestataires\/multitailles\/800x600_le-tetras-risoul-82391.jpg"},"640x480":{"url":"https:\/\/www.risoul.com\/medias\/images\/prestataires\/multitailles\/640x480_le-tetras-risoul-82391.jpg"},"320x240":{"url":"https:\/\/www.risoul.com\/medias\/images\/prestataires\/multitailles\/320x240_le-tetras-risoul-82391.jpg"},"160x120":{"url":"https:\/\/www.risoul.com\/medias\/images\/prestataires\/multitailles\/160x120_le-tetras-risoul-82391.jpg"},"origine":{"url":"https:\/\/www.risoul.com\/medias\/images\/prestataires\/le-tetras-risoul-82391.jpg"}},"urlLien":"","typeLien":"|","nofollow":"N","copyright":""}],"ByCategorie":{"":[{"url":"https:\/\/www.risoul.com\/medias\/images\/prestataires\/le-tetras-risoul-82391.jpg","chemin":"..\/medias\/images\/prestataires\/le-tetras-risoul-82391.jpg","libelle":"LE TETRAS RISOUL ","extension":"jpg","categorie":"","largeur":4000,"theme":"","hauteur":2670,"type":"Image","origine":"","liaisonPave":"","langue":"","id":"82391","urlVignette":"https:\/\/www.risoul.com\/medias\/images\/prestataires\/v-le-tetras-risoul-82391.jpg","alt":"LE TETRAS RISOUL ","title":"LE TETRAS RISOUL ","MultiTaille":{"1920x1440":{"url":"https:\/\/www.risoul.com\/medias\/images\/prestataires\/multitailles\/1920x1440_le-tetras-risoul-82391.jpg"},"1200x900":{"url":"https:\/\/www.risoul.com\/medias\/images\/prestataires\/multitailles\/1200x900_le-tetras-risoul-82391.jpg"},"800x600":{"url":"https:\/\/www.risoul.com\/medias\/images\/prestataires\/multitailles\/800x600_le-tetras-risoul-82391.jpg"},"640x480":{"url":"https:\/\/www.risoul.com\/medias\/images\/prestataires\/multitailles\/640x480_le-tetras-risoul-82391.jpg"},"320x240":{"url":"https:\/\/www.risoul.com\/medias\/images\/prestataires\/multitailles\/320x240_le-tetras-risoul-82391.jpg"},"160x120":{"url":"https:\/\/www.risoul.com\/medias\/images\/prestataires\/multitailles\/160x120_le-tetras-risoul-82391.jpg"},"origine":{"url":"https:\/\/www.risoul.com\/medias\/images\/prestataires\/le-tetras-risoul-82391.jpg"}},"urlLien":"","typeLien":"|","nofollow":"N","copyright":""}]}},"Url":"","Localisation":{"GoogleMap":{"Latitude":"","Longitude":""}},"ZoneGeo":"","Criteres":[],"DateFinPublication":"","AffichageCoordonnees":[]},"listeCriteres":{"RES":{"OUI":""},"TYPERESA":{"RESAAVECDATES":""},"ACTIVITE":{"REPASTETRA":""},"RESTO":{"RESTAURANTS":""}},"dansCarnetVoyage":true,"Ouverture":"","WidgetDispoRechercheDate":false,"WidgetDispoVoirLienVoirToutesDispos":false,"ChargerWidgetDispoAuClic":true,"WidgetDispo":"\u003Cspan\u003E\u003C\/span\u003E","JsOnClickBtnDispo":"\u003Cscript\u003E\n                try{\n                    WidgetDispos.addChargementAuClicBtnDispoAccordeon('PRESTATION-V-TETRA-REPASTETRASMERCTARTICAM',{tabParamsWidgetDispo : {\"id\":\"V|TETRA|REPASTETRASMERCTARTICAM\",\"origineListeInfo\":\"\",\"vue\":\"joursSemaineLigne\",\"mode\":\"ajax\",\"url_fiche\":\"soiree-repas-au-tetras-les-mercredis-1.html\",\"version\":\"2\",\"parametersWidgetV2\":{\"el\":\"blocDispo-PRESTATION-V-TETRA-REPASTETRASMERCTARTICAM\",\"object\":{\"code\":\"V|TETRA|REPASTETRASMERCTARTICAM\"},\"cid\":\"4\",\"site\":{\"code\":\"SITE\",\"url\":\"https:\\\/\\\/www.risoul.com\"},\"slider\":{\"controls\":{\"arrows\":{\"enable\":true,\"showLocked\":true,\"style\":\"button\"}}},\"booking\":{\"enable\":true,\"waitForWindowLoad\":false,\"parameters\":{\"idWidget\":\"blocResa-PRESTATION-V-TETRA-REPASTETRASMERCTARTICAM\",\"queryParams\":{\"action\":\"add\",\"fiche\":\"V|TETRA|REPASTETRASMERCTARTICAM\"},\"withoutForm\":true}},\"options\":{\"typeDate\":\"SS\",\"elReferer\":\"PRESTATION-V-TETRA-REPASTETRASMERCTARTICAM\",\"ingContext\":\"RESA\",\"urlFiche\":\"soiree-repas-au-tetras-les-mercredis-1.html\",\"startDate\":null,\"templates\":{\"Week\":\"semaineLigne\",\"Days\":\"semaineLigne\"}}}},idBloc : \"blocDispo-PRESTATION-V-TETRA-REPASTETRASMERCTARTICAM\",prestation : \"V|TETRA|REPASTETRASMERCTARTICAM\"});\n                }\n                catch(e) {\n                    \/\/console.log(e);\n                }\u003C\/script\u003E"},"html":" \n \u003Cdiv id=\"CV-PRESTATION-V-TETRA-REPASTETRASMERCTARTICAM\" data-contexte-id=\"PRESTATION|V|TETRA|REPASTETRASMERCTARTICAM\" data-cle=\"V|TETRA|REPASTETRASMERCTARTICAM\" class=\"fiche-liste\"\u003E\n    \n\n    \u003C!-- partie photo --\u003E\n    \u003Cdiv class=\"photo\"\u003E\t\t\t\t\t\t\t\t\t\t\t\t\t\t\t\t\t\t\t\t\t\n        \u003Cdiv class=\"cadre_photo_principale\"\u003E\t\t\n        \n            \t\t\t\t\t\n                    \u003Ca href=\"soiree-repas-au-tetras-les-mercredis-1.html?origine=carnet#media\"\u003E\n                        \u003Cimg class=\"photo_principale\" alt=\"img-1396-789564\" src=\"https:\/\/www.risoul.com\/medias\/images\/prestations\/multitailles\/320x240_img-1396-789564.jpg\" itemprop=\"image\"\u003E\n                    \u003C\/a\u003E\t\t\t\t\t\t\n                \n                    \u003C\/div\u003E\t\t\t\t\t\t\t\t\t\t\t\t\t\t\t\t\t\t\t \t\t\n    \u003C\/div\u003E\n    \n    \u003C!-- partie nom prest --\u003E\n    \u003Cdiv class=\"nom\"\u003E\n        \u003Ch2\u003ESoir\u00e9e repas au T\u00e9tras les mercredis  !\u003C\/h2\u003E\n        \n            \u003C\/div\u003E\n\n         \n    \u003C!-- partie adresse --\u003E\n    \u003Cdiv class=\"adresse\"\u003E\n    \n          \n    \u003C\/div\u003E\n    \n    \u003C!-- partie liens --\u003E\n    \u003Cdiv class=\"liens\"\u003E\n            \u003Ca class=\"btn-icon btn-view \" title=\"Voir la fiche d\u00e9taill\u00e9e\" href=\"soiree-repas-au-tetras-les-mercredis-1.html?origine=carnet\"\u003E\u003C\/a\u003E\u003C!--\u003Ca class=\"btn-icon btn-view \" title=\"\" href=\"?origine=carnet#thaut\"\u003E\u003C\/a\u003E--\u003E\n      \u003Ca class=\"btn-icon btn-trash carnet_voyage_supprimer\" title=\"Supprimer cette fiche de mon carnet de voyage\" href=\"carnet-voyage?action=remove&fiche=V|TETRA|REPASTETRASMERCTARTICAM\"\u003E\u003C\/a\u003E\n    \u003C\/div\u003E\n\n\u003C\/div\u003E\n\n","icon":"https:\/\/static.ingenie.fr\/images\/carnetVoyageV3\/V.png"},"fiche":"V|TETRA|REPASTETRASMERCTARTICAM","popup":"\u003Cdiv id=\"bloc_popup_ajout_fiche_carnet\"\u003E\n    \u003Cdiv class=\"info_popup_ajout_fiche_carnet\"\u003E\n        Vous venez d'ajouter cet \u00e9l\u00e9ment \u00e0 vos favoris :    \u003C\/div\u003E\n    \u003Cdiv class=\"prest_popup_ajout_fiche_carnet\"\u003E\n        Soir&eacute;e repas au T&eacute;tras les mercredis  !    \u003C\/div\u003E\n    \u003Cdiv class=\"bloc_btn_ajout_fiche_carnet form_submit_div\"\u003E\n        \u003Cinput type=\"button\" value=\"Continuer ma s\u00e9lection de favoris\" title=\"Continuer ma s\u00e9lection de favoris\" name=\"btn_close\" class=\"btn_close_popup_carnet form_submit\" onclick=\"$.colorbox.close()\" \/\u003E\n        \u003Cinput type=\"button\" value=\"Voir mes favoris\" title=\"Voir mes favoris\" name=\"btn_panier\" class=\"btn_panier_popup_carnet form_submit\" onclick=\"if(typeof CarnetVoyage != 'undefined') {CarnetVoyage.voirCarnet();}\" \/\u003E\n    \u003C\/div\u003E\n    \u003Cdiv class=\"bloc_btn_ajout_fiche_carnet\"\u003E\n        \u003Cinput type=\"checkbox\" value=\"1\" name=\"desactiver_popup\" id=\"desactiver_popup\" \/\u003E\n        \u003Clabel for=\"desactiver_popup\"\u003ENe plus afficher ce message\u003C\/label\u003E\n    \u003C\/div\u003E\n\u003C\/div\u003E","success":1}