{"nbFiches":1,"dataPrest":{"infoPrest":{"pave1":{"libelle":"Descriptif","contenu":"\u003Cdiv style=\"background: rgb(238, 238, 238); border: 1px solid rgb(204, 204, 204); padding: 5px 10px; text-align: center;\"\u003E&nbsp;\u003C\/div\u003E\r\n\r\n\u003Cdiv style=\"text-align: justify;\"\u003E\u003Cbr \/\u003E\r\n\u003Cspan style=\"font-size:14px;\"\u003E\u003Cspan style=\"color: rgb(34, 34, 34); font-family: Arial, Helvetica, sans-serif;\"\u003EL&#39;aventure sous les &eacute;toiles&nbsp;\u003C\/span\u003E\u003C\/span\u003E\u003C\/div\u003E\r\n\r\n\u003Cdiv style=\"text-align: justify;\"\u003E\u003Cspan style=\"font-size:14px;\"\u003E\u003Cspan style=\"color: rgb(34, 34, 34); font-family: Arial, Helvetica, sans-serif;\"\u003EPlongez dans la magie de la montagne la nuit, &eacute;quip&eacute; d&#39;une frontale et accompagn&eacute; d&#39;un chien, partez pour une balade inoubliable sous le ciel &eacute;toil&eacute; de Risoul.\u003Cbr \/\u003E\r\nDans le silence de la for&ecirc;t, laissez vous guid&eacute; par le musher professionnel et votre compagnon &agrave; quatre pattes. Vivez une exp&eacute;rience hors du temps.\u003C\/span\u003E\u003C\/span\u003E\u003Cbr \/\u003E\r\n\u003Cbr \/\u003E\r\n\u003Cspan font-size:=\"\" style=\"color: rgb(51, 51, 51); font-family: sans-serif, Arial, Verdana, \" trebuchet=\"\"\u003E\u003Cspan style=\"color: rgb(34, 34, 34); font-family: Arial, Helvetica, sans-serif;\"\u003E\u003Cspan class=\"marker\" style=\"background-color: yellow;\"\u003E\u003Cstrong\u003EDATE\u003C\/strong\u003E\u003C\/span\u003E&nbsp; Tous les mardis&nbsp;\u003Cfont color=\"#ff0000\"\u003E(du 16 D&eacute;cembre au 3 f&eacute;vrier)\u003C\/font\u003E\u003C\/span\u003E\u003C\/span\u003E\u003Cbr font-size:=\"\" style=\"color: rgb(51, 51, 51); font-family: sans-serif, Arial, Verdana, \" trebuchet=\"\" \/\u003E\r\n\u003Cbr font-size:=\"\" style=\"color: rgb(51, 51, 51); font-family: sans-serif, Arial, Verdana, \" trebuchet=\"\" \/\u003E\r\n&nbsp;\r\n\u003Cdiv style=\"color: rgb(51, 51, 51); font-size: small; font-family: Arial, Helvetica, sans-serif;\"\u003E\u003Cspan style=\"font-size: 14px;\"\u003E\u003Cfont color=\"#222222\"\u003E\u003Cstrong\u003E\u003Cspan class=\"marker\" style=\"background-color: yellow;\"\u003EHEURE\u003C\/span\u003E&nbsp;\u003C\/strong\u003E&nbsp;\u003C\/font\u003E\u003Cfont style=\"color: rgb(34, 34, 34);\"\u003EDe 16H 18H&nbsp;\u003C\/font\u003E\u003C\/span\u003E\u003Cbr \/\u003E\r\n\u003Cbr \/\u003E\r\n&nbsp;\u003C\/div\u003E\r\n\r\n\u003Cdiv font-size:=\"\" style=\"color: rgb(51, 51, 51); font-family: sans-serif, Arial, Verdana, \" trebuchet=\"\"\u003E\u003Cspan style=\"font-size: 14px;\"\u003E\u003Cspan class=\"marker\" style=\"background-color: yellow;\"\u003E\u003Cstrong\u003E\u003Cfont face=\"Arial, Helvetica, sans-serif\"\u003EINFOS PRATIQUES\u003C\/font\u003E\u003C\/strong\u003E\u003C\/span\u003E\u003C\/span\u003E\u003Cbr \/\u003E\r\n&nbsp;\u003C\/div\u003E\r\n\r\n\u003Cdiv font-size:=\"\" style=\"color: rgb(51, 51, 51); font-family: sans-serif, Arial, Verdana, \" trebuchet=\"\"\u003E\u003Cspan style=\"font-size: 14px;\"\u003E\u003Cspan style=\"color: rgb(34, 34, 34); font-family: Arial, Helvetica, sans-serif;\"\u003E- Public adulte et enfant &agrave; partir de 10 ans&nbsp;\u003C\/span\u003E\u003C\/span\u003E\u003C\/div\u003E\r\n\r\n\u003Cdiv font-size:=\"\" style=\"color: rgb(51, 51, 51); font-family: sans-serif, Arial, Verdana, \" trebuchet=\"\"\u003E\u003Cspan style=\"font-size: 14px;\"\u003E\u003Cspan style=\"color: rgb(34, 34, 34); font-family: Arial, Helvetica, sans-serif;\"\u003E- 2h d&#39;activit&eacute;\u003C\/span\u003E\u003C\/span\u003E\u003C\/div\u003E\r\n\r\n\u003Cdiv font-size:=\"\" style=\"color: rgb(51, 51, 51); font-family: sans-serif, Arial, Verdana, \" trebuchet=\"\"\u003E\u003Cspan style=\"font-size: 14px;\"\u003E\u003Cspan style=\"color: rgb(34, 34, 34); font-family: Arial, Helvetica, sans-serif;\"\u003E- Nombre de place limit&eacute;s (10 personnes maximum)\u003C\/span\u003E\u003C\/span\u003E\u003C\/div\u003E\r\n\r\n\u003Cdiv font-size:=\"\" style=\"color: rgb(51, 51, 51); font-family: sans-serif, Arial, Verdana, \" trebuchet=\"\"\u003E\u003Cspan style=\"font-size: 14px;\"\u003E\u003Cspan style=\"color: rgb(34, 34, 34); font-family: Arial, Helvetica, sans-serif;\"\u003E- R&eacute;servation obligatoire&nbsp;\u003C\/span\u003E\u003C\/span\u003E\u003C\/div\u003E\r\n\r\n\u003Cdiv font-size:=\"\" style=\"color: rgb(51, 51, 51); font-family: sans-serif, Arial, Verdana, \" trebuchet=\"\"\u003E\u003Cspan style=\"font-size: 14px;\"\u003E\u003Cspan style=\"color: rgb(34, 34, 34); font-family: Arial, Helvetica, sans-serif;\"\u003E- Pr&eacute;voir des v&ecirc;tements chauds type tenue de ski ainsi que gants, bonnet, chaussures de neige.\u003Cbr \/\u003E\r\n- Raquettes incluses\u003C\/span\u003E\u003C\/span\u003E\u003C\/div\u003E\r\n\r\n\u003Cdiv font-size:=\"\" style=\"color: rgb(51, 51, 51); font-family: sans-serif, Arial, Verdana, \" trebuchet=\"\"\u003E\u003Cspan style=\"font-size: 14px;\"\u003E\u003Cspan style=\"color: rgb(34, 34, 34); font-family: Arial, Helvetica, sans-serif;\"\u003E- Rendez-vous au d&eacute;part des chiens de traineaux sur la route foresti&egrave;re du Serre du Serpent (suivre l&#39;itin&eacute;raire partag&eacute; Vallon du M&eacute;l&eacute;zet - environ 20 minutes de marche)\u003C\/span\u003E\u003C\/span\u003E\u003Cbr \/\u003E\r\n\u003Cbr \/\u003E\r\n&nbsp;\u003C\/div\u003E\r\n\r\n\u003Cdiv font-size:=\"\" style=\"color: rgb(51, 51, 51); font-family: sans-serif, Arial, Verdana, \" trebuchet=\"\"\u003E\u003Cspan style=\"font-size: 14px;\"\u003E\u003Cspan class=\"marker\" style=\"background-color: yellow;\"\u003E\u003Cstrong\u003E\u003Cfont face=\"Arial, Helvetica, sans-serif\"\u003ETARIFS\u003C\/font\u003E\u003C\/strong\u003E\u003C\/span\u003E\u003C\/span\u003E\u003C\/div\u003E\r\n\r\n\u003Cdiv font-size:=\"\" style=\"color: rgb(51, 51, 51); font-family: sans-serif, Arial, Verdana, \" trebuchet=\"\"\u003E\r\n\u003Cdiv\u003E\u003Cspan style=\"font-size: 14px;\"\u003E\u003Cspan style=\"color: rgb(34, 34, 34); font-family: Arial, Helvetica, sans-serif;\"\u003E80&euro; \/ adulte (13 ans et +)\u003C\/span\u003E\u003C\/span\u003E\u003C\/div\u003E\r\n\r\n\u003Cdiv\u003E\u003Cspan style=\"font-size: 14px;\"\u003E\u003Cspan style=\"color: rgb(34, 34, 34); font-family: Arial, Helvetica, sans-serif;\"\u003E60&euro; \/ enfant (de 10 &agrave; 12 ans)\u003C\/span\u003E\u003C\/span\u003E\u003C\/div\u003E\r\n\u003C\/div\u003E\r\n\u003Cbr \/\u003E\r\n&nbsp;\u003C\/div\u003E\r\n","fichiers":[]},"pave2":{"libelle":"Informations compl\u00e9mentaires","contenu":"","fichiers":[]},"pave3":{"libelle":"","contenu":""},"pave4":{"libelle":"","contenu":""},"pave5":{"libelle":"","contenu":""},"pave6":{"libelle":"","contenu":""},"pave7":{"libelle":"","contenu":""},"pave8":{"libelle":"","contenu":""},"pave9":{"libelle":"","contenu":""},"pave10":{"libelle":"","contenu":""},"pave11":{"libelle":"","contenu":""},"pave12":{"libelle":"","contenu":""},"pave13":{"libelle":"","contenu":""},"pave14":{"libelle":"","contenu":""},"pave15":{"libelle":"","contenu":""},"pave16":{"libelle":"","contenu":""},"pave17":{"libelle":"","contenu":""},"pave18":{"libelle":"","contenu":""},"pave19":{"libelle":"","contenu":""},"pave20":{"libelle":"","contenu":""},"pave21":{"libelle":"","contenu":""},"pave22":{"libelle":"","contenu":""},"pave23":{"libelle":"","contenu":""},"pave24":{"libelle":"","contenu":""},"pave25":{"libelle":"","contenu":""},"Libelle":"Cani raquettes nocturne","Reference":"","Reftar":"","Type":"PRESTATION","TypePrestataire":"V","ContexteStat":"PRESTATION-V-TRAINEAUXFOB-7589615","DateModificationIso":"2026-03-08T16:42:00+01:00","Adresse":{"LigneAdresse1":"","LigneAdresse2":"","LigneAdresse3":"","CodePostal":"","Ville":"","Cedex":"","Etat":"","Pays":"FRA"},"Id":"v-traineauxfob-7589615","Code":"V|TRAINEAUXFOB|7589615","Cle":"V|TRAINEAUXFOB|7589615","Url":"cani-raquettes-nocturne.html","Localisation":{"GoogleMap":{"Latitude":"44.62123","Longitude":"6.64167"}},"ZoneGeo":"","Criteres":{"RES[OUI":"","TYPERESA[RESAAVECDATES":"","ACTIVITE[CANIRAQUETTENOC":""},"Prestataire":{"pave1":{"libelle":"","contenu":""},"pave2":{"libelle":"","contenu":""},"pave3":{"libelle":"","contenu":""},"pave4":{"libelle":"","contenu":""},"pave5":{"libelle":"","contenu":""},"pave6":{"libelle":"","contenu":""},"pave7":{"libelle":"","contenu":""},"pave8":{"libelle":"","contenu":""},"pave9":{"libelle":"","contenu":""},"pave10":{"libelle":"","contenu":""},"pave11":{"libelle":"","contenu":""},"pave12":{"libelle":"","contenu":""},"pave13":{"libelle":"","contenu":""},"pave14":{"libelle":"","contenu":""},"pave15":{"libelle":"","contenu":""},"pave16":{"libelle":"","contenu":""},"pave17":{"libelle":"","contenu":""},"pave18":{"libelle":"","contenu":""},"pave19":{"libelle":"","contenu":""},"pave20":{"libelle":"","contenu":""},"pave21":{"libelle":"","contenu":""},"pave22":{"libelle":"","contenu":""},"pave23":{"libelle":"","contenu":""},"pave24":{"libelle":"","contenu":""},"pave25":{"libelle":"","contenu":""},"Libelle":"TRAINEAUX DE LA FORET BLANCHE","Nom":"TRAINEAUX DE LA FORET BLANCHE","Prenom":"","NomPrenom":"TRAINEAUX DE LA FORET BLANCHE ","CiviliteNomPrenom":"Mme TRAINEAUX DE LA FORET BLANCHE ","Cle":"V|TRAINEAUXFOB","PrestataireParent":"","ContexteStat":"PRESTATAIRE-V-TRAINEAUXFOB","DateModificationIso":"2025-07-02T13:36:00+02:00","CiviliteLibelleNomPrenom":"Madame TRAINEAUX DE LA FORET BLANCHE ","Type":"PRESTATAIRE","TypePrestataire":"V","Adresse":{"LigneAdresse1":"","LigneAdresse2":"","LigneAdresse3":"","CodePostal":"","Ville":"","Cedex":"","Etat":"","Pays":"FRA"},"Email":"traineauxdelaforetblanche@gmail.com","Telephone":"","TelephoneBureau":"","Portable":"06 89 59 69 66","SiteWeb":"http:\/\/www.traineauxdelaforetblanche.com\/","Fax":"","Id":"v-traineauxfob","Code":"V|TRAINEAUXFOB","Fichier":[],"Url":"","Localisation":{"GoogleMap":{"Latitude":"","Longitude":""}},"ZoneGeo":"","Criteres":[],"DateFinPublication":""},"Fichier":{"Image":[{"url":"https:\/\/www.risoul.com\/medias\/images\/prestations\/cani-raquette-nocturne-risoul-les-traineaux-de-la-foret-blanche-2415426.jpg","chemin":"..\/medias\/images\/prestations\/cani-raquette-nocturne-risoul-les-traineaux-de-la-foret-blanche-2415426.jpg","libelle":"cani raquette nocturne risoul les traineaux de la foret blanche","extension":"jpg","categorie":"","largeur":1920,"theme":"","hauteur":1280,"type":"Image","origine":"","liaisonPave":"","langue":"","id":"2415426","urlVignette":"https:\/\/www.risoul.com\/medias\/images\/prestations\/v-cani-raquette-nocturne-risoul-les-traineaux-de-la-foret-blanche-2415426.jpg","alt":"cani raquette nocturne risoul les traineaux de la foret blanche","title":"cani raquette nocturne risoul les traineaux de la foret blanche","MultiTaille":{"1920x1440":{"url":"https:\/\/www.risoul.com\/medias\/images\/prestations\/multitailles\/1920x1440_cani-raquette-nocturne-risoul-les-traineaux-de-la-foret-blanche-2415426.jpg"},"1200x900":{"url":"https:\/\/www.risoul.com\/medias\/images\/prestations\/multitailles\/1200x900_cani-raquette-nocturne-risoul-les-traineaux-de-la-foret-blanche-2415426.jpg"},"800x600":{"url":"https:\/\/www.risoul.com\/medias\/images\/prestations\/multitailles\/800x600_cani-raquette-nocturne-risoul-les-traineaux-de-la-foret-blanche-2415426.jpg"},"640x480":{"url":"https:\/\/www.risoul.com\/medias\/images\/prestations\/multitailles\/640x480_cani-raquette-nocturne-risoul-les-traineaux-de-la-foret-blanche-2415426.jpg"},"320x240":{"url":"https:\/\/www.risoul.com\/medias\/images\/prestations\/multitailles\/320x240_cani-raquette-nocturne-risoul-les-traineaux-de-la-foret-blanche-2415426.jpg"},"160x120":{"url":"https:\/\/www.risoul.com\/medias\/images\/prestations\/multitailles\/160x120_cani-raquette-nocturne-risoul-les-traineaux-de-la-foret-blanche-2415426.jpg"},"origine":{"url":"https:\/\/www.risoul.com\/medias\/images\/prestations\/cani-raquette-nocturne-risoul-les-traineaux-de-la-foret-blanche-2415426.jpg"}},"urlLien":"","typeLien":"|","nofollow":"N","copyright":""}],"ByCategorie":{"":[{"url":"https:\/\/www.risoul.com\/medias\/images\/prestations\/cani-raquette-nocturne-risoul-les-traineaux-de-la-foret-blanche-2415426.jpg","chemin":"..\/medias\/images\/prestations\/cani-raquette-nocturne-risoul-les-traineaux-de-la-foret-blanche-2415426.jpg","libelle":"cani raquette nocturne risoul les traineaux de la foret blanche","extension":"jpg","categorie":"","largeur":1920,"theme":"","hauteur":1280,"type":"Image","origine":"","liaisonPave":"","langue":"","id":"2415426","urlVignette":"https:\/\/www.risoul.com\/medias\/images\/prestations\/v-cani-raquette-nocturne-risoul-les-traineaux-de-la-foret-blanche-2415426.jpg","alt":"cani raquette nocturne risoul les traineaux de la foret blanche","title":"cani raquette nocturne risoul les traineaux de la foret blanche","MultiTaille":{"1920x1440":{"url":"https:\/\/www.risoul.com\/medias\/images\/prestations\/multitailles\/1920x1440_cani-raquette-nocturne-risoul-les-traineaux-de-la-foret-blanche-2415426.jpg"},"1200x900":{"url":"https:\/\/www.risoul.com\/medias\/images\/prestations\/multitailles\/1200x900_cani-raquette-nocturne-risoul-les-traineaux-de-la-foret-blanche-2415426.jpg"},"800x600":{"url":"https:\/\/www.risoul.com\/medias\/images\/prestations\/multitailles\/800x600_cani-raquette-nocturne-risoul-les-traineaux-de-la-foret-blanche-2415426.jpg"},"640x480":{"url":"https:\/\/www.risoul.com\/medias\/images\/prestations\/multitailles\/640x480_cani-raquette-nocturne-risoul-les-traineaux-de-la-foret-blanche-2415426.jpg"},"320x240":{"url":"https:\/\/www.risoul.com\/medias\/images\/prestations\/multitailles\/320x240_cani-raquette-nocturne-risoul-les-traineaux-de-la-foret-blanche-2415426.jpg"},"160x120":{"url":"https:\/\/www.risoul.com\/medias\/images\/prestations\/multitailles\/160x120_cani-raquette-nocturne-risoul-les-traineaux-de-la-foret-blanche-2415426.jpg"},"origine":{"url":"https:\/\/www.risoul.com\/medias\/images\/prestations\/cani-raquette-nocturne-risoul-les-traineaux-de-la-foret-blanche-2415426.jpg"}},"urlLien":"","typeLien":"|","nofollow":"N","copyright":""}]}},"DateDebPublication":"","DateFinPublication":"","PrixAPartirDe":"","PrixPour":"","FicheListeEnCours":"fiche_liste_activites_billetterie_prestation","ParametresModele":{"AfficherPhotos":1,"NbPhotosMax":6,"AfficherReserver":"1","AfficherContact":0,"AfficherSalle":1,"AfficherZoneGeo":0,"AfficherEnSavoirPlus":1,"AfficherUneSeuleOuverture":0,"AfficherContactCarte":1,"AfficherTarifsChaudAPartirDe":0,"AfficherTarifChaudSansRecherche":0,"AfficherDispoAccordeon":"1","AfficherDispoResa":"1","BlocCritereInfo":{"critere1":{"libelle":""},"critere2":{"libelle":"","liste_critere":["TYPERESA|V"]},"critere3":{"libelle":""},"critere4":{"libelle":""},"critere5":{"libelle":""},"critere6":{"libelle":""},"critere7":{"libelle":""},"critere8":{"libelle":""},"critere9":{"libelle":""},"afficherpictoetpaslibelle":"1"},"BlocPaveInfo":{"texte1":{"pave":["1"],"longeurmax":"250","afficherLibelle":"0","garderHtml":"0"},"texte3":{"longeurmax":"","afficherLibelle":"0","garderHtml":"0"}},"Criteres":"TYPERESA[RESAAVECDATES","PositionBloc":"GALLERIE|NOM|DESCRIPTIF|ACCROCHE_TARIF|URL|LIEN_RESERVER_DETAIL","TypePrestataire":"V","TypeSlider":"SWIPER","typeWidgetDispos":"joursSemaineLigne","ComportementResa":false,"ComportementDispo":false},"AffichageCoordonnees":[],"Coordonnees":{"Ville":""},"ContexteId":"PRESTATION|V|TRAINEAUXFOB|7589615","ContexteIdHtml":"PRESTATION-V-TRAINEAUXFOB-7589615","cleContexte":"V|TRAINEAUXFOB|7589615","Bloc":{"texte1":"&nbsp;\r\n\r\n\r\nL&#039;aventure sous les &eacute;toiles&nbsp;\r\n\r\nPlongez dans la magie de la montagne la nuit, &eacute;quip&eacute; d&#039;une frontale et accompagn&eacute; d&#039;un chien, partez pour une balade inoubliable sous le ciel            &eacute;toil&eacute; de Risoul.\r\nDans le silence de la for&ecirc;t, l...","texte3":"","critere1":{"libelle":"","contenu":[]},"critere2":{"libelle":"","contenu":{"TYPERESA":{"libelle":"Comportement r\u00e9servation","contenu":{"1":"Billet dat\u00e9"},"codesValeurs":{"1":"TYPERESA|RESAAVECDATES|V"},"criteres_datas":{"valeurs":{"1":{"RESAAVECDATES":{"descriptif":""}}}}}}},"critere3":{"libelle":"","contenu":[]},"critere4":{"libelle":"","contenu":[]},"critere5":{"libelle":"","contenu":[]},"critere6":{"libelle":"","contenu":[]},"critere7":{"libelle":"","contenu":[]},"critere8":{"libelle":"","contenu":[]},"critere9":{"libelle":"","contenu":[]}},"LocalisationGps":{"Latitude":"44.62123","Longitude":"6.64167"},"libelleDuPrestataire":"","vuePrestataire":{"pave1":{"libelle":"","contenu":""},"pave2":{"libelle":"","contenu":""},"pave3":{"libelle":"","contenu":""},"pave4":{"libelle":"","contenu":""},"pave5":{"libelle":"","contenu":""},"pave6":{"libelle":"","contenu":""},"pave7":{"libelle":"","contenu":""},"pave8":{"libelle":"","contenu":""},"pave9":{"libelle":"","contenu":""},"pave10":{"libelle":"","contenu":""},"pave11":{"libelle":"","contenu":""},"pave12":{"libelle":"","contenu":""},"pave13":{"libelle":"","contenu":""},"pave14":{"libelle":"","contenu":""},"pave15":{"libelle":"","contenu":""},"pave16":{"libelle":"","contenu":""},"pave17":{"libelle":"","contenu":""},"pave18":{"libelle":"","contenu":""},"pave19":{"libelle":"","contenu":""},"pave20":{"libelle":"","contenu":""},"pave21":{"libelle":"","contenu":""},"pave22":{"libelle":"","contenu":""},"pave23":{"libelle":"","contenu":""},"pave24":{"libelle":"","contenu":""},"pave25":{"libelle":"","contenu":""},"Libelle":"TRAINEAUX DE LA FORET BLANCHE","Nom":"TRAINEAUX DE LA FORET BLANCHE","Prenom":"","NomPrenom":"TRAINEAUX DE LA FORET BLANCHE ","CiviliteNomPrenom":"Mme TRAINEAUX DE LA FORET BLANCHE ","Cle":"V|TRAINEAUXFOB","PrestataireParent":"","ContexteStat":"PRESTATAIRE-V-TRAINEAUXFOB","DateModificationIso":"2025-07-02T13:36:00+02:00","CiviliteLibelleNomPrenom":"Madame TRAINEAUX DE LA FORET BLANCHE ","Type":"PRESTATAIRE","TypePrestataire":"V","Adresse":{"LigneAdresse1":"","LigneAdresse2":"","LigneAdresse3":"","CodePostal":"","Ville":"","Cedex":"","Etat":"","Pays":"FRA"},"Email":"traineauxdelaforetblanche@gmail.com","Telephone":"","TelephoneBureau":"","Portable":"06 89 59 69 66","SiteWeb":"http:\/\/www.traineauxdelaforetblanche.com\/","Fax":"","Id":"v-traineauxfob","Code":"V|TRAINEAUXFOB","Fichier":[],"Url":"","Localisation":{"GoogleMap":{"Latitude":"","Longitude":""}},"ZoneGeo":"","Criteres":[],"DateFinPublication":"","AffichageCoordonnees":[]},"listeCriteres":{"RES":{"OUI":""},"TYPERESA":{"RESAAVECDATES":""},"ACTIVITE":{"CANIRAQUETTENOC":""}},"dansCarnetVoyage":true,"Ouverture":"","WidgetDispoRechercheDate":false,"WidgetDispoVoirLienVoirToutesDispos":false,"ChargerWidgetDispoAuClic":true,"WidgetDispo":"\u003Cspan\u003E\u003C\/span\u003E","JsOnClickBtnDispo":"\u003Cscript\u003E\n                try{\n                    WidgetDispos.addChargementAuClicBtnDispoAccordeon('PRESTATION-V-TRAINEAUXFOB-7589615',{tabParamsWidgetDispo : {\"id\":\"V|TRAINEAUXFOB|7589615\",\"origineListeInfo\":\"\",\"vue\":\"joursSemaineLigne\",\"mode\":\"ajax\",\"url_fiche\":\"cani-raquettes-nocturne.html\",\"version\":\"2\",\"parametersWidgetV2\":{\"el\":\"blocDispo-PRESTATION-V-TRAINEAUXFOB-7589615\",\"object\":{\"code\":\"V|TRAINEAUXFOB|7589615\"},\"cid\":\"4\",\"site\":{\"code\":\"SITE\",\"url\":\"https:\\\/\\\/www.risoul.com\"},\"slider\":{\"controls\":{\"arrows\":{\"enable\":true,\"showLocked\":true,\"style\":\"button\"}}},\"booking\":{\"enable\":true,\"waitForWindowLoad\":false,\"parameters\":{\"idWidget\":\"blocResa-PRESTATION-V-TRAINEAUXFOB-7589615\",\"queryParams\":{\"action\":\"add\",\"fiche\":\"V|TRAINEAUXFOB|7589615\"},\"withoutForm\":true}},\"options\":{\"typeDate\":\"SS\",\"elReferer\":\"PRESTATION-V-TRAINEAUXFOB-7589615\",\"ingContext\":\"RESA\",\"urlFiche\":\"cani-raquettes-nocturne.html\",\"startDate\":null,\"templates\":{\"Week\":\"semaineLigne\",\"Days\":\"semaineLigne\"}}}},idBloc : \"blocDispo-PRESTATION-V-TRAINEAUXFOB-7589615\",prestation : \"V|TRAINEAUXFOB|7589615\"});\n                }\n                catch(e) {\n                    \/\/console.log(e);\n                }\u003C\/script\u003E"},"html":" \n \u003Cdiv id=\"CV-PRESTATION-V-TRAINEAUXFOB-7589615\" data-contexte-id=\"PRESTATION|V|TRAINEAUXFOB|7589615\" data-cle=\"V|TRAINEAUXFOB|7589615\" class=\"fiche-liste\"\u003E\n    \n\n    \u003C!-- partie photo --\u003E\n    \u003Cdiv class=\"photo\"\u003E\t\t\t\t\t\t\t\t\t\t\t\t\t\t\t\t\t\t\t\t\t\n        \u003Cdiv class=\"cadre_photo_principale\"\u003E\t\t\n        \n            \t\t\t\t\t\n                    \u003Ca href=\"cani-raquettes-nocturne.html?origine=carnet#media\"\u003E\n                        \u003Cimg class=\"photo_principale\" alt=\"cani raquette nocturne risoul les traineaux de la foret blanche\" src=\"https:\/\/www.risoul.com\/medias\/images\/prestations\/multitailles\/320x240_cani-raquette-nocturne-risoul-les-traineaux-de-la-foret-blanche-2415426.jpg\" itemprop=\"image\"\u003E\n                    \u003C\/a\u003E\t\t\t\t\t\t\n                \n                    \u003C\/div\u003E\t\t\t\t\t\t\t\t\t\t\t\t\t\t\t\t\t\t\t \t\t\n    \u003C\/div\u003E\n    \n    \u003C!-- partie nom prest --\u003E\n    \u003Cdiv class=\"nom\"\u003E\n        \u003Ch2\u003ECani raquettes nocturne\u003C\/h2\u003E\n        \n            \u003C\/div\u003E\n\n         \n    \u003C!-- partie adresse --\u003E\n    \u003Cdiv class=\"adresse\"\u003E\n    \n          \n    \u003C\/div\u003E\n    \n    \u003C!-- partie liens --\u003E\n    \u003Cdiv class=\"liens\"\u003E\n            \u003Ca class=\"btn-icon btn-view \" title=\"Voir la fiche d\u00e9taill\u00e9e\" href=\"cani-raquettes-nocturne.html?origine=carnet\"\u003E\u003C\/a\u003E\u003C!--\u003Ca class=\"btn-icon btn-view \" title=\"\" href=\"?origine=carnet#thaut\"\u003E\u003C\/a\u003E--\u003E\n      \u003Ca class=\"btn-icon btn-trash carnet_voyage_supprimer\" title=\"Supprimer cette fiche de mon carnet de voyage\" href=\"carnet-voyage?action=remove&fiche=V|TRAINEAUXFOB|7589615\"\u003E\u003C\/a\u003E\n    \u003C\/div\u003E\n\n\u003C\/div\u003E\n\n","icon":"https:\/\/static.ingenie.fr\/images\/carnetVoyageV3\/V.png"},"fiche":"V|TRAINEAUXFOB|7589615","popup":"\u003Cdiv id=\"bloc_popup_ajout_fiche_carnet\"\u003E\n    \u003Cdiv class=\"info_popup_ajout_fiche_carnet\"\u003E\n        Vous venez d'ajouter cet \u00e9l\u00e9ment \u00e0 vos favoris :    \u003C\/div\u003E\n    \u003Cdiv class=\"prest_popup_ajout_fiche_carnet\"\u003E\n        Cani raquettes nocturne    \u003C\/div\u003E\n    \u003Cdiv class=\"bloc_btn_ajout_fiche_carnet form_submit_div\"\u003E\n        \u003Cinput type=\"button\" value=\"Continuer ma s\u00e9lection de favoris\" title=\"Continuer ma s\u00e9lection de favoris\" name=\"btn_close\" class=\"btn_close_popup_carnet form_submit\" onclick=\"$.colorbox.close()\" \/\u003E\n        \u003Cinput type=\"button\" value=\"Voir mes favoris\" title=\"Voir mes favoris\" name=\"btn_panier\" class=\"btn_panier_popup_carnet form_submit\" onclick=\"if(typeof CarnetVoyage != 'undefined') {CarnetVoyage.voirCarnet();}\" \/\u003E\n    \u003C\/div\u003E\n    \u003Cdiv class=\"bloc_btn_ajout_fiche_carnet\"\u003E\n        \u003Cinput type=\"checkbox\" value=\"1\" name=\"desactiver_popup\" id=\"desactiver_popup\" \/\u003E\n        \u003Clabel for=\"desactiver_popup\"\u003ENe plus afficher ce message\u003C\/label\u003E\n    \u003C\/div\u003E\n\u003C\/div\u003E","success":1}