{"nbFiches":1,"dataPrest":{"infoPrest":{"pave1":{"libelle":"Descriptif de l'\u00e9v\u00e9nement","contenu":"Du 12 au 14 Juillet , retrouvez nos amis amateurs de coup\u00e9s, cabriolets sur la station...","fichiers":[]},"pave2":{"libelle":"Descriptif d\u00e9taill\u00e9","contenu":"Samedi 12 Juillet : De 14:00 \u00e0 16:30 : Parade des voitures dans la rue principale et sur le front de neige. Concours d'\u00e9l\u00e9gance avec remise des prix ! Participation du public INDISPENSABLE :)","fichiers":[]},"pave3":{"libelle":"Bons plans","contenu":"","fichiers":[]},"pave4":{"libelle":"Compl\u00e9ment localisation","contenu":"","fichiers":[]},"pave5":{"libelle":"Compl\u00e9ment accueil","contenu":"","fichiers":[]},"pave6":{"libelle":"Date(s)","contenu":"","fichiers":[]},"pave7":{"libelle":"Tarifs en clair","contenu":"Acc\u00e8s libre.","fichiers":[]},"pave8":{"libelle":"Compl\u00e9ment Tarifs","contenu":"","fichiers":[]},"pave9":{"libelle":"Compl\u00e9ment R\u00e9servation","contenu":"","fichiers":[]},"pave10":{"libelle":"Descriptif court","contenu":"","fichiers":[]},"pave11":{"libelle":"Descriptif court","contenu":"","fichiers":[]},"pave12":{"libelle":"Descriptif d\u00e9taill\u00e9","contenu":"","fichiers":[]},"pave13":{"libelle":"Descriptif d\u00e9taill\u00e9","contenu":"","fichiers":[]},"pave14":{"libelle":"[INGENIE] Pav\u00e9 non index\u00e9 Apidae","contenu":"","fichiers":[]},"pave15":{"libelle":"Bons plans","contenu":"","fichiers":[]},"pave16":{"libelle":"Compl\u00e9ment localisation","contenu":"","fichiers":[]},"pave17":{"libelle":"Compl\u00e9ment localisation","contenu":"","fichiers":[]},"pave18":{"libelle":"Compl\u00e9ment accueil","contenu":"","fichiers":[]},"pave19":{"libelle":"Compl\u00e9ment accueil","contenu":"","fichiers":[]},"pave20":{"libelle":"P\u00e9riodes en clair","contenu":"","fichiers":[]},"pave21":{"libelle":"P\u00e9riodes en clair","contenu":"","fichiers":[]},"pave22":{"libelle":"Tarifs en clair","contenu":"","fichiers":[]},"pave23":{"libelle":"Tarifs en clair","contenu":"","fichiers":[]},"pave24":{"libelle":"Compl\u00e9ment Tarifs","contenu":"","fichiers":[]},"pave25":{"libelle":"Compl\u00e9ment Tarifs","contenu":"","fichiers":[]},"Libelle":"Eden Cars in Risoul","Reference":"","Reftar":"","Type":"PRESTATION","TypePrestataire":"Y","ContexteStat":"PRESTATION-Y-6124521-6124520","DateModificationIso":"2026-03-20T01:00:00+01:00","Adresse":{"LigneAdresse1":"Rue centrale","LigneAdresse2":"","LigneAdresse3":"","CodePostal":"05600","Ville":"Risoul","Cedex":"","Etat":"","Pays":"FRA"},"Id":"y-6124521-6124520","Code":"Y|6124521|6124520","Cle":"Y|6124521|6124520","Url":"eden-cars-in-risoul-risoul.html","Localisation":{"GoogleMap":{"Latitude":"44.621993","Longitude":"6.634412"}},"ZoneGeo":"","Criteres":{"prestations[surchargeTourismesAdaptes":"","prestations[surchargeDescriptifHandicapMoteur":"","prestations[surchargeDescriptifHandicapAuditif":"","prestations[surchargeDescriptifHandicapVisuel":"","prestations[surchargeDescriptifHandicapMental":"","prestations[surchargeNombreFauteuilsRoulants":"","languesParlees[1197":"","environnements[171":"","environnements[184":"","environnements[193":"","114[418":"","typesManifestation[1974":"","95[2079":"","102[2208":"","102[2240":"","102[5543":"","105[2261":"","105[2343":"","portee[2353":"","informationsFeteEtManifestation[nomLieu":"Editions LE LIVRE","CINTSITRA[9293":"","3240[100180":"","6241[126905":"","6241[4830820":"","3218[179784":"","3233[591419":"","3220[822521":"","3220[4890483":"","3220[4938816":"","3227[822527":"","3219[5127127":"","3221[5585117":"","VilleSitra[1869":"","VillageDeDepart[1869":""},"ContactsParType":{"IWEB":{"43637":{"id_contact":"43637","type_contact":"IWEB","categorie_contact":"PRESTATION","societe_contact":"","fonction_contact":"","civilite_nom_prenom_contact":"Editions LE LIVRE  ","adresse1_contact":"","adresse2_contact":"","adresse3_contact":"","cpostal_contact":"","ville_contact":"","teldom_contact":"","telbur_contact":"","fax_contact":"","portable_contact":"0660755959","email_contact":"info@editionslelivre.fr","siteweb_contact":"","commentaire_contact":"","langue_contact":"","autre_moyen_com":[]}},"":{"43638":{"id_contact":"43638","type_contact":"","categorie_contact":"PRESTATION","societe_contact":"","fonction_contact":"","civilite_nom_prenom_contact":"TAES G\u00e9rard ","adresse1_contact":"","adresse2_contact":"","adresse3_contact":"","cpostal_contact":"","ville_contact":"","teldom_contact":"","telbur_contact":"","fax_contact":"","portable_contact":"","email_contact":"","siteweb_contact":"","commentaire_contact":"","langue_contact":"","autre_moyen_com":[]}}},"Salle":{"108":{"libelle":"Editions LE LIVRE","Adresse":{"LigneAdresse1":"","LigneAdresse2":"","LigneAdresse3":"","CodePostal":"","Ville":""}}},"ContactRemplaceCoordonnees":"43637","Prestataire":{"pave1":{"libelle":"","contenu":""},"pave2":{"libelle":"","contenu":""},"pave3":{"libelle":"","contenu":""},"pave4":{"libelle":"","contenu":""},"pave5":{"libelle":"","contenu":""},"pave6":{"libelle":"","contenu":""},"pave7":{"libelle":"","contenu":""},"pave8":{"libelle":"","contenu":""},"pave9":{"libelle":"","contenu":""},"pave10":{"libelle":"","contenu":""},"pave11":{"libelle":"","contenu":""},"pave12":{"libelle":"","contenu":""},"pave13":{"libelle":"","contenu":""},"pave14":{"libelle":"","contenu":""},"pave15":{"libelle":"","contenu":""},"pave16":{"libelle":"","contenu":""},"pave17":{"libelle":"","contenu":""},"pave18":{"libelle":"","contenu":""},"pave19":{"libelle":"","contenu":""},"pave20":{"libelle":"","contenu":""},"pave21":{"libelle":"","contenu":""},"pave22":{"libelle":"","contenu":""},"pave23":{"libelle":"","contenu":""},"pave24":{"libelle":"","contenu":""},"pave25":{"libelle":"","contenu":""},"ContactsParType":{"":{"40373":{"id_contact":"40373","type_contact":"","categorie_contact":"PRESTATAIRE","societe_contact":"","fonction_contact":"","civilite_nom_prenom_contact":"TAES G\u00e9rard ","adresse1_contact":"","adresse2_contact":"","adresse3_contact":"","cpostal_contact":"","ville_contact":"","teldom_contact":"","telbur_contact":"","fax_contact":"","portable_contact":"","email_contact":"","siteweb_contact":"","commentaire_contact":"","langue_contact":"","autre_moyen_com":[]}},"GEST":{"40375":{"id_contact":"40375","type_contact":"GEST","categorie_contact":"PRESTATAIRE","societe_contact":"","fonction_contact":"","civilite_nom_prenom_contact":"Editions LE LIVRE ","adresse1_contact":"","adresse2_contact":"","adresse3_contact":"","cpostal_contact":"05600","ville_contact":"Risoul","teldom_contact":"","telbur_contact":"","fax_contact":"","portable_contact":"0660755959","email_contact":"info@editionslelivre.fr","siteweb_contact":"","commentaire_contact":"","langue_contact":"","autre_moyen_com":[]}}},"Libelle":"Editions LE LIVRE","Nom":"Editions LE LIVRE ","Prenom":"","NomPrenom":"Editions LE LIVRE  ","CiviliteNomPrenom":"Editions LE LIVRE  ","Cle":"Y|6124521","PrestataireParent":"","ContexteStat":"PRESTATAIRE-Y-6124521","DateModificationIso":"2025-04-09T01:00:00+02:00","Type":"PRESTATAIRE","TypePrestataire":"Y","Adresse":{"LigneAdresse1":"","LigneAdresse2":"","LigneAdresse3":"","CodePostal":"","Ville":"","Cedex":"","Etat":"","Pays":""},"Email":"info@editionslelivre.fr","Telephone":"","TelephoneBureau":"","Portable":"0660755959","SiteWeb":"","Fax":"","Id":"y-6124521","Code":"Y|6124521","Fichier":[],"Url":"","Localisation":{"GoogleMap":{"Latitude":"","Longitude":""}},"ZoneGeo":"","Criteres":{"P.3240[100180":"","P.6241[126905":"","P.6241[4830820":"","P.3218[179784":"","P.3233[591419":"","P.3220[822521":"","P.3220[4890483":"","P.3220[4938816":"","P.3227[822527":"","P.3219[5127127":"","P.3221[5585117":"","P.VilleSitra[1869":"","P.VillageDeDepart[1869":""},"DateFinPublication":""},"Fichier":{"Image":[{"url":"https:\/\/www.risoul.com\/medias\/images\/prestations\/2747142-edencar.jpg","chemin":"..\/medias\/images\/prestations\/2747142-edencar.jpg","libelle":"Eden Cars in Risoul_Risoul","extension":"jpg","categorie":"","largeur":827,"theme":"","hauteur":609,"type":"Image","origine":"","liaisonPave":"","langue":"","id":"2747142","urlVignette":"https:\/\/www.risoul.com\/medias\/images\/prestations\/v-2747142-edencar.jpg","alt":"Eden Cars in Risoul_Risoul","title":"Eden Cars in Risoul_Risoul","MultiTaille":{"1920x1440":{"url":"https:\/\/www.risoul.com\/medias\/images\/prestations\/multitailles\/1920x1440_2747142-edencar.jpg"},"1200x900":{"url":"https:\/\/www.risoul.com\/medias\/images\/prestations\/multitailles\/1200x900_2747142-edencar.jpg"},"800x600":{"url":"https:\/\/www.risoul.com\/medias\/images\/prestations\/multitailles\/800x600_2747142-edencar.jpg"},"640x480":{"url":"https:\/\/www.risoul.com\/medias\/images\/prestations\/multitailles\/640x480_2747142-edencar.jpg"},"320x240":{"url":"https:\/\/www.risoul.com\/medias\/images\/prestations\/multitailles\/320x240_2747142-edencar.jpg"},"160x120":{"url":"https:\/\/www.risoul.com\/medias\/images\/prestations\/multitailles\/160x120_2747142-edencar.jpg"},"origine":{"url":"https:\/\/www.risoul.com\/medias\/images\/prestations\/2747142-edencar.jpg"}},"urlLien":"","typeLien":"","nofollow":"N","copyright":""}],"ByCategorie":{"":[{"url":"https:\/\/www.risoul.com\/medias\/images\/prestations\/2747142-edencar.jpg","chemin":"..\/medias\/images\/prestations\/2747142-edencar.jpg","libelle":"Eden Cars in Risoul_Risoul","extension":"jpg","categorie":"","largeur":827,"theme":"","hauteur":609,"type":"Image","origine":"","liaisonPave":"","langue":"","id":"2747142","urlVignette":"https:\/\/www.risoul.com\/medias\/images\/prestations\/v-2747142-edencar.jpg","alt":"Eden Cars in Risoul_Risoul","title":"Eden Cars in Risoul_Risoul","MultiTaille":{"1920x1440":{"url":"https:\/\/www.risoul.com\/medias\/images\/prestations\/multitailles\/1920x1440_2747142-edencar.jpg"},"1200x900":{"url":"https:\/\/www.risoul.com\/medias\/images\/prestations\/multitailles\/1200x900_2747142-edencar.jpg"},"800x600":{"url":"https:\/\/www.risoul.com\/medias\/images\/prestations\/multitailles\/800x600_2747142-edencar.jpg"},"640x480":{"url":"https:\/\/www.risoul.com\/medias\/images\/prestations\/multitailles\/640x480_2747142-edencar.jpg"},"320x240":{"url":"https:\/\/www.risoul.com\/medias\/images\/prestations\/multitailles\/320x240_2747142-edencar.jpg"},"160x120":{"url":"https:\/\/www.risoul.com\/medias\/images\/prestations\/multitailles\/160x120_2747142-edencar.jpg"},"origine":{"url":"https:\/\/www.risoul.com\/medias\/images\/prestations\/2747142-edencar.jpg"}},"urlLien":"","typeLien":"","nofollow":"N","copyright":""}]}},"DateDebPublication":"","DateFinPublication":"","PrixAPartirDe":"","PrixPour":"","FicheListeEnCours":"fiche_liste_agenda_evenement_animatio_prestation_v3","ParametresModele":{"AfficherPhotos":"1","NbPhotosMax":6,"AfficherReserver":0,"AfficherContact":0,"AfficherSalle":1,"AfficherZoneGeo":0,"AfficherEnSavoirPlus":1,"AfficherUneSeuleOuverture":"1","AfficherContactCarte":1,"AfficherTarifsChaudAPartirDe":0,"AfficherTarifChaudSansRecherche":0,"AfficherOuverture":"1","BlocPaveInfo":{"texte1":{"pave":["1"],"longeurmax":"300","afficherLibelle":"0","garderHtml":"0","boutonVoirPlus":""},"texte3":{"longeurmax":"","afficherLibelle":"0","garderHtml":"0","boutonVoirPlus":""}},"CriteresComportementResa":"RESAENLIGNE[RESAOUI","PositionBloc":"GALLERIE|PICTOSOUSPHOTOS|NOM|ADRESSE|DESCRIPTIF|OUVERTURES|ZONEPRINCIPALFICHEPRESTA|URL|LIEN_RESERVER_DETAIL","TypePrestataire":"Y","TypeSlider":"SWIPER","ComportementResa":false,"ComportementDispo":false},"AffichageCoordonnees":[],"Coordonnees":{"Ville":"Risoul"},"ContexteId":"PRESTATION|Y|6124521|6124520","ContexteIdHtml":"PRESTATION-Y-6124521-6124520","cleContexte":"Y|6124521|6124520","Bloc":{"texte1":"Du 12 au 14 Juillet , retrouvez nos amis amateurs de coup\u00e9s, cabriolets sur la station...","texte3":"","critere1":{"libelle":"","contenu":[]},"critere2":{"libelle":"","contenu":[]},"critere3":{"libelle":"","contenu":[]},"critere4":{"libelle":"","contenu":[]},"critere5":{"libelle":"","contenu":[]},"critere6":{"libelle":"","contenu":[]},"critere7":{"libelle":"","contenu":[]},"critere8":{"libelle":"","contenu":[]},"critere9":{"libelle":"","contenu":[]}},"LocalisationGps":{"Latitude":"44.621993","Longitude":"6.634412"},"libelleDuPrestataire":"","vuePrestataire":{"pave1":{"libelle":"","contenu":""},"pave2":{"libelle":"","contenu":""},"pave3":{"libelle":"","contenu":""},"pave4":{"libelle":"","contenu":""},"pave5":{"libelle":"","contenu":""},"pave6":{"libelle":"","contenu":""},"pave7":{"libelle":"","contenu":""},"pave8":{"libelle":"","contenu":""},"pave9":{"libelle":"","contenu":""},"pave10":{"libelle":"","contenu":""},"pave11":{"libelle":"","contenu":""},"pave12":{"libelle":"","contenu":""},"pave13":{"libelle":"","contenu":""},"pave14":{"libelle":"","contenu":""},"pave15":{"libelle":"","contenu":""},"pave16":{"libelle":"","contenu":""},"pave17":{"libelle":"","contenu":""},"pave18":{"libelle":"","contenu":""},"pave19":{"libelle":"","contenu":""},"pave20":{"libelle":"","contenu":""},"pave21":{"libelle":"","contenu":""},"pave22":{"libelle":"","contenu":""},"pave23":{"libelle":"","contenu":""},"pave24":{"libelle":"","contenu":""},"pave25":{"libelle":"","contenu":""},"ContactsParType":{"":{"40373":{"id_contact":"40373","type_contact":"","categorie_contact":"PRESTATAIRE","societe_contact":"","fonction_contact":"","civilite_nom_prenom_contact":"TAES G\u00e9rard ","adresse1_contact":"","adresse2_contact":"","adresse3_contact":"","cpostal_contact":"","ville_contact":"","teldom_contact":"","telbur_contact":"","fax_contact":"","portable_contact":"","email_contact":"","siteweb_contact":"","commentaire_contact":"","langue_contact":"","autre_moyen_com":[]}},"GEST":{"40375":{"id_contact":"40375","type_contact":"GEST","categorie_contact":"PRESTATAIRE","societe_contact":"","fonction_contact":"","civilite_nom_prenom_contact":"Editions LE LIVRE ","adresse1_contact":"","adresse2_contact":"","adresse3_contact":"","cpostal_contact":"05600","ville_contact":"Risoul","teldom_contact":"","telbur_contact":"","fax_contact":"","portable_contact":"0660755959","email_contact":"info@editionslelivre.fr","siteweb_contact":"","commentaire_contact":"","langue_contact":"","autre_moyen_com":[]}}},"Libelle":"Editions LE LIVRE","Nom":"Editions LE LIVRE ","Prenom":"","NomPrenom":"Editions LE LIVRE  ","CiviliteNomPrenom":"Editions LE LIVRE  ","Cle":"Y|6124521","PrestataireParent":"","ContexteStat":"PRESTATAIRE-Y-6124521","DateModificationIso":"2025-04-09T01:00:00+02:00","Type":"PRESTATAIRE","TypePrestataire":"Y","Adresse":{"LigneAdresse1":"","LigneAdresse2":"","LigneAdresse3":"","CodePostal":"","Ville":"","Cedex":"","Etat":"","Pays":""},"Email":"info@editionslelivre.fr","Telephone":"","TelephoneBureau":"","Portable":"0660755959","SiteWeb":"","Fax":"","Id":"y-6124521","Code":"Y|6124521","Fichier":[],"Url":"","Localisation":{"GoogleMap":{"Latitude":"","Longitude":""}},"ZoneGeo":"","Criteres":{"P.3240[100180":"","P.6241[126905":"","P.6241[4830820":"","P.3218[179784":"","P.3233[591419":"","P.3220[822521":"","P.3220[4890483":"","P.3220[4938816":"","P.3227[822527":"","P.3219[5127127":"","P.3221[5585117":"","P.VilleSitra[1869":"","P.VillageDeDepart[1869":""},"DateFinPublication":"","AffichageCoordonnees":[]},"listeCriteres":{"prestations":{"surchargeTourismesAdaptes":"","surchargeDescriptifHandicapMoteur":"","surchargeDescriptifHandicapAuditif":"","surchargeDescriptifHandicapVisuel":"","surchargeDescriptifHandicapMental":"","surchargeNombreFauteuilsRoulants":""},"languesParlees":{"1197":""},"environnements":{"171":"","184":"","193":""},"114":{"418":""},"typesManifestation":{"1974":""},"95":{"2079":""},"102":{"2208":"","2240":"","5543":""},"105":{"2261":"","2343":""},"portee":{"2353":""},"informationsFeteEtManifestation":{"nomLieu":"Editions LE LIVRE"},"CINTSITRA":{"9293":""},"3240":{"100180":""},"6241":{"126905":"","4830820":""},"3218":{"179784":""},"3233":{"591419":""},"3220":{"822521":"","4890483":"","4938816":""},"3227":{"822527":""},"3219":{"5127127":""},"3221":{"5585117":""},"VilleSitra":{"1869":""},"VillageDeDepart":{"1869":""},"P.3240":{"100180":""},"P.6241":{"126905":"","4830820":""},"P.3218":{"179784":""},"P.3233":{"591419":""},"P.3220":{"822521":"","4890483":"","4938816":""},"P.3227":{"822527":""},"P.3219":{"5127127":""},"P.3221":{"5585117":""},"P.VilleSitra":{"1869":""},"P.VillageDeDepart":{"1869":""}},"dansCarnetVoyage":true,"Ouverture":[],"OuverturePasse":[]},"html":" \n \u003Cdiv id=\"CV-PRESTATION-Y-6124521-6124520\" data-contexte-id=\"PRESTATION|Y|6124521|6124520\" data-cle=\"Y|6124521|6124520\" class=\"fiche-liste\"\u003E\n    \n\n    \u003C!-- partie photo --\u003E\n    \u003Cdiv class=\"photo\"\u003E\t\t\t\t\t\t\t\t\t\t\t\t\t\t\t\t\t\t\t\t\t\n        \u003Cdiv class=\"cadre_photo_principale\"\u003E\t\t\n        \n            \t\t\t\t\t\n                    \u003Ca href=\"eden-cars-in-risoul-risoul.html?origine=carnet#media\"\u003E\n                        \u003Cimg class=\"photo_principale\" alt=\"Eden Cars in Risoul_Risoul\" src=\"https:\/\/www.risoul.com\/medias\/images\/prestations\/multitailles\/320x240_2747142-edencar.jpg\" itemprop=\"image\"\u003E\n                    \u003C\/a\u003E\t\t\t\t\t\t\n                \n                    \u003C\/div\u003E\t\t\t\t\t\t\t\t\t\t\t\t\t\t\t\t\t\t\t \t\t\n    \u003C\/div\u003E\n    \n    \u003C!-- partie nom prest --\u003E\n    \u003Cdiv class=\"nom\"\u003E\n        \u003Ch2\u003EEden Cars in Risoul\u003C\/h2\u003E\n        \n            \u003C\/div\u003E\n\n         \n    \u003C!-- partie adresse --\u003E\n    \u003Cdiv class=\"adresse\"\u003E\n    \n          \n    \u003C\/div\u003E\n    \n    \u003C!-- partie liens --\u003E\n    \u003Cdiv class=\"liens\"\u003E\n            \u003Ca class=\"btn-icon btn-view \" title=\"Voir la fiche d\u00e9taill\u00e9e\" href=\"eden-cars-in-risoul-risoul.html?origine=carnet\"\u003E\u003C\/a\u003E\u003C!--\u003Ca class=\"btn-icon btn-view \" title=\"\" href=\"?origine=carnet#thaut\"\u003E\u003C\/a\u003E--\u003E\n      \u003Ca class=\"btn-icon btn-trash carnet_voyage_supprimer\" title=\"Supprimer cette fiche de mon carnet de voyage\" href=\"carnet-voyage?action=remove&fiche=Y|6124521|6124520\"\u003E\u003C\/a\u003E\n    \u003C\/div\u003E\n\n\u003C\/div\u003E\n\n","icon":"https:\/\/static.ingenie.fr\/images\/carnetVoyageV3\/Y.png"},"fiche":"Y|6124521|6124520","popup":"\u003Cdiv id=\"bloc_popup_ajout_fiche_carnet\"\u003E\n    \u003Cdiv class=\"info_popup_ajout_fiche_carnet\"\u003E\n        Vous venez d'ajouter cet \u00e9l\u00e9ment \u00e0 vos favoris :    \u003C\/div\u003E\n    \u003Cdiv class=\"prest_popup_ajout_fiche_carnet\"\u003E\n        Eden Cars in Risoul    \u003C\/div\u003E\n    \u003Cdiv class=\"bloc_btn_ajout_fiche_carnet form_submit_div\"\u003E\n        \u003Cinput type=\"button\" value=\"Continuer ma s\u00e9lection de favoris\" title=\"Continuer ma s\u00e9lection de favoris\" name=\"btn_close\" class=\"btn_close_popup_carnet form_submit\" onclick=\"$.colorbox.close()\" \/\u003E\n        \u003Cinput type=\"button\" value=\"Voir mes favoris\" title=\"Voir mes favoris\" name=\"btn_panier\" class=\"btn_panier_popup_carnet form_submit\" onclick=\"if(typeof CarnetVoyage != 'undefined') {CarnetVoyage.voirCarnet();}\" \/\u003E\n    \u003C\/div\u003E\n    \u003Cdiv class=\"bloc_btn_ajout_fiche_carnet\"\u003E\n        \u003Cinput type=\"checkbox\" value=\"1\" name=\"desactiver_popup\" id=\"desactiver_popup\" \/\u003E\n        \u003Clabel for=\"desactiver_popup\"\u003ENe plus afficher ce message\u003C\/label\u003E\n    \u003C\/div\u003E\n\u003C\/div\u003E","success":1}